{"id":2790,"date":"2020-04-18T17:12:29","date_gmt":"2020-04-18T15:12:29","guid":{"rendered":"https:\/\/clusterlogistic.org\/wp-content\/uploads\/2020\/04\/Los-5-desaf\u00edos-que-afrontar\u00e1n-las-empresas-del-sector-log\u00edstico.jpg"},"modified":"2020-04-18T17:12:29","modified_gmt":"2020-04-18T15:12:29","slug":"los-5-desafios-que-afrontaran-las-empresas-del-sector-logistico-2","status":"inherit","type":"attachment","link":"https:\/\/clusterlogistic.org\/en\/los-5-desafios-que-afrontaran-las-empresas-del-sector-logistico-2\/","title":{"rendered":"Los 5 desaf\u00edos que afrontar\u00e1n las empresas del sector log\u00edstico"},"author":3,"featured_media":0,"comment_status":"closed","ping_status":"closed","template":"","meta":[],"class_list":["post-2790","attachment","type-attachment","status-inherit","hentry"],"yoast_head":"<!-- This site is optimized with the Yoast SEO plugin v27.4 - https:\/\/yoast.com\/product\/yoast-seo-wordpress\/ -->\n<title>Los 5 desaf\u00edos que afrontar\u00e1n las empresas del sector log\u00edstico - Cl\u00faster Log\u00edstic de Catalunya<\/title>\n<meta name=\"robots\" content=\"index, follow, max-snippet:-1, max-image-preview:large, max-video-preview:-1\" \/>\n<link rel=\"canonical\" href=\"https:\/\/clusterlogistic.org\/wp-content\/uploads\/2020\/04\/Los-5-desaf\u00edos-que-afrontar\u00e1n-las-empresas-del-sector-log\u00edstico.jpg\" \/>\n<meta property=\"og:locale\" content=\"en_US\" \/>\n<meta property=\"og:type\" content=\"article\" \/>\n<meta property=\"og:title\" content=\"Los 5 desaf\u00edos que afrontar\u00e1n las empresas del sector log\u00edstico - Cl\u00faster Log\u00edstic de Catalunya\" \/>\n<meta property=\"og:url\" content=\"https:\/\/clusterlogistic.org\/wp-content\/uploads\/2020\/04\/Los-5-desaf\u00edos-que-afrontar\u00e1n-las-empresas-del-sector-log\u00edstico.jpg\" \/>\n<meta property=\"og:site_name\" content=\"Cl\u00faster Log\u00edstic de Catalunya\" \/>\n<meta property=\"og:image\" content=\"https:\/\/clusterlogistic.org\/wp-content\/uploads\/2020\/04\/Los-5-desaf\u00edos-que-afrontar\u00e1n-las-empresas-del-sector-log\u00edstico.jpg\" \/>\n\t<meta property=\"og:image:width\" content=\"1086\" \/>\n\t<meta property=\"og:image:height\" content=\"587\" \/>\n\t<meta property=\"og:image:type\" content=\"image\/jpeg\" \/>\n<meta name=\"twitter:card\" content=\"summary_large_image\" \/>\n<script type=\"application\/ld+json\" class=\"yoast-schema-graph\">{\"@context\":\"https:\\\/\\\/schema.org\",\"@graph\":[{\"@type\":\"WebPage\",\"@id\":\"https:\\\/\\\/clusterlogistic.org\\\/wp-content\\\/uploads\\\/2020\\\/04\\\/Los-5-desaf\u00edos-que-afrontar\u00e1n-las-empresas-del-sector-log\u00edstico.jpg\",\"url\":\"https:\\\/\\\/clusterlogistic.org\\\/wp-content\\\/uploads\\\/2020\\\/04\\\/Los-5-desaf\u00edos-que-afrontar\u00e1n-las-empresas-del-sector-log\u00edstico.jpg\",\"name\":\"Los 5 desaf\u00edos que afrontar\u00e1n las empresas del sector log\u00edstico - Cl\u00faster Log\u00edstic de Catalunya\",\"isPartOf\":{\"@id\":\"https:\\\/\\\/clusterlogistic.org\\\/es\\\/#website\"},\"datePublished\":\"2020-04-18T15:12:29+00:00\",\"breadcrumb\":{\"@id\":\"https:\\\/\\\/clusterlogistic.org\\\/wp-content\\\/uploads\\\/2020\\\/04\\\/Los-5-desaf\u00edos-que-afrontar\u00e1n-las-empresas-del-sector-log\u00edstico.jpg#breadcrumb\"},\"inLanguage\":\"en-US\",\"potentialAction\":[{\"@type\":\"ReadAction\",\"target\":[\"https:\\\/\\\/clusterlogistic.org\\\/wp-content\\\/uploads\\\/2020\\\/04\\\/Los-5-desaf\u00edos-que-afrontar\u00e1n-las-empresas-del-sector-log\u00edstico.jpg\"]}]},{\"@type\":\"BreadcrumbList\",\"@id\":\"https:\\\/\\\/clusterlogistic.org\\\/wp-content\\\/uploads\\\/2020\\\/04\\\/Los-5-desaf\u00edos-que-afrontar\u00e1n-las-empresas-del-sector-log\u00edstico.jpg#breadcrumb\",\"itemListElement\":[{\"@type\":\"ListItem\",\"position\":1,\"name\":\"Portada\",\"item\":\"https:\\\/\\\/clusterlogistic.org\\\/en\\\/\"},{\"@type\":\"ListItem\",\"position\":2,\"name\":\"Los 5 desaf\u00edos que afrontar\u00e1n las empresas del sector log\u00edstico\"}]},{\"@type\":\"WebSite\",\"@id\":\"https:\\\/\\\/clusterlogistic.org\\\/es\\\/#website\",\"url\":\"https:\\\/\\\/clusterlogistic.org\\\/es\\\/\",\"name\":\"Cl\u00faster Log\u00edstic de Catalunya\",\"description\":\"associaci\u00f3 sense \u00e0nim de lucre\",\"publisher\":{\"@id\":\"https:\\\/\\\/clusterlogistic.org\\\/es\\\/#organization\"},\"potentialAction\":[{\"@type\":\"SearchAction\",\"target\":{\"@type\":\"EntryPoint\",\"urlTemplate\":\"https:\\\/\\\/clusterlogistic.org\\\/es\\\/?s={search_term_string}\"},\"query-input\":{\"@type\":\"PropertyValueSpecification\",\"valueRequired\":true,\"valueName\":\"search_term_string\"}}],\"inLanguage\":\"en-US\"},{\"@type\":\"Organization\",\"@id\":\"https:\\\/\\\/clusterlogistic.org\\\/es\\\/#organization\",\"name\":\"Cl\u00faster Log\u00edstic de Catalunya\",\"url\":\"https:\\\/\\\/clusterlogistic.org\\\/es\\\/\",\"logo\":{\"@type\":\"ImageObject\",\"inLanguage\":\"en-US\",\"@id\":\"https:\\\/\\\/clusterlogistic.org\\\/es\\\/#\\\/schema\\\/logo\\\/image\\\/\",\"url\":\"https:\\\/\\\/clusterlogistic.org\\\/wp-content\\\/uploads\\\/2017\\\/07\\\/cropped-Logo-CL-llegenda-gran.jpg\",\"contentUrl\":\"https:\\\/\\\/clusterlogistic.org\\\/wp-content\\\/uploads\\\/2017\\\/07\\\/cropped-Logo-CL-llegenda-gran.jpg\",\"width\":512,\"height\":512,\"caption\":\"Cl\u00faster Log\u00edstic de Catalunya\"},\"image\":{\"@id\":\"https:\\\/\\\/clusterlogistic.org\\\/es\\\/#\\\/schema\\\/logo\\\/image\\\/\"}}]}<\/script>\n<!-- \/ Yoast SEO plugin. -->","yoast_head_json":{"title":"Los 5 desaf\u00edos que afrontar\u00e1n las empresas del sector log\u00edstico - Cl\u00faster Log\u00edstic de Catalunya","robots":{"index":"index","follow":"follow","max-snippet":"max-snippet:-1","max-image-preview":"max-image-preview:large","max-video-preview":"max-video-preview:-1"},"canonical":"https:\/\/clusterlogistic.org\/wp-content\/uploads\/2020\/04\/Los-5-desaf\u00edos-que-afrontar\u00e1n-las-empresas-del-sector-log\u00edstico.jpg","og_locale":"en_US","og_type":"article","og_title":"Los 5 desaf\u00edos que afrontar\u00e1n las empresas del sector log\u00edstico - Cl\u00faster Log\u00edstic de Catalunya","og_url":"https:\/\/clusterlogistic.org\/wp-content\/uploads\/2020\/04\/Los-5-desaf\u00edos-que-afrontar\u00e1n-las-empresas-del-sector-log\u00edstico.jpg","og_site_name":"Cl\u00faster Log\u00edstic de Catalunya","og_image":[{"width":1086,"height":587,"url":"https:\/\/clusterlogistic.org\/wp-content\/uploads\/2020\/04\/Los-5-desaf\u00edos-que-afrontar\u00e1n-las-empresas-del-sector-log\u00edstico.jpg","type":"image\/jpeg"}],"twitter_card":"summary_large_image","schema":{"@context":"https:\/\/schema.org","@graph":[{"@type":"WebPage","@id":"https:\/\/clusterlogistic.org\/wp-content\/uploads\/2020\/04\/Los-5-desaf\u00edos-que-afrontar\u00e1n-las-empresas-del-sector-log\u00edstico.jpg","url":"https:\/\/clusterlogistic.org\/wp-content\/uploads\/2020\/04\/Los-5-desaf\u00edos-que-afrontar\u00e1n-las-empresas-del-sector-log\u00edstico.jpg","name":"Los 5 desaf\u00edos que afrontar\u00e1n las empresas del sector log\u00edstico - Cl\u00faster Log\u00edstic de Catalunya","isPartOf":{"@id":"https:\/\/clusterlogistic.org\/es\/#website"},"datePublished":"2020-04-18T15:12:29+00:00","breadcrumb":{"@id":"https:\/\/clusterlogistic.org\/wp-content\/uploads\/2020\/04\/Los-5-desaf\u00edos-que-afrontar\u00e1n-las-empresas-del-sector-log\u00edstico.jpg#breadcrumb"},"inLanguage":"en-US","potentialAction":[{"@type":"ReadAction","target":["https:\/\/clusterlogistic.org\/wp-content\/uploads\/2020\/04\/Los-5-desaf\u00edos-que-afrontar\u00e1n-las-empresas-del-sector-log\u00edstico.jpg"]}]},{"@type":"BreadcrumbList","@id":"https:\/\/clusterlogistic.org\/wp-content\/uploads\/2020\/04\/Los-5-desaf\u00edos-que-afrontar\u00e1n-las-empresas-del-sector-log\u00edstico.jpg#breadcrumb","itemListElement":[{"@type":"ListItem","position":1,"name":"Portada","item":"https:\/\/clusterlogistic.org\/en\/"},{"@type":"ListItem","position":2,"name":"Los 5 desaf\u00edos que afrontar\u00e1n las empresas del sector log\u00edstico"}]},{"@type":"WebSite","@id":"https:\/\/clusterlogistic.org\/es\/#website","url":"https:\/\/clusterlogistic.org\/es\/","name":"Cl\u00faster Log\u00edstic de Catalunya","description":"associaci\u00f3 sense \u00e0nim de lucre","publisher":{"@id":"https:\/\/clusterlogistic.org\/es\/#organization"},"potentialAction":[{"@type":"SearchAction","target":{"@type":"EntryPoint","urlTemplate":"https:\/\/clusterlogistic.org\/es\/?s={search_term_string}"},"query-input":{"@type":"PropertyValueSpecification","valueRequired":true,"valueName":"search_term_string"}}],"inLanguage":"en-US"},{"@type":"Organization","@id":"https:\/\/clusterlogistic.org\/es\/#organization","name":"Cl\u00faster Log\u00edstic de Catalunya","url":"https:\/\/clusterlogistic.org\/es\/","logo":{"@type":"ImageObject","inLanguage":"en-US","@id":"https:\/\/clusterlogistic.org\/es\/#\/schema\/logo\/image\/","url":"https:\/\/clusterlogistic.org\/wp-content\/uploads\/2017\/07\/cropped-Logo-CL-llegenda-gran.jpg","contentUrl":"https:\/\/clusterlogistic.org\/wp-content\/uploads\/2017\/07\/cropped-Logo-CL-llegenda-gran.jpg","width":512,"height":512,"caption":"Cl\u00faster Log\u00edstic de Catalunya"},"image":{"@id":"https:\/\/clusterlogistic.org\/es\/#\/schema\/logo\/image\/"}}]}},"description":{"rendered":"<p class=\"attachment\"><a href='https:\/\/clusterlogistic.org\/wp-content\/uploads\/2020\/04\/Los-5-desaf\u00edos-que-afrontar\u00e1n-las-empresas-del-sector-log\u00edstico.jpg'><img loading=\"lazy\" decoding=\"async\" width=\"300\" height=\"162\" src=\"https:\/\/clusterlogistic.org\/wp-content\/uploads\/2020\/04\/Los-5-desaf\u00edos-que-afrontar\u00e1n-las-empresas-del-sector-log\u00edstico-300x162.jpg\" class=\"attachment-medium size-medium\" alt=\"\" srcset=\"https:\/\/clusterlogistic.org\/wp-content\/uploads\/2020\/04\/Los-5-desaf\u00edos-que-afrontar\u00e1n-las-empresas-del-sector-log\u00edstico-300x162.jpg 300w, https:\/\/clusterlogistic.org\/wp-content\/uploads\/2020\/04\/Los-5-desaf\u00edos-que-afrontar\u00e1n-las-empresas-del-sector-log\u00edstico-1030x557.jpg 1030w, https:\/\/clusterlogistic.org\/wp-content\/uploads\/2020\/04\/Los-5-desaf\u00edos-que-afrontar\u00e1n-las-empresas-del-sector-log\u00edstico-768x415.jpg 768w, https:\/\/clusterlogistic.org\/wp-content\/uploads\/2020\/04\/Los-5-desaf\u00edos-que-afrontar\u00e1n-las-empresas-del-sector-log\u00edstico-705x381.jpg 705w, https:\/\/clusterlogistic.org\/wp-content\/uploads\/2020\/04\/Los-5-desaf\u00edos-que-afrontar\u00e1n-las-empresas-del-sector-log\u00edstico.jpg 1086w\" sizes=\"auto, (max-width: 300px) 100vw, 300px\" \/><\/a><\/p>\n"},"caption":{"rendered":""},"alt_text":"","media_type":"image","mime_type":"image\/jpeg","media_details":{"width":1086,"height":587,"file":"2020\/04\/Los-5-desaf\u00edos-que-afrontar\u00e1n-las-empresas-del-sector-log\u00edstico.jpg","sizes":{"medium":{"file":"Los-5-desaf\u00edos-que-afrontar\u00e1n-las-empresas-del-sector-log\u00edstico-300x162.jpg","width":300,"height":162,"mime_type":"image\/jpeg","source_url":"https:\/\/clusterlogistic.org\/wp-content\/uploads\/2020\/04\/Los-5-desaf\u00edos-que-afrontar\u00e1n-las-empresas-del-sector-log\u00edstico-300x162.jpg"},"large":{"file":"Los-5-desaf\u00edos-que-afrontar\u00e1n-las-empresas-del-sector-log\u00edstico-1030x557.jpg","width":1030,"height":557,"mime_type":"image\/jpeg","source_url":"https:\/\/clusterlogistic.org\/wp-content\/uploads\/2020\/04\/Los-5-desaf\u00edos-que-afrontar\u00e1n-las-empresas-del-sector-log\u00edstico-1030x557.jpg"},"thumbnail":{"file":"Los-5-desaf\u00edos-que-afrontar\u00e1n-las-empresas-del-sector-log\u00edstico-80x80.jpg","width":80,"height":80,"mime_type":"image\/jpeg","source_url":"https:\/\/clusterlogistic.org\/wp-content\/uploads\/2020\/04\/Los-5-desaf\u00edos-que-afrontar\u00e1n-las-empresas-del-sector-log\u00edstico-80x80.jpg"},"medium_large":{"file":"Los-5-desaf\u00edos-que-afrontar\u00e1n-las-empresas-del-sector-log\u00edstico-768x415.jpg","width":768,"height":415,"mime_type":"image\/jpeg","source_url":"https:\/\/clusterlogistic.org\/wp-content\/uploads\/2020\/04\/Los-5-desaf\u00edos-que-afrontar\u00e1n-las-empresas-del-sector-log\u00edstico-768x415.jpg"},"widget":{"file":"Los-5-desaf\u00edos-que-afrontar\u00e1n-las-empresas-del-sector-log\u00edstico-36x36.jpg","width":36,"height":36,"mime_type":"image\/jpeg","source_url":"https:\/\/clusterlogistic.org\/wp-content\/uploads\/2020\/04\/Los-5-desaf\u00edos-que-afrontar\u00e1n-las-empresas-del-sector-log\u00edstico-36x36.jpg"},"square":{"file":"Los-5-desaf\u00edos-que-afrontar\u00e1n-las-empresas-del-sector-log\u00edstico-180x180.jpg","width":180,"height":180,"mime_type":"image\/jpeg","source_url":"https:\/\/clusterlogistic.org\/wp-content\/uploads\/2020\/04\/Los-5-desaf\u00edos-que-afrontar\u00e1n-las-empresas-del-sector-log\u00edstico-180x180.jpg"},"featured":{"file":"Los-5-desaf\u00edos-que-afrontar\u00e1n-las-empresas-del-sector-log\u00edstico-1086x430.jpg","width":1086,"height":430,"mime_type":"image\/jpeg","source_url":"https:\/\/clusterlogistic.org\/wp-content\/uploads\/2020\/04\/Los-5-desaf\u00edos-que-afrontar\u00e1n-las-empresas-del-sector-log\u00edstico-1086x430.jpg"},"portfolio":{"file":"Los-5-desaf\u00edos-que-afrontar\u00e1n-las-empresas-del-sector-log\u00edstico-495x400.jpg","width":495,"height":400,"mime_type":"image\/jpeg","source_url":"https:\/\/clusterlogistic.org\/wp-content\/uploads\/2020\/04\/Los-5-desaf\u00edos-que-afrontar\u00e1n-las-empresas-del-sector-log\u00edstico-495x400.jpg"},"portfolio_small":{"file":"Los-5-desaf\u00edos-que-afrontar\u00e1n-las-empresas-del-sector-log\u00edstico-260x185.jpg","width":260,"height":185,"mime_type":"image\/jpeg","source_url":"https:\/\/clusterlogistic.org\/wp-content\/uploads\/2020\/04\/Los-5-desaf\u00edos-que-afrontar\u00e1n-las-empresas-del-sector-log\u00edstico-260x185.jpg"},"gallery":{"file":"Los-5-desaf\u00edos-que-afrontar\u00e1n-las-empresas-del-sector-log\u00edstico-845x587.jpg","width":845,"height":587,"mime_type":"image\/jpeg","source_url":"https:\/\/clusterlogistic.org\/wp-content\/uploads\/2020\/04\/Los-5-desaf\u00edos-que-afrontar\u00e1n-las-empresas-del-sector-log\u00edstico-845x587.jpg"},"magazine":{"file":"Los-5-desaf\u00edos-que-afrontar\u00e1n-las-empresas-del-sector-log\u00edstico-710x375.jpg","width":710,"height":375,"mime_type":"image\/jpeg","source_url":"https:\/\/clusterlogistic.org\/wp-content\/uploads\/2020\/04\/Los-5-desaf\u00edos-que-afrontar\u00e1n-las-empresas-del-sector-log\u00edstico-710x375.jpg"},"masonry":{"file":"Los-5-desaf\u00edos-que-afrontar\u00e1n-las-empresas-del-sector-log\u00edstico-705x381.jpg","width":705,"height":381,"mime_type":"image\/jpeg","source_url":"https:\/\/clusterlogistic.org\/wp-content\/uploads\/2020\/04\/Los-5-desaf\u00edos-que-afrontar\u00e1n-las-empresas-del-sector-log\u00edstico-705x381.jpg"},"entry_with_sidebar":{"file":"Los-5-desaf\u00edos-que-afrontar\u00e1n-las-empresas-del-sector-log\u00edstico-845x321.jpg","width":845,"height":321,"mime_type":"image\/jpeg","source_url":"https:\/\/clusterlogistic.org\/wp-content\/uploads\/2020\/04\/Los-5-desaf\u00edos-que-afrontar\u00e1n-las-empresas-del-sector-log\u00edstico-845x321.jpg"},"entry_without_sidebar":{"file":"Los-5-desaf\u00edos-que-afrontar\u00e1n-las-empresas-del-sector-log\u00edstico-1086x423.jpg","width":1086,"height":423,"mime_type":"image\/jpeg","source_url":"https:\/\/clusterlogistic.org\/wp-content\/uploads\/2020\/04\/Los-5-desaf\u00edos-que-afrontar\u00e1n-las-empresas-del-sector-log\u00edstico-1086x423.jpg"},"full":{"file":"Los-5-desaf\u00edos-que-afrontar\u00e1n-las-empresas-del-sector-log\u00edstico.jpg","width":1086,"height":587,"mime_type":"image\/jpeg","source_url":"https:\/\/clusterlogistic.org\/wp-content\/uploads\/2020\/04\/Los-5-desaf\u00edos-que-afrontar\u00e1n-las-empresas-del-sector-log\u00edstico.jpg"}},"image_meta":{"aperture":"0","credit":"","camera":"","caption":"","created_timestamp":"0","copyright":"","focal_length":"0","iso":"0","shutter_speed":"0","title":"","orientation":"1","keywords":[]}},"post":null,"source_url":"https:\/\/clusterlogistic.org\/wp-content\/uploads\/2020\/04\/Los-5-desaf\u00edos-que-afrontar\u00e1n-las-empresas-del-sector-log\u00edstico.jpg","_links":{"self":[{"href":"https:\/\/clusterlogistic.org\/en\/wp-json\/wp\/v2\/media\/2790","targetHints":{"allow":["GET"]}}],"collection":[{"href":"https:\/\/clusterlogistic.org\/en\/wp-json\/wp\/v2\/media"}],"about":[{"href":"https:\/\/clusterlogistic.org\/en\/wp-json\/wp\/v2\/types\/attachment"}],"author":[{"embeddable":true,"href":"https:\/\/clusterlogistic.org\/en\/wp-json\/wp\/v2\/users\/3"}],"replies":[{"embeddable":true,"href":"https:\/\/clusterlogistic.org\/en\/wp-json\/wp\/v2\/comments?post=2790"}]}}