{"id":3863,"date":"2021-04-06T18:52:37","date_gmt":"2021-04-06T16:52:37","guid":{"rendered":"https:\/\/clusterlogistic.org\/wp-content\/uploads\/2021\/04\/Posici\u00f3n-geoestrat\u00e9gica-de-Catalu\u00f1a-impulsa-su-estrategia-log\u00edstica.jpg"},"modified":"2021-04-06T18:52:40","modified_gmt":"2021-04-06T16:52:40","slug":"posicion-geoestrategica-de-cataluna-impulsa-su-estrategia-logistica-2","status":"inherit","type":"attachment","link":"https:\/\/clusterlogistic.org\/en\/posicion-geoestrategica-de-cataluna-impulsa-su-estrategia-logistica-2\/","title":{"rendered":"Posici\u00f3n geoestrat\u00e9gica de Catalu\u00f1a impulsa su estrategia log\u00edstica"},"author":3,"featured_media":0,"comment_status":"closed","ping_status":"closed","template":"","meta":[],"class_list":["post-3863","attachment","type-attachment","status-inherit","hentry"],"yoast_head":"<!-- This site is optimized with the Yoast SEO plugin v27.4 - https:\/\/yoast.com\/product\/yoast-seo-wordpress\/ -->\n<title>Posici\u00f3n geoestrat\u00e9gica de Catalu\u00f1a impulsa su estrategia log\u00edstica - Cl\u00faster Log\u00edstic de Catalunya<\/title>\n<meta name=\"robots\" content=\"index, follow, max-snippet:-1, max-image-preview:large, max-video-preview:-1\" \/>\n<link rel=\"canonical\" href=\"https:\/\/clusterlogistic.org\/wp-content\/uploads\/2021\/04\/Posici\u00f3n-geoestrat\u00e9gica-de-Catalu\u00f1a-impulsa-su-estrategia-log\u00edstica.jpg\" \/>\n<meta property=\"og:locale\" content=\"en_US\" \/>\n<meta property=\"og:type\" content=\"article\" \/>\n<meta property=\"og:title\" content=\"Posici\u00f3n geoestrat\u00e9gica de Catalu\u00f1a impulsa su estrategia log\u00edstica - Cl\u00faster Log\u00edstic de Catalunya\" \/>\n<meta property=\"og:url\" content=\"https:\/\/clusterlogistic.org\/wp-content\/uploads\/2021\/04\/Posici\u00f3n-geoestrat\u00e9gica-de-Catalu\u00f1a-impulsa-su-estrategia-log\u00edstica.jpg\" \/>\n<meta property=\"og:site_name\" content=\"Cl\u00faster Log\u00edstic de Catalunya\" \/>\n<meta property=\"article:modified_time\" content=\"2021-04-06T16:52:40+00:00\" \/>\n<meta property=\"og:image\" content=\"https:\/\/clusterlogistic.org\/wp-content\/uploads\/2021\/04\/Posici\u00f3n-geoestrat\u00e9gica-de-Catalu\u00f1a-impulsa-su-estrategia-log\u00edstica.jpg\" \/>\n\t<meta property=\"og:image:width\" content=\"512\" \/>\n\t<meta property=\"og:image:height\" content=\"288\" \/>\n\t<meta property=\"og:image:type\" content=\"image\/jpeg\" \/>\n<meta name=\"twitter:card\" content=\"summary_large_image\" \/>\n<script type=\"application\/ld+json\" class=\"yoast-schema-graph\">{\"@context\":\"https:\\\/\\\/schema.org\",\"@graph\":[{\"@type\":\"WebPage\",\"@id\":\"https:\\\/\\\/clusterlogistic.org\\\/wp-content\\\/uploads\\\/2021\\\/04\\\/Posici\u00f3n-geoestrat\u00e9gica-de-Catalu\u00f1a-impulsa-su-estrategia-log\u00edstica.jpg\",\"url\":\"https:\\\/\\\/clusterlogistic.org\\\/wp-content\\\/uploads\\\/2021\\\/04\\\/Posici\u00f3n-geoestrat\u00e9gica-de-Catalu\u00f1a-impulsa-su-estrategia-log\u00edstica.jpg\",\"name\":\"Posici\u00f3n geoestrat\u00e9gica de Catalu\u00f1a impulsa su estrategia log\u00edstica - Cl\u00faster Log\u00edstic de Catalunya\",\"isPartOf\":{\"@id\":\"https:\\\/\\\/clusterlogistic.org\\\/es\\\/#website\"},\"datePublished\":\"2021-04-06T16:52:37+00:00\",\"dateModified\":\"2021-04-06T16:52:40+00:00\",\"breadcrumb\":{\"@id\":\"https:\\\/\\\/clusterlogistic.org\\\/wp-content\\\/uploads\\\/2021\\\/04\\\/Posici\u00f3n-geoestrat\u00e9gica-de-Catalu\u00f1a-impulsa-su-estrategia-log\u00edstica.jpg#breadcrumb\"},\"inLanguage\":\"en-US\",\"potentialAction\":[{\"@type\":\"ReadAction\",\"target\":[\"https:\\\/\\\/clusterlogistic.org\\\/wp-content\\\/uploads\\\/2021\\\/04\\\/Posici\u00f3n-geoestrat\u00e9gica-de-Catalu\u00f1a-impulsa-su-estrategia-log\u00edstica.jpg\"]}]},{\"@type\":\"BreadcrumbList\",\"@id\":\"https:\\\/\\\/clusterlogistic.org\\\/wp-content\\\/uploads\\\/2021\\\/04\\\/Posici\u00f3n-geoestrat\u00e9gica-de-Catalu\u00f1a-impulsa-su-estrategia-log\u00edstica.jpg#breadcrumb\",\"itemListElement\":[{\"@type\":\"ListItem\",\"position\":1,\"name\":\"Portada\",\"item\":\"https:\\\/\\\/clusterlogistic.org\\\/en\\\/\"},{\"@type\":\"ListItem\",\"position\":2,\"name\":\"Posici\u00f3n geoestrat\u00e9gica de Catalu\u00f1a impulsa su estrategia log\u00edstica\"}]},{\"@type\":\"WebSite\",\"@id\":\"https:\\\/\\\/clusterlogistic.org\\\/es\\\/#website\",\"url\":\"https:\\\/\\\/clusterlogistic.org\\\/es\\\/\",\"name\":\"Cl\u00faster Log\u00edstic de Catalunya\",\"description\":\"associaci\u00f3 sense \u00e0nim de lucre\",\"publisher\":{\"@id\":\"https:\\\/\\\/clusterlogistic.org\\\/es\\\/#organization\"},\"potentialAction\":[{\"@type\":\"SearchAction\",\"target\":{\"@type\":\"EntryPoint\",\"urlTemplate\":\"https:\\\/\\\/clusterlogistic.org\\\/es\\\/?s={search_term_string}\"},\"query-input\":{\"@type\":\"PropertyValueSpecification\",\"valueRequired\":true,\"valueName\":\"search_term_string\"}}],\"inLanguage\":\"en-US\"},{\"@type\":\"Organization\",\"@id\":\"https:\\\/\\\/clusterlogistic.org\\\/es\\\/#organization\",\"name\":\"Cl\u00faster Log\u00edstic de Catalunya\",\"url\":\"https:\\\/\\\/clusterlogistic.org\\\/es\\\/\",\"logo\":{\"@type\":\"ImageObject\",\"inLanguage\":\"en-US\",\"@id\":\"https:\\\/\\\/clusterlogistic.org\\\/es\\\/#\\\/schema\\\/logo\\\/image\\\/\",\"url\":\"https:\\\/\\\/clusterlogistic.org\\\/wp-content\\\/uploads\\\/2017\\\/07\\\/cropped-Logo-CL-llegenda-gran.jpg\",\"contentUrl\":\"https:\\\/\\\/clusterlogistic.org\\\/wp-content\\\/uploads\\\/2017\\\/07\\\/cropped-Logo-CL-llegenda-gran.jpg\",\"width\":512,\"height\":512,\"caption\":\"Cl\u00faster Log\u00edstic de Catalunya\"},\"image\":{\"@id\":\"https:\\\/\\\/clusterlogistic.org\\\/es\\\/#\\\/schema\\\/logo\\\/image\\\/\"}}]}<\/script>\n<!-- \/ Yoast SEO plugin. -->","yoast_head_json":{"title":"Posici\u00f3n geoestrat\u00e9gica de Catalu\u00f1a impulsa su estrategia log\u00edstica - Cl\u00faster Log\u00edstic de Catalunya","robots":{"index":"index","follow":"follow","max-snippet":"max-snippet:-1","max-image-preview":"max-image-preview:large","max-video-preview":"max-video-preview:-1"},"canonical":"https:\/\/clusterlogistic.org\/wp-content\/uploads\/2021\/04\/Posici\u00f3n-geoestrat\u00e9gica-de-Catalu\u00f1a-impulsa-su-estrategia-log\u00edstica.jpg","og_locale":"en_US","og_type":"article","og_title":"Posici\u00f3n geoestrat\u00e9gica de Catalu\u00f1a impulsa su estrategia log\u00edstica - Cl\u00faster Log\u00edstic de Catalunya","og_url":"https:\/\/clusterlogistic.org\/wp-content\/uploads\/2021\/04\/Posici\u00f3n-geoestrat\u00e9gica-de-Catalu\u00f1a-impulsa-su-estrategia-log\u00edstica.jpg","og_site_name":"Cl\u00faster Log\u00edstic de Catalunya","article_modified_time":"2021-04-06T16:52:40+00:00","og_image":[{"width":512,"height":288,"url":"https:\/\/clusterlogistic.org\/wp-content\/uploads\/2021\/04\/Posici\u00f3n-geoestrat\u00e9gica-de-Catalu\u00f1a-impulsa-su-estrategia-log\u00edstica.jpg","type":"image\/jpeg"}],"twitter_card":"summary_large_image","schema":{"@context":"https:\/\/schema.org","@graph":[{"@type":"WebPage","@id":"https:\/\/clusterlogistic.org\/wp-content\/uploads\/2021\/04\/Posici\u00f3n-geoestrat\u00e9gica-de-Catalu\u00f1a-impulsa-su-estrategia-log\u00edstica.jpg","url":"https:\/\/clusterlogistic.org\/wp-content\/uploads\/2021\/04\/Posici\u00f3n-geoestrat\u00e9gica-de-Catalu\u00f1a-impulsa-su-estrategia-log\u00edstica.jpg","name":"Posici\u00f3n geoestrat\u00e9gica de Catalu\u00f1a impulsa su estrategia log\u00edstica - Cl\u00faster Log\u00edstic de Catalunya","isPartOf":{"@id":"https:\/\/clusterlogistic.org\/es\/#website"},"datePublished":"2021-04-06T16:52:37+00:00","dateModified":"2021-04-06T16:52:40+00:00","breadcrumb":{"@id":"https:\/\/clusterlogistic.org\/wp-content\/uploads\/2021\/04\/Posici\u00f3n-geoestrat\u00e9gica-de-Catalu\u00f1a-impulsa-su-estrategia-log\u00edstica.jpg#breadcrumb"},"inLanguage":"en-US","potentialAction":[{"@type":"ReadAction","target":["https:\/\/clusterlogistic.org\/wp-content\/uploads\/2021\/04\/Posici\u00f3n-geoestrat\u00e9gica-de-Catalu\u00f1a-impulsa-su-estrategia-log\u00edstica.jpg"]}]},{"@type":"BreadcrumbList","@id":"https:\/\/clusterlogistic.org\/wp-content\/uploads\/2021\/04\/Posici\u00f3n-geoestrat\u00e9gica-de-Catalu\u00f1a-impulsa-su-estrategia-log\u00edstica.jpg#breadcrumb","itemListElement":[{"@type":"ListItem","position":1,"name":"Portada","item":"https:\/\/clusterlogistic.org\/en\/"},{"@type":"ListItem","position":2,"name":"Posici\u00f3n geoestrat\u00e9gica de Catalu\u00f1a impulsa su estrategia log\u00edstica"}]},{"@type":"WebSite","@id":"https:\/\/clusterlogistic.org\/es\/#website","url":"https:\/\/clusterlogistic.org\/es\/","name":"Cl\u00faster Log\u00edstic de Catalunya","description":"associaci\u00f3 sense \u00e0nim de lucre","publisher":{"@id":"https:\/\/clusterlogistic.org\/es\/#organization"},"potentialAction":[{"@type":"SearchAction","target":{"@type":"EntryPoint","urlTemplate":"https:\/\/clusterlogistic.org\/es\/?s={search_term_string}"},"query-input":{"@type":"PropertyValueSpecification","valueRequired":true,"valueName":"search_term_string"}}],"inLanguage":"en-US"},{"@type":"Organization","@id":"https:\/\/clusterlogistic.org\/es\/#organization","name":"Cl\u00faster Log\u00edstic de Catalunya","url":"https:\/\/clusterlogistic.org\/es\/","logo":{"@type":"ImageObject","inLanguage":"en-US","@id":"https:\/\/clusterlogistic.org\/es\/#\/schema\/logo\/image\/","url":"https:\/\/clusterlogistic.org\/wp-content\/uploads\/2017\/07\/cropped-Logo-CL-llegenda-gran.jpg","contentUrl":"https:\/\/clusterlogistic.org\/wp-content\/uploads\/2017\/07\/cropped-Logo-CL-llegenda-gran.jpg","width":512,"height":512,"caption":"Cl\u00faster Log\u00edstic de Catalunya"},"image":{"@id":"https:\/\/clusterlogistic.org\/es\/#\/schema\/logo\/image\/"}}]}},"description":{"rendered":"<p class=\"attachment\"><a href='https:\/\/clusterlogistic.org\/wp-content\/uploads\/2021\/04\/Posici\u00f3n-geoestrat\u00e9gica-de-Catalu\u00f1a-impulsa-su-estrategia-log\u00edstica.jpg'><img loading=\"lazy\" decoding=\"async\" width=\"300\" height=\"169\" src=\"https:\/\/clusterlogistic.org\/wp-content\/uploads\/2021\/04\/Posici\u00f3n-geoestrat\u00e9gica-de-Catalu\u00f1a-impulsa-su-estrategia-log\u00edstica-300x169.jpg\" class=\"attachment-medium size-medium\" alt=\"Posici\u00f3n geoestrat\u00e9gica de Catalu\u00f1a impulsa su estrategia log\u00edstica\" srcset=\"https:\/\/clusterlogistic.org\/wp-content\/uploads\/2021\/04\/Posici\u00f3n-geoestrat\u00e9gica-de-Catalu\u00f1a-impulsa-su-estrategia-log\u00edstica-300x169.jpg 300w, https:\/\/clusterlogistic.org\/wp-content\/uploads\/2021\/04\/Posici\u00f3n-geoestrat\u00e9gica-de-Catalu\u00f1a-impulsa-su-estrategia-log\u00edstica.jpg 512w\" sizes=\"auto, (max-width: 300px) 100vw, 300px\" \/><\/a><\/p>\n"},"caption":{"rendered":""},"alt_text":"Posici\u00f3n geoestrat\u00e9gica de Catalu\u00f1a impulsa su estrategia log\u00edstica","media_type":"image","mime_type":"image\/jpeg","media_details":{"width":512,"height":288,"file":"2021\/04\/Posici\u00f3n-geoestrat\u00e9gica-de-Catalu\u00f1a-impulsa-su-estrategia-log\u00edstica.jpg","sizes":{"medium":{"file":"Posici\u00f3n-geoestrat\u00e9gica-de-Catalu\u00f1a-impulsa-su-estrategia-log\u00edstica-300x169.jpg","width":300,"height":169,"mime_type":"image\/jpeg","source_url":"https:\/\/clusterlogistic.org\/wp-content\/uploads\/2021\/04\/Posici\u00f3n-geoestrat\u00e9gica-de-Catalu\u00f1a-impulsa-su-estrategia-log\u00edstica-300x169.jpg"},"thumbnail":{"file":"Posici\u00f3n-geoestrat\u00e9gica-de-Catalu\u00f1a-impulsa-su-estrategia-log\u00edstica-80x80.jpg","width":80,"height":80,"mime_type":"image\/jpeg","source_url":"https:\/\/clusterlogistic.org\/wp-content\/uploads\/2021\/04\/Posici\u00f3n-geoestrat\u00e9gica-de-Catalu\u00f1a-impulsa-su-estrategia-log\u00edstica-80x80.jpg"},"widget":{"file":"Posici\u00f3n-geoestrat\u00e9gica-de-Catalu\u00f1a-impulsa-su-estrategia-log\u00edstica-36x36.jpg","width":36,"height":36,"mime_type":"image\/jpeg","source_url":"https:\/\/clusterlogistic.org\/wp-content\/uploads\/2021\/04\/Posici\u00f3n-geoestrat\u00e9gica-de-Catalu\u00f1a-impulsa-su-estrategia-log\u00edstica-36x36.jpg"},"square":{"file":"Posici\u00f3n-geoestrat\u00e9gica-de-Catalu\u00f1a-impulsa-su-estrategia-log\u00edstica-180x180.jpg","width":180,"height":180,"mime_type":"image\/jpeg","source_url":"https:\/\/clusterlogistic.org\/wp-content\/uploads\/2021\/04\/Posici\u00f3n-geoestrat\u00e9gica-de-Catalu\u00f1a-impulsa-su-estrategia-log\u00edstica-180x180.jpg"},"portfolio":{"file":"Posici\u00f3n-geoestrat\u00e9gica-de-Catalu\u00f1a-impulsa-su-estrategia-log\u00edstica-495x288.jpg","width":495,"height":288,"mime_type":"image\/jpeg","source_url":"https:\/\/clusterlogistic.org\/wp-content\/uploads\/2021\/04\/Posici\u00f3n-geoestrat\u00e9gica-de-Catalu\u00f1a-impulsa-su-estrategia-log\u00edstica-495x288.jpg"},"portfolio_small":{"file":"Posici\u00f3n-geoestrat\u00e9gica-de-Catalu\u00f1a-impulsa-su-estrategia-log\u00edstica-260x185.jpg","width":260,"height":185,"mime_type":"image\/jpeg","source_url":"https:\/\/clusterlogistic.org\/wp-content\/uploads\/2021\/04\/Posici\u00f3n-geoestrat\u00e9gica-de-Catalu\u00f1a-impulsa-su-estrategia-log\u00edstica-260x185.jpg"},"full":{"file":"Posici\u00f3n-geoestrat\u00e9gica-de-Catalu\u00f1a-impulsa-su-estrategia-log\u00edstica.jpg","width":512,"height":288,"mime_type":"image\/jpeg","source_url":"https:\/\/clusterlogistic.org\/wp-content\/uploads\/2021\/04\/Posici\u00f3n-geoestrat\u00e9gica-de-Catalu\u00f1a-impulsa-su-estrategia-log\u00edstica.jpg"}},"image_meta":{"aperture":"0","credit":"Romero L\u00f3pez, Montse","camera":"","caption":"","created_timestamp":"0","copyright":"","focal_length":"0","iso":"0","shutter_speed":"0","title":"","orientation":"0","keywords":[]}},"post":null,"source_url":"https:\/\/clusterlogistic.org\/wp-content\/uploads\/2021\/04\/Posici\u00f3n-geoestrat\u00e9gica-de-Catalu\u00f1a-impulsa-su-estrategia-log\u00edstica.jpg","_links":{"self":[{"href":"https:\/\/clusterlogistic.org\/en\/wp-json\/wp\/v2\/media\/3863","targetHints":{"allow":["GET"]}}],"collection":[{"href":"https:\/\/clusterlogistic.org\/en\/wp-json\/wp\/v2\/media"}],"about":[{"href":"https:\/\/clusterlogistic.org\/en\/wp-json\/wp\/v2\/types\/attachment"}],"author":[{"embeddable":true,"href":"https:\/\/clusterlogistic.org\/en\/wp-json\/wp\/v2\/users\/3"}],"replies":[{"embeddable":true,"href":"https:\/\/clusterlogistic.org\/en\/wp-json\/wp\/v2\/comments?post=3863"}]}}