{"id":4331,"date":"2021-05-06T11:08:35","date_gmt":"2021-05-06T09:08:35","guid":{"rendered":"https:\/\/clusterlogistic.org\/wp-content\/uploads\/2021\/05\/Mercado-espanol-de-semirremolques-se-recupera-a-niveles-previos-a-la-pandemia.jpg"},"modified":"2021-05-06T11:08:35","modified_gmt":"2021-05-06T09:08:35","slug":"mercado-espanol-de-semirremolques-se-recupera-a-niveles-previos-a-la-pandemia-2","status":"inherit","type":"attachment","link":"https:\/\/clusterlogistic.org\/en\/mercado-espanol-de-semirremolques-se-recupera-a-niveles-previos-a-la-pandemia-2\/","title":{"rendered":"Mercado espa\u00f1ol de semirremolques se recupera a niveles previos a la pandemia"},"author":3,"featured_media":0,"comment_status":"closed","ping_status":"closed","template":"","meta":[],"class_list":["post-4331","attachment","type-attachment","status-inherit","hentry"],"yoast_head":"<!-- This site is optimized with the Yoast SEO plugin v27.4 - https:\/\/yoast.com\/product\/yoast-seo-wordpress\/ -->\n<title>Mercado espa\u00f1ol de semirremolques se recupera a niveles previos a la pandemia - Cl\u00faster Log\u00edstic de Catalunya<\/title>\n<meta name=\"robots\" content=\"index, follow, max-snippet:-1, max-image-preview:large, max-video-preview:-1\" \/>\n<link rel=\"canonical\" href=\"https:\/\/clusterlogistic.org\/wp-content\/uploads\/2021\/05\/Mercado-espanol-de-semirremolques-se-recupera-a-niveles-previos-a-la-pandemia.jpg\" \/>\n<meta property=\"og:locale\" content=\"en_US\" \/>\n<meta property=\"og:type\" content=\"article\" \/>\n<meta property=\"og:title\" content=\"Mercado espa\u00f1ol de semirremolques se recupera a niveles previos a la pandemia - Cl\u00faster Log\u00edstic de Catalunya\" \/>\n<meta property=\"og:url\" content=\"https:\/\/clusterlogistic.org\/wp-content\/uploads\/2021\/05\/Mercado-espanol-de-semirremolques-se-recupera-a-niveles-previos-a-la-pandemia.jpg\" \/>\n<meta property=\"og:site_name\" content=\"Cl\u00faster Log\u00edstic de Catalunya\" \/>\n<meta property=\"og:image\" content=\"https:\/\/clusterlogistic.org\/wp-content\/uploads\/2021\/05\/Mercado-espanol-de-semirremolques-se-recupera-a-niveles-previos-a-la-pandemia.jpg\" \/>\n\t<meta property=\"og:image:width\" content=\"600\" \/>\n\t<meta property=\"og:image:height\" content=\"400\" \/>\n\t<meta property=\"og:image:type\" content=\"image\/jpeg\" \/>\n<meta name=\"twitter:card\" content=\"summary_large_image\" \/>\n<script type=\"application\/ld+json\" class=\"yoast-schema-graph\">{\"@context\":\"https:\\\/\\\/schema.org\",\"@graph\":[{\"@type\":\"WebPage\",\"@id\":\"https:\\\/\\\/clusterlogistic.org\\\/wp-content\\\/uploads\\\/2021\\\/05\\\/Mercado-espanol-de-semirremolques-se-recupera-a-niveles-previos-a-la-pandemia.jpg\",\"url\":\"https:\\\/\\\/clusterlogistic.org\\\/wp-content\\\/uploads\\\/2021\\\/05\\\/Mercado-espanol-de-semirremolques-se-recupera-a-niveles-previos-a-la-pandemia.jpg\",\"name\":\"Mercado espa\u00f1ol de semirremolques se recupera a niveles previos a la pandemia - Cl\u00faster Log\u00edstic de Catalunya\",\"isPartOf\":{\"@id\":\"https:\\\/\\\/clusterlogistic.org\\\/es\\\/#website\"},\"datePublished\":\"2021-05-06T09:08:35+00:00\",\"breadcrumb\":{\"@id\":\"https:\\\/\\\/clusterlogistic.org\\\/wp-content\\\/uploads\\\/2021\\\/05\\\/Mercado-espanol-de-semirremolques-se-recupera-a-niveles-previos-a-la-pandemia.jpg#breadcrumb\"},\"inLanguage\":\"en-US\",\"potentialAction\":[{\"@type\":\"ReadAction\",\"target\":[\"https:\\\/\\\/clusterlogistic.org\\\/wp-content\\\/uploads\\\/2021\\\/05\\\/Mercado-espanol-de-semirremolques-se-recupera-a-niveles-previos-a-la-pandemia.jpg\"]}]},{\"@type\":\"BreadcrumbList\",\"@id\":\"https:\\\/\\\/clusterlogistic.org\\\/wp-content\\\/uploads\\\/2021\\\/05\\\/Mercado-espanol-de-semirremolques-se-recupera-a-niveles-previos-a-la-pandemia.jpg#breadcrumb\",\"itemListElement\":[{\"@type\":\"ListItem\",\"position\":1,\"name\":\"Portada\",\"item\":\"https:\\\/\\\/clusterlogistic.org\\\/en\\\/\"},{\"@type\":\"ListItem\",\"position\":2,\"name\":\"Mercado espa\u00f1ol de semirremolques se recupera a niveles previos a la pandemia\"}]},{\"@type\":\"WebSite\",\"@id\":\"https:\\\/\\\/clusterlogistic.org\\\/es\\\/#website\",\"url\":\"https:\\\/\\\/clusterlogistic.org\\\/es\\\/\",\"name\":\"Cl\u00faster Log\u00edstic de Catalunya\",\"description\":\"associaci\u00f3 sense \u00e0nim de lucre\",\"publisher\":{\"@id\":\"https:\\\/\\\/clusterlogistic.org\\\/es\\\/#organization\"},\"potentialAction\":[{\"@type\":\"SearchAction\",\"target\":{\"@type\":\"EntryPoint\",\"urlTemplate\":\"https:\\\/\\\/clusterlogistic.org\\\/es\\\/?s={search_term_string}\"},\"query-input\":{\"@type\":\"PropertyValueSpecification\",\"valueRequired\":true,\"valueName\":\"search_term_string\"}}],\"inLanguage\":\"en-US\"},{\"@type\":\"Organization\",\"@id\":\"https:\\\/\\\/clusterlogistic.org\\\/es\\\/#organization\",\"name\":\"Cl\u00faster Log\u00edstic de Catalunya\",\"url\":\"https:\\\/\\\/clusterlogistic.org\\\/es\\\/\",\"logo\":{\"@type\":\"ImageObject\",\"inLanguage\":\"en-US\",\"@id\":\"https:\\\/\\\/clusterlogistic.org\\\/es\\\/#\\\/schema\\\/logo\\\/image\\\/\",\"url\":\"https:\\\/\\\/clusterlogistic.org\\\/wp-content\\\/uploads\\\/2017\\\/07\\\/cropped-Logo-CL-llegenda-gran.jpg\",\"contentUrl\":\"https:\\\/\\\/clusterlogistic.org\\\/wp-content\\\/uploads\\\/2017\\\/07\\\/cropped-Logo-CL-llegenda-gran.jpg\",\"width\":512,\"height\":512,\"caption\":\"Cl\u00faster Log\u00edstic de Catalunya\"},\"image\":{\"@id\":\"https:\\\/\\\/clusterlogistic.org\\\/es\\\/#\\\/schema\\\/logo\\\/image\\\/\"}}]}<\/script>\n<!-- \/ Yoast SEO plugin. -->","yoast_head_json":{"title":"Mercado espa\u00f1ol de semirremolques se recupera a niveles previos a la pandemia - Cl\u00faster Log\u00edstic de Catalunya","robots":{"index":"index","follow":"follow","max-snippet":"max-snippet:-1","max-image-preview":"max-image-preview:large","max-video-preview":"max-video-preview:-1"},"canonical":"https:\/\/clusterlogistic.org\/wp-content\/uploads\/2021\/05\/Mercado-espanol-de-semirremolques-se-recupera-a-niveles-previos-a-la-pandemia.jpg","og_locale":"en_US","og_type":"article","og_title":"Mercado espa\u00f1ol de semirremolques se recupera a niveles previos a la pandemia - Cl\u00faster Log\u00edstic de Catalunya","og_url":"https:\/\/clusterlogistic.org\/wp-content\/uploads\/2021\/05\/Mercado-espanol-de-semirremolques-se-recupera-a-niveles-previos-a-la-pandemia.jpg","og_site_name":"Cl\u00faster Log\u00edstic de Catalunya","og_image":[{"width":600,"height":400,"url":"https:\/\/clusterlogistic.org\/wp-content\/uploads\/2021\/05\/Mercado-espanol-de-semirremolques-se-recupera-a-niveles-previos-a-la-pandemia.jpg","type":"image\/jpeg"}],"twitter_card":"summary_large_image","schema":{"@context":"https:\/\/schema.org","@graph":[{"@type":"WebPage","@id":"https:\/\/clusterlogistic.org\/wp-content\/uploads\/2021\/05\/Mercado-espanol-de-semirremolques-se-recupera-a-niveles-previos-a-la-pandemia.jpg","url":"https:\/\/clusterlogistic.org\/wp-content\/uploads\/2021\/05\/Mercado-espanol-de-semirremolques-se-recupera-a-niveles-previos-a-la-pandemia.jpg","name":"Mercado espa\u00f1ol de semirremolques se recupera a niveles previos a la pandemia - Cl\u00faster Log\u00edstic de Catalunya","isPartOf":{"@id":"https:\/\/clusterlogistic.org\/es\/#website"},"datePublished":"2021-05-06T09:08:35+00:00","breadcrumb":{"@id":"https:\/\/clusterlogistic.org\/wp-content\/uploads\/2021\/05\/Mercado-espanol-de-semirremolques-se-recupera-a-niveles-previos-a-la-pandemia.jpg#breadcrumb"},"inLanguage":"en-US","potentialAction":[{"@type":"ReadAction","target":["https:\/\/clusterlogistic.org\/wp-content\/uploads\/2021\/05\/Mercado-espanol-de-semirremolques-se-recupera-a-niveles-previos-a-la-pandemia.jpg"]}]},{"@type":"BreadcrumbList","@id":"https:\/\/clusterlogistic.org\/wp-content\/uploads\/2021\/05\/Mercado-espanol-de-semirremolques-se-recupera-a-niveles-previos-a-la-pandemia.jpg#breadcrumb","itemListElement":[{"@type":"ListItem","position":1,"name":"Portada","item":"https:\/\/clusterlogistic.org\/en\/"},{"@type":"ListItem","position":2,"name":"Mercado espa\u00f1ol de semirremolques se recupera a niveles previos a la pandemia"}]},{"@type":"WebSite","@id":"https:\/\/clusterlogistic.org\/es\/#website","url":"https:\/\/clusterlogistic.org\/es\/","name":"Cl\u00faster Log\u00edstic de Catalunya","description":"associaci\u00f3 sense \u00e0nim de lucre","publisher":{"@id":"https:\/\/clusterlogistic.org\/es\/#organization"},"potentialAction":[{"@type":"SearchAction","target":{"@type":"EntryPoint","urlTemplate":"https:\/\/clusterlogistic.org\/es\/?s={search_term_string}"},"query-input":{"@type":"PropertyValueSpecification","valueRequired":true,"valueName":"search_term_string"}}],"inLanguage":"en-US"},{"@type":"Organization","@id":"https:\/\/clusterlogistic.org\/es\/#organization","name":"Cl\u00faster Log\u00edstic de Catalunya","url":"https:\/\/clusterlogistic.org\/es\/","logo":{"@type":"ImageObject","inLanguage":"en-US","@id":"https:\/\/clusterlogistic.org\/es\/#\/schema\/logo\/image\/","url":"https:\/\/clusterlogistic.org\/wp-content\/uploads\/2017\/07\/cropped-Logo-CL-llegenda-gran.jpg","contentUrl":"https:\/\/clusterlogistic.org\/wp-content\/uploads\/2017\/07\/cropped-Logo-CL-llegenda-gran.jpg","width":512,"height":512,"caption":"Cl\u00faster Log\u00edstic de Catalunya"},"image":{"@id":"https:\/\/clusterlogistic.org\/es\/#\/schema\/logo\/image\/"}}]}},"description":{"rendered":"<p class=\"attachment\"><a href='https:\/\/clusterlogistic.org\/wp-content\/uploads\/2021\/05\/Mercado-espanol-de-semirremolques-se-recupera-a-niveles-previos-a-la-pandemia.jpg'><img loading=\"lazy\" decoding=\"async\" width=\"300\" height=\"200\" src=\"https:\/\/clusterlogistic.org\/wp-content\/uploads\/2021\/05\/Mercado-espanol-de-semirremolques-se-recupera-a-niveles-previos-a-la-pandemia-300x200.jpg\" class=\"attachment-medium size-medium\" alt=\"\" srcset=\"https:\/\/clusterlogistic.org\/wp-content\/uploads\/2021\/05\/Mercado-espanol-de-semirremolques-se-recupera-a-niveles-previos-a-la-pandemia-300x200.jpg 300w, https:\/\/clusterlogistic.org\/wp-content\/uploads\/2021\/05\/Mercado-espanol-de-semirremolques-se-recupera-a-niveles-previos-a-la-pandemia.jpg 600w\" sizes=\"auto, (max-width: 300px) 100vw, 300px\" \/><\/a><\/p>\n"},"caption":{"rendered":""},"alt_text":"","media_type":"image","mime_type":"image\/jpeg","media_details":{"width":600,"height":400,"file":"2021\/05\/Mercado-espanol-de-semirremolques-se-recupera-a-niveles-previos-a-la-pandemia.jpg","sizes":{"medium":{"file":"Mercado-espanol-de-semirremolques-se-recupera-a-niveles-previos-a-la-pandemia-300x200.jpg","width":300,"height":200,"mime_type":"image\/jpeg","source_url":"https:\/\/clusterlogistic.org\/wp-content\/uploads\/2021\/05\/Mercado-espanol-de-semirremolques-se-recupera-a-niveles-previos-a-la-pandemia-300x200.jpg"},"thumbnail":{"file":"Mercado-espanol-de-semirremolques-se-recupera-a-niveles-previos-a-la-pandemia-80x80.jpg","width":80,"height":80,"mime_type":"image\/jpeg","source_url":"https:\/\/clusterlogistic.org\/wp-content\/uploads\/2021\/05\/Mercado-espanol-de-semirremolques-se-recupera-a-niveles-previos-a-la-pandemia-80x80.jpg"},"widget":{"file":"Mercado-espanol-de-semirremolques-se-recupera-a-niveles-previos-a-la-pandemia-36x36.jpg","width":36,"height":36,"mime_type":"image\/jpeg","source_url":"https:\/\/clusterlogistic.org\/wp-content\/uploads\/2021\/05\/Mercado-espanol-de-semirremolques-se-recupera-a-niveles-previos-a-la-pandemia-36x36.jpg"},"square":{"file":"Mercado-espanol-de-semirremolques-se-recupera-a-niveles-previos-a-la-pandemia-180x180.jpg","width":180,"height":180,"mime_type":"image\/jpeg","source_url":"https:\/\/clusterlogistic.org\/wp-content\/uploads\/2021\/05\/Mercado-espanol-de-semirremolques-se-recupera-a-niveles-previos-a-la-pandemia-180x180.jpg"},"portfolio":{"file":"Mercado-espanol-de-semirremolques-se-recupera-a-niveles-previos-a-la-pandemia-495x400.jpg","width":495,"height":400,"mime_type":"image\/jpeg","source_url":"https:\/\/clusterlogistic.org\/wp-content\/uploads\/2021\/05\/Mercado-espanol-de-semirremolques-se-recupera-a-niveles-previos-a-la-pandemia-495x400.jpg"},"portfolio_small":{"file":"Mercado-espanol-de-semirremolques-se-recupera-a-niveles-previos-a-la-pandemia-260x185.jpg","width":260,"height":185,"mime_type":"image\/jpeg","source_url":"https:\/\/clusterlogistic.org\/wp-content\/uploads\/2021\/05\/Mercado-espanol-de-semirremolques-se-recupera-a-niveles-previos-a-la-pandemia-260x185.jpg"},"magazine":{"file":"Mercado-espanol-de-semirremolques-se-recupera-a-niveles-previos-a-la-pandemia-600x375.jpg","width":600,"height":375,"mime_type":"image\/jpeg","source_url":"https:\/\/clusterlogistic.org\/wp-content\/uploads\/2021\/05\/Mercado-espanol-de-semirremolques-se-recupera-a-niveles-previos-a-la-pandemia-600x375.jpg"},"entry_with_sidebar":{"file":"Mercado-espanol-de-semirremolques-se-recupera-a-niveles-previos-a-la-pandemia-600x321.jpg","width":600,"height":321,"mime_type":"image\/jpeg","source_url":"https:\/\/clusterlogistic.org\/wp-content\/uploads\/2021\/05\/Mercado-espanol-de-semirremolques-se-recupera-a-niveles-previos-a-la-pandemia-600x321.jpg"},"full":{"file":"Mercado-espanol-de-semirremolques-se-recupera-a-niveles-previos-a-la-pandemia.jpg","width":600,"height":400,"mime_type":"image\/jpeg","source_url":"https:\/\/clusterlogistic.org\/wp-content\/uploads\/2021\/05\/Mercado-espanol-de-semirremolques-se-recupera-a-niveles-previos-a-la-pandemia.jpg"}},"image_meta":{"aperture":"18","credit":"","camera":"Canon EOS 600D","caption":"","created_timestamp":"1424640925","copyright":"","focal_length":"27","iso":"400","shutter_speed":"0.005","title":"","orientation":"1","keywords":[]}},"post":null,"source_url":"https:\/\/clusterlogistic.org\/wp-content\/uploads\/2021\/05\/Mercado-espanol-de-semirremolques-se-recupera-a-niveles-previos-a-la-pandemia.jpg","_links":{"self":[{"href":"https:\/\/clusterlogistic.org\/en\/wp-json\/wp\/v2\/media\/4331","targetHints":{"allow":["GET"]}}],"collection":[{"href":"https:\/\/clusterlogistic.org\/en\/wp-json\/wp\/v2\/media"}],"about":[{"href":"https:\/\/clusterlogistic.org\/en\/wp-json\/wp\/v2\/types\/attachment"}],"author":[{"embeddable":true,"href":"https:\/\/clusterlogistic.org\/en\/wp-json\/wp\/v2\/users\/3"}],"replies":[{"embeddable":true,"href":"https:\/\/clusterlogistic.org\/en\/wp-json\/wp\/v2\/comments?post=4331"}]}}