{"id":4418,"date":"2021-06-03T12:52:28","date_gmt":"2021-06-03T10:52:28","guid":{"rendered":"https:\/\/clusterlogistic.org\/wp-content\/uploads\/2021\/06\/Ecsa-se-preocupa-por-reciclaje-de-buques-prescrito-por-la-UE.jpg"},"modified":"2021-06-03T12:52:36","modified_gmt":"2021-06-03T10:52:36","slug":"ecsa-se-preocupa-por-reciclaje-de-buques-prescrito-por-la-ue-2","status":"inherit","type":"attachment","link":"https:\/\/clusterlogistic.org\/en\/ecsa-se-preocupa-por-reciclaje-de-buques-prescrito-por-la-ue-2\/","title":{"rendered":"Ecsa se preocupa por reciclaje de buques prescrito por la UE"},"author":3,"featured_media":0,"comment_status":"closed","ping_status":"closed","template":"","meta":[],"class_list":["post-4418","attachment","type-attachment","status-inherit","hentry"],"yoast_head":"<!-- This site is optimized with the Yoast SEO plugin v27.4 - https:\/\/yoast.com\/product\/yoast-seo-wordpress\/ -->\n<title>Ecsa se preocupa por reciclaje de buques prescrito por la UE - Cl\u00faster Log\u00edstic de Catalunya<\/title>\n<meta name=\"robots\" content=\"index, follow, max-snippet:-1, max-image-preview:large, max-video-preview:-1\" \/>\n<link rel=\"canonical\" href=\"https:\/\/clusterlogistic.org\/wp-content\/uploads\/2021\/06\/Ecsa-se-preocupa-por-reciclaje-de-buques-prescrito-por-la-UE.jpg\" \/>\n<meta property=\"og:locale\" content=\"en_US\" \/>\n<meta property=\"og:type\" content=\"article\" \/>\n<meta property=\"og:title\" content=\"Ecsa se preocupa por reciclaje de buques prescrito por la UE - Cl\u00faster Log\u00edstic de Catalunya\" \/>\n<meta property=\"og:url\" content=\"https:\/\/clusterlogistic.org\/wp-content\/uploads\/2021\/06\/Ecsa-se-preocupa-por-reciclaje-de-buques-prescrito-por-la-UE.jpg\" \/>\n<meta property=\"og:site_name\" content=\"Cl\u00faster Log\u00edstic de Catalunya\" \/>\n<meta property=\"article:modified_time\" content=\"2021-06-03T10:52:36+00:00\" \/>\n<meta property=\"og:image\" content=\"https:\/\/clusterlogistic.org\/wp-content\/uploads\/2021\/06\/Ecsa-se-preocupa-por-reciclaje-de-buques-prescrito-por-la-UE.jpg\" \/>\n\t<meta property=\"og:image:width\" content=\"1280\" \/>\n\t<meta property=\"og:image:height\" content=\"776\" \/>\n\t<meta property=\"og:image:type\" content=\"image\/jpeg\" \/>\n<meta name=\"twitter:card\" content=\"summary_large_image\" \/>\n<script type=\"application\/ld+json\" class=\"yoast-schema-graph\">{\"@context\":\"https:\\\/\\\/schema.org\",\"@graph\":[{\"@type\":\"WebPage\",\"@id\":\"https:\\\/\\\/clusterlogistic.org\\\/wp-content\\\/uploads\\\/2021\\\/06\\\/Ecsa-se-preocupa-por-reciclaje-de-buques-prescrito-por-la-UE.jpg\",\"url\":\"https:\\\/\\\/clusterlogistic.org\\\/wp-content\\\/uploads\\\/2021\\\/06\\\/Ecsa-se-preocupa-por-reciclaje-de-buques-prescrito-por-la-UE.jpg\",\"name\":\"Ecsa se preocupa por reciclaje de buques prescrito por la UE - Cl\u00faster Log\u00edstic de Catalunya\",\"isPartOf\":{\"@id\":\"https:\\\/\\\/clusterlogistic.org\\\/es\\\/#website\"},\"datePublished\":\"2021-06-03T10:52:28+00:00\",\"dateModified\":\"2021-06-03T10:52:36+00:00\",\"breadcrumb\":{\"@id\":\"https:\\\/\\\/clusterlogistic.org\\\/wp-content\\\/uploads\\\/2021\\\/06\\\/Ecsa-se-preocupa-por-reciclaje-de-buques-prescrito-por-la-UE.jpg#breadcrumb\"},\"inLanguage\":\"en-US\",\"potentialAction\":[{\"@type\":\"ReadAction\",\"target\":[\"https:\\\/\\\/clusterlogistic.org\\\/wp-content\\\/uploads\\\/2021\\\/06\\\/Ecsa-se-preocupa-por-reciclaje-de-buques-prescrito-por-la-UE.jpg\"]}]},{\"@type\":\"BreadcrumbList\",\"@id\":\"https:\\\/\\\/clusterlogistic.org\\\/wp-content\\\/uploads\\\/2021\\\/06\\\/Ecsa-se-preocupa-por-reciclaje-de-buques-prescrito-por-la-UE.jpg#breadcrumb\",\"itemListElement\":[{\"@type\":\"ListItem\",\"position\":1,\"name\":\"Portada\",\"item\":\"https:\\\/\\\/clusterlogistic.org\\\/en\\\/\"},{\"@type\":\"ListItem\",\"position\":2,\"name\":\"Ecsa se preocupa por reciclaje de buques prescrito por la UE\"}]},{\"@type\":\"WebSite\",\"@id\":\"https:\\\/\\\/clusterlogistic.org\\\/es\\\/#website\",\"url\":\"https:\\\/\\\/clusterlogistic.org\\\/es\\\/\",\"name\":\"Cl\u00faster Log\u00edstic de Catalunya\",\"description\":\"associaci\u00f3 sense \u00e0nim de lucre\",\"publisher\":{\"@id\":\"https:\\\/\\\/clusterlogistic.org\\\/es\\\/#organization\"},\"potentialAction\":[{\"@type\":\"SearchAction\",\"target\":{\"@type\":\"EntryPoint\",\"urlTemplate\":\"https:\\\/\\\/clusterlogistic.org\\\/es\\\/?s={search_term_string}\"},\"query-input\":{\"@type\":\"PropertyValueSpecification\",\"valueRequired\":true,\"valueName\":\"search_term_string\"}}],\"inLanguage\":\"en-US\"},{\"@type\":\"Organization\",\"@id\":\"https:\\\/\\\/clusterlogistic.org\\\/es\\\/#organization\",\"name\":\"Cl\u00faster Log\u00edstic de Catalunya\",\"url\":\"https:\\\/\\\/clusterlogistic.org\\\/es\\\/\",\"logo\":{\"@type\":\"ImageObject\",\"inLanguage\":\"en-US\",\"@id\":\"https:\\\/\\\/clusterlogistic.org\\\/es\\\/#\\\/schema\\\/logo\\\/image\\\/\",\"url\":\"https:\\\/\\\/clusterlogistic.org\\\/wp-content\\\/uploads\\\/2017\\\/07\\\/cropped-Logo-CL-llegenda-gran.jpg\",\"contentUrl\":\"https:\\\/\\\/clusterlogistic.org\\\/wp-content\\\/uploads\\\/2017\\\/07\\\/cropped-Logo-CL-llegenda-gran.jpg\",\"width\":512,\"height\":512,\"caption\":\"Cl\u00faster Log\u00edstic de Catalunya\"},\"image\":{\"@id\":\"https:\\\/\\\/clusterlogistic.org\\\/es\\\/#\\\/schema\\\/logo\\\/image\\\/\"}}]}<\/script>\n<!-- \/ Yoast SEO plugin. -->","yoast_head_json":{"title":"Ecsa se preocupa por reciclaje de buques prescrito por la UE - Cl\u00faster Log\u00edstic de Catalunya","robots":{"index":"index","follow":"follow","max-snippet":"max-snippet:-1","max-image-preview":"max-image-preview:large","max-video-preview":"max-video-preview:-1"},"canonical":"https:\/\/clusterlogistic.org\/wp-content\/uploads\/2021\/06\/Ecsa-se-preocupa-por-reciclaje-de-buques-prescrito-por-la-UE.jpg","og_locale":"en_US","og_type":"article","og_title":"Ecsa se preocupa por reciclaje de buques prescrito por la UE - Cl\u00faster Log\u00edstic de Catalunya","og_url":"https:\/\/clusterlogistic.org\/wp-content\/uploads\/2021\/06\/Ecsa-se-preocupa-por-reciclaje-de-buques-prescrito-por-la-UE.jpg","og_site_name":"Cl\u00faster Log\u00edstic de Catalunya","article_modified_time":"2021-06-03T10:52:36+00:00","og_image":[{"width":1280,"height":776,"url":"https:\/\/clusterlogistic.org\/wp-content\/uploads\/2021\/06\/Ecsa-se-preocupa-por-reciclaje-de-buques-prescrito-por-la-UE.jpg","type":"image\/jpeg"}],"twitter_card":"summary_large_image","schema":{"@context":"https:\/\/schema.org","@graph":[{"@type":"WebPage","@id":"https:\/\/clusterlogistic.org\/wp-content\/uploads\/2021\/06\/Ecsa-se-preocupa-por-reciclaje-de-buques-prescrito-por-la-UE.jpg","url":"https:\/\/clusterlogistic.org\/wp-content\/uploads\/2021\/06\/Ecsa-se-preocupa-por-reciclaje-de-buques-prescrito-por-la-UE.jpg","name":"Ecsa se preocupa por reciclaje de buques prescrito por la UE - Cl\u00faster Log\u00edstic de Catalunya","isPartOf":{"@id":"https:\/\/clusterlogistic.org\/es\/#website"},"datePublished":"2021-06-03T10:52:28+00:00","dateModified":"2021-06-03T10:52:36+00:00","breadcrumb":{"@id":"https:\/\/clusterlogistic.org\/wp-content\/uploads\/2021\/06\/Ecsa-se-preocupa-por-reciclaje-de-buques-prescrito-por-la-UE.jpg#breadcrumb"},"inLanguage":"en-US","potentialAction":[{"@type":"ReadAction","target":["https:\/\/clusterlogistic.org\/wp-content\/uploads\/2021\/06\/Ecsa-se-preocupa-por-reciclaje-de-buques-prescrito-por-la-UE.jpg"]}]},{"@type":"BreadcrumbList","@id":"https:\/\/clusterlogistic.org\/wp-content\/uploads\/2021\/06\/Ecsa-se-preocupa-por-reciclaje-de-buques-prescrito-por-la-UE.jpg#breadcrumb","itemListElement":[{"@type":"ListItem","position":1,"name":"Portada","item":"https:\/\/clusterlogistic.org\/en\/"},{"@type":"ListItem","position":2,"name":"Ecsa se preocupa por reciclaje de buques prescrito por la UE"}]},{"@type":"WebSite","@id":"https:\/\/clusterlogistic.org\/es\/#website","url":"https:\/\/clusterlogistic.org\/es\/","name":"Cl\u00faster Log\u00edstic de Catalunya","description":"associaci\u00f3 sense \u00e0nim de lucre","publisher":{"@id":"https:\/\/clusterlogistic.org\/es\/#organization"},"potentialAction":[{"@type":"SearchAction","target":{"@type":"EntryPoint","urlTemplate":"https:\/\/clusterlogistic.org\/es\/?s={search_term_string}"},"query-input":{"@type":"PropertyValueSpecification","valueRequired":true,"valueName":"search_term_string"}}],"inLanguage":"en-US"},{"@type":"Organization","@id":"https:\/\/clusterlogistic.org\/es\/#organization","name":"Cl\u00faster Log\u00edstic de Catalunya","url":"https:\/\/clusterlogistic.org\/es\/","logo":{"@type":"ImageObject","inLanguage":"en-US","@id":"https:\/\/clusterlogistic.org\/es\/#\/schema\/logo\/image\/","url":"https:\/\/clusterlogistic.org\/wp-content\/uploads\/2017\/07\/cropped-Logo-CL-llegenda-gran.jpg","contentUrl":"https:\/\/clusterlogistic.org\/wp-content\/uploads\/2017\/07\/cropped-Logo-CL-llegenda-gran.jpg","width":512,"height":512,"caption":"Cl\u00faster Log\u00edstic de Catalunya"},"image":{"@id":"https:\/\/clusterlogistic.org\/es\/#\/schema\/logo\/image\/"}}]}},"description":{"rendered":"<p class=\"attachment\"><a href='https:\/\/clusterlogistic.org\/wp-content\/uploads\/2021\/06\/Ecsa-se-preocupa-por-reciclaje-de-buques-prescrito-por-la-UE.jpg'><img loading=\"lazy\" decoding=\"async\" width=\"300\" height=\"182\" src=\"https:\/\/clusterlogistic.org\/wp-content\/uploads\/2021\/06\/Ecsa-se-preocupa-por-reciclaje-de-buques-prescrito-por-la-UE-300x182.jpg\" class=\"attachment-medium size-medium\" alt=\"Ecsa se preocupa por reciclaje de buques prescrito por la UE\" srcset=\"https:\/\/clusterlogistic.org\/wp-content\/uploads\/2021\/06\/Ecsa-se-preocupa-por-reciclaje-de-buques-prescrito-por-la-UE-300x182.jpg 300w, https:\/\/clusterlogistic.org\/wp-content\/uploads\/2021\/06\/Ecsa-se-preocupa-por-reciclaje-de-buques-prescrito-por-la-UE-1030x624.jpg 1030w, https:\/\/clusterlogistic.org\/wp-content\/uploads\/2021\/06\/Ecsa-se-preocupa-por-reciclaje-de-buques-prescrito-por-la-UE-768x466.jpg 768w, https:\/\/clusterlogistic.org\/wp-content\/uploads\/2021\/06\/Ecsa-se-preocupa-por-reciclaje-de-buques-prescrito-por-la-UE-705x427.jpg 705w, https:\/\/clusterlogistic.org\/wp-content\/uploads\/2021\/06\/Ecsa-se-preocupa-por-reciclaje-de-buques-prescrito-por-la-UE.jpg 1280w\" sizes=\"auto, (max-width: 300px) 100vw, 300px\" \/><\/a><\/p>\n"},"caption":{"rendered":""},"alt_text":"Ecsa se preocupa por reciclaje de buques prescrito por la UE","media_type":"image","mime_type":"image\/jpeg","media_details":{"width":1280,"height":776,"file":"2021\/06\/Ecsa-se-preocupa-por-reciclaje-de-buques-prescrito-por-la-UE.jpg","sizes":{"medium":{"file":"Ecsa-se-preocupa-por-reciclaje-de-buques-prescrito-por-la-UE-300x182.jpg","width":300,"height":182,"mime_type":"image\/jpeg","source_url":"https:\/\/clusterlogistic.org\/wp-content\/uploads\/2021\/06\/Ecsa-se-preocupa-por-reciclaje-de-buques-prescrito-por-la-UE-300x182.jpg"},"large":{"file":"Ecsa-se-preocupa-por-reciclaje-de-buques-prescrito-por-la-UE-1030x624.jpg","width":1030,"height":624,"mime_type":"image\/jpeg","source_url":"https:\/\/clusterlogistic.org\/wp-content\/uploads\/2021\/06\/Ecsa-se-preocupa-por-reciclaje-de-buques-prescrito-por-la-UE-1030x624.jpg"},"thumbnail":{"file":"Ecsa-se-preocupa-por-reciclaje-de-buques-prescrito-por-la-UE-80x80.jpg","width":80,"height":80,"mime_type":"image\/jpeg","source_url":"https:\/\/clusterlogistic.org\/wp-content\/uploads\/2021\/06\/Ecsa-se-preocupa-por-reciclaje-de-buques-prescrito-por-la-UE-80x80.jpg"},"medium_large":{"file":"Ecsa-se-preocupa-por-reciclaje-de-buques-prescrito-por-la-UE-768x466.jpg","width":768,"height":466,"mime_type":"image\/jpeg","source_url":"https:\/\/clusterlogistic.org\/wp-content\/uploads\/2021\/06\/Ecsa-se-preocupa-por-reciclaje-de-buques-prescrito-por-la-UE-768x466.jpg"},"widget":{"file":"Ecsa-se-preocupa-por-reciclaje-de-buques-prescrito-por-la-UE-36x36.jpg","width":36,"height":36,"mime_type":"image\/jpeg","source_url":"https:\/\/clusterlogistic.org\/wp-content\/uploads\/2021\/06\/Ecsa-se-preocupa-por-reciclaje-de-buques-prescrito-por-la-UE-36x36.jpg"},"square":{"file":"Ecsa-se-preocupa-por-reciclaje-de-buques-prescrito-por-la-UE-180x180.jpg","width":180,"height":180,"mime_type":"image\/jpeg","source_url":"https:\/\/clusterlogistic.org\/wp-content\/uploads\/2021\/06\/Ecsa-se-preocupa-por-reciclaje-de-buques-prescrito-por-la-UE-180x180.jpg"},"featured":{"file":"Ecsa-se-preocupa-por-reciclaje-de-buques-prescrito-por-la-UE-1280x430.jpg","width":1280,"height":430,"mime_type":"image\/jpeg","source_url":"https:\/\/clusterlogistic.org\/wp-content\/uploads\/2021\/06\/Ecsa-se-preocupa-por-reciclaje-de-buques-prescrito-por-la-UE-1280x430.jpg"},"featured_large":{"file":"Ecsa-se-preocupa-por-reciclaje-de-buques-prescrito-por-la-UE-1280x630.jpg","width":1280,"height":630,"mime_type":"image\/jpeg","source_url":"https:\/\/clusterlogistic.org\/wp-content\/uploads\/2021\/06\/Ecsa-se-preocupa-por-reciclaje-de-buques-prescrito-por-la-UE-1280x630.jpg"},"portfolio":{"file":"Ecsa-se-preocupa-por-reciclaje-de-buques-prescrito-por-la-UE-495x400.jpg","width":495,"height":400,"mime_type":"image\/jpeg","source_url":"https:\/\/clusterlogistic.org\/wp-content\/uploads\/2021\/06\/Ecsa-se-preocupa-por-reciclaje-de-buques-prescrito-por-la-UE-495x400.jpg"},"portfolio_small":{"file":"Ecsa-se-preocupa-por-reciclaje-de-buques-prescrito-por-la-UE-260x185.jpg","width":260,"height":185,"mime_type":"image\/jpeg","source_url":"https:\/\/clusterlogistic.org\/wp-content\/uploads\/2021\/06\/Ecsa-se-preocupa-por-reciclaje-de-buques-prescrito-por-la-UE-260x185.jpg"},"gallery":{"file":"Ecsa-se-preocupa-por-reciclaje-de-buques-prescrito-por-la-UE-845x684.jpg","width":845,"height":684,"mime_type":"image\/jpeg","source_url":"https:\/\/clusterlogistic.org\/wp-content\/uploads\/2021\/06\/Ecsa-se-preocupa-por-reciclaje-de-buques-prescrito-por-la-UE-845x684.jpg"},"magazine":{"file":"Ecsa-se-preocupa-por-reciclaje-de-buques-prescrito-por-la-UE-710x375.jpg","width":710,"height":375,"mime_type":"image\/jpeg","source_url":"https:\/\/clusterlogistic.org\/wp-content\/uploads\/2021\/06\/Ecsa-se-preocupa-por-reciclaje-de-buques-prescrito-por-la-UE-710x375.jpg"},"masonry":{"file":"Ecsa-se-preocupa-por-reciclaje-de-buques-prescrito-por-la-UE-705x427.jpg","width":705,"height":427,"mime_type":"image\/jpeg","source_url":"https:\/\/clusterlogistic.org\/wp-content\/uploads\/2021\/06\/Ecsa-se-preocupa-por-reciclaje-de-buques-prescrito-por-la-UE-705x427.jpg"},"entry_with_sidebar":{"file":"Ecsa-se-preocupa-por-reciclaje-de-buques-prescrito-por-la-UE-845x321.jpg","width":845,"height":321,"mime_type":"image\/jpeg","source_url":"https:\/\/clusterlogistic.org\/wp-content\/uploads\/2021\/06\/Ecsa-se-preocupa-por-reciclaje-de-buques-prescrito-por-la-UE-845x321.jpg"},"entry_without_sidebar":{"file":"Ecsa-se-preocupa-por-reciclaje-de-buques-prescrito-por-la-UE-1210x423.jpg","width":1210,"height":423,"mime_type":"image\/jpeg","source_url":"https:\/\/clusterlogistic.org\/wp-content\/uploads\/2021\/06\/Ecsa-se-preocupa-por-reciclaje-de-buques-prescrito-por-la-UE-1210x423.jpg"},"full":{"file":"Ecsa-se-preocupa-por-reciclaje-de-buques-prescrito-por-la-UE.jpg","width":1280,"height":776,"mime_type":"image\/jpeg","source_url":"https:\/\/clusterlogistic.org\/wp-content\/uploads\/2021\/06\/Ecsa-se-preocupa-por-reciclaje-de-buques-prescrito-por-la-UE.jpg"}},"image_meta":{"aperture":"5.6","credit":"","camera":"Canon EOS 80D","caption":"","created_timestamp":"0","copyright":"","focal_length":"235","iso":"400","shutter_speed":"0.0015625","title":"","orientation":"0","keywords":[]}},"post":null,"source_url":"https:\/\/clusterlogistic.org\/wp-content\/uploads\/2021\/06\/Ecsa-se-preocupa-por-reciclaje-de-buques-prescrito-por-la-UE.jpg","_links":{"self":[{"href":"https:\/\/clusterlogistic.org\/en\/wp-json\/wp\/v2\/media\/4418","targetHints":{"allow":["GET"]}}],"collection":[{"href":"https:\/\/clusterlogistic.org\/en\/wp-json\/wp\/v2\/media"}],"about":[{"href":"https:\/\/clusterlogistic.org\/en\/wp-json\/wp\/v2\/types\/attachment"}],"author":[{"embeddable":true,"href":"https:\/\/clusterlogistic.org\/en\/wp-json\/wp\/v2\/users\/3"}],"replies":[{"embeddable":true,"href":"https:\/\/clusterlogistic.org\/en\/wp-json\/wp\/v2\/comments?post=4418"}]}}