{"id":4762,"date":"2021-08-07T14:28:06","date_gmt":"2021-08-07T12:28:06","guid":{"rendered":"https:\/\/clusterlogistic.org\/wp-content\/uploads\/2021\/08\/Aeropuertos-reportan-recuperacion-de-volumen-de-carga-prepandemia.jpg"},"modified":"2021-08-07T14:28:06","modified_gmt":"2021-08-07T12:28:06","slug":"aeropuertos-reportan-recuperacion-de-volumen-de-carga-prepandemia-2","status":"inherit","type":"attachment","link":"https:\/\/clusterlogistic.org\/en\/aeropuertos-reportan-recuperacion-de-volumen-de-carga-prepandemia-2\/","title":{"rendered":"Aeropuertos reportan recuperaci\u00f3n de volumen de carga prepandemia"},"author":3,"featured_media":0,"comment_status":"closed","ping_status":"closed","template":"","meta":[],"class_list":["post-4762","attachment","type-attachment","status-inherit","hentry"],"yoast_head":"<!-- This site is optimized with the Yoast SEO plugin v27.4 - https:\/\/yoast.com\/product\/yoast-seo-wordpress\/ -->\n<title>Aeropuertos reportan recuperaci\u00f3n de volumen de carga prepandemia - Cl\u00faster Log\u00edstic de Catalunya<\/title>\n<meta name=\"robots\" content=\"index, follow, max-snippet:-1, max-image-preview:large, max-video-preview:-1\" \/>\n<link rel=\"canonical\" href=\"https:\/\/clusterlogistic.org\/wp-content\/uploads\/2021\/08\/Aeropuertos-reportan-recuperacion-de-volumen-de-carga-prepandemia.jpg\" \/>\n<meta property=\"og:locale\" content=\"en_US\" \/>\n<meta property=\"og:type\" content=\"article\" \/>\n<meta property=\"og:title\" content=\"Aeropuertos reportan recuperaci\u00f3n de volumen de carga prepandemia - Cl\u00faster Log\u00edstic de Catalunya\" \/>\n<meta property=\"og:url\" content=\"https:\/\/clusterlogistic.org\/wp-content\/uploads\/2021\/08\/Aeropuertos-reportan-recuperacion-de-volumen-de-carga-prepandemia.jpg\" \/>\n<meta property=\"og:site_name\" content=\"Cl\u00faster Log\u00edstic de Catalunya\" \/>\n<meta property=\"og:image\" content=\"https:\/\/clusterlogistic.org\/wp-content\/uploads\/2021\/08\/Aeropuertos-reportan-recuperacion-de-volumen-de-carga-prepandemia.jpg\" \/>\n\t<meta property=\"og:image:width\" content=\"1267\" \/>\n\t<meta property=\"og:image:height\" content=\"950\" \/>\n\t<meta property=\"og:image:type\" content=\"image\/jpeg\" \/>\n<meta name=\"twitter:card\" content=\"summary_large_image\" \/>\n<script type=\"application\/ld+json\" class=\"yoast-schema-graph\">{\"@context\":\"https:\\\/\\\/schema.org\",\"@graph\":[{\"@type\":\"WebPage\",\"@id\":\"https:\\\/\\\/clusterlogistic.org\\\/wp-content\\\/uploads\\\/2021\\\/08\\\/Aeropuertos-reportan-recuperacion-de-volumen-de-carga-prepandemia.jpg\",\"url\":\"https:\\\/\\\/clusterlogistic.org\\\/wp-content\\\/uploads\\\/2021\\\/08\\\/Aeropuertos-reportan-recuperacion-de-volumen-de-carga-prepandemia.jpg\",\"name\":\"Aeropuertos reportan recuperaci\u00f3n de volumen de carga prepandemia - Cl\u00faster Log\u00edstic de Catalunya\",\"isPartOf\":{\"@id\":\"https:\\\/\\\/clusterlogistic.org\\\/es\\\/#website\"},\"datePublished\":\"2021-08-07T12:28:06+00:00\",\"breadcrumb\":{\"@id\":\"https:\\\/\\\/clusterlogistic.org\\\/wp-content\\\/uploads\\\/2021\\\/08\\\/Aeropuertos-reportan-recuperacion-de-volumen-de-carga-prepandemia.jpg#breadcrumb\"},\"inLanguage\":\"en-US\",\"potentialAction\":[{\"@type\":\"ReadAction\",\"target\":[\"https:\\\/\\\/clusterlogistic.org\\\/wp-content\\\/uploads\\\/2021\\\/08\\\/Aeropuertos-reportan-recuperacion-de-volumen-de-carga-prepandemia.jpg\"]}]},{\"@type\":\"BreadcrumbList\",\"@id\":\"https:\\\/\\\/clusterlogistic.org\\\/wp-content\\\/uploads\\\/2021\\\/08\\\/Aeropuertos-reportan-recuperacion-de-volumen-de-carga-prepandemia.jpg#breadcrumb\",\"itemListElement\":[{\"@type\":\"ListItem\",\"position\":1,\"name\":\"Portada\",\"item\":\"https:\\\/\\\/clusterlogistic.org\\\/en\\\/\"},{\"@type\":\"ListItem\",\"position\":2,\"name\":\"Aeropuertos reportan recuperaci\u00f3n de volumen de carga prepandemia\"}]},{\"@type\":\"WebSite\",\"@id\":\"https:\\\/\\\/clusterlogistic.org\\\/es\\\/#website\",\"url\":\"https:\\\/\\\/clusterlogistic.org\\\/es\\\/\",\"name\":\"Cl\u00faster Log\u00edstic de Catalunya\",\"description\":\"associaci\u00f3 sense \u00e0nim de lucre\",\"publisher\":{\"@id\":\"https:\\\/\\\/clusterlogistic.org\\\/es\\\/#organization\"},\"potentialAction\":[{\"@type\":\"SearchAction\",\"target\":{\"@type\":\"EntryPoint\",\"urlTemplate\":\"https:\\\/\\\/clusterlogistic.org\\\/es\\\/?s={search_term_string}\"},\"query-input\":{\"@type\":\"PropertyValueSpecification\",\"valueRequired\":true,\"valueName\":\"search_term_string\"}}],\"inLanguage\":\"en-US\"},{\"@type\":\"Organization\",\"@id\":\"https:\\\/\\\/clusterlogistic.org\\\/es\\\/#organization\",\"name\":\"Cl\u00faster Log\u00edstic de Catalunya\",\"url\":\"https:\\\/\\\/clusterlogistic.org\\\/es\\\/\",\"logo\":{\"@type\":\"ImageObject\",\"inLanguage\":\"en-US\",\"@id\":\"https:\\\/\\\/clusterlogistic.org\\\/es\\\/#\\\/schema\\\/logo\\\/image\\\/\",\"url\":\"https:\\\/\\\/clusterlogistic.org\\\/wp-content\\\/uploads\\\/2017\\\/07\\\/cropped-Logo-CL-llegenda-gran.jpg\",\"contentUrl\":\"https:\\\/\\\/clusterlogistic.org\\\/wp-content\\\/uploads\\\/2017\\\/07\\\/cropped-Logo-CL-llegenda-gran.jpg\",\"width\":512,\"height\":512,\"caption\":\"Cl\u00faster Log\u00edstic de Catalunya\"},\"image\":{\"@id\":\"https:\\\/\\\/clusterlogistic.org\\\/es\\\/#\\\/schema\\\/logo\\\/image\\\/\"}}]}<\/script>\n<!-- \/ Yoast SEO plugin. -->","yoast_head_json":{"title":"Aeropuertos reportan recuperaci\u00f3n de volumen de carga prepandemia - Cl\u00faster Log\u00edstic de Catalunya","robots":{"index":"index","follow":"follow","max-snippet":"max-snippet:-1","max-image-preview":"max-image-preview:large","max-video-preview":"max-video-preview:-1"},"canonical":"https:\/\/clusterlogistic.org\/wp-content\/uploads\/2021\/08\/Aeropuertos-reportan-recuperacion-de-volumen-de-carga-prepandemia.jpg","og_locale":"en_US","og_type":"article","og_title":"Aeropuertos reportan recuperaci\u00f3n de volumen de carga prepandemia - Cl\u00faster Log\u00edstic de Catalunya","og_url":"https:\/\/clusterlogistic.org\/wp-content\/uploads\/2021\/08\/Aeropuertos-reportan-recuperacion-de-volumen-de-carga-prepandemia.jpg","og_site_name":"Cl\u00faster Log\u00edstic de Catalunya","og_image":[{"width":1267,"height":950,"url":"https:\/\/clusterlogistic.org\/wp-content\/uploads\/2021\/08\/Aeropuertos-reportan-recuperacion-de-volumen-de-carga-prepandemia.jpg","type":"image\/jpeg"}],"twitter_card":"summary_large_image","schema":{"@context":"https:\/\/schema.org","@graph":[{"@type":"WebPage","@id":"https:\/\/clusterlogistic.org\/wp-content\/uploads\/2021\/08\/Aeropuertos-reportan-recuperacion-de-volumen-de-carga-prepandemia.jpg","url":"https:\/\/clusterlogistic.org\/wp-content\/uploads\/2021\/08\/Aeropuertos-reportan-recuperacion-de-volumen-de-carga-prepandemia.jpg","name":"Aeropuertos reportan recuperaci\u00f3n de volumen de carga prepandemia - Cl\u00faster Log\u00edstic de Catalunya","isPartOf":{"@id":"https:\/\/clusterlogistic.org\/es\/#website"},"datePublished":"2021-08-07T12:28:06+00:00","breadcrumb":{"@id":"https:\/\/clusterlogistic.org\/wp-content\/uploads\/2021\/08\/Aeropuertos-reportan-recuperacion-de-volumen-de-carga-prepandemia.jpg#breadcrumb"},"inLanguage":"en-US","potentialAction":[{"@type":"ReadAction","target":["https:\/\/clusterlogistic.org\/wp-content\/uploads\/2021\/08\/Aeropuertos-reportan-recuperacion-de-volumen-de-carga-prepandemia.jpg"]}]},{"@type":"BreadcrumbList","@id":"https:\/\/clusterlogistic.org\/wp-content\/uploads\/2021\/08\/Aeropuertos-reportan-recuperacion-de-volumen-de-carga-prepandemia.jpg#breadcrumb","itemListElement":[{"@type":"ListItem","position":1,"name":"Portada","item":"https:\/\/clusterlogistic.org\/en\/"},{"@type":"ListItem","position":2,"name":"Aeropuertos reportan recuperaci\u00f3n de volumen de carga prepandemia"}]},{"@type":"WebSite","@id":"https:\/\/clusterlogistic.org\/es\/#website","url":"https:\/\/clusterlogistic.org\/es\/","name":"Cl\u00faster Log\u00edstic de Catalunya","description":"associaci\u00f3 sense \u00e0nim de lucre","publisher":{"@id":"https:\/\/clusterlogistic.org\/es\/#organization"},"potentialAction":[{"@type":"SearchAction","target":{"@type":"EntryPoint","urlTemplate":"https:\/\/clusterlogistic.org\/es\/?s={search_term_string}"},"query-input":{"@type":"PropertyValueSpecification","valueRequired":true,"valueName":"search_term_string"}}],"inLanguage":"en-US"},{"@type":"Organization","@id":"https:\/\/clusterlogistic.org\/es\/#organization","name":"Cl\u00faster Log\u00edstic de Catalunya","url":"https:\/\/clusterlogistic.org\/es\/","logo":{"@type":"ImageObject","inLanguage":"en-US","@id":"https:\/\/clusterlogistic.org\/es\/#\/schema\/logo\/image\/","url":"https:\/\/clusterlogistic.org\/wp-content\/uploads\/2017\/07\/cropped-Logo-CL-llegenda-gran.jpg","contentUrl":"https:\/\/clusterlogistic.org\/wp-content\/uploads\/2017\/07\/cropped-Logo-CL-llegenda-gran.jpg","width":512,"height":512,"caption":"Cl\u00faster Log\u00edstic de Catalunya"},"image":{"@id":"https:\/\/clusterlogistic.org\/es\/#\/schema\/logo\/image\/"}}]}},"description":{"rendered":"<p class=\"attachment\"><a href='https:\/\/clusterlogistic.org\/wp-content\/uploads\/2021\/08\/Aeropuertos-reportan-recuperacion-de-volumen-de-carga-prepandemia.jpg'><img loading=\"lazy\" decoding=\"async\" width=\"300\" height=\"225\" src=\"https:\/\/clusterlogistic.org\/wp-content\/uploads\/2021\/08\/Aeropuertos-reportan-recuperacion-de-volumen-de-carga-prepandemia-300x225.jpg\" class=\"attachment-medium size-medium\" alt=\"\" srcset=\"https:\/\/clusterlogistic.org\/wp-content\/uploads\/2021\/08\/Aeropuertos-reportan-recuperacion-de-volumen-de-carga-prepandemia-300x225.jpg 300w, https:\/\/clusterlogistic.org\/wp-content\/uploads\/2021\/08\/Aeropuertos-reportan-recuperacion-de-volumen-de-carga-prepandemia-1030x772.jpg 1030w, https:\/\/clusterlogistic.org\/wp-content\/uploads\/2021\/08\/Aeropuertos-reportan-recuperacion-de-volumen-de-carga-prepandemia-768x576.jpg 768w, https:\/\/clusterlogistic.org\/wp-content\/uploads\/2021\/08\/Aeropuertos-reportan-recuperacion-de-volumen-de-carga-prepandemia-705x529.jpg 705w, https:\/\/clusterlogistic.org\/wp-content\/uploads\/2021\/08\/Aeropuertos-reportan-recuperacion-de-volumen-de-carga-prepandemia.jpg 1267w\" sizes=\"auto, (max-width: 300px) 100vw, 300px\" \/><\/a><\/p>\n"},"caption":{"rendered":""},"alt_text":"","media_type":"image","mime_type":"image\/jpeg","media_details":{"width":1267,"height":950,"file":"2021\/08\/Aeropuertos-reportan-recuperacion-de-volumen-de-carga-prepandemia.jpg","sizes":{"medium":{"file":"Aeropuertos-reportan-recuperacion-de-volumen-de-carga-prepandemia-300x225.jpg","width":300,"height":225,"mime_type":"image\/jpeg","source_url":"https:\/\/clusterlogistic.org\/wp-content\/uploads\/2021\/08\/Aeropuertos-reportan-recuperacion-de-volumen-de-carga-prepandemia-300x225.jpg"},"large":{"file":"Aeropuertos-reportan-recuperacion-de-volumen-de-carga-prepandemia-1030x772.jpg","width":1030,"height":772,"mime_type":"image\/jpeg","source_url":"https:\/\/clusterlogistic.org\/wp-content\/uploads\/2021\/08\/Aeropuertos-reportan-recuperacion-de-volumen-de-carga-prepandemia-1030x772.jpg"},"thumbnail":{"file":"Aeropuertos-reportan-recuperacion-de-volumen-de-carga-prepandemia-80x80.jpg","width":80,"height":80,"mime_type":"image\/jpeg","source_url":"https:\/\/clusterlogistic.org\/wp-content\/uploads\/2021\/08\/Aeropuertos-reportan-recuperacion-de-volumen-de-carga-prepandemia-80x80.jpg"},"medium_large":{"file":"Aeropuertos-reportan-recuperacion-de-volumen-de-carga-prepandemia-768x576.jpg","width":768,"height":576,"mime_type":"image\/jpeg","source_url":"https:\/\/clusterlogistic.org\/wp-content\/uploads\/2021\/08\/Aeropuertos-reportan-recuperacion-de-volumen-de-carga-prepandemia-768x576.jpg"},"widget":{"file":"Aeropuertos-reportan-recuperacion-de-volumen-de-carga-prepandemia-36x36.jpg","width":36,"height":36,"mime_type":"image\/jpeg","source_url":"https:\/\/clusterlogistic.org\/wp-content\/uploads\/2021\/08\/Aeropuertos-reportan-recuperacion-de-volumen-de-carga-prepandemia-36x36.jpg"},"square":{"file":"Aeropuertos-reportan-recuperacion-de-volumen-de-carga-prepandemia-180x180.jpg","width":180,"height":180,"mime_type":"image\/jpeg","source_url":"https:\/\/clusterlogistic.org\/wp-content\/uploads\/2021\/08\/Aeropuertos-reportan-recuperacion-de-volumen-de-carga-prepandemia-180x180.jpg"},"featured":{"file":"Aeropuertos-reportan-recuperacion-de-volumen-de-carga-prepandemia-1267x430.jpg","width":1267,"height":430,"mime_type":"image\/jpeg","source_url":"https:\/\/clusterlogistic.org\/wp-content\/uploads\/2021\/08\/Aeropuertos-reportan-recuperacion-de-volumen-de-carga-prepandemia-1267x430.jpg"},"featured_large":{"file":"Aeropuertos-reportan-recuperacion-de-volumen-de-carga-prepandemia-1267x630.jpg","width":1267,"height":630,"mime_type":"image\/jpeg","source_url":"https:\/\/clusterlogistic.org\/wp-content\/uploads\/2021\/08\/Aeropuertos-reportan-recuperacion-de-volumen-de-carga-prepandemia-1267x630.jpg"},"portfolio":{"file":"Aeropuertos-reportan-recuperacion-de-volumen-de-carga-prepandemia-495x400.jpg","width":495,"height":400,"mime_type":"image\/jpeg","source_url":"https:\/\/clusterlogistic.org\/wp-content\/uploads\/2021\/08\/Aeropuertos-reportan-recuperacion-de-volumen-de-carga-prepandemia-495x400.jpg"},"portfolio_small":{"file":"Aeropuertos-reportan-recuperacion-de-volumen-de-carga-prepandemia-260x185.jpg","width":260,"height":185,"mime_type":"image\/jpeg","source_url":"https:\/\/clusterlogistic.org\/wp-content\/uploads\/2021\/08\/Aeropuertos-reportan-recuperacion-de-volumen-de-carga-prepandemia-260x185.jpg"},"gallery":{"file":"Aeropuertos-reportan-recuperacion-de-volumen-de-carga-prepandemia-845x684.jpg","width":845,"height":684,"mime_type":"image\/jpeg","source_url":"https:\/\/clusterlogistic.org\/wp-content\/uploads\/2021\/08\/Aeropuertos-reportan-recuperacion-de-volumen-de-carga-prepandemia-845x684.jpg"},"magazine":{"file":"Aeropuertos-reportan-recuperacion-de-volumen-de-carga-prepandemia-710x375.jpg","width":710,"height":375,"mime_type":"image\/jpeg","source_url":"https:\/\/clusterlogistic.org\/wp-content\/uploads\/2021\/08\/Aeropuertos-reportan-recuperacion-de-volumen-de-carga-prepandemia-710x375.jpg"},"masonry":{"file":"Aeropuertos-reportan-recuperacion-de-volumen-de-carga-prepandemia-705x529.jpg","width":705,"height":529,"mime_type":"image\/jpeg","source_url":"https:\/\/clusterlogistic.org\/wp-content\/uploads\/2021\/08\/Aeropuertos-reportan-recuperacion-de-volumen-de-carga-prepandemia-705x529.jpg"},"entry_with_sidebar":{"file":"Aeropuertos-reportan-recuperacion-de-volumen-de-carga-prepandemia-845x321.jpg","width":845,"height":321,"mime_type":"image\/jpeg","source_url":"https:\/\/clusterlogistic.org\/wp-content\/uploads\/2021\/08\/Aeropuertos-reportan-recuperacion-de-volumen-de-carga-prepandemia-845x321.jpg"},"entry_without_sidebar":{"file":"Aeropuertos-reportan-recuperacion-de-volumen-de-carga-prepandemia-1210x423.jpg","width":1210,"height":423,"mime_type":"image\/jpeg","source_url":"https:\/\/clusterlogistic.org\/wp-content\/uploads\/2021\/08\/Aeropuertos-reportan-recuperacion-de-volumen-de-carga-prepandemia-1210x423.jpg"},"full":{"file":"Aeropuertos-reportan-recuperacion-de-volumen-de-carga-prepandemia.jpg","width":1267,"height":950,"mime_type":"image\/jpeg","source_url":"https:\/\/clusterlogistic.org\/wp-content\/uploads\/2021\/08\/Aeropuertos-reportan-recuperacion-de-volumen-de-carga-prepandemia.jpg"}},"image_meta":{"aperture":"0","credit":"","camera":"","caption":"","created_timestamp":"0","copyright":"","focal_length":"0","iso":"0","shutter_speed":"0","title":"","orientation":"0","keywords":[]}},"post":null,"source_url":"https:\/\/clusterlogistic.org\/wp-content\/uploads\/2021\/08\/Aeropuertos-reportan-recuperacion-de-volumen-de-carga-prepandemia.jpg","_links":{"self":[{"href":"https:\/\/clusterlogistic.org\/en\/wp-json\/wp\/v2\/media\/4762","targetHints":{"allow":["GET"]}}],"collection":[{"href":"https:\/\/clusterlogistic.org\/en\/wp-json\/wp\/v2\/media"}],"about":[{"href":"https:\/\/clusterlogistic.org\/en\/wp-json\/wp\/v2\/types\/attachment"}],"author":[{"embeddable":true,"href":"https:\/\/clusterlogistic.org\/en\/wp-json\/wp\/v2\/users\/3"}],"replies":[{"embeddable":true,"href":"https:\/\/clusterlogistic.org\/en\/wp-json\/wp\/v2\/comments?post=4762"}]}}