{"id":5948,"date":"2022-07-12T23:32:04","date_gmt":"2022-07-12T21:32:04","guid":{"rendered":"https:\/\/clusterlogistic.org\/wp-content\/uploads\/2022\/07\/Barcelona-sera-sede-mundial-del-World-Ocean-Council-para-impulsar-la-economia-azul.jpg"},"modified":"2022-07-12T23:32:10","modified_gmt":"2022-07-12T21:32:10","slug":"barcelona-sera-sede-mundial-del-world-ocean-council-para-impulsar-la-economia-azul-2","status":"inherit","type":"attachment","link":"https:\/\/clusterlogistic.org\/en\/barcelona-sera-sede-mundial-del-world-ocean-council-para-impulsar-la-economia-azul-2\/","title":{"rendered":"Barcelona ser\u00e1 sede mundial del World Ocean Council para impulsar la econom\u00eda azul"},"author":3,"featured_media":0,"comment_status":"closed","ping_status":"closed","template":"","meta":[],"class_list":["post-5948","attachment","type-attachment","status-inherit","hentry"],"yoast_head":"<!-- This site is optimized with the Yoast SEO plugin v27.4 - https:\/\/yoast.com\/product\/yoast-seo-wordpress\/ -->\n<title>Barcelona ser\u00e1 sede mundial del World Ocean Council para impulsar la econom\u00eda azul - Cl\u00faster Log\u00edstic de Catalunya<\/title>\n<meta name=\"robots\" content=\"index, follow, max-snippet:-1, max-image-preview:large, max-video-preview:-1\" \/>\n<link rel=\"canonical\" href=\"https:\/\/clusterlogistic.org\/wp-content\/uploads\/2022\/07\/Barcelona-sera-sede-mundial-del-World-Ocean-Council-para-impulsar-la-economia-azul.jpg\" \/>\n<meta property=\"og:locale\" content=\"en_US\" \/>\n<meta property=\"og:type\" content=\"article\" \/>\n<meta property=\"og:title\" content=\"Barcelona ser\u00e1 sede mundial del World Ocean Council para impulsar la econom\u00eda azul - Cl\u00faster Log\u00edstic de Catalunya\" \/>\n<meta property=\"og:url\" content=\"https:\/\/clusterlogistic.org\/wp-content\/uploads\/2022\/07\/Barcelona-sera-sede-mundial-del-World-Ocean-Council-para-impulsar-la-economia-azul.jpg\" \/>\n<meta property=\"og:site_name\" content=\"Cl\u00faster Log\u00edstic de Catalunya\" \/>\n<meta property=\"article:modified_time\" content=\"2022-07-12T21:32:10+00:00\" \/>\n<meta property=\"og:image\" content=\"https:\/\/clusterlogistic.org\/wp-content\/uploads\/2022\/07\/Barcelona-sera-sede-mundial-del-World-Ocean-Council-para-impulsar-la-economia-azul.jpg\" \/>\n\t<meta property=\"og:image:width\" content=\"1920\" \/>\n\t<meta property=\"og:image:height\" content=\"1273\" \/>\n\t<meta property=\"og:image:type\" content=\"image\/jpeg\" \/>\n<meta name=\"twitter:card\" content=\"summary_large_image\" \/>\n<script type=\"application\/ld+json\" class=\"yoast-schema-graph\">{\"@context\":\"https:\\\/\\\/schema.org\",\"@graph\":[{\"@type\":\"WebPage\",\"@id\":\"https:\\\/\\\/clusterlogistic.org\\\/wp-content\\\/uploads\\\/2022\\\/07\\\/Barcelona-sera-sede-mundial-del-World-Ocean-Council-para-impulsar-la-economia-azul.jpg\",\"url\":\"https:\\\/\\\/clusterlogistic.org\\\/wp-content\\\/uploads\\\/2022\\\/07\\\/Barcelona-sera-sede-mundial-del-World-Ocean-Council-para-impulsar-la-economia-azul.jpg\",\"name\":\"Barcelona ser\u00e1 sede mundial del World Ocean Council para impulsar la econom\u00eda azul - Cl\u00faster Log\u00edstic de Catalunya\",\"isPartOf\":{\"@id\":\"https:\\\/\\\/clusterlogistic.org\\\/es\\\/#website\"},\"datePublished\":\"2022-07-12T21:32:04+00:00\",\"dateModified\":\"2022-07-12T21:32:10+00:00\",\"breadcrumb\":{\"@id\":\"https:\\\/\\\/clusterlogistic.org\\\/wp-content\\\/uploads\\\/2022\\\/07\\\/Barcelona-sera-sede-mundial-del-World-Ocean-Council-para-impulsar-la-economia-azul.jpg#breadcrumb\"},\"inLanguage\":\"en-US\",\"potentialAction\":[{\"@type\":\"ReadAction\",\"target\":[\"https:\\\/\\\/clusterlogistic.org\\\/wp-content\\\/uploads\\\/2022\\\/07\\\/Barcelona-sera-sede-mundial-del-World-Ocean-Council-para-impulsar-la-economia-azul.jpg\"]}]},{\"@type\":\"BreadcrumbList\",\"@id\":\"https:\\\/\\\/clusterlogistic.org\\\/wp-content\\\/uploads\\\/2022\\\/07\\\/Barcelona-sera-sede-mundial-del-World-Ocean-Council-para-impulsar-la-economia-azul.jpg#breadcrumb\",\"itemListElement\":[{\"@type\":\"ListItem\",\"position\":1,\"name\":\"Portada\",\"item\":\"https:\\\/\\\/clusterlogistic.org\\\/en\\\/\"},{\"@type\":\"ListItem\",\"position\":2,\"name\":\"Barcelona ser\u00e1 sede mundial del World Ocean Council para impulsar la econom\u00eda azul\"}]},{\"@type\":\"WebSite\",\"@id\":\"https:\\\/\\\/clusterlogistic.org\\\/es\\\/#website\",\"url\":\"https:\\\/\\\/clusterlogistic.org\\\/es\\\/\",\"name\":\"Cl\u00faster Log\u00edstic de Catalunya\",\"description\":\"associaci\u00f3 sense \u00e0nim de lucre\",\"publisher\":{\"@id\":\"https:\\\/\\\/clusterlogistic.org\\\/es\\\/#organization\"},\"potentialAction\":[{\"@type\":\"SearchAction\",\"target\":{\"@type\":\"EntryPoint\",\"urlTemplate\":\"https:\\\/\\\/clusterlogistic.org\\\/es\\\/?s={search_term_string}\"},\"query-input\":{\"@type\":\"PropertyValueSpecification\",\"valueRequired\":true,\"valueName\":\"search_term_string\"}}],\"inLanguage\":\"en-US\"},{\"@type\":\"Organization\",\"@id\":\"https:\\\/\\\/clusterlogistic.org\\\/es\\\/#organization\",\"name\":\"Cl\u00faster Log\u00edstic de Catalunya\",\"url\":\"https:\\\/\\\/clusterlogistic.org\\\/es\\\/\",\"logo\":{\"@type\":\"ImageObject\",\"inLanguage\":\"en-US\",\"@id\":\"https:\\\/\\\/clusterlogistic.org\\\/es\\\/#\\\/schema\\\/logo\\\/image\\\/\",\"url\":\"https:\\\/\\\/clusterlogistic.org\\\/wp-content\\\/uploads\\\/2017\\\/07\\\/cropped-Logo-CL-llegenda-gran.jpg\",\"contentUrl\":\"https:\\\/\\\/clusterlogistic.org\\\/wp-content\\\/uploads\\\/2017\\\/07\\\/cropped-Logo-CL-llegenda-gran.jpg\",\"width\":512,\"height\":512,\"caption\":\"Cl\u00faster Log\u00edstic de Catalunya\"},\"image\":{\"@id\":\"https:\\\/\\\/clusterlogistic.org\\\/es\\\/#\\\/schema\\\/logo\\\/image\\\/\"}}]}<\/script>\n<!-- \/ Yoast SEO plugin. -->","yoast_head_json":{"title":"Barcelona ser\u00e1 sede mundial del World Ocean Council para impulsar la econom\u00eda azul - Cl\u00faster Log\u00edstic de Catalunya","robots":{"index":"index","follow":"follow","max-snippet":"max-snippet:-1","max-image-preview":"max-image-preview:large","max-video-preview":"max-video-preview:-1"},"canonical":"https:\/\/clusterlogistic.org\/wp-content\/uploads\/2022\/07\/Barcelona-sera-sede-mundial-del-World-Ocean-Council-para-impulsar-la-economia-azul.jpg","og_locale":"en_US","og_type":"article","og_title":"Barcelona ser\u00e1 sede mundial del World Ocean Council para impulsar la econom\u00eda azul - Cl\u00faster Log\u00edstic de Catalunya","og_url":"https:\/\/clusterlogistic.org\/wp-content\/uploads\/2022\/07\/Barcelona-sera-sede-mundial-del-World-Ocean-Council-para-impulsar-la-economia-azul.jpg","og_site_name":"Cl\u00faster Log\u00edstic de Catalunya","article_modified_time":"2022-07-12T21:32:10+00:00","og_image":[{"width":1920,"height":1273,"url":"https:\/\/clusterlogistic.org\/wp-content\/uploads\/2022\/07\/Barcelona-sera-sede-mundial-del-World-Ocean-Council-para-impulsar-la-economia-azul.jpg","type":"image\/jpeg"}],"twitter_card":"summary_large_image","schema":{"@context":"https:\/\/schema.org","@graph":[{"@type":"WebPage","@id":"https:\/\/clusterlogistic.org\/wp-content\/uploads\/2022\/07\/Barcelona-sera-sede-mundial-del-World-Ocean-Council-para-impulsar-la-economia-azul.jpg","url":"https:\/\/clusterlogistic.org\/wp-content\/uploads\/2022\/07\/Barcelona-sera-sede-mundial-del-World-Ocean-Council-para-impulsar-la-economia-azul.jpg","name":"Barcelona ser\u00e1 sede mundial del World Ocean Council para impulsar la econom\u00eda azul - Cl\u00faster Log\u00edstic de Catalunya","isPartOf":{"@id":"https:\/\/clusterlogistic.org\/es\/#website"},"datePublished":"2022-07-12T21:32:04+00:00","dateModified":"2022-07-12T21:32:10+00:00","breadcrumb":{"@id":"https:\/\/clusterlogistic.org\/wp-content\/uploads\/2022\/07\/Barcelona-sera-sede-mundial-del-World-Ocean-Council-para-impulsar-la-economia-azul.jpg#breadcrumb"},"inLanguage":"en-US","potentialAction":[{"@type":"ReadAction","target":["https:\/\/clusterlogistic.org\/wp-content\/uploads\/2022\/07\/Barcelona-sera-sede-mundial-del-World-Ocean-Council-para-impulsar-la-economia-azul.jpg"]}]},{"@type":"BreadcrumbList","@id":"https:\/\/clusterlogistic.org\/wp-content\/uploads\/2022\/07\/Barcelona-sera-sede-mundial-del-World-Ocean-Council-para-impulsar-la-economia-azul.jpg#breadcrumb","itemListElement":[{"@type":"ListItem","position":1,"name":"Portada","item":"https:\/\/clusterlogistic.org\/en\/"},{"@type":"ListItem","position":2,"name":"Barcelona ser\u00e1 sede mundial del World Ocean Council para impulsar la econom\u00eda azul"}]},{"@type":"WebSite","@id":"https:\/\/clusterlogistic.org\/es\/#website","url":"https:\/\/clusterlogistic.org\/es\/","name":"Cl\u00faster Log\u00edstic de Catalunya","description":"associaci\u00f3 sense \u00e0nim de lucre","publisher":{"@id":"https:\/\/clusterlogistic.org\/es\/#organization"},"potentialAction":[{"@type":"SearchAction","target":{"@type":"EntryPoint","urlTemplate":"https:\/\/clusterlogistic.org\/es\/?s={search_term_string}"},"query-input":{"@type":"PropertyValueSpecification","valueRequired":true,"valueName":"search_term_string"}}],"inLanguage":"en-US"},{"@type":"Organization","@id":"https:\/\/clusterlogistic.org\/es\/#organization","name":"Cl\u00faster Log\u00edstic de Catalunya","url":"https:\/\/clusterlogistic.org\/es\/","logo":{"@type":"ImageObject","inLanguage":"en-US","@id":"https:\/\/clusterlogistic.org\/es\/#\/schema\/logo\/image\/","url":"https:\/\/clusterlogistic.org\/wp-content\/uploads\/2017\/07\/cropped-Logo-CL-llegenda-gran.jpg","contentUrl":"https:\/\/clusterlogistic.org\/wp-content\/uploads\/2017\/07\/cropped-Logo-CL-llegenda-gran.jpg","width":512,"height":512,"caption":"Cl\u00faster Log\u00edstic de Catalunya"},"image":{"@id":"https:\/\/clusterlogistic.org\/es\/#\/schema\/logo\/image\/"}}]}},"description":{"rendered":"<p class=\"attachment\"><a href='https:\/\/clusterlogistic.org\/wp-content\/uploads\/2022\/07\/Barcelona-sera-sede-mundial-del-World-Ocean-Council-para-impulsar-la-economia-azul.jpg'><img loading=\"lazy\" decoding=\"async\" width=\"300\" height=\"199\" src=\"https:\/\/clusterlogistic.org\/wp-content\/uploads\/2022\/07\/Barcelona-sera-sede-mundial-del-World-Ocean-Council-para-impulsar-la-economia-azul-300x199.jpg\" class=\"attachment-medium size-medium\" alt=\"Barcelona ser\u00e1 sede mundial del World Ocean Council para impulsar la econom\u00eda azul\" srcset=\"https:\/\/clusterlogistic.org\/wp-content\/uploads\/2022\/07\/Barcelona-sera-sede-mundial-del-World-Ocean-Council-para-impulsar-la-economia-azul-300x199.jpg 300w, https:\/\/clusterlogistic.org\/wp-content\/uploads\/2022\/07\/Barcelona-sera-sede-mundial-del-World-Ocean-Council-para-impulsar-la-economia-azul-1030x683.jpg 1030w, https:\/\/clusterlogistic.org\/wp-content\/uploads\/2022\/07\/Barcelona-sera-sede-mundial-del-World-Ocean-Council-para-impulsar-la-economia-azul-768x509.jpg 768w, https:\/\/clusterlogistic.org\/wp-content\/uploads\/2022\/07\/Barcelona-sera-sede-mundial-del-World-Ocean-Council-para-impulsar-la-economia-azul-1536x1018.jpg 1536w, https:\/\/clusterlogistic.org\/wp-content\/uploads\/2022\/07\/Barcelona-sera-sede-mundial-del-World-Ocean-Council-para-impulsar-la-economia-azul-1500x995.jpg 1500w, https:\/\/clusterlogistic.org\/wp-content\/uploads\/2022\/07\/Barcelona-sera-sede-mundial-del-World-Ocean-Council-para-impulsar-la-economia-azul-705x467.jpg 705w, https:\/\/clusterlogistic.org\/wp-content\/uploads\/2022\/07\/Barcelona-sera-sede-mundial-del-World-Ocean-Council-para-impulsar-la-economia-azul.jpg 1920w\" sizes=\"auto, (max-width: 300px) 100vw, 300px\" \/><\/a><\/p>\n"},"caption":{"rendered":""},"alt_text":"Barcelona ser\u00e1 sede mundial del World Ocean Council para impulsar la econom\u00eda azul","media_type":"image","mime_type":"image\/jpeg","media_details":{"width":1920,"height":1273,"file":"2022\/07\/Barcelona-sera-sede-mundial-del-World-Ocean-Council-para-impulsar-la-economia-azul.jpg","filesize":339790,"sizes":{"medium":{"file":"Barcelona-sera-sede-mundial-del-World-Ocean-Council-para-impulsar-la-economia-azul-300x199.jpg","width":300,"height":199,"filesize":82128,"mime_type":"image\/jpeg","source_url":"https:\/\/clusterlogistic.org\/wp-content\/uploads\/2022\/07\/Barcelona-sera-sede-mundial-del-World-Ocean-Council-para-impulsar-la-economia-azul-300x199.jpg"},"large":{"file":"Barcelona-sera-sede-mundial-del-World-Ocean-Council-para-impulsar-la-economia-azul-1030x683.jpg","width":1030,"height":683,"filesize":687091,"mime_type":"image\/jpeg","source_url":"https:\/\/clusterlogistic.org\/wp-content\/uploads\/2022\/07\/Barcelona-sera-sede-mundial-del-World-Ocean-Council-para-impulsar-la-economia-azul-1030x683.jpg"},"thumbnail":{"file":"Barcelona-sera-sede-mundial-del-World-Ocean-Council-para-impulsar-la-economia-azul-80x80.jpg","width":80,"height":80,"filesize":10328,"mime_type":"image\/jpeg","source_url":"https:\/\/clusterlogistic.org\/wp-content\/uploads\/2022\/07\/Barcelona-sera-sede-mundial-del-World-Ocean-Council-para-impulsar-la-economia-azul-80x80.jpg"},"medium_large":{"file":"Barcelona-sera-sede-mundial-del-World-Ocean-Council-para-impulsar-la-economia-azul-768x509.jpg","width":768,"height":509,"filesize":411834,"mime_type":"image\/jpeg","source_url":"https:\/\/clusterlogistic.org\/wp-content\/uploads\/2022\/07\/Barcelona-sera-sede-mundial-del-World-Ocean-Council-para-impulsar-la-economia-azul-768x509.jpg"},"1536x1536":{"file":"Barcelona-sera-sede-mundial-del-World-Ocean-Council-para-impulsar-la-economia-azul-1536x1018.jpg","width":1536,"height":1018,"filesize":1301077,"mime_type":"image\/jpeg","source_url":"https:\/\/clusterlogistic.org\/wp-content\/uploads\/2022\/07\/Barcelona-sera-sede-mundial-del-World-Ocean-Council-para-impulsar-la-economia-azul-1536x1018.jpg"},"widget":{"file":"Barcelona-sera-sede-mundial-del-World-Ocean-Council-para-impulsar-la-economia-azul-36x36.jpg","width":36,"height":36,"filesize":3212,"mime_type":"image\/jpeg","source_url":"https:\/\/clusterlogistic.org\/wp-content\/uploads\/2022\/07\/Barcelona-sera-sede-mundial-del-World-Ocean-Council-para-impulsar-la-economia-azul-36x36.jpg"},"square":{"file":"Barcelona-sera-sede-mundial-del-World-Ocean-Council-para-impulsar-la-economia-azul-180x180.jpg","width":180,"height":180,"filesize":46888,"mime_type":"image\/jpeg","source_url":"https:\/\/clusterlogistic.org\/wp-content\/uploads\/2022\/07\/Barcelona-sera-sede-mundial-del-World-Ocean-Council-para-impulsar-la-economia-azul-180x180.jpg"},"featured":{"file":"Barcelona-sera-sede-mundial-del-World-Ocean-Council-para-impulsar-la-economia-azul-1500x430.jpg","width":1500,"height":430,"filesize":594779,"mime_type":"image\/jpeg","source_url":"https:\/\/clusterlogistic.org\/wp-content\/uploads\/2022\/07\/Barcelona-sera-sede-mundial-del-World-Ocean-Council-para-impulsar-la-economia-azul-1500x430.jpg"},"featured_large":{"file":"Barcelona-sera-sede-mundial-del-World-Ocean-Council-para-impulsar-la-economia-azul-1500x630.jpg","width":1500,"height":630,"filesize":859340,"mime_type":"image\/jpeg","source_url":"https:\/\/clusterlogistic.org\/wp-content\/uploads\/2022\/07\/Barcelona-sera-sede-mundial-del-World-Ocean-Council-para-impulsar-la-economia-azul-1500x630.jpg"},"extra_large":{"file":"Barcelona-sera-sede-mundial-del-World-Ocean-Council-para-impulsar-la-economia-azul-1500x995.jpg","width":1500,"height":995,"filesize":1285708,"mime_type":"image\/jpeg","source_url":"https:\/\/clusterlogistic.org\/wp-content\/uploads\/2022\/07\/Barcelona-sera-sede-mundial-del-World-Ocean-Council-para-impulsar-la-economia-azul-1500x995.jpg"},"portfolio":{"file":"Barcelona-sera-sede-mundial-del-World-Ocean-Council-para-impulsar-la-economia-azul-495x400.jpg","width":495,"height":400,"filesize":226823,"mime_type":"image\/jpeg","source_url":"https:\/\/clusterlogistic.org\/wp-content\/uploads\/2022\/07\/Barcelona-sera-sede-mundial-del-World-Ocean-Council-para-impulsar-la-economia-azul-495x400.jpg"},"portfolio_small":{"file":"Barcelona-sera-sede-mundial-del-World-Ocean-Council-para-impulsar-la-economia-azul-260x185.jpg","width":260,"height":185,"filesize":67358,"mime_type":"image\/jpeg","source_url":"https:\/\/clusterlogistic.org\/wp-content\/uploads\/2022\/07\/Barcelona-sera-sede-mundial-del-World-Ocean-Council-para-impulsar-la-economia-azul-260x185.jpg"},"gallery":{"file":"Barcelona-sera-sede-mundial-del-World-Ocean-Council-para-impulsar-la-economia-azul-845x684.jpg","width":845,"height":684,"filesize":568302,"mime_type":"image\/jpeg","source_url":"https:\/\/clusterlogistic.org\/wp-content\/uploads\/2022\/07\/Barcelona-sera-sede-mundial-del-World-Ocean-Council-para-impulsar-la-economia-azul-845x684.jpg"},"magazine":{"file":"Barcelona-sera-sede-mundial-del-World-Ocean-Council-para-impulsar-la-economia-azul-710x375.jpg","width":710,"height":375,"filesize":296818,"mime_type":"image\/jpeg","source_url":"https:\/\/clusterlogistic.org\/wp-content\/uploads\/2022\/07\/Barcelona-sera-sede-mundial-del-World-Ocean-Council-para-impulsar-la-economia-azul-710x375.jpg"},"masonry":{"file":"Barcelona-sera-sede-mundial-del-World-Ocean-Council-para-impulsar-la-economia-azul-705x467.jpg","width":705,"height":467,"filesize":361707,"mime_type":"image\/jpeg","source_url":"https:\/\/clusterlogistic.org\/wp-content\/uploads\/2022\/07\/Barcelona-sera-sede-mundial-del-World-Ocean-Council-para-impulsar-la-economia-azul-705x467.jpg"},"entry_with_sidebar":{"file":"Barcelona-sera-sede-mundial-del-World-Ocean-Council-para-impulsar-la-economia-azul-845x321.jpg","width":845,"height":321,"filesize":299844,"mime_type":"image\/jpeg","source_url":"https:\/\/clusterlogistic.org\/wp-content\/uploads\/2022\/07\/Barcelona-sera-sede-mundial-del-World-Ocean-Council-para-impulsar-la-economia-azul-845x321.jpg"},"entry_without_sidebar":{"file":"Barcelona-sera-sede-mundial-del-World-Ocean-Council-para-impulsar-la-economia-azul-1210x423.jpg","width":1210,"height":423,"filesize":502677,"mime_type":"image\/jpeg","source_url":"https:\/\/clusterlogistic.org\/wp-content\/uploads\/2022\/07\/Barcelona-sera-sede-mundial-del-World-Ocean-Council-para-impulsar-la-economia-azul-1210x423.jpg"},"full":{"file":"Barcelona-sera-sede-mundial-del-World-Ocean-Council-para-impulsar-la-economia-azul.jpg","width":1920,"height":1273,"mime_type":"image\/jpeg","source_url":"https:\/\/clusterlogistic.org\/wp-content\/uploads\/2022\/07\/Barcelona-sera-sede-mundial-del-World-Ocean-Council-para-impulsar-la-economia-azul.jpg"}},"image_meta":{"aperture":"0","credit":"","camera":"","caption":"","created_timestamp":"0","copyright":"","focal_length":"0","iso":"0","shutter_speed":"0","title":"","orientation":"0","keywords":[]}},"post":null,"source_url":"https:\/\/clusterlogistic.org\/wp-content\/uploads\/2022\/07\/Barcelona-sera-sede-mundial-del-World-Ocean-Council-para-impulsar-la-economia-azul.jpg","_links":{"self":[{"href":"https:\/\/clusterlogistic.org\/en\/wp-json\/wp\/v2\/media\/5948","targetHints":{"allow":["GET"]}}],"collection":[{"href":"https:\/\/clusterlogistic.org\/en\/wp-json\/wp\/v2\/media"}],"about":[{"href":"https:\/\/clusterlogistic.org\/en\/wp-json\/wp\/v2\/types\/attachment"}],"author":[{"embeddable":true,"href":"https:\/\/clusterlogistic.org\/en\/wp-json\/wp\/v2\/users\/3"}],"replies":[{"embeddable":true,"href":"https:\/\/clusterlogistic.org\/en\/wp-json\/wp\/v2\/comments?post=5948"}]}}