{"id":6231,"date":"2022-11-02T20:16:41","date_gmt":"2022-11-02T18:16:41","guid":{"rendered":"https:\/\/clusterlogistic.org\/wp-content\/uploads\/2022\/11\/Plan-para-garantizar-la-operacion-de-las-cadenas-de-suministro_-propuesta-de-la-Comision-Europea-.jpg"},"modified":"2022-11-02T20:16:41","modified_gmt":"2022-11-02T18:16:41","slug":"plan-para-garantizar-la-operacion-de-las-cadenas-de-suministro_-propuesta-de-la-comision-europea-2","status":"inherit","type":"attachment","link":"https:\/\/clusterlogistic.org\/en\/plan-para-garantizar-la-operacion-de-las-cadenas-de-suministro_-propuesta-de-la-comision-europea-2\/","title":{"rendered":"Plan para garantizar la operaci\u00f3n de las cadenas de suministro_ propuesta de la Comisi\u00f3n Europea"},"author":3,"featured_media":0,"comment_status":"closed","ping_status":"closed","template":"","meta":[],"class_list":["post-6231","attachment","type-attachment","status-inherit","hentry"],"yoast_head":"<!-- This site is optimized with the Yoast SEO plugin v27.4 - https:\/\/yoast.com\/product\/yoast-seo-wordpress\/ -->\n<title>Plan para garantizar la operaci\u00f3n de las cadenas de suministro_ propuesta de la Comisi\u00f3n Europea - Cl\u00faster Log\u00edstic de Catalunya<\/title>\n<meta name=\"robots\" content=\"index, follow, max-snippet:-1, max-image-preview:large, max-video-preview:-1\" \/>\n<link rel=\"canonical\" href=\"https:\/\/clusterlogistic.org\/wp-content\/uploads\/2022\/11\/Plan-para-garantizar-la-operacion-de-las-cadenas-de-suministro_-propuesta-de-la-Comision-Europea-.jpg\" \/>\n<meta property=\"og:locale\" content=\"en_US\" \/>\n<meta property=\"og:type\" content=\"article\" \/>\n<meta property=\"og:title\" content=\"Plan para garantizar la operaci\u00f3n de las cadenas de suministro_ propuesta de la Comisi\u00f3n Europea - Cl\u00faster Log\u00edstic de Catalunya\" \/>\n<meta property=\"og:url\" content=\"https:\/\/clusterlogistic.org\/wp-content\/uploads\/2022\/11\/Plan-para-garantizar-la-operacion-de-las-cadenas-de-suministro_-propuesta-de-la-Comision-Europea-.jpg\" \/>\n<meta property=\"og:site_name\" content=\"Cl\u00faster Log\u00edstic de Catalunya\" \/>\n<meta property=\"og:image\" content=\"https:\/\/clusterlogistic.org\/wp-content\/uploads\/2022\/11\/Plan-para-garantizar-la-operacion-de-las-cadenas-de-suministro_-propuesta-de-la-Comision-Europea-.jpg\" \/>\n\t<meta property=\"og:image:width\" content=\"728\" \/>\n\t<meta property=\"og:image:height\" content=\"345\" \/>\n\t<meta property=\"og:image:type\" content=\"image\/jpeg\" \/>\n<meta name=\"twitter:card\" content=\"summary_large_image\" \/>\n<script type=\"application\/ld+json\" class=\"yoast-schema-graph\">{\"@context\":\"https:\\\/\\\/schema.org\",\"@graph\":[{\"@type\":\"WebPage\",\"@id\":\"https:\\\/\\\/clusterlogistic.org\\\/wp-content\\\/uploads\\\/2022\\\/11\\\/Plan-para-garantizar-la-operacion-de-las-cadenas-de-suministro_-propuesta-de-la-Comision-Europea-.jpg\",\"url\":\"https:\\\/\\\/clusterlogistic.org\\\/wp-content\\\/uploads\\\/2022\\\/11\\\/Plan-para-garantizar-la-operacion-de-las-cadenas-de-suministro_-propuesta-de-la-Comision-Europea-.jpg\",\"name\":\"Plan para garantizar la operaci\u00f3n de las cadenas de suministro_ propuesta de la Comisi\u00f3n Europea - Cl\u00faster Log\u00edstic de Catalunya\",\"isPartOf\":{\"@id\":\"https:\\\/\\\/clusterlogistic.org\\\/es\\\/#website\"},\"datePublished\":\"2022-11-02T18:16:41+00:00\",\"breadcrumb\":{\"@id\":\"https:\\\/\\\/clusterlogistic.org\\\/wp-content\\\/uploads\\\/2022\\\/11\\\/Plan-para-garantizar-la-operacion-de-las-cadenas-de-suministro_-propuesta-de-la-Comision-Europea-.jpg#breadcrumb\"},\"inLanguage\":\"en-US\",\"potentialAction\":[{\"@type\":\"ReadAction\",\"target\":[\"https:\\\/\\\/clusterlogistic.org\\\/wp-content\\\/uploads\\\/2022\\\/11\\\/Plan-para-garantizar-la-operacion-de-las-cadenas-de-suministro_-propuesta-de-la-Comision-Europea-.jpg\"]}]},{\"@type\":\"BreadcrumbList\",\"@id\":\"https:\\\/\\\/clusterlogistic.org\\\/wp-content\\\/uploads\\\/2022\\\/11\\\/Plan-para-garantizar-la-operacion-de-las-cadenas-de-suministro_-propuesta-de-la-Comision-Europea-.jpg#breadcrumb\",\"itemListElement\":[{\"@type\":\"ListItem\",\"position\":1,\"name\":\"Portada\",\"item\":\"https:\\\/\\\/clusterlogistic.org\\\/en\\\/\"},{\"@type\":\"ListItem\",\"position\":2,\"name\":\"Plan para garantizar la operaci\u00f3n de las cadenas de suministro_ propuesta de la Comisi\u00f3n Europea\"}]},{\"@type\":\"WebSite\",\"@id\":\"https:\\\/\\\/clusterlogistic.org\\\/es\\\/#website\",\"url\":\"https:\\\/\\\/clusterlogistic.org\\\/es\\\/\",\"name\":\"Cl\u00faster Log\u00edstic de Catalunya\",\"description\":\"associaci\u00f3 sense \u00e0nim de lucre\",\"publisher\":{\"@id\":\"https:\\\/\\\/clusterlogistic.org\\\/es\\\/#organization\"},\"potentialAction\":[{\"@type\":\"SearchAction\",\"target\":{\"@type\":\"EntryPoint\",\"urlTemplate\":\"https:\\\/\\\/clusterlogistic.org\\\/es\\\/?s={search_term_string}\"},\"query-input\":{\"@type\":\"PropertyValueSpecification\",\"valueRequired\":true,\"valueName\":\"search_term_string\"}}],\"inLanguage\":\"en-US\"},{\"@type\":\"Organization\",\"@id\":\"https:\\\/\\\/clusterlogistic.org\\\/es\\\/#organization\",\"name\":\"Cl\u00faster Log\u00edstic de Catalunya\",\"url\":\"https:\\\/\\\/clusterlogistic.org\\\/es\\\/\",\"logo\":{\"@type\":\"ImageObject\",\"inLanguage\":\"en-US\",\"@id\":\"https:\\\/\\\/clusterlogistic.org\\\/es\\\/#\\\/schema\\\/logo\\\/image\\\/\",\"url\":\"https:\\\/\\\/clusterlogistic.org\\\/wp-content\\\/uploads\\\/2017\\\/07\\\/cropped-Logo-CL-llegenda-gran.jpg\",\"contentUrl\":\"https:\\\/\\\/clusterlogistic.org\\\/wp-content\\\/uploads\\\/2017\\\/07\\\/cropped-Logo-CL-llegenda-gran.jpg\",\"width\":512,\"height\":512,\"caption\":\"Cl\u00faster Log\u00edstic de Catalunya\"},\"image\":{\"@id\":\"https:\\\/\\\/clusterlogistic.org\\\/es\\\/#\\\/schema\\\/logo\\\/image\\\/\"}}]}<\/script>\n<!-- \/ Yoast SEO plugin. -->","yoast_head_json":{"title":"Plan para garantizar la operaci\u00f3n de las cadenas de suministro_ propuesta de la Comisi\u00f3n Europea - Cl\u00faster Log\u00edstic de Catalunya","robots":{"index":"index","follow":"follow","max-snippet":"max-snippet:-1","max-image-preview":"max-image-preview:large","max-video-preview":"max-video-preview:-1"},"canonical":"https:\/\/clusterlogistic.org\/wp-content\/uploads\/2022\/11\/Plan-para-garantizar-la-operacion-de-las-cadenas-de-suministro_-propuesta-de-la-Comision-Europea-.jpg","og_locale":"en_US","og_type":"article","og_title":"Plan para garantizar la operaci\u00f3n de las cadenas de suministro_ propuesta de la Comisi\u00f3n Europea - Cl\u00faster Log\u00edstic de Catalunya","og_url":"https:\/\/clusterlogistic.org\/wp-content\/uploads\/2022\/11\/Plan-para-garantizar-la-operacion-de-las-cadenas-de-suministro_-propuesta-de-la-Comision-Europea-.jpg","og_site_name":"Cl\u00faster Log\u00edstic de Catalunya","og_image":[{"width":728,"height":345,"url":"https:\/\/clusterlogistic.org\/wp-content\/uploads\/2022\/11\/Plan-para-garantizar-la-operacion-de-las-cadenas-de-suministro_-propuesta-de-la-Comision-Europea-.jpg","type":"image\/jpeg"}],"twitter_card":"summary_large_image","schema":{"@context":"https:\/\/schema.org","@graph":[{"@type":"WebPage","@id":"https:\/\/clusterlogistic.org\/wp-content\/uploads\/2022\/11\/Plan-para-garantizar-la-operacion-de-las-cadenas-de-suministro_-propuesta-de-la-Comision-Europea-.jpg","url":"https:\/\/clusterlogistic.org\/wp-content\/uploads\/2022\/11\/Plan-para-garantizar-la-operacion-de-las-cadenas-de-suministro_-propuesta-de-la-Comision-Europea-.jpg","name":"Plan para garantizar la operaci\u00f3n de las cadenas de suministro_ propuesta de la Comisi\u00f3n Europea - Cl\u00faster Log\u00edstic de Catalunya","isPartOf":{"@id":"https:\/\/clusterlogistic.org\/es\/#website"},"datePublished":"2022-11-02T18:16:41+00:00","breadcrumb":{"@id":"https:\/\/clusterlogistic.org\/wp-content\/uploads\/2022\/11\/Plan-para-garantizar-la-operacion-de-las-cadenas-de-suministro_-propuesta-de-la-Comision-Europea-.jpg#breadcrumb"},"inLanguage":"en-US","potentialAction":[{"@type":"ReadAction","target":["https:\/\/clusterlogistic.org\/wp-content\/uploads\/2022\/11\/Plan-para-garantizar-la-operacion-de-las-cadenas-de-suministro_-propuesta-de-la-Comision-Europea-.jpg"]}]},{"@type":"BreadcrumbList","@id":"https:\/\/clusterlogistic.org\/wp-content\/uploads\/2022\/11\/Plan-para-garantizar-la-operacion-de-las-cadenas-de-suministro_-propuesta-de-la-Comision-Europea-.jpg#breadcrumb","itemListElement":[{"@type":"ListItem","position":1,"name":"Portada","item":"https:\/\/clusterlogistic.org\/en\/"},{"@type":"ListItem","position":2,"name":"Plan para garantizar la operaci\u00f3n de las cadenas de suministro_ propuesta de la Comisi\u00f3n Europea"}]},{"@type":"WebSite","@id":"https:\/\/clusterlogistic.org\/es\/#website","url":"https:\/\/clusterlogistic.org\/es\/","name":"Cl\u00faster Log\u00edstic de Catalunya","description":"associaci\u00f3 sense \u00e0nim de lucre","publisher":{"@id":"https:\/\/clusterlogistic.org\/es\/#organization"},"potentialAction":[{"@type":"SearchAction","target":{"@type":"EntryPoint","urlTemplate":"https:\/\/clusterlogistic.org\/es\/?s={search_term_string}"},"query-input":{"@type":"PropertyValueSpecification","valueRequired":true,"valueName":"search_term_string"}}],"inLanguage":"en-US"},{"@type":"Organization","@id":"https:\/\/clusterlogistic.org\/es\/#organization","name":"Cl\u00faster Log\u00edstic de Catalunya","url":"https:\/\/clusterlogistic.org\/es\/","logo":{"@type":"ImageObject","inLanguage":"en-US","@id":"https:\/\/clusterlogistic.org\/es\/#\/schema\/logo\/image\/","url":"https:\/\/clusterlogistic.org\/wp-content\/uploads\/2017\/07\/cropped-Logo-CL-llegenda-gran.jpg","contentUrl":"https:\/\/clusterlogistic.org\/wp-content\/uploads\/2017\/07\/cropped-Logo-CL-llegenda-gran.jpg","width":512,"height":512,"caption":"Cl\u00faster Log\u00edstic de Catalunya"},"image":{"@id":"https:\/\/clusterlogistic.org\/es\/#\/schema\/logo\/image\/"}}]}},"description":{"rendered":"<p class=\"attachment\"><a href='https:\/\/clusterlogistic.org\/wp-content\/uploads\/2022\/11\/Plan-para-garantizar-la-operacion-de-las-cadenas-de-suministro_-propuesta-de-la-Comision-Europea-.jpg'><img loading=\"lazy\" decoding=\"async\" width=\"300\" height=\"142\" src=\"https:\/\/clusterlogistic.org\/wp-content\/uploads\/2022\/11\/Plan-para-garantizar-la-operacion-de-las-cadenas-de-suministro_-propuesta-de-la-Comision-Europea--300x142.jpg\" class=\"attachment-medium size-medium\" alt=\"\" srcset=\"https:\/\/clusterlogistic.org\/wp-content\/uploads\/2022\/11\/Plan-para-garantizar-la-operacion-de-las-cadenas-de-suministro_-propuesta-de-la-Comision-Europea--300x142.jpg 300w, https:\/\/clusterlogistic.org\/wp-content\/uploads\/2022\/11\/Plan-para-garantizar-la-operacion-de-las-cadenas-de-suministro_-propuesta-de-la-Comision-Europea--705x334.jpg 705w, https:\/\/clusterlogistic.org\/wp-content\/uploads\/2022\/11\/Plan-para-garantizar-la-operacion-de-las-cadenas-de-suministro_-propuesta-de-la-Comision-Europea-.jpg 728w\" sizes=\"auto, (max-width: 300px) 100vw, 300px\" \/><\/a><\/p>\n"},"caption":{"rendered":""},"alt_text":"","media_type":"image","mime_type":"image\/jpeg","media_details":{"width":728,"height":345,"file":"2022\/11\/Plan-para-garantizar-la-operacion-de-las-cadenas-de-suministro_-propuesta-de-la-Comision-Europea-.jpg","filesize":77516,"sizes":{"medium":{"file":"Plan-para-garantizar-la-operacion-de-las-cadenas-de-suministro_-propuesta-de-la-Comision-Europea--300x142.jpg","width":300,"height":142,"filesize":65930,"mime_type":"image\/jpeg","source_url":"https:\/\/clusterlogistic.org\/wp-content\/uploads\/2022\/11\/Plan-para-garantizar-la-operacion-de-las-cadenas-de-suministro_-propuesta-de-la-Comision-Europea--300x142.jpg"},"thumbnail":{"file":"Plan-para-garantizar-la-operacion-de-las-cadenas-de-suministro_-propuesta-de-la-Comision-Europea--80x80.jpg","width":80,"height":80,"filesize":14069,"mime_type":"image\/jpeg","source_url":"https:\/\/clusterlogistic.org\/wp-content\/uploads\/2022\/11\/Plan-para-garantizar-la-operacion-de-las-cadenas-de-suministro_-propuesta-de-la-Comision-Europea--80x80.jpg"},"widget":{"file":"Plan-para-garantizar-la-operacion-de-las-cadenas-de-suministro_-propuesta-de-la-Comision-Europea--36x36.jpg","width":36,"height":36,"filesize":4756,"mime_type":"image\/jpeg","source_url":"https:\/\/clusterlogistic.org\/wp-content\/uploads\/2022\/11\/Plan-para-garantizar-la-operacion-de-las-cadenas-de-suministro_-propuesta-de-la-Comision-Europea--36x36.jpg"},"square":{"file":"Plan-para-garantizar-la-operacion-de-las-cadenas-de-suministro_-propuesta-de-la-Comision-Europea--180x180.jpg","width":180,"height":180,"filesize":48856,"mime_type":"image\/jpeg","source_url":"https:\/\/clusterlogistic.org\/wp-content\/uploads\/2022\/11\/Plan-para-garantizar-la-operacion-de-las-cadenas-de-suministro_-propuesta-de-la-Comision-Europea--180x180.jpg"},"portfolio":{"file":"Plan-para-garantizar-la-operacion-de-las-cadenas-de-suministro_-propuesta-de-la-Comision-Europea--495x345.jpg","width":495,"height":345,"filesize":173400,"mime_type":"image\/jpeg","source_url":"https:\/\/clusterlogistic.org\/wp-content\/uploads\/2022\/11\/Plan-para-garantizar-la-operacion-de-las-cadenas-de-suministro_-propuesta-de-la-Comision-Europea--495x345.jpg"},"portfolio_small":{"file":"Plan-para-garantizar-la-operacion-de-las-cadenas-de-suministro_-propuesta-de-la-Comision-Europea--260x185.jpg","width":260,"height":185,"filesize":68565,"mime_type":"image\/jpeg","source_url":"https:\/\/clusterlogistic.org\/wp-content\/uploads\/2022\/11\/Plan-para-garantizar-la-operacion-de-las-cadenas-de-suministro_-propuesta-de-la-Comision-Europea--260x185.jpg"},"magazine":{"file":"Plan-para-garantizar-la-operacion-de-las-cadenas-de-suministro_-propuesta-de-la-Comision-Europea--710x345.jpg","width":710,"height":345,"filesize":237487,"mime_type":"image\/jpeg","source_url":"https:\/\/clusterlogistic.org\/wp-content\/uploads\/2022\/11\/Plan-para-garantizar-la-operacion-de-las-cadenas-de-suministro_-propuesta-de-la-Comision-Europea--710x345.jpg"},"masonry":{"file":"Plan-para-garantizar-la-operacion-de-las-cadenas-de-suministro_-propuesta-de-la-Comision-Europea--705x334.jpg","width":705,"height":334,"filesize":242390,"mime_type":"image\/jpeg","source_url":"https:\/\/clusterlogistic.org\/wp-content\/uploads\/2022\/11\/Plan-para-garantizar-la-operacion-de-las-cadenas-de-suministro_-propuesta-de-la-Comision-Europea--705x334.jpg"},"entry_with_sidebar":{"file":"Plan-para-garantizar-la-operacion-de-las-cadenas-de-suministro_-propuesta-de-la-Comision-Europea--728x321.jpg","width":728,"height":321,"filesize":228390,"mime_type":"image\/jpeg","source_url":"https:\/\/clusterlogistic.org\/wp-content\/uploads\/2022\/11\/Plan-para-garantizar-la-operacion-de-las-cadenas-de-suministro_-propuesta-de-la-Comision-Europea--728x321.jpg"},"full":{"file":"Plan-para-garantizar-la-operacion-de-las-cadenas-de-suministro_-propuesta-de-la-Comision-Europea-.jpg","width":728,"height":345,"mime_type":"image\/jpeg","source_url":"https:\/\/clusterlogistic.org\/wp-content\/uploads\/2022\/11\/Plan-para-garantizar-la-operacion-de-las-cadenas-de-suministro_-propuesta-de-la-Comision-Europea-.jpg"}},"image_meta":{"aperture":"0","credit":"","camera":"","caption":"","created_timestamp":"0","copyright":"","focal_length":"0","iso":"0","shutter_speed":"0","title":"","orientation":"1","keywords":[]}},"post":null,"source_url":"https:\/\/clusterlogistic.org\/wp-content\/uploads\/2022\/11\/Plan-para-garantizar-la-operacion-de-las-cadenas-de-suministro_-propuesta-de-la-Comision-Europea-.jpg","_links":{"self":[{"href":"https:\/\/clusterlogistic.org\/en\/wp-json\/wp\/v2\/media\/6231","targetHints":{"allow":["GET"]}}],"collection":[{"href":"https:\/\/clusterlogistic.org\/en\/wp-json\/wp\/v2\/media"}],"about":[{"href":"https:\/\/clusterlogistic.org\/en\/wp-json\/wp\/v2\/types\/attachment"}],"author":[{"embeddable":true,"href":"https:\/\/clusterlogistic.org\/en\/wp-json\/wp\/v2\/users\/3"}],"replies":[{"embeddable":true,"href":"https:\/\/clusterlogistic.org\/en\/wp-json\/wp\/v2\/comments?post=6231"}]}}