{"id":6821,"date":"2023-04-11T10:48:42","date_gmt":"2023-04-11T08:48:42","guid":{"rendered":"https:\/\/clusterlogistic.org\/wp-content\/uploads\/2023\/04\/Ayuntamiento-presento-plan-logistico-de-distribucion-sostenible-en-Barcelona.jpeg"},"modified":"2023-04-11T10:48:47","modified_gmt":"2023-04-11T08:48:47","slug":"ayuntamiento-presento-plan-logistico-de-distribucion-sostenible-en-barcelona-2","status":"inherit","type":"attachment","link":"https:\/\/clusterlogistic.org\/en\/ayuntamiento-presento-plan-logistico-de-distribucion-sostenible-en-barcelona-2\/","title":{"rendered":"Ayuntamiento present\u00f3 plan log\u00edstico de distribuci\u00f3n sostenible en Barcelona"},"author":3,"featured_media":0,"comment_status":"closed","ping_status":"closed","template":"","meta":[],"class_list":["post-6821","attachment","type-attachment","status-inherit","hentry"],"yoast_head":"<!-- This site is optimized with the Yoast SEO plugin v27.4 - https:\/\/yoast.com\/product\/yoast-seo-wordpress\/ -->\n<title>Ayuntamiento present\u00f3 plan log\u00edstico de distribuci\u00f3n sostenible en Barcelona - Cl\u00faster Log\u00edstic de Catalunya<\/title>\n<meta name=\"robots\" content=\"index, follow, max-snippet:-1, max-image-preview:large, max-video-preview:-1\" \/>\n<link rel=\"canonical\" href=\"https:\/\/clusterlogistic.org\/wp-content\/uploads\/2023\/04\/Ayuntamiento-presento-plan-logistico-de-distribucion-sostenible-en-Barcelona.jpeg\" \/>\n<meta property=\"og:locale\" content=\"en_US\" \/>\n<meta property=\"og:type\" content=\"article\" \/>\n<meta property=\"og:title\" content=\"Ayuntamiento present\u00f3 plan log\u00edstico de distribuci\u00f3n sostenible en Barcelona - Cl\u00faster Log\u00edstic de Catalunya\" \/>\n<meta property=\"og:url\" content=\"https:\/\/clusterlogistic.org\/wp-content\/uploads\/2023\/04\/Ayuntamiento-presento-plan-logistico-de-distribucion-sostenible-en-Barcelona.jpeg\" \/>\n<meta property=\"og:site_name\" content=\"Cl\u00faster Log\u00edstic de Catalunya\" \/>\n<meta property=\"article:modified_time\" content=\"2023-04-11T08:48:47+00:00\" \/>\n<meta property=\"og:image\" content=\"https:\/\/clusterlogistic.org\/wp-content\/uploads\/2023\/04\/Ayuntamiento-presento-plan-logistico-de-distribucion-sostenible-en-Barcelona.jpeg\" \/>\n\t<meta property=\"og:image:width\" content=\"1000\" \/>\n\t<meta property=\"og:image:height\" content=\"550\" \/>\n\t<meta property=\"og:image:type\" content=\"image\/jpeg\" \/>\n<meta name=\"twitter:card\" content=\"summary_large_image\" \/>\n<script type=\"application\/ld+json\" class=\"yoast-schema-graph\">{\"@context\":\"https:\\\/\\\/schema.org\",\"@graph\":[{\"@type\":\"WebPage\",\"@id\":\"https:\\\/\\\/clusterlogistic.org\\\/wp-content\\\/uploads\\\/2023\\\/04\\\/Ayuntamiento-presento-plan-logistico-de-distribucion-sostenible-en-Barcelona.jpeg\",\"url\":\"https:\\\/\\\/clusterlogistic.org\\\/wp-content\\\/uploads\\\/2023\\\/04\\\/Ayuntamiento-presento-plan-logistico-de-distribucion-sostenible-en-Barcelona.jpeg\",\"name\":\"Ayuntamiento present\u00f3 plan log\u00edstico de distribuci\u00f3n sostenible en Barcelona - Cl\u00faster Log\u00edstic de Catalunya\",\"isPartOf\":{\"@id\":\"https:\\\/\\\/clusterlogistic.org\\\/es\\\/#website\"},\"datePublished\":\"2023-04-11T08:48:42+00:00\",\"dateModified\":\"2023-04-11T08:48:47+00:00\",\"breadcrumb\":{\"@id\":\"https:\\\/\\\/clusterlogistic.org\\\/wp-content\\\/uploads\\\/2023\\\/04\\\/Ayuntamiento-presento-plan-logistico-de-distribucion-sostenible-en-Barcelona.jpeg#breadcrumb\"},\"inLanguage\":\"en-US\",\"potentialAction\":[{\"@type\":\"ReadAction\",\"target\":[\"https:\\\/\\\/clusterlogistic.org\\\/wp-content\\\/uploads\\\/2023\\\/04\\\/Ayuntamiento-presento-plan-logistico-de-distribucion-sostenible-en-Barcelona.jpeg\"]}]},{\"@type\":\"BreadcrumbList\",\"@id\":\"https:\\\/\\\/clusterlogistic.org\\\/wp-content\\\/uploads\\\/2023\\\/04\\\/Ayuntamiento-presento-plan-logistico-de-distribucion-sostenible-en-Barcelona.jpeg#breadcrumb\",\"itemListElement\":[{\"@type\":\"ListItem\",\"position\":1,\"name\":\"Portada\",\"item\":\"https:\\\/\\\/clusterlogistic.org\\\/en\\\/\"},{\"@type\":\"ListItem\",\"position\":2,\"name\":\"Ayuntamiento present\u00f3 plan log\u00edstico de distribuci\u00f3n sostenible en Barcelona\"}]},{\"@type\":\"WebSite\",\"@id\":\"https:\\\/\\\/clusterlogistic.org\\\/es\\\/#website\",\"url\":\"https:\\\/\\\/clusterlogistic.org\\\/es\\\/\",\"name\":\"Cl\u00faster Log\u00edstic de Catalunya\",\"description\":\"associaci\u00f3 sense \u00e0nim de lucre\",\"publisher\":{\"@id\":\"https:\\\/\\\/clusterlogistic.org\\\/es\\\/#organization\"},\"potentialAction\":[{\"@type\":\"SearchAction\",\"target\":{\"@type\":\"EntryPoint\",\"urlTemplate\":\"https:\\\/\\\/clusterlogistic.org\\\/es\\\/?s={search_term_string}\"},\"query-input\":{\"@type\":\"PropertyValueSpecification\",\"valueRequired\":true,\"valueName\":\"search_term_string\"}}],\"inLanguage\":\"en-US\"},{\"@type\":\"Organization\",\"@id\":\"https:\\\/\\\/clusterlogistic.org\\\/es\\\/#organization\",\"name\":\"Cl\u00faster Log\u00edstic de Catalunya\",\"url\":\"https:\\\/\\\/clusterlogistic.org\\\/es\\\/\",\"logo\":{\"@type\":\"ImageObject\",\"inLanguage\":\"en-US\",\"@id\":\"https:\\\/\\\/clusterlogistic.org\\\/es\\\/#\\\/schema\\\/logo\\\/image\\\/\",\"url\":\"https:\\\/\\\/clusterlogistic.org\\\/wp-content\\\/uploads\\\/2017\\\/07\\\/cropped-Logo-CL-llegenda-gran.jpg\",\"contentUrl\":\"https:\\\/\\\/clusterlogistic.org\\\/wp-content\\\/uploads\\\/2017\\\/07\\\/cropped-Logo-CL-llegenda-gran.jpg\",\"width\":512,\"height\":512,\"caption\":\"Cl\u00faster Log\u00edstic de Catalunya\"},\"image\":{\"@id\":\"https:\\\/\\\/clusterlogistic.org\\\/es\\\/#\\\/schema\\\/logo\\\/image\\\/\"}}]}<\/script>\n<!-- \/ Yoast SEO plugin. -->","yoast_head_json":{"title":"Ayuntamiento present\u00f3 plan log\u00edstico de distribuci\u00f3n sostenible en Barcelona - Cl\u00faster Log\u00edstic de Catalunya","robots":{"index":"index","follow":"follow","max-snippet":"max-snippet:-1","max-image-preview":"max-image-preview:large","max-video-preview":"max-video-preview:-1"},"canonical":"https:\/\/clusterlogistic.org\/wp-content\/uploads\/2023\/04\/Ayuntamiento-presento-plan-logistico-de-distribucion-sostenible-en-Barcelona.jpeg","og_locale":"en_US","og_type":"article","og_title":"Ayuntamiento present\u00f3 plan log\u00edstico de distribuci\u00f3n sostenible en Barcelona - Cl\u00faster Log\u00edstic de Catalunya","og_url":"https:\/\/clusterlogistic.org\/wp-content\/uploads\/2023\/04\/Ayuntamiento-presento-plan-logistico-de-distribucion-sostenible-en-Barcelona.jpeg","og_site_name":"Cl\u00faster Log\u00edstic de Catalunya","article_modified_time":"2023-04-11T08:48:47+00:00","og_image":[{"width":1000,"height":550,"url":"https:\/\/clusterlogistic.org\/wp-content\/uploads\/2023\/04\/Ayuntamiento-presento-plan-logistico-de-distribucion-sostenible-en-Barcelona.jpeg","type":"image\/jpeg"}],"twitter_card":"summary_large_image","schema":{"@context":"https:\/\/schema.org","@graph":[{"@type":"WebPage","@id":"https:\/\/clusterlogistic.org\/wp-content\/uploads\/2023\/04\/Ayuntamiento-presento-plan-logistico-de-distribucion-sostenible-en-Barcelona.jpeg","url":"https:\/\/clusterlogistic.org\/wp-content\/uploads\/2023\/04\/Ayuntamiento-presento-plan-logistico-de-distribucion-sostenible-en-Barcelona.jpeg","name":"Ayuntamiento present\u00f3 plan log\u00edstico de distribuci\u00f3n sostenible en Barcelona - Cl\u00faster Log\u00edstic de Catalunya","isPartOf":{"@id":"https:\/\/clusterlogistic.org\/es\/#website"},"datePublished":"2023-04-11T08:48:42+00:00","dateModified":"2023-04-11T08:48:47+00:00","breadcrumb":{"@id":"https:\/\/clusterlogistic.org\/wp-content\/uploads\/2023\/04\/Ayuntamiento-presento-plan-logistico-de-distribucion-sostenible-en-Barcelona.jpeg#breadcrumb"},"inLanguage":"en-US","potentialAction":[{"@type":"ReadAction","target":["https:\/\/clusterlogistic.org\/wp-content\/uploads\/2023\/04\/Ayuntamiento-presento-plan-logistico-de-distribucion-sostenible-en-Barcelona.jpeg"]}]},{"@type":"BreadcrumbList","@id":"https:\/\/clusterlogistic.org\/wp-content\/uploads\/2023\/04\/Ayuntamiento-presento-plan-logistico-de-distribucion-sostenible-en-Barcelona.jpeg#breadcrumb","itemListElement":[{"@type":"ListItem","position":1,"name":"Portada","item":"https:\/\/clusterlogistic.org\/en\/"},{"@type":"ListItem","position":2,"name":"Ayuntamiento present\u00f3 plan log\u00edstico de distribuci\u00f3n sostenible en Barcelona"}]},{"@type":"WebSite","@id":"https:\/\/clusterlogistic.org\/es\/#website","url":"https:\/\/clusterlogistic.org\/es\/","name":"Cl\u00faster Log\u00edstic de Catalunya","description":"associaci\u00f3 sense \u00e0nim de lucre","publisher":{"@id":"https:\/\/clusterlogistic.org\/es\/#organization"},"potentialAction":[{"@type":"SearchAction","target":{"@type":"EntryPoint","urlTemplate":"https:\/\/clusterlogistic.org\/es\/?s={search_term_string}"},"query-input":{"@type":"PropertyValueSpecification","valueRequired":true,"valueName":"search_term_string"}}],"inLanguage":"en-US"},{"@type":"Organization","@id":"https:\/\/clusterlogistic.org\/es\/#organization","name":"Cl\u00faster Log\u00edstic de Catalunya","url":"https:\/\/clusterlogistic.org\/es\/","logo":{"@type":"ImageObject","inLanguage":"en-US","@id":"https:\/\/clusterlogistic.org\/es\/#\/schema\/logo\/image\/","url":"https:\/\/clusterlogistic.org\/wp-content\/uploads\/2017\/07\/cropped-Logo-CL-llegenda-gran.jpg","contentUrl":"https:\/\/clusterlogistic.org\/wp-content\/uploads\/2017\/07\/cropped-Logo-CL-llegenda-gran.jpg","width":512,"height":512,"caption":"Cl\u00faster Log\u00edstic de Catalunya"},"image":{"@id":"https:\/\/clusterlogistic.org\/es\/#\/schema\/logo\/image\/"}}]}},"description":{"rendered":"<p class=\"attachment\"><a href='https:\/\/clusterlogistic.org\/wp-content\/uploads\/2023\/04\/Ayuntamiento-presento-plan-logistico-de-distribucion-sostenible-en-Barcelona.jpeg'><img loading=\"lazy\" decoding=\"async\" width=\"300\" height=\"165\" src=\"https:\/\/clusterlogistic.org\/wp-content\/uploads\/2023\/04\/Ayuntamiento-presento-plan-logistico-de-distribucion-sostenible-en-Barcelona-300x165.jpeg\" class=\"attachment-medium size-medium\" alt=\"Ayuntamiento present\u00f3 plan log\u00edstico de distribuci\u00f3n sostenible en Barcelona\" srcset=\"https:\/\/clusterlogistic.org\/wp-content\/uploads\/2023\/04\/Ayuntamiento-presento-plan-logistico-de-distribucion-sostenible-en-Barcelona-300x165.jpeg 300w, https:\/\/clusterlogistic.org\/wp-content\/uploads\/2023\/04\/Ayuntamiento-presento-plan-logistico-de-distribucion-sostenible-en-Barcelona-768x422.jpeg 768w, https:\/\/clusterlogistic.org\/wp-content\/uploads\/2023\/04\/Ayuntamiento-presento-plan-logistico-de-distribucion-sostenible-en-Barcelona-705x388.jpeg 705w, https:\/\/clusterlogistic.org\/wp-content\/uploads\/2023\/04\/Ayuntamiento-presento-plan-logistico-de-distribucion-sostenible-en-Barcelona.jpeg 1000w\" sizes=\"auto, (max-width: 300px) 100vw, 300px\" \/><\/a><\/p>\n"},"caption":{"rendered":""},"alt_text":"Ayuntamiento present\u00f3 plan log\u00edstico de distribuci\u00f3n sostenible en Barcelona","media_type":"image","mime_type":"image\/jpeg","media_details":{"width":1000,"height":550,"file":"2023\/04\/Ayuntamiento-presento-plan-logistico-de-distribucion-sostenible-en-Barcelona.jpeg","filesize":143020,"sizes":{"medium":{"file":"Ayuntamiento-presento-plan-logistico-de-distribucion-sostenible-en-Barcelona-300x165.jpeg","width":300,"height":165,"filesize":78447,"mime_type":"image\/jpeg","source_url":"https:\/\/clusterlogistic.org\/wp-content\/uploads\/2023\/04\/Ayuntamiento-presento-plan-logistico-de-distribucion-sostenible-en-Barcelona-300x165.jpeg"},"thumbnail":{"file":"Ayuntamiento-presento-plan-logistico-de-distribucion-sostenible-en-Barcelona-80x80.jpeg","width":80,"height":80,"filesize":13526,"mime_type":"image\/jpeg","source_url":"https:\/\/clusterlogistic.org\/wp-content\/uploads\/2023\/04\/Ayuntamiento-presento-plan-logistico-de-distribucion-sostenible-en-Barcelona-80x80.jpeg"},"medium_large":{"file":"Ayuntamiento-presento-plan-logistico-de-distribucion-sostenible-en-Barcelona-768x422.jpeg","width":768,"height":422,"filesize":337632,"mime_type":"image\/jpeg","source_url":"https:\/\/clusterlogistic.org\/wp-content\/uploads\/2023\/04\/Ayuntamiento-presento-plan-logistico-de-distribucion-sostenible-en-Barcelona-768x422.jpeg"},"widget":{"file":"Ayuntamiento-presento-plan-logistico-de-distribucion-sostenible-en-Barcelona-36x36.jpeg","width":36,"height":36,"filesize":4226,"mime_type":"image\/jpeg","source_url":"https:\/\/clusterlogistic.org\/wp-content\/uploads\/2023\/04\/Ayuntamiento-presento-plan-logistico-de-distribucion-sostenible-en-Barcelona-36x36.jpeg"},"square":{"file":"Ayuntamiento-presento-plan-logistico-de-distribucion-sostenible-en-Barcelona-180x180.jpeg","width":180,"height":180,"filesize":51429,"mime_type":"image\/jpeg","source_url":"https:\/\/clusterlogistic.org\/wp-content\/uploads\/2023\/04\/Ayuntamiento-presento-plan-logistico-de-distribucion-sostenible-en-Barcelona-180x180.jpeg"},"featured":{"file":"Ayuntamiento-presento-plan-logistico-de-distribucion-sostenible-en-Barcelona-1000x430.jpeg","width":1000,"height":430,"filesize":370512,"mime_type":"image\/jpeg","source_url":"https:\/\/clusterlogistic.org\/wp-content\/uploads\/2023\/04\/Ayuntamiento-presento-plan-logistico-de-distribucion-sostenible-en-Barcelona-1000x430.jpeg"},"portfolio":{"file":"Ayuntamiento-presento-plan-logistico-de-distribucion-sostenible-en-Barcelona-495x400.jpeg","width":495,"height":400,"filesize":210470,"mime_type":"image\/jpeg","source_url":"https:\/\/clusterlogistic.org\/wp-content\/uploads\/2023\/04\/Ayuntamiento-presento-plan-logistico-de-distribucion-sostenible-en-Barcelona-495x400.jpeg"},"portfolio_small":{"file":"Ayuntamiento-presento-plan-logistico-de-distribucion-sostenible-en-Barcelona-260x185.jpeg","width":260,"height":185,"filesize":73035,"mime_type":"image\/jpeg","source_url":"https:\/\/clusterlogistic.org\/wp-content\/uploads\/2023\/04\/Ayuntamiento-presento-plan-logistico-de-distribucion-sostenible-en-Barcelona-260x185.jpeg"},"gallery":{"file":"Ayuntamiento-presento-plan-logistico-de-distribucion-sostenible-en-Barcelona-845x550.jpeg","width":845,"height":550,"filesize":405168,"mime_type":"image\/jpeg","source_url":"https:\/\/clusterlogistic.org\/wp-content\/uploads\/2023\/04\/Ayuntamiento-presento-plan-logistico-de-distribucion-sostenible-en-Barcelona-845x550.jpeg"},"magazine":{"file":"Ayuntamiento-presento-plan-logistico-de-distribucion-sostenible-en-Barcelona-710x375.jpeg","width":710,"height":375,"filesize":288920,"mime_type":"image\/jpeg","source_url":"https:\/\/clusterlogistic.org\/wp-content\/uploads\/2023\/04\/Ayuntamiento-presento-plan-logistico-de-distribucion-sostenible-en-Barcelona-710x375.jpeg"},"masonry":{"file":"Ayuntamiento-presento-plan-logistico-de-distribucion-sostenible-en-Barcelona-705x388.jpeg","width":705,"height":388,"filesize":297971,"mime_type":"image\/jpeg","source_url":"https:\/\/clusterlogistic.org\/wp-content\/uploads\/2023\/04\/Ayuntamiento-presento-plan-logistico-de-distribucion-sostenible-en-Barcelona-705x388.jpeg"},"entry_with_sidebar":{"file":"Ayuntamiento-presento-plan-logistico-de-distribucion-sostenible-en-Barcelona-845x321.jpeg","width":845,"height":321,"filesize":274519,"mime_type":"image\/jpeg","source_url":"https:\/\/clusterlogistic.org\/wp-content\/uploads\/2023\/04\/Ayuntamiento-presento-plan-logistico-de-distribucion-sostenible-en-Barcelona-845x321.jpeg"},"entry_without_sidebar":{"file":"Ayuntamiento-presento-plan-logistico-de-distribucion-sostenible-en-Barcelona-1000x423.jpeg","width":1000,"height":423,"filesize":362035,"mime_type":"image\/jpeg","source_url":"https:\/\/clusterlogistic.org\/wp-content\/uploads\/2023\/04\/Ayuntamiento-presento-plan-logistico-de-distribucion-sostenible-en-Barcelona-1000x423.jpeg"},"full":{"file":"Ayuntamiento-presento-plan-logistico-de-distribucion-sostenible-en-Barcelona.jpeg","width":1000,"height":550,"mime_type":"image\/jpeg","source_url":"https:\/\/clusterlogistic.org\/wp-content\/uploads\/2023\/04\/Ayuntamiento-presento-plan-logistico-de-distribucion-sostenible-en-Barcelona.jpeg"}},"image_meta":{"aperture":"0","credit":"","camera":"","caption":"","created_timestamp":"0","copyright":"","focal_length":"0","iso":"0","shutter_speed":"0","title":"","orientation":"0","keywords":[]}},"post":null,"source_url":"https:\/\/clusterlogistic.org\/wp-content\/uploads\/2023\/04\/Ayuntamiento-presento-plan-logistico-de-distribucion-sostenible-en-Barcelona.jpeg","_links":{"self":[{"href":"https:\/\/clusterlogistic.org\/en\/wp-json\/wp\/v2\/media\/6821","targetHints":{"allow":["GET"]}}],"collection":[{"href":"https:\/\/clusterlogistic.org\/en\/wp-json\/wp\/v2\/media"}],"about":[{"href":"https:\/\/clusterlogistic.org\/en\/wp-json\/wp\/v2\/types\/attachment"}],"author":[{"embeddable":true,"href":"https:\/\/clusterlogistic.org\/en\/wp-json\/wp\/v2\/users\/3"}],"replies":[{"embeddable":true,"href":"https:\/\/clusterlogistic.org\/en\/wp-json\/wp\/v2\/comments?post=6821"}]}}