{"id":6906,"date":"2023-05-09T16:15:33","date_gmt":"2023-05-09T14:15:33","guid":{"rendered":"https:\/\/clusterlogistic.org\/wp-content\/uploads\/2023\/05\/Uber-considera-vender-su-rama-de-logistica.png"},"modified":"2023-05-09T16:15:47","modified_gmt":"2023-05-09T14:15:47","slug":"uber-considera-vender-su-rama-de-logistica-2","status":"inherit","type":"attachment","link":"https:\/\/clusterlogistic.org\/en\/uber-considera-vender-su-rama-de-logistica-2\/","title":{"rendered":"Uber considera vender su rama de log\u00edstica"},"author":3,"featured_media":0,"comment_status":"closed","ping_status":"closed","template":"","meta":[],"class_list":["post-6906","attachment","type-attachment","status-inherit","hentry"],"yoast_head":"<!-- This site is optimized with the Yoast SEO plugin v27.4 - https:\/\/yoast.com\/product\/yoast-seo-wordpress\/ -->\n<title>Uber considera vender su rama de log\u00edstica - Cl\u00faster Log\u00edstic de Catalunya<\/title>\n<meta name=\"robots\" content=\"index, follow, max-snippet:-1, max-image-preview:large, max-video-preview:-1\" \/>\n<link rel=\"canonical\" href=\"https:\/\/clusterlogistic.org\/wp-content\/uploads\/2023\/05\/Uber-considera-vender-su-rama-de-logistica.png\" \/>\n<meta property=\"og:locale\" content=\"en_US\" \/>\n<meta property=\"og:type\" content=\"article\" \/>\n<meta property=\"og:title\" content=\"Uber considera vender su rama de log\u00edstica - Cl\u00faster Log\u00edstic de Catalunya\" \/>\n<meta property=\"og:url\" content=\"https:\/\/clusterlogistic.org\/wp-content\/uploads\/2023\/05\/Uber-considera-vender-su-rama-de-logistica.png\" \/>\n<meta property=\"og:site_name\" content=\"Cl\u00faster Log\u00edstic de Catalunya\" \/>\n<meta property=\"article:modified_time\" content=\"2023-05-09T14:15:47+00:00\" \/>\n<meta property=\"og:image\" content=\"https:\/\/clusterlogistic.org\/wp-content\/uploads\/2023\/05\/Uber-considera-vender-su-rama-de-logistica-1030x637.png\" \/>\n\t<meta property=\"og:image:width\" content=\"1030\" \/>\n\t<meta property=\"og:image:height\" content=\"637\" \/>\n\t<meta property=\"og:image:type\" content=\"image\/png\" \/>\n<meta name=\"twitter:card\" content=\"summary_large_image\" \/>\n<script type=\"application\/ld+json\" class=\"yoast-schema-graph\">{\"@context\":\"https:\\\/\\\/schema.org\",\"@graph\":[{\"@type\":\"WebPage\",\"@id\":\"https:\\\/\\\/clusterlogistic.org\\\/wp-content\\\/uploads\\\/2023\\\/05\\\/Uber-considera-vender-su-rama-de-logistica.png\",\"url\":\"https:\\\/\\\/clusterlogistic.org\\\/wp-content\\\/uploads\\\/2023\\\/05\\\/Uber-considera-vender-su-rama-de-logistica.png\",\"name\":\"Uber considera vender su rama de log\u00edstica - Cl\u00faster Log\u00edstic de Catalunya\",\"isPartOf\":{\"@id\":\"https:\\\/\\\/clusterlogistic.org\\\/es\\\/#website\"},\"datePublished\":\"2023-05-09T14:15:33+00:00\",\"dateModified\":\"2023-05-09T14:15:47+00:00\",\"breadcrumb\":{\"@id\":\"https:\\\/\\\/clusterlogistic.org\\\/wp-content\\\/uploads\\\/2023\\\/05\\\/Uber-considera-vender-su-rama-de-logistica.png#breadcrumb\"},\"inLanguage\":\"en-US\",\"potentialAction\":[{\"@type\":\"ReadAction\",\"target\":[\"https:\\\/\\\/clusterlogistic.org\\\/wp-content\\\/uploads\\\/2023\\\/05\\\/Uber-considera-vender-su-rama-de-logistica.png\"]}]},{\"@type\":\"BreadcrumbList\",\"@id\":\"https:\\\/\\\/clusterlogistic.org\\\/wp-content\\\/uploads\\\/2023\\\/05\\\/Uber-considera-vender-su-rama-de-logistica.png#breadcrumb\",\"itemListElement\":[{\"@type\":\"ListItem\",\"position\":1,\"name\":\"Portada\",\"item\":\"https:\\\/\\\/clusterlogistic.org\\\/en\\\/\"},{\"@type\":\"ListItem\",\"position\":2,\"name\":\"Uber considera vender su rama de log\u00edstica\"}]},{\"@type\":\"WebSite\",\"@id\":\"https:\\\/\\\/clusterlogistic.org\\\/es\\\/#website\",\"url\":\"https:\\\/\\\/clusterlogistic.org\\\/es\\\/\",\"name\":\"Cl\u00faster Log\u00edstic de Catalunya\",\"description\":\"associaci\u00f3 sense \u00e0nim de lucre\",\"publisher\":{\"@id\":\"https:\\\/\\\/clusterlogistic.org\\\/es\\\/#organization\"},\"potentialAction\":[{\"@type\":\"SearchAction\",\"target\":{\"@type\":\"EntryPoint\",\"urlTemplate\":\"https:\\\/\\\/clusterlogistic.org\\\/es\\\/?s={search_term_string}\"},\"query-input\":{\"@type\":\"PropertyValueSpecification\",\"valueRequired\":true,\"valueName\":\"search_term_string\"}}],\"inLanguage\":\"en-US\"},{\"@type\":\"Organization\",\"@id\":\"https:\\\/\\\/clusterlogistic.org\\\/es\\\/#organization\",\"name\":\"Cl\u00faster Log\u00edstic de Catalunya\",\"url\":\"https:\\\/\\\/clusterlogistic.org\\\/es\\\/\",\"logo\":{\"@type\":\"ImageObject\",\"inLanguage\":\"en-US\",\"@id\":\"https:\\\/\\\/clusterlogistic.org\\\/es\\\/#\\\/schema\\\/logo\\\/image\\\/\",\"url\":\"https:\\\/\\\/clusterlogistic.org\\\/wp-content\\\/uploads\\\/2017\\\/07\\\/cropped-Logo-CL-llegenda-gran.jpg\",\"contentUrl\":\"https:\\\/\\\/clusterlogistic.org\\\/wp-content\\\/uploads\\\/2017\\\/07\\\/cropped-Logo-CL-llegenda-gran.jpg\",\"width\":512,\"height\":512,\"caption\":\"Cl\u00faster Log\u00edstic de Catalunya\"},\"image\":{\"@id\":\"https:\\\/\\\/clusterlogistic.org\\\/es\\\/#\\\/schema\\\/logo\\\/image\\\/\"}}]}<\/script>\n<!-- \/ Yoast SEO plugin. -->","yoast_head_json":{"title":"Uber considera vender su rama de log\u00edstica - Cl\u00faster Log\u00edstic de Catalunya","robots":{"index":"index","follow":"follow","max-snippet":"max-snippet:-1","max-image-preview":"max-image-preview:large","max-video-preview":"max-video-preview:-1"},"canonical":"https:\/\/clusterlogistic.org\/wp-content\/uploads\/2023\/05\/Uber-considera-vender-su-rama-de-logistica.png","og_locale":"en_US","og_type":"article","og_title":"Uber considera vender su rama de log\u00edstica - Cl\u00faster Log\u00edstic de Catalunya","og_url":"https:\/\/clusterlogistic.org\/wp-content\/uploads\/2023\/05\/Uber-considera-vender-su-rama-de-logistica.png","og_site_name":"Cl\u00faster Log\u00edstic de Catalunya","article_modified_time":"2023-05-09T14:15:47+00:00","og_image":[{"width":1030,"height":637,"url":"https:\/\/clusterlogistic.org\/wp-content\/uploads\/2023\/05\/Uber-considera-vender-su-rama-de-logistica-1030x637.png","type":"image\/png"}],"twitter_card":"summary_large_image","schema":{"@context":"https:\/\/schema.org","@graph":[{"@type":"WebPage","@id":"https:\/\/clusterlogistic.org\/wp-content\/uploads\/2023\/05\/Uber-considera-vender-su-rama-de-logistica.png","url":"https:\/\/clusterlogistic.org\/wp-content\/uploads\/2023\/05\/Uber-considera-vender-su-rama-de-logistica.png","name":"Uber considera vender su rama de log\u00edstica - Cl\u00faster Log\u00edstic de Catalunya","isPartOf":{"@id":"https:\/\/clusterlogistic.org\/es\/#website"},"datePublished":"2023-05-09T14:15:33+00:00","dateModified":"2023-05-09T14:15:47+00:00","breadcrumb":{"@id":"https:\/\/clusterlogistic.org\/wp-content\/uploads\/2023\/05\/Uber-considera-vender-su-rama-de-logistica.png#breadcrumb"},"inLanguage":"en-US","potentialAction":[{"@type":"ReadAction","target":["https:\/\/clusterlogistic.org\/wp-content\/uploads\/2023\/05\/Uber-considera-vender-su-rama-de-logistica.png"]}]},{"@type":"BreadcrumbList","@id":"https:\/\/clusterlogistic.org\/wp-content\/uploads\/2023\/05\/Uber-considera-vender-su-rama-de-logistica.png#breadcrumb","itemListElement":[{"@type":"ListItem","position":1,"name":"Portada","item":"https:\/\/clusterlogistic.org\/en\/"},{"@type":"ListItem","position":2,"name":"Uber considera vender su rama de log\u00edstica"}]},{"@type":"WebSite","@id":"https:\/\/clusterlogistic.org\/es\/#website","url":"https:\/\/clusterlogistic.org\/es\/","name":"Cl\u00faster Log\u00edstic de Catalunya","description":"associaci\u00f3 sense \u00e0nim de lucre","publisher":{"@id":"https:\/\/clusterlogistic.org\/es\/#organization"},"potentialAction":[{"@type":"SearchAction","target":{"@type":"EntryPoint","urlTemplate":"https:\/\/clusterlogistic.org\/es\/?s={search_term_string}"},"query-input":{"@type":"PropertyValueSpecification","valueRequired":true,"valueName":"search_term_string"}}],"inLanguage":"en-US"},{"@type":"Organization","@id":"https:\/\/clusterlogistic.org\/es\/#organization","name":"Cl\u00faster Log\u00edstic de Catalunya","url":"https:\/\/clusterlogistic.org\/es\/","logo":{"@type":"ImageObject","inLanguage":"en-US","@id":"https:\/\/clusterlogistic.org\/es\/#\/schema\/logo\/image\/","url":"https:\/\/clusterlogistic.org\/wp-content\/uploads\/2017\/07\/cropped-Logo-CL-llegenda-gran.jpg","contentUrl":"https:\/\/clusterlogistic.org\/wp-content\/uploads\/2017\/07\/cropped-Logo-CL-llegenda-gran.jpg","width":512,"height":512,"caption":"Cl\u00faster Log\u00edstic de Catalunya"},"image":{"@id":"https:\/\/clusterlogistic.org\/es\/#\/schema\/logo\/image\/"}}]}},"description":{"rendered":"<p class=\"attachment\"><a href='https:\/\/clusterlogistic.org\/wp-content\/uploads\/2023\/05\/Uber-considera-vender-su-rama-de-logistica.png'><img loading=\"lazy\" decoding=\"async\" width=\"300\" height=\"186\" src=\"https:\/\/clusterlogistic.org\/wp-content\/uploads\/2023\/05\/Uber-considera-vender-su-rama-de-logistica-300x186.png\" class=\"attachment-medium size-medium\" alt=\"Uber considera vender su rama de log\u00edstica\" srcset=\"https:\/\/clusterlogistic.org\/wp-content\/uploads\/2023\/05\/Uber-considera-vender-su-rama-de-logistica-300x186.png 300w, https:\/\/clusterlogistic.org\/wp-content\/uploads\/2023\/05\/Uber-considera-vender-su-rama-de-logistica-1030x637.png 1030w, https:\/\/clusterlogistic.org\/wp-content\/uploads\/2023\/05\/Uber-considera-vender-su-rama-de-logistica-768x475.png 768w, https:\/\/clusterlogistic.org\/wp-content\/uploads\/2023\/05\/Uber-considera-vender-su-rama-de-logistica-1536x950.png 1536w, https:\/\/clusterlogistic.org\/wp-content\/uploads\/2023\/05\/Uber-considera-vender-su-rama-de-logistica-2048x1267.png 2048w, https:\/\/clusterlogistic.org\/wp-content\/uploads\/2023\/05\/Uber-considera-vender-su-rama-de-logistica-1500x928.png 1500w, https:\/\/clusterlogistic.org\/wp-content\/uploads\/2023\/05\/Uber-considera-vender-su-rama-de-logistica-705x436.png 705w\" sizes=\"auto, (max-width: 300px) 100vw, 300px\" \/><\/a><\/p>\n"},"caption":{"rendered":""},"alt_text":"Uber considera vender su rama de log\u00edstica","media_type":"image","mime_type":"image\/png","media_details":{"width":2515,"height":1556,"file":"2023\/05\/Uber-considera-vender-su-rama-de-logistica.png","filesize":6301504,"sizes":{"medium":{"file":"Uber-considera-vender-su-rama-de-logistica-300x186.png","width":300,"height":186,"filesize":84754,"mime_type":"image\/png","source_url":"https:\/\/clusterlogistic.org\/wp-content\/uploads\/2023\/05\/Uber-considera-vender-su-rama-de-logistica-300x186.png"},"large":{"file":"Uber-considera-vender-su-rama-de-logistica-1030x637.png","width":1030,"height":637,"filesize":856297,"mime_type":"image\/png","source_url":"https:\/\/clusterlogistic.org\/wp-content\/uploads\/2023\/05\/Uber-considera-vender-su-rama-de-logistica-1030x637.png"},"thumbnail":{"file":"Uber-considera-vender-su-rama-de-logistica-80x80.png","width":80,"height":80,"filesize":12926,"mime_type":"image\/png","source_url":"https:\/\/clusterlogistic.org\/wp-content\/uploads\/2023\/05\/Uber-considera-vender-su-rama-de-logistica-80x80.png"},"medium_large":{"file":"Uber-considera-vender-su-rama-de-logistica-768x475.png","width":768,"height":475,"filesize":483914,"mime_type":"image\/png","source_url":"https:\/\/clusterlogistic.org\/wp-content\/uploads\/2023\/05\/Uber-considera-vender-su-rama-de-logistica-768x475.png"},"1536x1536":{"file":"Uber-considera-vender-su-rama-de-logistica-1536x950.png","width":1536,"height":950,"filesize":1866727,"mime_type":"image\/png","source_url":"https:\/\/clusterlogistic.org\/wp-content\/uploads\/2023\/05\/Uber-considera-vender-su-rama-de-logistica-1536x950.png"},"2048x2048":{"file":"Uber-considera-vender-su-rama-de-logistica-2048x1267.png","width":2048,"height":1267,"filesize":3241948,"mime_type":"image\/png","source_url":"https:\/\/clusterlogistic.org\/wp-content\/uploads\/2023\/05\/Uber-considera-vender-su-rama-de-logistica-2048x1267.png"},"widget":{"file":"Uber-considera-vender-su-rama-de-logistica-36x36.png","width":36,"height":36,"filesize":3162,"mime_type":"image\/png","source_url":"https:\/\/clusterlogistic.org\/wp-content\/uploads\/2023\/05\/Uber-considera-vender-su-rama-de-logistica-36x36.png"},"square":{"file":"Uber-considera-vender-su-rama-de-logistica-180x180.png","width":180,"height":180,"filesize":53359,"mime_type":"image\/png","source_url":"https:\/\/clusterlogistic.org\/wp-content\/uploads\/2023\/05\/Uber-considera-vender-su-rama-de-logistica-180x180.png"},"featured":{"file":"Uber-considera-vender-su-rama-de-logistica-1500x430.png","width":1500,"height":430,"filesize":895595,"mime_type":"image\/png","source_url":"https:\/\/clusterlogistic.org\/wp-content\/uploads\/2023\/05\/Uber-considera-vender-su-rama-de-logistica-1500x430.png"},"featured_large":{"file":"Uber-considera-vender-su-rama-de-logistica-1500x630.png","width":1500,"height":630,"filesize":1252661,"mime_type":"image\/png","source_url":"https:\/\/clusterlogistic.org\/wp-content\/uploads\/2023\/05\/Uber-considera-vender-su-rama-de-logistica-1500x630.png"},"extra_large":{"file":"Uber-considera-vender-su-rama-de-logistica-1500x928.png","width":1500,"height":928,"filesize":1783594,"mime_type":"image\/png","source_url":"https:\/\/clusterlogistic.org\/wp-content\/uploads\/2023\/05\/Uber-considera-vender-su-rama-de-logistica-1500x928.png"},"portfolio":{"file":"Uber-considera-vender-su-rama-de-logistica-495x400.png","width":495,"height":400,"filesize":276112,"mime_type":"image\/png","source_url":"https:\/\/clusterlogistic.org\/wp-content\/uploads\/2023\/05\/Uber-considera-vender-su-rama-de-logistica-495x400.png"},"portfolio_small":{"file":"Uber-considera-vender-su-rama-de-logistica-260x185.png","width":260,"height":185,"filesize":74914,"mime_type":"image\/png","source_url":"https:\/\/clusterlogistic.org\/wp-content\/uploads\/2023\/05\/Uber-considera-vender-su-rama-de-logistica-260x185.png"},"gallery":{"file":"Uber-considera-vender-su-rama-de-logistica-845x684.png","width":845,"height":684,"filesize":772774,"mime_type":"image\/png","source_url":"https:\/\/clusterlogistic.org\/wp-content\/uploads\/2023\/05\/Uber-considera-vender-su-rama-de-logistica-845x684.png"},"magazine":{"file":"Uber-considera-vender-su-rama-de-logistica-710x375.png","width":710,"height":375,"filesize":361598,"mime_type":"image\/png","source_url":"https:\/\/clusterlogistic.org\/wp-content\/uploads\/2023\/05\/Uber-considera-vender-su-rama-de-logistica-710x375.png"},"masonry":{"file":"Uber-considera-vender-su-rama-de-logistica-705x436.png","width":705,"height":436,"filesize":410477,"mime_type":"image\/png","source_url":"https:\/\/clusterlogistic.org\/wp-content\/uploads\/2023\/05\/Uber-considera-vender-su-rama-de-logistica-705x436.png"},"entry_with_sidebar":{"file":"Uber-considera-vender-su-rama-de-logistica-845x321.png","width":845,"height":321,"filesize":376103,"mime_type":"image\/png","source_url":"https:\/\/clusterlogistic.org\/wp-content\/uploads\/2023\/05\/Uber-considera-vender-su-rama-de-logistica-845x321.png"},"entry_without_sidebar":{"file":"Uber-considera-vender-su-rama-de-logistica-1210x423.png","width":1210,"height":423,"filesize":704854,"mime_type":"image\/png","source_url":"https:\/\/clusterlogistic.org\/wp-content\/uploads\/2023\/05\/Uber-considera-vender-su-rama-de-logistica-1210x423.png"},"full":{"file":"Uber-considera-vender-su-rama-de-logistica.png","width":2515,"height":1556,"mime_type":"image\/png","source_url":"https:\/\/clusterlogistic.org\/wp-content\/uploads\/2023\/05\/Uber-considera-vender-su-rama-de-logistica.png"}},"image_meta":{"aperture":"0","credit":"","camera":"","caption":"","created_timestamp":"0","copyright":"","focal_length":"0","iso":"0","shutter_speed":"0","title":"","orientation":"0","keywords":[]}},"post":null,"source_url":"https:\/\/clusterlogistic.org\/wp-content\/uploads\/2023\/05\/Uber-considera-vender-su-rama-de-logistica.png","_links":{"self":[{"href":"https:\/\/clusterlogistic.org\/en\/wp-json\/wp\/v2\/media\/6906","targetHints":{"allow":["GET"]}}],"collection":[{"href":"https:\/\/clusterlogistic.org\/en\/wp-json\/wp\/v2\/media"}],"about":[{"href":"https:\/\/clusterlogistic.org\/en\/wp-json\/wp\/v2\/types\/attachment"}],"author":[{"embeddable":true,"href":"https:\/\/clusterlogistic.org\/en\/wp-json\/wp\/v2\/users\/3"}],"replies":[{"embeddable":true,"href":"https:\/\/clusterlogistic.org\/en\/wp-json\/wp\/v2\/comments?post=6906"}]}}