{"id":7003,"date":"2023-07-13T09:56:25","date_gmt":"2023-07-13T07:56:25","guid":{"rendered":"https:\/\/clusterlogistic.org\/wp-content\/uploads\/2023\/07\/El-Port-en-el-SIL-Somos-el-puerto-del-futuro.jpg"},"modified":"2023-07-13T09:56:31","modified_gmt":"2023-07-13T07:56:31","slug":"el-port-en-el-sil-somos-el-puerto-del-futuro-2","status":"inherit","type":"attachment","link":"https:\/\/clusterlogistic.org\/en\/el-port-en-el-sil-somos-el-puerto-del-futuro-2\/","title":{"rendered":"El Port en el SIL Somos el puerto del futuro"},"author":3,"featured_media":0,"comment_status":"closed","ping_status":"closed","template":"","meta":[],"class_list":["post-7003","attachment","type-attachment","status-inherit","hentry"],"yoast_head":"<!-- This site is optimized with the Yoast SEO plugin v27.4 - https:\/\/yoast.com\/product\/yoast-seo-wordpress\/ -->\n<title>El Port en el SIL Somos el puerto del futuro - Cl\u00faster Log\u00edstic de Catalunya<\/title>\n<meta name=\"robots\" content=\"index, follow, max-snippet:-1, max-image-preview:large, max-video-preview:-1\" \/>\n<link rel=\"canonical\" href=\"https:\/\/clusterlogistic.org\/wp-content\/uploads\/2023\/07\/El-Port-en-el-SIL-Somos-el-puerto-del-futuro.jpg\" \/>\n<meta property=\"og:locale\" content=\"en_US\" \/>\n<meta property=\"og:type\" content=\"article\" \/>\n<meta property=\"og:title\" content=\"El Port en el SIL Somos el puerto del futuro - Cl\u00faster Log\u00edstic de Catalunya\" \/>\n<meta property=\"og:url\" content=\"https:\/\/clusterlogistic.org\/wp-content\/uploads\/2023\/07\/El-Port-en-el-SIL-Somos-el-puerto-del-futuro.jpg\" \/>\n<meta property=\"og:site_name\" content=\"Cl\u00faster Log\u00edstic de Catalunya\" \/>\n<meta property=\"article:modified_time\" content=\"2023-07-13T07:56:31+00:00\" \/>\n<meta property=\"og:image\" content=\"https:\/\/clusterlogistic.org\/wp-content\/uploads\/2023\/07\/El-Port-en-el-SIL-Somos-el-puerto-del-futuro.jpg\" \/>\n\t<meta property=\"og:image:width\" content=\"1500\" \/>\n\t<meta property=\"og:image:height\" content=\"1000\" \/>\n\t<meta property=\"og:image:type\" content=\"image\/jpeg\" \/>\n<meta name=\"twitter:card\" content=\"summary_large_image\" \/>\n<script type=\"application\/ld+json\" class=\"yoast-schema-graph\">{\"@context\":\"https:\\\/\\\/schema.org\",\"@graph\":[{\"@type\":\"WebPage\",\"@id\":\"https:\\\/\\\/clusterlogistic.org\\\/wp-content\\\/uploads\\\/2023\\\/07\\\/El-Port-en-el-SIL-Somos-el-puerto-del-futuro.jpg\",\"url\":\"https:\\\/\\\/clusterlogistic.org\\\/wp-content\\\/uploads\\\/2023\\\/07\\\/El-Port-en-el-SIL-Somos-el-puerto-del-futuro.jpg\",\"name\":\"El Port en el SIL Somos el puerto del futuro - Cl\u00faster Log\u00edstic de Catalunya\",\"isPartOf\":{\"@id\":\"https:\\\/\\\/clusterlogistic.org\\\/es\\\/#website\"},\"datePublished\":\"2023-07-13T07:56:25+00:00\",\"dateModified\":\"2023-07-13T07:56:31+00:00\",\"breadcrumb\":{\"@id\":\"https:\\\/\\\/clusterlogistic.org\\\/wp-content\\\/uploads\\\/2023\\\/07\\\/El-Port-en-el-SIL-Somos-el-puerto-del-futuro.jpg#breadcrumb\"},\"inLanguage\":\"en-US\",\"potentialAction\":[{\"@type\":\"ReadAction\",\"target\":[\"https:\\\/\\\/clusterlogistic.org\\\/wp-content\\\/uploads\\\/2023\\\/07\\\/El-Port-en-el-SIL-Somos-el-puerto-del-futuro.jpg\"]}]},{\"@type\":\"BreadcrumbList\",\"@id\":\"https:\\\/\\\/clusterlogistic.org\\\/wp-content\\\/uploads\\\/2023\\\/07\\\/El-Port-en-el-SIL-Somos-el-puerto-del-futuro.jpg#breadcrumb\",\"itemListElement\":[{\"@type\":\"ListItem\",\"position\":1,\"name\":\"Portada\",\"item\":\"https:\\\/\\\/clusterlogistic.org\\\/en\\\/\"},{\"@type\":\"ListItem\",\"position\":2,\"name\":\"El Port en el SIL Somos el puerto del futuro\"}]},{\"@type\":\"WebSite\",\"@id\":\"https:\\\/\\\/clusterlogistic.org\\\/es\\\/#website\",\"url\":\"https:\\\/\\\/clusterlogistic.org\\\/es\\\/\",\"name\":\"Cl\u00faster Log\u00edstic de Catalunya\",\"description\":\"associaci\u00f3 sense \u00e0nim de lucre\",\"publisher\":{\"@id\":\"https:\\\/\\\/clusterlogistic.org\\\/es\\\/#organization\"},\"potentialAction\":[{\"@type\":\"SearchAction\",\"target\":{\"@type\":\"EntryPoint\",\"urlTemplate\":\"https:\\\/\\\/clusterlogistic.org\\\/es\\\/?s={search_term_string}\"},\"query-input\":{\"@type\":\"PropertyValueSpecification\",\"valueRequired\":true,\"valueName\":\"search_term_string\"}}],\"inLanguage\":\"en-US\"},{\"@type\":\"Organization\",\"@id\":\"https:\\\/\\\/clusterlogistic.org\\\/es\\\/#organization\",\"name\":\"Cl\u00faster Log\u00edstic de Catalunya\",\"url\":\"https:\\\/\\\/clusterlogistic.org\\\/es\\\/\",\"logo\":{\"@type\":\"ImageObject\",\"inLanguage\":\"en-US\",\"@id\":\"https:\\\/\\\/clusterlogistic.org\\\/es\\\/#\\\/schema\\\/logo\\\/image\\\/\",\"url\":\"https:\\\/\\\/clusterlogistic.org\\\/wp-content\\\/uploads\\\/2017\\\/07\\\/cropped-Logo-CL-llegenda-gran.jpg\",\"contentUrl\":\"https:\\\/\\\/clusterlogistic.org\\\/wp-content\\\/uploads\\\/2017\\\/07\\\/cropped-Logo-CL-llegenda-gran.jpg\",\"width\":512,\"height\":512,\"caption\":\"Cl\u00faster Log\u00edstic de Catalunya\"},\"image\":{\"@id\":\"https:\\\/\\\/clusterlogistic.org\\\/es\\\/#\\\/schema\\\/logo\\\/image\\\/\"}}]}<\/script>\n<!-- \/ Yoast SEO plugin. -->","yoast_head_json":{"title":"El Port en el SIL Somos el puerto del futuro - Cl\u00faster Log\u00edstic de Catalunya","robots":{"index":"index","follow":"follow","max-snippet":"max-snippet:-1","max-image-preview":"max-image-preview:large","max-video-preview":"max-video-preview:-1"},"canonical":"https:\/\/clusterlogistic.org\/wp-content\/uploads\/2023\/07\/El-Port-en-el-SIL-Somos-el-puerto-del-futuro.jpg","og_locale":"en_US","og_type":"article","og_title":"El Port en el SIL Somos el puerto del futuro - Cl\u00faster Log\u00edstic de Catalunya","og_url":"https:\/\/clusterlogistic.org\/wp-content\/uploads\/2023\/07\/El-Port-en-el-SIL-Somos-el-puerto-del-futuro.jpg","og_site_name":"Cl\u00faster Log\u00edstic de Catalunya","article_modified_time":"2023-07-13T07:56:31+00:00","og_image":[{"width":1500,"height":1000,"url":"https:\/\/clusterlogistic.org\/wp-content\/uploads\/2023\/07\/El-Port-en-el-SIL-Somos-el-puerto-del-futuro.jpg","type":"image\/jpeg"}],"twitter_card":"summary_large_image","schema":{"@context":"https:\/\/schema.org","@graph":[{"@type":"WebPage","@id":"https:\/\/clusterlogistic.org\/wp-content\/uploads\/2023\/07\/El-Port-en-el-SIL-Somos-el-puerto-del-futuro.jpg","url":"https:\/\/clusterlogistic.org\/wp-content\/uploads\/2023\/07\/El-Port-en-el-SIL-Somos-el-puerto-del-futuro.jpg","name":"El Port en el SIL Somos el puerto del futuro - Cl\u00faster Log\u00edstic de Catalunya","isPartOf":{"@id":"https:\/\/clusterlogistic.org\/es\/#website"},"datePublished":"2023-07-13T07:56:25+00:00","dateModified":"2023-07-13T07:56:31+00:00","breadcrumb":{"@id":"https:\/\/clusterlogistic.org\/wp-content\/uploads\/2023\/07\/El-Port-en-el-SIL-Somos-el-puerto-del-futuro.jpg#breadcrumb"},"inLanguage":"en-US","potentialAction":[{"@type":"ReadAction","target":["https:\/\/clusterlogistic.org\/wp-content\/uploads\/2023\/07\/El-Port-en-el-SIL-Somos-el-puerto-del-futuro.jpg"]}]},{"@type":"BreadcrumbList","@id":"https:\/\/clusterlogistic.org\/wp-content\/uploads\/2023\/07\/El-Port-en-el-SIL-Somos-el-puerto-del-futuro.jpg#breadcrumb","itemListElement":[{"@type":"ListItem","position":1,"name":"Portada","item":"https:\/\/clusterlogistic.org\/en\/"},{"@type":"ListItem","position":2,"name":"El Port en el SIL Somos el puerto del futuro"}]},{"@type":"WebSite","@id":"https:\/\/clusterlogistic.org\/es\/#website","url":"https:\/\/clusterlogistic.org\/es\/","name":"Cl\u00faster Log\u00edstic de Catalunya","description":"associaci\u00f3 sense \u00e0nim de lucre","publisher":{"@id":"https:\/\/clusterlogistic.org\/es\/#organization"},"potentialAction":[{"@type":"SearchAction","target":{"@type":"EntryPoint","urlTemplate":"https:\/\/clusterlogistic.org\/es\/?s={search_term_string}"},"query-input":{"@type":"PropertyValueSpecification","valueRequired":true,"valueName":"search_term_string"}}],"inLanguage":"en-US"},{"@type":"Organization","@id":"https:\/\/clusterlogistic.org\/es\/#organization","name":"Cl\u00faster Log\u00edstic de Catalunya","url":"https:\/\/clusterlogistic.org\/es\/","logo":{"@type":"ImageObject","inLanguage":"en-US","@id":"https:\/\/clusterlogistic.org\/es\/#\/schema\/logo\/image\/","url":"https:\/\/clusterlogistic.org\/wp-content\/uploads\/2017\/07\/cropped-Logo-CL-llegenda-gran.jpg","contentUrl":"https:\/\/clusterlogistic.org\/wp-content\/uploads\/2017\/07\/cropped-Logo-CL-llegenda-gran.jpg","width":512,"height":512,"caption":"Cl\u00faster Log\u00edstic de Catalunya"},"image":{"@id":"https:\/\/clusterlogistic.org\/es\/#\/schema\/logo\/image\/"}}]}},"description":{"rendered":"<p class=\"attachment\"><a href='https:\/\/clusterlogistic.org\/wp-content\/uploads\/2023\/07\/El-Port-en-el-SIL-Somos-el-puerto-del-futuro.jpg'><img loading=\"lazy\" decoding=\"async\" width=\"300\" height=\"200\" src=\"https:\/\/clusterlogistic.org\/wp-content\/uploads\/2023\/07\/El-Port-en-el-SIL-Somos-el-puerto-del-futuro-300x200.jpg\" class=\"attachment-medium size-medium\" alt=\"El Port en el SIL Somos el puerto del futuro\" srcset=\"https:\/\/clusterlogistic.org\/wp-content\/uploads\/2023\/07\/El-Port-en-el-SIL-Somos-el-puerto-del-futuro-300x200.jpg 300w, https:\/\/clusterlogistic.org\/wp-content\/uploads\/2023\/07\/El-Port-en-el-SIL-Somos-el-puerto-del-futuro-1030x687.jpg 1030w, https:\/\/clusterlogistic.org\/wp-content\/uploads\/2023\/07\/El-Port-en-el-SIL-Somos-el-puerto-del-futuro-768x512.jpg 768w, https:\/\/clusterlogistic.org\/wp-content\/uploads\/2023\/07\/El-Port-en-el-SIL-Somos-el-puerto-del-futuro-705x470.jpg 705w, https:\/\/clusterlogistic.org\/wp-content\/uploads\/2023\/07\/El-Port-en-el-SIL-Somos-el-puerto-del-futuro.jpg 1500w\" sizes=\"auto, (max-width: 300px) 100vw, 300px\" \/><\/a><\/p>\n"},"caption":{"rendered":""},"alt_text":"El Port en el SIL Somos el puerto del futuro","media_type":"image","mime_type":"image\/jpeg","media_details":{"width":1500,"height":1000,"file":"2023\/07\/El-Port-en-el-SIL-Somos-el-puerto-del-futuro.jpg","filesize":318801,"sizes":{"medium":{"file":"El-Port-en-el-SIL-Somos-el-puerto-del-futuro-300x200.jpg","width":300,"height":200,"filesize":90564,"mime_type":"image\/jpeg","source_url":"https:\/\/clusterlogistic.org\/wp-content\/uploads\/2023\/07\/El-Port-en-el-SIL-Somos-el-puerto-del-futuro-300x200.jpg"},"large":{"file":"El-Port-en-el-SIL-Somos-el-puerto-del-futuro-1030x687.jpg","width":1030,"height":687,"filesize":771238,"mime_type":"image\/jpeg","source_url":"https:\/\/clusterlogistic.org\/wp-content\/uploads\/2023\/07\/El-Port-en-el-SIL-Somos-el-puerto-del-futuro-1030x687.jpg"},"thumbnail":{"file":"El-Port-en-el-SIL-Somos-el-puerto-del-futuro-80x80.jpg","width":80,"height":80,"filesize":11031,"mime_type":"image\/jpeg","source_url":"https:\/\/clusterlogistic.org\/wp-content\/uploads\/2023\/07\/El-Port-en-el-SIL-Somos-el-puerto-del-futuro-80x80.jpg"},"medium_large":{"file":"El-Port-en-el-SIL-Somos-el-puerto-del-futuro-768x512.jpg","width":768,"height":512,"filesize":468845,"mime_type":"image\/jpeg","source_url":"https:\/\/clusterlogistic.org\/wp-content\/uploads\/2023\/07\/El-Port-en-el-SIL-Somos-el-puerto-del-futuro-768x512.jpg"},"widget":{"file":"El-Port-en-el-SIL-Somos-el-puerto-del-futuro-36x36.jpg","width":36,"height":36,"filesize":3414,"mime_type":"image\/jpeg","source_url":"https:\/\/clusterlogistic.org\/wp-content\/uploads\/2023\/07\/El-Port-en-el-SIL-Somos-el-puerto-del-futuro-36x36.jpg"},"square":{"file":"El-Port-en-el-SIL-Somos-el-puerto-del-futuro-180x180.jpg","width":180,"height":180,"filesize":48099,"mime_type":"image\/jpeg","source_url":"https:\/\/clusterlogistic.org\/wp-content\/uploads\/2023\/07\/El-Port-en-el-SIL-Somos-el-puerto-del-futuro-180x180.jpg"},"featured":{"file":"El-Port-en-el-SIL-Somos-el-puerto-del-futuro-1500x430.jpg","width":1500,"height":430,"filesize":645152,"mime_type":"image\/jpeg","source_url":"https:\/\/clusterlogistic.org\/wp-content\/uploads\/2023\/07\/El-Port-en-el-SIL-Somos-el-puerto-del-futuro-1500x430.jpg"},"featured_large":{"file":"El-Port-en-el-SIL-Somos-el-puerto-del-futuro-1500x630.jpg","width":1500,"height":630,"filesize":859838,"mime_type":"image\/jpeg","source_url":"https:\/\/clusterlogistic.org\/wp-content\/uploads\/2023\/07\/El-Port-en-el-SIL-Somos-el-puerto-del-futuro-1500x630.jpg"},"portfolio":{"file":"El-Port-en-el-SIL-Somos-el-puerto-del-futuro-495x400.jpg","width":495,"height":400,"filesize":246860,"mime_type":"image\/jpeg","source_url":"https:\/\/clusterlogistic.org\/wp-content\/uploads\/2023\/07\/El-Port-en-el-SIL-Somos-el-puerto-del-futuro-495x400.jpg"},"portfolio_small":{"file":"El-Port-en-el-SIL-Somos-el-puerto-del-futuro-260x185.jpg","width":260,"height":185,"filesize":73977,"mime_type":"image\/jpeg","source_url":"https:\/\/clusterlogistic.org\/wp-content\/uploads\/2023\/07\/El-Port-en-el-SIL-Somos-el-puerto-del-futuro-260x185.jpg"},"gallery":{"file":"El-Port-en-el-SIL-Somos-el-puerto-del-futuro-845x684.jpg","width":845,"height":684,"filesize":618651,"mime_type":"image\/jpeg","source_url":"https:\/\/clusterlogistic.org\/wp-content\/uploads\/2023\/07\/El-Port-en-el-SIL-Somos-el-puerto-del-futuro-845x684.jpg"},"magazine":{"file":"El-Port-en-el-SIL-Somos-el-puerto-del-futuro-710x375.jpg","width":710,"height":375,"filesize":343092,"mime_type":"image\/jpeg","source_url":"https:\/\/clusterlogistic.org\/wp-content\/uploads\/2023\/07\/El-Port-en-el-SIL-Somos-el-puerto-del-futuro-710x375.jpg"},"masonry":{"file":"El-Port-en-el-SIL-Somos-el-puerto-del-futuro-705x470.jpg","width":705,"height":470,"filesize":409927,"mime_type":"image\/jpeg","source_url":"https:\/\/clusterlogistic.org\/wp-content\/uploads\/2023\/07\/El-Port-en-el-SIL-Somos-el-puerto-del-futuro-705x470.jpg"},"entry_with_sidebar":{"file":"El-Port-en-el-SIL-Somos-el-puerto-del-futuro-845x321.jpg","width":845,"height":321,"filesize":355644,"mime_type":"image\/jpeg","source_url":"https:\/\/clusterlogistic.org\/wp-content\/uploads\/2023\/07\/El-Port-en-el-SIL-Somos-el-puerto-del-futuro-845x321.jpg"},"entry_without_sidebar":{"file":"El-Port-en-el-SIL-Somos-el-puerto-del-futuro-1210x423.jpg","width":1210,"height":423,"filesize":597273,"mime_type":"image\/jpeg","source_url":"https:\/\/clusterlogistic.org\/wp-content\/uploads\/2023\/07\/El-Port-en-el-SIL-Somos-el-puerto-del-futuro-1210x423.jpg"},"full":{"file":"El-Port-en-el-SIL-Somos-el-puerto-del-futuro.jpg","width":1500,"height":1000,"mime_type":"image\/jpeg","source_url":"https:\/\/clusterlogistic.org\/wp-content\/uploads\/2023\/07\/El-Port-en-el-SIL-Somos-el-puerto-del-futuro.jpg"}},"image_meta":{"aperture":"0","credit":"","camera":"","caption":"","created_timestamp":"0","copyright":"","focal_length":"0","iso":"0","shutter_speed":"0","title":"","orientation":"0","keywords":[]}},"post":null,"source_url":"https:\/\/clusterlogistic.org\/wp-content\/uploads\/2023\/07\/El-Port-en-el-SIL-Somos-el-puerto-del-futuro.jpg","_links":{"self":[{"href":"https:\/\/clusterlogistic.org\/en\/wp-json\/wp\/v2\/media\/7003","targetHints":{"allow":["GET"]}}],"collection":[{"href":"https:\/\/clusterlogistic.org\/en\/wp-json\/wp\/v2\/media"}],"about":[{"href":"https:\/\/clusterlogistic.org\/en\/wp-json\/wp\/v2\/types\/attachment"}],"author":[{"embeddable":true,"href":"https:\/\/clusterlogistic.org\/en\/wp-json\/wp\/v2\/users\/3"}],"replies":[{"embeddable":true,"href":"https:\/\/clusterlogistic.org\/en\/wp-json\/wp\/v2\/comments?post=7003"}]}}