{"id":7959,"date":"2024-04-19T18:34:24","date_gmt":"2024-04-19T16:34:24","guid":{"rendered":"https:\/\/clusterlogistic.org\/wp-content\/uploads\/2024\/04\/Aumenta-volumen-de-carga-en-aeropuertos-durante-febrero.jpg"},"modified":"2024-04-19T18:34:37","modified_gmt":"2024-04-19T16:34:37","slug":"aumenta-volumen-de-carga-en-aeropuertos-durante-febrero-2","status":"inherit","type":"attachment","link":"https:\/\/clusterlogistic.org\/en\/aumenta-volumen-de-carga-en-aeropuertos-durante-febrero-2\/","title":{"rendered":"Aumenta volumen de carga en aeropuertos durante febrero"},"author":3,"featured_media":0,"comment_status":"closed","ping_status":"closed","template":"","meta":[],"class_list":["post-7959","attachment","type-attachment","status-inherit","hentry"],"yoast_head":"<!-- This site is optimized with the Yoast SEO plugin v27.4 - https:\/\/yoast.com\/product\/yoast-seo-wordpress\/ -->\n<title>Aumenta volumen de carga en aeropuertos durante febrero - Cl\u00faster Log\u00edstic de Catalunya<\/title>\n<meta name=\"robots\" content=\"index, follow, max-snippet:-1, max-image-preview:large, max-video-preview:-1\" \/>\n<link rel=\"canonical\" href=\"https:\/\/clusterlogistic.org\/wp-content\/uploads\/2024\/04\/Aumenta-volumen-de-carga-en-aeropuertos-durante-febrero-scaled.jpg\" \/>\n<meta property=\"og:locale\" content=\"en_US\" \/>\n<meta property=\"og:type\" content=\"article\" \/>\n<meta property=\"og:title\" content=\"Aumenta volumen de carga en aeropuertos durante febrero - Cl\u00faster Log\u00edstic de Catalunya\" \/>\n<meta property=\"og:url\" content=\"https:\/\/clusterlogistic.org\/wp-content\/uploads\/2024\/04\/Aumenta-volumen-de-carga-en-aeropuertos-durante-febrero-scaled.jpg\" \/>\n<meta property=\"og:site_name\" content=\"Cl\u00faster Log\u00edstic de Catalunya\" \/>\n<meta property=\"article:modified_time\" content=\"2024-04-19T16:34:37+00:00\" \/>\n<meta property=\"og:image\" content=\"https:\/\/clusterlogistic.org\/wp-content\/uploads\/2024\/04\/Aumenta-volumen-de-carga-en-aeropuertos-durante-febrero-1030x687.jpg\" \/>\n\t<meta property=\"og:image:width\" content=\"1030\" \/>\n\t<meta property=\"og:image:height\" content=\"687\" \/>\n\t<meta property=\"og:image:type\" content=\"image\/jpeg\" \/>\n<meta name=\"twitter:card\" content=\"summary_large_image\" \/>\n<script type=\"application\/ld+json\" class=\"yoast-schema-graph\">{\"@context\":\"https:\\\/\\\/schema.org\",\"@graph\":[{\"@type\":\"WebPage\",\"@id\":\"https:\\\/\\\/clusterlogistic.org\\\/wp-content\\\/uploads\\\/2024\\\/04\\\/Aumenta-volumen-de-carga-en-aeropuertos-durante-febrero-scaled.jpg\",\"url\":\"https:\\\/\\\/clusterlogistic.org\\\/wp-content\\\/uploads\\\/2024\\\/04\\\/Aumenta-volumen-de-carga-en-aeropuertos-durante-febrero-scaled.jpg\",\"name\":\"Aumenta volumen de carga en aeropuertos durante febrero - Cl\u00faster Log\u00edstic de Catalunya\",\"isPartOf\":{\"@id\":\"https:\\\/\\\/clusterlogistic.org\\\/es\\\/#website\"},\"datePublished\":\"2024-04-19T16:34:24+00:00\",\"dateModified\":\"2024-04-19T16:34:37+00:00\",\"breadcrumb\":{\"@id\":\"https:\\\/\\\/clusterlogistic.org\\\/wp-content\\\/uploads\\\/2024\\\/04\\\/Aumenta-volumen-de-carga-en-aeropuertos-durante-febrero-scaled.jpg#breadcrumb\"},\"inLanguage\":\"en-US\",\"potentialAction\":[{\"@type\":\"ReadAction\",\"target\":[\"https:\\\/\\\/clusterlogistic.org\\\/wp-content\\\/uploads\\\/2024\\\/04\\\/Aumenta-volumen-de-carga-en-aeropuertos-durante-febrero-scaled.jpg\"]}]},{\"@type\":\"BreadcrumbList\",\"@id\":\"https:\\\/\\\/clusterlogistic.org\\\/wp-content\\\/uploads\\\/2024\\\/04\\\/Aumenta-volumen-de-carga-en-aeropuertos-durante-febrero-scaled.jpg#breadcrumb\",\"itemListElement\":[{\"@type\":\"ListItem\",\"position\":1,\"name\":\"Portada\",\"item\":\"https:\\\/\\\/clusterlogistic.org\\\/en\\\/\"},{\"@type\":\"ListItem\",\"position\":2,\"name\":\"Aumenta volumen de carga en aeropuertos durante febrero\"}]},{\"@type\":\"WebSite\",\"@id\":\"https:\\\/\\\/clusterlogistic.org\\\/es\\\/#website\",\"url\":\"https:\\\/\\\/clusterlogistic.org\\\/es\\\/\",\"name\":\"Cl\u00faster Log\u00edstic de Catalunya\",\"description\":\"associaci\u00f3 sense \u00e0nim de lucre\",\"publisher\":{\"@id\":\"https:\\\/\\\/clusterlogistic.org\\\/es\\\/#organization\"},\"potentialAction\":[{\"@type\":\"SearchAction\",\"target\":{\"@type\":\"EntryPoint\",\"urlTemplate\":\"https:\\\/\\\/clusterlogistic.org\\\/es\\\/?s={search_term_string}\"},\"query-input\":{\"@type\":\"PropertyValueSpecification\",\"valueRequired\":true,\"valueName\":\"search_term_string\"}}],\"inLanguage\":\"en-US\"},{\"@type\":\"Organization\",\"@id\":\"https:\\\/\\\/clusterlogistic.org\\\/es\\\/#organization\",\"name\":\"Cl\u00faster Log\u00edstic de Catalunya\",\"url\":\"https:\\\/\\\/clusterlogistic.org\\\/es\\\/\",\"logo\":{\"@type\":\"ImageObject\",\"inLanguage\":\"en-US\",\"@id\":\"https:\\\/\\\/clusterlogistic.org\\\/es\\\/#\\\/schema\\\/logo\\\/image\\\/\",\"url\":\"https:\\\/\\\/clusterlogistic.org\\\/wp-content\\\/uploads\\\/2017\\\/07\\\/cropped-Logo-CL-llegenda-gran.jpg\",\"contentUrl\":\"https:\\\/\\\/clusterlogistic.org\\\/wp-content\\\/uploads\\\/2017\\\/07\\\/cropped-Logo-CL-llegenda-gran.jpg\",\"width\":512,\"height\":512,\"caption\":\"Cl\u00faster Log\u00edstic de Catalunya\"},\"image\":{\"@id\":\"https:\\\/\\\/clusterlogistic.org\\\/es\\\/#\\\/schema\\\/logo\\\/image\\\/\"}}]}<\/script>\n<!-- \/ Yoast SEO plugin. -->","yoast_head_json":{"title":"Aumenta volumen de carga en aeropuertos durante febrero - Cl\u00faster Log\u00edstic de Catalunya","robots":{"index":"index","follow":"follow","max-snippet":"max-snippet:-1","max-image-preview":"max-image-preview:large","max-video-preview":"max-video-preview:-1"},"canonical":"https:\/\/clusterlogistic.org\/wp-content\/uploads\/2024\/04\/Aumenta-volumen-de-carga-en-aeropuertos-durante-febrero-scaled.jpg","og_locale":"en_US","og_type":"article","og_title":"Aumenta volumen de carga en aeropuertos durante febrero - Cl\u00faster Log\u00edstic de Catalunya","og_url":"https:\/\/clusterlogistic.org\/wp-content\/uploads\/2024\/04\/Aumenta-volumen-de-carga-en-aeropuertos-durante-febrero-scaled.jpg","og_site_name":"Cl\u00faster Log\u00edstic de Catalunya","article_modified_time":"2024-04-19T16:34:37+00:00","og_image":[{"width":1030,"height":687,"url":"https:\/\/clusterlogistic.org\/wp-content\/uploads\/2024\/04\/Aumenta-volumen-de-carga-en-aeropuertos-durante-febrero-1030x687.jpg","type":"image\/jpeg"}],"twitter_card":"summary_large_image","schema":{"@context":"https:\/\/schema.org","@graph":[{"@type":"WebPage","@id":"https:\/\/clusterlogistic.org\/wp-content\/uploads\/2024\/04\/Aumenta-volumen-de-carga-en-aeropuertos-durante-febrero-scaled.jpg","url":"https:\/\/clusterlogistic.org\/wp-content\/uploads\/2024\/04\/Aumenta-volumen-de-carga-en-aeropuertos-durante-febrero-scaled.jpg","name":"Aumenta volumen de carga en aeropuertos durante febrero - Cl\u00faster Log\u00edstic de Catalunya","isPartOf":{"@id":"https:\/\/clusterlogistic.org\/es\/#website"},"datePublished":"2024-04-19T16:34:24+00:00","dateModified":"2024-04-19T16:34:37+00:00","breadcrumb":{"@id":"https:\/\/clusterlogistic.org\/wp-content\/uploads\/2024\/04\/Aumenta-volumen-de-carga-en-aeropuertos-durante-febrero-scaled.jpg#breadcrumb"},"inLanguage":"en-US","potentialAction":[{"@type":"ReadAction","target":["https:\/\/clusterlogistic.org\/wp-content\/uploads\/2024\/04\/Aumenta-volumen-de-carga-en-aeropuertos-durante-febrero-scaled.jpg"]}]},{"@type":"BreadcrumbList","@id":"https:\/\/clusterlogistic.org\/wp-content\/uploads\/2024\/04\/Aumenta-volumen-de-carga-en-aeropuertos-durante-febrero-scaled.jpg#breadcrumb","itemListElement":[{"@type":"ListItem","position":1,"name":"Portada","item":"https:\/\/clusterlogistic.org\/en\/"},{"@type":"ListItem","position":2,"name":"Aumenta volumen de carga en aeropuertos durante febrero"}]},{"@type":"WebSite","@id":"https:\/\/clusterlogistic.org\/es\/#website","url":"https:\/\/clusterlogistic.org\/es\/","name":"Cl\u00faster Log\u00edstic de Catalunya","description":"associaci\u00f3 sense \u00e0nim de lucre","publisher":{"@id":"https:\/\/clusterlogistic.org\/es\/#organization"},"potentialAction":[{"@type":"SearchAction","target":{"@type":"EntryPoint","urlTemplate":"https:\/\/clusterlogistic.org\/es\/?s={search_term_string}"},"query-input":{"@type":"PropertyValueSpecification","valueRequired":true,"valueName":"search_term_string"}}],"inLanguage":"en-US"},{"@type":"Organization","@id":"https:\/\/clusterlogistic.org\/es\/#organization","name":"Cl\u00faster Log\u00edstic de Catalunya","url":"https:\/\/clusterlogistic.org\/es\/","logo":{"@type":"ImageObject","inLanguage":"en-US","@id":"https:\/\/clusterlogistic.org\/es\/#\/schema\/logo\/image\/","url":"https:\/\/clusterlogistic.org\/wp-content\/uploads\/2017\/07\/cropped-Logo-CL-llegenda-gran.jpg","contentUrl":"https:\/\/clusterlogistic.org\/wp-content\/uploads\/2017\/07\/cropped-Logo-CL-llegenda-gran.jpg","width":512,"height":512,"caption":"Cl\u00faster Log\u00edstic de Catalunya"},"image":{"@id":"https:\/\/clusterlogistic.org\/es\/#\/schema\/logo\/image\/"}}]}},"description":{"rendered":"<p class=\"attachment\"><a href='https:\/\/clusterlogistic.org\/wp-content\/uploads\/2024\/04\/Aumenta-volumen-de-carga-en-aeropuertos-durante-febrero-scaled.jpg'><img loading=\"lazy\" decoding=\"async\" width=\"300\" height=\"200\" src=\"https:\/\/clusterlogistic.org\/wp-content\/uploads\/2024\/04\/Aumenta-volumen-de-carga-en-aeropuertos-durante-febrero-300x200.jpg\" class=\"attachment-medium size-medium\" alt=\"Aumenta volumen de carga en aeropuertos durante febrero\" srcset=\"https:\/\/clusterlogistic.org\/wp-content\/uploads\/2024\/04\/Aumenta-volumen-de-carga-en-aeropuertos-durante-febrero-300x200.jpg 300w, https:\/\/clusterlogistic.org\/wp-content\/uploads\/2024\/04\/Aumenta-volumen-de-carga-en-aeropuertos-durante-febrero-1030x687.jpg 1030w, https:\/\/clusterlogistic.org\/wp-content\/uploads\/2024\/04\/Aumenta-volumen-de-carga-en-aeropuertos-durante-febrero-768x512.jpg 768w, https:\/\/clusterlogistic.org\/wp-content\/uploads\/2024\/04\/Aumenta-volumen-de-carga-en-aeropuertos-durante-febrero-1536x1024.jpg 1536w, https:\/\/clusterlogistic.org\/wp-content\/uploads\/2024\/04\/Aumenta-volumen-de-carga-en-aeropuertos-durante-febrero-2048x1365.jpg 2048w, https:\/\/clusterlogistic.org\/wp-content\/uploads\/2024\/04\/Aumenta-volumen-de-carga-en-aeropuertos-durante-febrero-1500x1000.jpg 1500w, https:\/\/clusterlogistic.org\/wp-content\/uploads\/2024\/04\/Aumenta-volumen-de-carga-en-aeropuertos-durante-febrero-705x470.jpg 705w\" sizes=\"auto, (max-width: 300px) 100vw, 300px\" \/><\/a><\/p>\n"},"caption":{"rendered":""},"alt_text":"Aumenta volumen de carga en aeropuertos durante febrero","media_type":"image","mime_type":"image\/jpeg","media_details":{"width":2560,"height":1707,"file":"2024\/04\/Aumenta-volumen-de-carga-en-aeropuertos-durante-febrero-scaled.jpg","filesize":3295273,"sizes":{"medium":{"file":"Aumenta-volumen-de-carga-en-aeropuertos-durante-febrero-300x200.jpg","width":300,"height":200,"filesize":84669,"mime_type":"image\/jpeg","source_url":"https:\/\/clusterlogistic.org\/wp-content\/uploads\/2024\/04\/Aumenta-volumen-de-carga-en-aeropuertos-durante-febrero-300x200.jpg"},"large":{"file":"Aumenta-volumen-de-carga-en-aeropuertos-durante-febrero-1030x687.jpg","width":1030,"height":687,"filesize":702221,"mime_type":"image\/jpeg","source_url":"https:\/\/clusterlogistic.org\/wp-content\/uploads\/2024\/04\/Aumenta-volumen-de-carga-en-aeropuertos-durante-febrero-1030x687.jpg"},"thumbnail":{"file":"Aumenta-volumen-de-carga-en-aeropuertos-durante-febrero-80x80.jpg","width":80,"height":80,"filesize":12037,"mime_type":"image\/jpeg","source_url":"https:\/\/clusterlogistic.org\/wp-content\/uploads\/2024\/04\/Aumenta-volumen-de-carga-en-aeropuertos-durante-febrero-80x80.jpg"},"medium_large":{"file":"Aumenta-volumen-de-carga-en-aeropuertos-durante-febrero-768x512.jpg","width":768,"height":512,"filesize":423764,"mime_type":"image\/jpeg","source_url":"https:\/\/clusterlogistic.org\/wp-content\/uploads\/2024\/04\/Aumenta-volumen-de-carga-en-aeropuertos-durante-febrero-768x512.jpg"},"1536x1536":{"file":"Aumenta-volumen-de-carga-en-aeropuertos-durante-febrero-1536x1024.jpg","width":1536,"height":1024,"filesize":1384457,"mime_type":"image\/jpeg","source_url":"https:\/\/clusterlogistic.org\/wp-content\/uploads\/2024\/04\/Aumenta-volumen-de-carga-en-aeropuertos-durante-febrero-1536x1024.jpg"},"2048x2048":{"file":"Aumenta-volumen-de-carga-en-aeropuertos-durante-febrero-2048x1365.jpg","width":2048,"height":1365,"filesize":2258750,"mime_type":"image\/jpeg","source_url":"https:\/\/clusterlogistic.org\/wp-content\/uploads\/2024\/04\/Aumenta-volumen-de-carga-en-aeropuertos-durante-febrero-2048x1365.jpg"},"widget":{"file":"Aumenta-volumen-de-carga-en-aeropuertos-durante-febrero-36x36.jpg","width":36,"height":36,"filesize":3814,"mime_type":"image\/jpeg","source_url":"https:\/\/clusterlogistic.org\/wp-content\/uploads\/2024\/04\/Aumenta-volumen-de-carga-en-aeropuertos-durante-febrero-36x36.jpg"},"square":{"file":"Aumenta-volumen-de-carga-en-aeropuertos-durante-febrero-180x180.jpg","width":180,"height":180,"filesize":51822,"mime_type":"image\/jpeg","source_url":"https:\/\/clusterlogistic.org\/wp-content\/uploads\/2024\/04\/Aumenta-volumen-de-carga-en-aeropuertos-durante-febrero-180x180.jpg"},"featured":{"file":"Aumenta-volumen-de-carga-en-aeropuertos-durante-febrero-1500x430.jpg","width":1500,"height":430,"filesize":592379,"mime_type":"image\/jpeg","source_url":"https:\/\/clusterlogistic.org\/wp-content\/uploads\/2024\/04\/Aumenta-volumen-de-carga-en-aeropuertos-durante-febrero-1500x430.jpg"},"featured_large":{"file":"Aumenta-volumen-de-carga-en-aeropuertos-durante-febrero-1500x630.jpg","width":1500,"height":630,"filesize":849557,"mime_type":"image\/jpeg","source_url":"https:\/\/clusterlogistic.org\/wp-content\/uploads\/2024\/04\/Aumenta-volumen-de-carga-en-aeropuertos-durante-febrero-1500x630.jpg"},"extra_large":{"file":"Aumenta-volumen-de-carga-en-aeropuertos-durante-febrero-1500x1000.jpg","width":1500,"height":1000,"filesize":1330541,"mime_type":"image\/jpeg","source_url":"https:\/\/clusterlogistic.org\/wp-content\/uploads\/2024\/04\/Aumenta-volumen-de-carga-en-aeropuertos-durante-febrero-1500x1000.jpg"},"portfolio":{"file":"Aumenta-volumen-de-carga-en-aeropuertos-durante-febrero-495x400.jpg","width":495,"height":400,"filesize":238817,"mime_type":"image\/jpeg","source_url":"https:\/\/clusterlogistic.org\/wp-content\/uploads\/2024\/04\/Aumenta-volumen-de-carga-en-aeropuertos-durante-febrero-495x400.jpg"},"portfolio_small":{"file":"Aumenta-volumen-de-carga-en-aeropuertos-durante-febrero-260x185.jpg","width":260,"height":185,"filesize":70685,"mime_type":"image\/jpeg","source_url":"https:\/\/clusterlogistic.org\/wp-content\/uploads\/2024\/04\/Aumenta-volumen-de-carga-en-aeropuertos-durante-febrero-260x185.jpg"},"gallery":{"file":"Aumenta-volumen-de-carga-en-aeropuertos-durante-febrero-845x684.jpg","width":845,"height":684,"filesize":600694,"mime_type":"image\/jpeg","source_url":"https:\/\/clusterlogistic.org\/wp-content\/uploads\/2024\/04\/Aumenta-volumen-de-carga-en-aeropuertos-durante-febrero-845x684.jpg"},"magazine":{"file":"Aumenta-volumen-de-carga-en-aeropuertos-durante-febrero-710x375.jpg","width":710,"height":375,"filesize":294523,"mime_type":"image\/jpeg","source_url":"https:\/\/clusterlogistic.org\/wp-content\/uploads\/2024\/04\/Aumenta-volumen-de-carga-en-aeropuertos-durante-febrero-710x375.jpg"},"masonry":{"file":"Aumenta-volumen-de-carga-en-aeropuertos-durante-febrero-705x470.jpg","width":705,"height":470,"filesize":367496,"mime_type":"image\/jpeg","source_url":"https:\/\/clusterlogistic.org\/wp-content\/uploads\/2024\/04\/Aumenta-volumen-de-carga-en-aeropuertos-durante-febrero-705x470.jpg"},"entry_with_sidebar":{"file":"Aumenta-volumen-de-carga-en-aeropuertos-durante-febrero-845x321.jpg","width":845,"height":321,"filesize":290116,"mime_type":"image\/jpeg","source_url":"https:\/\/clusterlogistic.org\/wp-content\/uploads\/2024\/04\/Aumenta-volumen-de-carga-en-aeropuertos-durante-febrero-845x321.jpg"},"entry_without_sidebar":{"file":"Aumenta-volumen-de-carga-en-aeropuertos-durante-febrero-1210x423.jpg","width":1210,"height":423,"filesize":496948,"mime_type":"image\/jpeg","source_url":"https:\/\/clusterlogistic.org\/wp-content\/uploads\/2024\/04\/Aumenta-volumen-de-carga-en-aeropuertos-durante-febrero-1210x423.jpg"},"cmplz_banner_image":{"file":"Aumenta-volumen-de-carga-en-aeropuertos-durante-febrero-350x100.jpg","width":350,"height":100,"filesize":49638,"mime_type":"image\/jpeg","source_url":"https:\/\/clusterlogistic.org\/wp-content\/uploads\/2024\/04\/Aumenta-volumen-de-carga-en-aeropuertos-durante-febrero-350x100.jpg"},"full":{"file":"Aumenta-volumen-de-carga-en-aeropuertos-durante-febrero-scaled.jpg","width":2560,"height":1707,"mime_type":"image\/jpeg","source_url":"https:\/\/clusterlogistic.org\/wp-content\/uploads\/2024\/04\/Aumenta-volumen-de-carga-en-aeropuertos-durante-febrero-scaled.jpg"}},"image_meta":{"aperture":"5.6","credit":"AENA","camera":"NIKON D3200","caption":"","created_timestamp":"1538956800","copyright":"AENA","focal_length":"40","iso":"100","shutter_speed":"0.0025","title":"","orientation":"1","keywords":["EDIFICIOS GENERALES","PIOVERA"]},"original_image":"Aumenta-volumen-de-carga-en-aeropuertos-durante-febrero.jpg"},"post":null,"source_url":"https:\/\/clusterlogistic.org\/wp-content\/uploads\/2024\/04\/Aumenta-volumen-de-carga-en-aeropuertos-durante-febrero-scaled.jpg","_links":{"self":[{"href":"https:\/\/clusterlogistic.org\/en\/wp-json\/wp\/v2\/media\/7959","targetHints":{"allow":["GET"]}}],"collection":[{"href":"https:\/\/clusterlogistic.org\/en\/wp-json\/wp\/v2\/media"}],"about":[{"href":"https:\/\/clusterlogistic.org\/en\/wp-json\/wp\/v2\/types\/attachment"}],"author":[{"embeddable":true,"href":"https:\/\/clusterlogistic.org\/en\/wp-json\/wp\/v2\/users\/3"}],"replies":[{"embeddable":true,"href":"https:\/\/clusterlogistic.org\/en\/wp-json\/wp\/v2\/comments?post=7959"}]}}