{"id":8948,"date":"2025-02-07T16:38:06","date_gmt":"2025-02-07T14:38:06","guid":{"rendered":"https:\/\/clusterlogistic.org\/wp-content\/uploads\/2025\/02\/Barcelona-Catalunya-Centre-Logistic.jpeg"},"modified":"2025-02-07T16:38:19","modified_gmt":"2025-02-07T14:38:19","slug":"barcelona-catalunya-centre-logistic-2","status":"inherit","type":"attachment","link":"https:\/\/clusterlogistic.org\/en\/barcelona-catalunya-centre-logistic-2\/","title":{"rendered":"Barcelona-Catalunya Centre Log\u00edstic"},"author":3,"featured_media":0,"comment_status":"closed","ping_status":"closed","template":"","meta":[],"class_list":["post-8948","attachment","type-attachment","status-inherit","hentry"],"yoast_head":"<!-- This site is optimized with the Yoast SEO plugin v27.4 - https:\/\/yoast.com\/product\/yoast-seo-wordpress\/ -->\n<title>Barcelona-Catalunya Centre Log\u00edstic - Cl\u00faster Log\u00edstic de Catalunya<\/title>\n<meta name=\"robots\" content=\"index, follow, max-snippet:-1, max-image-preview:large, max-video-preview:-1\" \/>\n<link rel=\"canonical\" href=\"https:\/\/clusterlogistic.org\/wp-content\/uploads\/2025\/02\/Barcelona-Catalunya-Centre-Logistic.jpeg\" \/>\n<meta property=\"og:locale\" content=\"en_US\" \/>\n<meta property=\"og:type\" content=\"article\" \/>\n<meta property=\"og:title\" content=\"Barcelona-Catalunya Centre Log\u00edstic - Cl\u00faster Log\u00edstic de Catalunya\" \/>\n<meta property=\"og:description\" content=\"Pere Navarro, presidente de Barcelona-Catalunya Centre Log\u00edstico, junto a Ignasi Sayol, presidente del Cl\u00faster Log\u00edstic de Catalunya.\" \/>\n<meta property=\"og:url\" content=\"https:\/\/clusterlogistic.org\/wp-content\/uploads\/2025\/02\/Barcelona-Catalunya-Centre-Logistic.jpeg\" \/>\n<meta property=\"og:site_name\" content=\"Cl\u00faster Log\u00edstic de Catalunya\" \/>\n<meta property=\"article:modified_time\" content=\"2025-02-07T14:38:19+00:00\" \/>\n<meta property=\"og:image\" content=\"https:\/\/clusterlogistic.org\/wp-content\/uploads\/2025\/02\/Barcelona-Catalunya-Centre-Logistic.jpeg\" \/>\n\t<meta property=\"og:image:width\" content=\"980\" \/>\n\t<meta property=\"og:image:height\" content=\"560\" \/>\n\t<meta property=\"og:image:type\" content=\"image\/jpeg\" \/>\n<meta name=\"twitter:card\" content=\"summary_large_image\" \/>\n<script type=\"application\/ld+json\" class=\"yoast-schema-graph\">{\"@context\":\"https:\\\/\\\/schema.org\",\"@graph\":[{\"@type\":\"WebPage\",\"@id\":\"https:\\\/\\\/clusterlogistic.org\\\/wp-content\\\/uploads\\\/2025\\\/02\\\/Barcelona-Catalunya-Centre-Logistic.jpeg\",\"url\":\"https:\\\/\\\/clusterlogistic.org\\\/wp-content\\\/uploads\\\/2025\\\/02\\\/Barcelona-Catalunya-Centre-Logistic.jpeg\",\"name\":\"Barcelona-Catalunya Centre Log\u00edstic - Cl\u00faster Log\u00edstic de Catalunya\",\"isPartOf\":{\"@id\":\"https:\\\/\\\/clusterlogistic.org\\\/es\\\/#website\"},\"datePublished\":\"2025-02-07T14:38:06+00:00\",\"dateModified\":\"2025-02-07T14:38:19+00:00\",\"breadcrumb\":{\"@id\":\"https:\\\/\\\/clusterlogistic.org\\\/wp-content\\\/uploads\\\/2025\\\/02\\\/Barcelona-Catalunya-Centre-Logistic.jpeg#breadcrumb\"},\"inLanguage\":\"en-US\",\"potentialAction\":[{\"@type\":\"ReadAction\",\"target\":[\"https:\\\/\\\/clusterlogistic.org\\\/wp-content\\\/uploads\\\/2025\\\/02\\\/Barcelona-Catalunya-Centre-Logistic.jpeg\"]}]},{\"@type\":\"BreadcrumbList\",\"@id\":\"https:\\\/\\\/clusterlogistic.org\\\/wp-content\\\/uploads\\\/2025\\\/02\\\/Barcelona-Catalunya-Centre-Logistic.jpeg#breadcrumb\",\"itemListElement\":[{\"@type\":\"ListItem\",\"position\":1,\"name\":\"Portada\",\"item\":\"https:\\\/\\\/clusterlogistic.org\\\/en\\\/\"},{\"@type\":\"ListItem\",\"position\":2,\"name\":\"Barcelona-Catalunya Centre Log\u00edstic\"}]},{\"@type\":\"WebSite\",\"@id\":\"https:\\\/\\\/clusterlogistic.org\\\/es\\\/#website\",\"url\":\"https:\\\/\\\/clusterlogistic.org\\\/es\\\/\",\"name\":\"Cl\u00faster Log\u00edstic de Catalunya\",\"description\":\"associaci\u00f3 sense \u00e0nim de lucre\",\"publisher\":{\"@id\":\"https:\\\/\\\/clusterlogistic.org\\\/es\\\/#organization\"},\"potentialAction\":[{\"@type\":\"SearchAction\",\"target\":{\"@type\":\"EntryPoint\",\"urlTemplate\":\"https:\\\/\\\/clusterlogistic.org\\\/es\\\/?s={search_term_string}\"},\"query-input\":{\"@type\":\"PropertyValueSpecification\",\"valueRequired\":true,\"valueName\":\"search_term_string\"}}],\"inLanguage\":\"en-US\"},{\"@type\":\"Organization\",\"@id\":\"https:\\\/\\\/clusterlogistic.org\\\/es\\\/#organization\",\"name\":\"Cl\u00faster Log\u00edstic de Catalunya\",\"url\":\"https:\\\/\\\/clusterlogistic.org\\\/es\\\/\",\"logo\":{\"@type\":\"ImageObject\",\"inLanguage\":\"en-US\",\"@id\":\"https:\\\/\\\/clusterlogistic.org\\\/es\\\/#\\\/schema\\\/logo\\\/image\\\/\",\"url\":\"https:\\\/\\\/clusterlogistic.org\\\/wp-content\\\/uploads\\\/2017\\\/07\\\/cropped-Logo-CL-llegenda-gran.jpg\",\"contentUrl\":\"https:\\\/\\\/clusterlogistic.org\\\/wp-content\\\/uploads\\\/2017\\\/07\\\/cropped-Logo-CL-llegenda-gran.jpg\",\"width\":512,\"height\":512,\"caption\":\"Cl\u00faster Log\u00edstic de Catalunya\"},\"image\":{\"@id\":\"https:\\\/\\\/clusterlogistic.org\\\/es\\\/#\\\/schema\\\/logo\\\/image\\\/\"}}]}<\/script>\n<!-- \/ Yoast SEO plugin. -->","yoast_head_json":{"title":"Barcelona-Catalunya Centre Log\u00edstic - Cl\u00faster Log\u00edstic de Catalunya","robots":{"index":"index","follow":"follow","max-snippet":"max-snippet:-1","max-image-preview":"max-image-preview:large","max-video-preview":"max-video-preview:-1"},"canonical":"https:\/\/clusterlogistic.org\/wp-content\/uploads\/2025\/02\/Barcelona-Catalunya-Centre-Logistic.jpeg","og_locale":"en_US","og_type":"article","og_title":"Barcelona-Catalunya Centre Log\u00edstic - Cl\u00faster Log\u00edstic de Catalunya","og_description":"Pere Navarro, presidente de Barcelona-Catalunya Centre Log\u00edstico, junto a Ignasi Sayol, presidente del Cl\u00faster Log\u00edstic de Catalunya.","og_url":"https:\/\/clusterlogistic.org\/wp-content\/uploads\/2025\/02\/Barcelona-Catalunya-Centre-Logistic.jpeg","og_site_name":"Cl\u00faster Log\u00edstic de Catalunya","article_modified_time":"2025-02-07T14:38:19+00:00","og_image":[{"width":980,"height":560,"url":"https:\/\/clusterlogistic.org\/wp-content\/uploads\/2025\/02\/Barcelona-Catalunya-Centre-Logistic.jpeg","type":"image\/jpeg"}],"twitter_card":"summary_large_image","schema":{"@context":"https:\/\/schema.org","@graph":[{"@type":"WebPage","@id":"https:\/\/clusterlogistic.org\/wp-content\/uploads\/2025\/02\/Barcelona-Catalunya-Centre-Logistic.jpeg","url":"https:\/\/clusterlogistic.org\/wp-content\/uploads\/2025\/02\/Barcelona-Catalunya-Centre-Logistic.jpeg","name":"Barcelona-Catalunya Centre Log\u00edstic - Cl\u00faster Log\u00edstic de Catalunya","isPartOf":{"@id":"https:\/\/clusterlogistic.org\/es\/#website"},"datePublished":"2025-02-07T14:38:06+00:00","dateModified":"2025-02-07T14:38:19+00:00","breadcrumb":{"@id":"https:\/\/clusterlogistic.org\/wp-content\/uploads\/2025\/02\/Barcelona-Catalunya-Centre-Logistic.jpeg#breadcrumb"},"inLanguage":"en-US","potentialAction":[{"@type":"ReadAction","target":["https:\/\/clusterlogistic.org\/wp-content\/uploads\/2025\/02\/Barcelona-Catalunya-Centre-Logistic.jpeg"]}]},{"@type":"BreadcrumbList","@id":"https:\/\/clusterlogistic.org\/wp-content\/uploads\/2025\/02\/Barcelona-Catalunya-Centre-Logistic.jpeg#breadcrumb","itemListElement":[{"@type":"ListItem","position":1,"name":"Portada","item":"https:\/\/clusterlogistic.org\/en\/"},{"@type":"ListItem","position":2,"name":"Barcelona-Catalunya Centre Log\u00edstic"}]},{"@type":"WebSite","@id":"https:\/\/clusterlogistic.org\/es\/#website","url":"https:\/\/clusterlogistic.org\/es\/","name":"Cl\u00faster Log\u00edstic de Catalunya","description":"associaci\u00f3 sense \u00e0nim de lucre","publisher":{"@id":"https:\/\/clusterlogistic.org\/es\/#organization"},"potentialAction":[{"@type":"SearchAction","target":{"@type":"EntryPoint","urlTemplate":"https:\/\/clusterlogistic.org\/es\/?s={search_term_string}"},"query-input":{"@type":"PropertyValueSpecification","valueRequired":true,"valueName":"search_term_string"}}],"inLanguage":"en-US"},{"@type":"Organization","@id":"https:\/\/clusterlogistic.org\/es\/#organization","name":"Cl\u00faster Log\u00edstic de Catalunya","url":"https:\/\/clusterlogistic.org\/es\/","logo":{"@type":"ImageObject","inLanguage":"en-US","@id":"https:\/\/clusterlogistic.org\/es\/#\/schema\/logo\/image\/","url":"https:\/\/clusterlogistic.org\/wp-content\/uploads\/2017\/07\/cropped-Logo-CL-llegenda-gran.jpg","contentUrl":"https:\/\/clusterlogistic.org\/wp-content\/uploads\/2017\/07\/cropped-Logo-CL-llegenda-gran.jpg","width":512,"height":512,"caption":"Cl\u00faster Log\u00edstic de Catalunya"},"image":{"@id":"https:\/\/clusterlogistic.org\/es\/#\/schema\/logo\/image\/"}}]}},"description":{"rendered":"<p class=\"attachment\"><a href='https:\/\/clusterlogistic.org\/wp-content\/uploads\/2025\/02\/Barcelona-Catalunya-Centre-Logistic.jpeg'><img loading=\"lazy\" decoding=\"async\" width=\"300\" height=\"171\" src=\"https:\/\/clusterlogistic.org\/wp-content\/uploads\/2025\/02\/Barcelona-Catalunya-Centre-Logistic-300x171.jpeg\" class=\"attachment-medium size-medium\" alt=\"\" srcset=\"https:\/\/clusterlogistic.org\/wp-content\/uploads\/2025\/02\/Barcelona-Catalunya-Centre-Logistic-300x171.jpeg 300w, https:\/\/clusterlogistic.org\/wp-content\/uploads\/2025\/02\/Barcelona-Catalunya-Centre-Logistic-768x439.jpeg 768w, https:\/\/clusterlogistic.org\/wp-content\/uploads\/2025\/02\/Barcelona-Catalunya-Centre-Logistic-705x403.jpeg 705w, https:\/\/clusterlogistic.org\/wp-content\/uploads\/2025\/02\/Barcelona-Catalunya-Centre-Logistic.jpeg 980w\" sizes=\"auto, (max-width: 300px) 100vw, 300px\" \/><\/a><\/p>\n"},"caption":{"rendered":"<p>Pere Navarro, presidente de Barcelona-Catalunya Centre Log\u00edstico, junto a Ignasi Sayol, presidente del Cl\u00faster Log\u00edstic de Catalunya.<\/p>\n"},"alt_text":"","media_type":"image","mime_type":"image\/jpeg","media_details":{"width":980,"height":560,"file":"2025\/02\/Barcelona-Catalunya-Centre-Logistic.jpeg","filesize":390703,"sizes":{"medium":{"file":"Barcelona-Catalunya-Centre-Logistic-300x171.jpeg","width":300,"height":171,"filesize":70111,"mime_type":"image\/jpeg","source_url":"https:\/\/clusterlogistic.org\/wp-content\/uploads\/2025\/02\/Barcelona-Catalunya-Centre-Logistic-300x171.jpeg"},"thumbnail":{"file":"Barcelona-Catalunya-Centre-Logistic-80x80.jpeg","width":80,"height":80,"filesize":12757,"mime_type":"image\/jpeg","source_url":"https:\/\/clusterlogistic.org\/wp-content\/uploads\/2025\/02\/Barcelona-Catalunya-Centre-Logistic-80x80.jpeg"},"medium_large":{"file":"Barcelona-Catalunya-Centre-Logistic-768x439.jpeg","width":768,"height":439,"filesize":334703,"mime_type":"image\/jpeg","source_url":"https:\/\/clusterlogistic.org\/wp-content\/uploads\/2025\/02\/Barcelona-Catalunya-Centre-Logistic-768x439.jpeg"},"widget":{"file":"Barcelona-Catalunya-Centre-Logistic-36x36.jpeg","width":36,"height":36,"filesize":4176,"mime_type":"image\/jpeg","source_url":"https:\/\/clusterlogistic.org\/wp-content\/uploads\/2025\/02\/Barcelona-Catalunya-Centre-Logistic-36x36.jpeg"},"square":{"file":"Barcelona-Catalunya-Centre-Logistic-180x180.jpeg","width":180,"height":180,"filesize":47302,"mime_type":"image\/jpeg","source_url":"https:\/\/clusterlogistic.org\/wp-content\/uploads\/2025\/02\/Barcelona-Catalunya-Centre-Logistic-180x180.jpeg"},"featured":{"file":"Barcelona-Catalunya-Centre-Logistic-980x430.jpeg","width":980,"height":430,"filesize":410535,"mime_type":"image\/jpeg","source_url":"https:\/\/clusterlogistic.org\/wp-content\/uploads\/2025\/02\/Barcelona-Catalunya-Centre-Logistic-980x430.jpeg"},"portfolio":{"file":"Barcelona-Catalunya-Centre-Logistic-495x400.jpeg","width":495,"height":400,"filesize":204102,"mime_type":"image\/jpeg","source_url":"https:\/\/clusterlogistic.org\/wp-content\/uploads\/2025\/02\/Barcelona-Catalunya-Centre-Logistic-495x400.jpeg"},"portfolio_small":{"file":"Barcelona-Catalunya-Centre-Logistic-260x185.jpeg","width":260,"height":185,"filesize":65212,"mime_type":"image\/jpeg","source_url":"https:\/\/clusterlogistic.org\/wp-content\/uploads\/2025\/02\/Barcelona-Catalunya-Centre-Logistic-260x185.jpeg"},"gallery":{"file":"Barcelona-Catalunya-Centre-Logistic-845x560.jpeg","width":845,"height":560,"filesize":440595,"mime_type":"image\/jpeg","source_url":"https:\/\/clusterlogistic.org\/wp-content\/uploads\/2025\/02\/Barcelona-Catalunya-Centre-Logistic-845x560.jpeg"},"magazine":{"file":"Barcelona-Catalunya-Centre-Logistic-710x375.jpeg","width":710,"height":375,"filesize":277596,"mime_type":"image\/jpeg","source_url":"https:\/\/clusterlogistic.org\/wp-content\/uploads\/2025\/02\/Barcelona-Catalunya-Centre-Logistic-710x375.jpeg"},"masonry":{"file":"Barcelona-Catalunya-Centre-Logistic-705x403.jpeg","width":705,"height":403,"filesize":293312,"mime_type":"image\/jpeg","source_url":"https:\/\/clusterlogistic.org\/wp-content\/uploads\/2025\/02\/Barcelona-Catalunya-Centre-Logistic-705x403.jpeg"},"entry_with_sidebar":{"file":"Barcelona-Catalunya-Centre-Logistic-845x321.jpeg","width":845,"height":321,"filesize":273969,"mime_type":"image\/jpeg","source_url":"https:\/\/clusterlogistic.org\/wp-content\/uploads\/2025\/02\/Barcelona-Catalunya-Centre-Logistic-845x321.jpeg"},"entry_without_sidebar":{"file":"Barcelona-Catalunya-Centre-Logistic-980x423.jpeg","width":980,"height":423,"filesize":400982,"mime_type":"image\/jpeg","source_url":"https:\/\/clusterlogistic.org\/wp-content\/uploads\/2025\/02\/Barcelona-Catalunya-Centre-Logistic-980x423.jpeg"},"cmplz_banner_image":{"file":"Barcelona-Catalunya-Centre-Logistic-350x100.jpeg","width":350,"height":100,"filesize":49229,"mime_type":"image\/jpeg","source_url":"https:\/\/clusterlogistic.org\/wp-content\/uploads\/2025\/02\/Barcelona-Catalunya-Centre-Logistic-350x100.jpeg"},"full":{"file":"Barcelona-Catalunya-Centre-Logistic.jpeg","width":980,"height":560,"mime_type":"image\/jpeg","source_url":"https:\/\/clusterlogistic.org\/wp-content\/uploads\/2025\/02\/Barcelona-Catalunya-Centre-Logistic.jpeg"}},"image_meta":{"aperture":"0","credit":"","camera":"","caption":"","created_timestamp":"0","copyright":"","focal_length":"0","iso":"0","shutter_speed":"0","title":"","orientation":"0","keywords":[]}},"post":null,"source_url":"https:\/\/clusterlogistic.org\/wp-content\/uploads\/2025\/02\/Barcelona-Catalunya-Centre-Logistic.jpeg","_links":{"self":[{"href":"https:\/\/clusterlogistic.org\/en\/wp-json\/wp\/v2\/media\/8948","targetHints":{"allow":["GET"]}}],"collection":[{"href":"https:\/\/clusterlogistic.org\/en\/wp-json\/wp\/v2\/media"}],"about":[{"href":"https:\/\/clusterlogistic.org\/en\/wp-json\/wp\/v2\/types\/attachment"}],"author":[{"embeddable":true,"href":"https:\/\/clusterlogistic.org\/en\/wp-json\/wp\/v2\/users\/3"}],"replies":[{"embeddable":true,"href":"https:\/\/clusterlogistic.org\/en\/wp-json\/wp\/v2\/comments?post=8948"}]}}