{"id":8952,"date":"2025-02-07T16:40:30","date_gmt":"2025-02-07T14:40:30","guid":{"rendered":"https:\/\/clusterlogistic.org\/wp-content\/uploads\/2025\/02\/Barcelona-Catalunya-Centre-Logistico.png"},"modified":"2025-02-07T16:40:39","modified_gmt":"2025-02-07T14:40:39","slug":"barcelona-catalunya-centre-logistico-2","status":"inherit","type":"attachment","link":"https:\/\/clusterlogistic.org\/en\/barcelona-catalunya-centre-logistico-2\/","title":{"rendered":"Barcelona-Catalunya Centre Log\u00edstico"},"author":3,"featured_media":0,"comment_status":"closed","ping_status":"closed","template":"","meta":[],"class_list":["post-8952","attachment","type-attachment","status-inherit","hentry"],"yoast_head":"<!-- This site is optimized with the Yoast SEO plugin v27.4 - https:\/\/yoast.com\/product\/yoast-seo-wordpress\/ -->\n<title>Barcelona-Catalunya Centre Log\u00edstico - Cl\u00faster Log\u00edstic de Catalunya<\/title>\n<meta name=\"robots\" content=\"index, follow, max-snippet:-1, max-image-preview:large, max-video-preview:-1\" \/>\n<link rel=\"canonical\" href=\"https:\/\/clusterlogistic.org\/wp-content\/uploads\/2025\/02\/Barcelona-Catalunya-Centre-Logistico.png\" \/>\n<meta property=\"og:locale\" content=\"en_US\" \/>\n<meta property=\"og:type\" content=\"article\" \/>\n<meta property=\"og:title\" content=\"Barcelona-Catalunya Centre Log\u00edstico - Cl\u00faster Log\u00edstic de Catalunya\" \/>\n<meta property=\"og:url\" content=\"https:\/\/clusterlogistic.org\/wp-content\/uploads\/2025\/02\/Barcelona-Catalunya-Centre-Logistico.png\" \/>\n<meta property=\"og:site_name\" content=\"Cl\u00faster Log\u00edstic de Catalunya\" \/>\n<meta property=\"article:modified_time\" content=\"2025-02-07T14:40:39+00:00\" \/>\n<meta property=\"og:image\" content=\"https:\/\/clusterlogistic.org\/wp-content\/uploads\/2025\/02\/Barcelona-Catalunya-Centre-Logistico.png\" \/>\n\t<meta property=\"og:image:width\" content=\"1871\" \/>\n\t<meta property=\"og:image:height\" content=\"731\" \/>\n\t<meta property=\"og:image:type\" content=\"image\/png\" \/>\n<meta name=\"twitter:card\" content=\"summary_large_image\" \/>\n<script type=\"application\/ld+json\" class=\"yoast-schema-graph\">{\"@context\":\"https:\\\/\\\/schema.org\",\"@graph\":[{\"@type\":\"WebPage\",\"@id\":\"https:\\\/\\\/clusterlogistic.org\\\/wp-content\\\/uploads\\\/2025\\\/02\\\/Barcelona-Catalunya-Centre-Logistico.png\",\"url\":\"https:\\\/\\\/clusterlogistic.org\\\/wp-content\\\/uploads\\\/2025\\\/02\\\/Barcelona-Catalunya-Centre-Logistico.png\",\"name\":\"Barcelona-Catalunya Centre Log\u00edstico - Cl\u00faster Log\u00edstic de Catalunya\",\"isPartOf\":{\"@id\":\"https:\\\/\\\/clusterlogistic.org\\\/es\\\/#website\"},\"datePublished\":\"2025-02-07T14:40:30+00:00\",\"dateModified\":\"2025-02-07T14:40:39+00:00\",\"breadcrumb\":{\"@id\":\"https:\\\/\\\/clusterlogistic.org\\\/wp-content\\\/uploads\\\/2025\\\/02\\\/Barcelona-Catalunya-Centre-Logistico.png#breadcrumb\"},\"inLanguage\":\"en-US\",\"potentialAction\":[{\"@type\":\"ReadAction\",\"target\":[\"https:\\\/\\\/clusterlogistic.org\\\/wp-content\\\/uploads\\\/2025\\\/02\\\/Barcelona-Catalunya-Centre-Logistico.png\"]}]},{\"@type\":\"BreadcrumbList\",\"@id\":\"https:\\\/\\\/clusterlogistic.org\\\/wp-content\\\/uploads\\\/2025\\\/02\\\/Barcelona-Catalunya-Centre-Logistico.png#breadcrumb\",\"itemListElement\":[{\"@type\":\"ListItem\",\"position\":1,\"name\":\"Portada\",\"item\":\"https:\\\/\\\/clusterlogistic.org\\\/en\\\/\"},{\"@type\":\"ListItem\",\"position\":2,\"name\":\"Barcelona-Catalunya Centre Log\u00edstico\"}]},{\"@type\":\"WebSite\",\"@id\":\"https:\\\/\\\/clusterlogistic.org\\\/es\\\/#website\",\"url\":\"https:\\\/\\\/clusterlogistic.org\\\/es\\\/\",\"name\":\"Cl\u00faster Log\u00edstic de Catalunya\",\"description\":\"associaci\u00f3 sense \u00e0nim de lucre\",\"publisher\":{\"@id\":\"https:\\\/\\\/clusterlogistic.org\\\/es\\\/#organization\"},\"potentialAction\":[{\"@type\":\"SearchAction\",\"target\":{\"@type\":\"EntryPoint\",\"urlTemplate\":\"https:\\\/\\\/clusterlogistic.org\\\/es\\\/?s={search_term_string}\"},\"query-input\":{\"@type\":\"PropertyValueSpecification\",\"valueRequired\":true,\"valueName\":\"search_term_string\"}}],\"inLanguage\":\"en-US\"},{\"@type\":\"Organization\",\"@id\":\"https:\\\/\\\/clusterlogistic.org\\\/es\\\/#organization\",\"name\":\"Cl\u00faster Log\u00edstic de Catalunya\",\"url\":\"https:\\\/\\\/clusterlogistic.org\\\/es\\\/\",\"logo\":{\"@type\":\"ImageObject\",\"inLanguage\":\"en-US\",\"@id\":\"https:\\\/\\\/clusterlogistic.org\\\/es\\\/#\\\/schema\\\/logo\\\/image\\\/\",\"url\":\"https:\\\/\\\/clusterlogistic.org\\\/wp-content\\\/uploads\\\/2017\\\/07\\\/cropped-Logo-CL-llegenda-gran.jpg\",\"contentUrl\":\"https:\\\/\\\/clusterlogistic.org\\\/wp-content\\\/uploads\\\/2017\\\/07\\\/cropped-Logo-CL-llegenda-gran.jpg\",\"width\":512,\"height\":512,\"caption\":\"Cl\u00faster Log\u00edstic de Catalunya\"},\"image\":{\"@id\":\"https:\\\/\\\/clusterlogistic.org\\\/es\\\/#\\\/schema\\\/logo\\\/image\\\/\"}}]}<\/script>\n<!-- \/ Yoast SEO plugin. -->","yoast_head_json":{"title":"Barcelona-Catalunya Centre Log\u00edstico - Cl\u00faster Log\u00edstic de Catalunya","robots":{"index":"index","follow":"follow","max-snippet":"max-snippet:-1","max-image-preview":"max-image-preview:large","max-video-preview":"max-video-preview:-1"},"canonical":"https:\/\/clusterlogistic.org\/wp-content\/uploads\/2025\/02\/Barcelona-Catalunya-Centre-Logistico.png","og_locale":"en_US","og_type":"article","og_title":"Barcelona-Catalunya Centre Log\u00edstico - Cl\u00faster Log\u00edstic de Catalunya","og_url":"https:\/\/clusterlogistic.org\/wp-content\/uploads\/2025\/02\/Barcelona-Catalunya-Centre-Logistico.png","og_site_name":"Cl\u00faster Log\u00edstic de Catalunya","article_modified_time":"2025-02-07T14:40:39+00:00","og_image":[{"width":1871,"height":731,"url":"https:\/\/clusterlogistic.org\/wp-content\/uploads\/2025\/02\/Barcelona-Catalunya-Centre-Logistico.png","type":"image\/png"}],"twitter_card":"summary_large_image","schema":{"@context":"https:\/\/schema.org","@graph":[{"@type":"WebPage","@id":"https:\/\/clusterlogistic.org\/wp-content\/uploads\/2025\/02\/Barcelona-Catalunya-Centre-Logistico.png","url":"https:\/\/clusterlogistic.org\/wp-content\/uploads\/2025\/02\/Barcelona-Catalunya-Centre-Logistico.png","name":"Barcelona-Catalunya Centre Log\u00edstico - Cl\u00faster Log\u00edstic de Catalunya","isPartOf":{"@id":"https:\/\/clusterlogistic.org\/es\/#website"},"datePublished":"2025-02-07T14:40:30+00:00","dateModified":"2025-02-07T14:40:39+00:00","breadcrumb":{"@id":"https:\/\/clusterlogistic.org\/wp-content\/uploads\/2025\/02\/Barcelona-Catalunya-Centre-Logistico.png#breadcrumb"},"inLanguage":"en-US","potentialAction":[{"@type":"ReadAction","target":["https:\/\/clusterlogistic.org\/wp-content\/uploads\/2025\/02\/Barcelona-Catalunya-Centre-Logistico.png"]}]},{"@type":"BreadcrumbList","@id":"https:\/\/clusterlogistic.org\/wp-content\/uploads\/2025\/02\/Barcelona-Catalunya-Centre-Logistico.png#breadcrumb","itemListElement":[{"@type":"ListItem","position":1,"name":"Portada","item":"https:\/\/clusterlogistic.org\/en\/"},{"@type":"ListItem","position":2,"name":"Barcelona-Catalunya Centre Log\u00edstico"}]},{"@type":"WebSite","@id":"https:\/\/clusterlogistic.org\/es\/#website","url":"https:\/\/clusterlogistic.org\/es\/","name":"Cl\u00faster Log\u00edstic de Catalunya","description":"associaci\u00f3 sense \u00e0nim de lucre","publisher":{"@id":"https:\/\/clusterlogistic.org\/es\/#organization"},"potentialAction":[{"@type":"SearchAction","target":{"@type":"EntryPoint","urlTemplate":"https:\/\/clusterlogistic.org\/es\/?s={search_term_string}"},"query-input":{"@type":"PropertyValueSpecification","valueRequired":true,"valueName":"search_term_string"}}],"inLanguage":"en-US"},{"@type":"Organization","@id":"https:\/\/clusterlogistic.org\/es\/#organization","name":"Cl\u00faster Log\u00edstic de Catalunya","url":"https:\/\/clusterlogistic.org\/es\/","logo":{"@type":"ImageObject","inLanguage":"en-US","@id":"https:\/\/clusterlogistic.org\/es\/#\/schema\/logo\/image\/","url":"https:\/\/clusterlogistic.org\/wp-content\/uploads\/2017\/07\/cropped-Logo-CL-llegenda-gran.jpg","contentUrl":"https:\/\/clusterlogistic.org\/wp-content\/uploads\/2017\/07\/cropped-Logo-CL-llegenda-gran.jpg","width":512,"height":512,"caption":"Cl\u00faster Log\u00edstic de Catalunya"},"image":{"@id":"https:\/\/clusterlogistic.org\/es\/#\/schema\/logo\/image\/"}}]}},"description":{"rendered":"<p class=\"attachment\"><a href='https:\/\/clusterlogistic.org\/wp-content\/uploads\/2025\/02\/Barcelona-Catalunya-Centre-Logistico.png'><img loading=\"lazy\" decoding=\"async\" width=\"300\" height=\"117\" src=\"https:\/\/clusterlogistic.org\/wp-content\/uploads\/2025\/02\/Barcelona-Catalunya-Centre-Logistico-300x117.png\" class=\"attachment-medium size-medium\" alt=\"Barcelona-Catalunya Centre Log\u00edstico\" srcset=\"https:\/\/clusterlogistic.org\/wp-content\/uploads\/2025\/02\/Barcelona-Catalunya-Centre-Logistico-300x117.png 300w, https:\/\/clusterlogistic.org\/wp-content\/uploads\/2025\/02\/Barcelona-Catalunya-Centre-Logistico-1030x402.png 1030w, https:\/\/clusterlogistic.org\/wp-content\/uploads\/2025\/02\/Barcelona-Catalunya-Centre-Logistico-768x300.png 768w, https:\/\/clusterlogistic.org\/wp-content\/uploads\/2025\/02\/Barcelona-Catalunya-Centre-Logistico-1536x600.png 1536w, https:\/\/clusterlogistic.org\/wp-content\/uploads\/2025\/02\/Barcelona-Catalunya-Centre-Logistico-1500x586.png 1500w, https:\/\/clusterlogistic.org\/wp-content\/uploads\/2025\/02\/Barcelona-Catalunya-Centre-Logistico-705x275.png 705w, https:\/\/clusterlogistic.org\/wp-content\/uploads\/2025\/02\/Barcelona-Catalunya-Centre-Logistico.png 1871w\" sizes=\"auto, (max-width: 300px) 100vw, 300px\" \/><\/a><\/p>\n"},"caption":{"rendered":""},"alt_text":"Barcelona-Catalunya Centre Log\u00edstico","media_type":"image","mime_type":"image\/png","media_details":{"width":1871,"height":731,"file":"2025\/02\/Barcelona-Catalunya-Centre-Logistico.png","filesize":1860693,"sizes":{"medium":{"file":"Barcelona-Catalunya-Centre-Logistico-300x117.png","width":300,"height":117,"filesize":70471,"mime_type":"image\/png","source_url":"https:\/\/clusterlogistic.org\/wp-content\/uploads\/2025\/02\/Barcelona-Catalunya-Centre-Logistico-300x117.png"},"large":{"file":"Barcelona-Catalunya-Centre-Logistico-1030x402.png","width":1030,"height":402,"filesize":669925,"mime_type":"image\/png","source_url":"https:\/\/clusterlogistic.org\/wp-content\/uploads\/2025\/02\/Barcelona-Catalunya-Centre-Logistico-1030x402.png"},"thumbnail":{"file":"Barcelona-Catalunya-Centre-Logistico-80x80.png","width":80,"height":80,"filesize":13588,"mime_type":"image\/png","source_url":"https:\/\/clusterlogistic.org\/wp-content\/uploads\/2025\/02\/Barcelona-Catalunya-Centre-Logistico-80x80.png"},"medium_large":{"file":"Barcelona-Catalunya-Centre-Logistico-768x300.png","width":768,"height":300,"filesize":402172,"mime_type":"image\/png","source_url":"https:\/\/clusterlogistic.org\/wp-content\/uploads\/2025\/02\/Barcelona-Catalunya-Centre-Logistico-768x300.png"},"1536x1536":{"file":"Barcelona-Catalunya-Centre-Logistico-1536x600.png","width":1536,"height":600,"filesize":1305851,"mime_type":"image\/png","source_url":"https:\/\/clusterlogistic.org\/wp-content\/uploads\/2025\/02\/Barcelona-Catalunya-Centre-Logistico-1536x600.png"},"widget":{"file":"Barcelona-Catalunya-Centre-Logistico-36x36.png","width":36,"height":36,"filesize":3132,"mime_type":"image\/png","source_url":"https:\/\/clusterlogistic.org\/wp-content\/uploads\/2025\/02\/Barcelona-Catalunya-Centre-Logistico-36x36.png"},"square":{"file":"Barcelona-Catalunya-Centre-Logistico-180x180.png","width":180,"height":180,"filesize":60816,"mime_type":"image\/png","source_url":"https:\/\/clusterlogistic.org\/wp-content\/uploads\/2025\/02\/Barcelona-Catalunya-Centre-Logistico-180x180.png"},"featured":{"file":"Barcelona-Catalunya-Centre-Logistico-1500x430.png","width":1500,"height":430,"filesize":941870,"mime_type":"image\/png","source_url":"https:\/\/clusterlogistic.org\/wp-content\/uploads\/2025\/02\/Barcelona-Catalunya-Centre-Logistico-1500x430.png"},"featured_large":{"file":"Barcelona-Catalunya-Centre-Logistico-1500x630.png","width":1500,"height":630,"filesize":1264995,"mime_type":"image\/png","source_url":"https:\/\/clusterlogistic.org\/wp-content\/uploads\/2025\/02\/Barcelona-Catalunya-Centre-Logistico-1500x630.png"},"extra_large":{"file":"Barcelona-Catalunya-Centre-Logistico-1500x586.png","width":1500,"height":586,"filesize":1258181,"mime_type":"image\/png","source_url":"https:\/\/clusterlogistic.org\/wp-content\/uploads\/2025\/02\/Barcelona-Catalunya-Centre-Logistico-1500x586.png"},"portfolio":{"file":"Barcelona-Catalunya-Centre-Logistico-495x400.png","width":495,"height":400,"filesize":307654,"mime_type":"image\/png","source_url":"https:\/\/clusterlogistic.org\/wp-content\/uploads\/2025\/02\/Barcelona-Catalunya-Centre-Logistico-495x400.png"},"portfolio_small":{"file":"Barcelona-Catalunya-Centre-Logistico-260x185.png","width":260,"height":185,"filesize":88763,"mime_type":"image\/png","source_url":"https:\/\/clusterlogistic.org\/wp-content\/uploads\/2025\/02\/Barcelona-Catalunya-Centre-Logistico-260x185.png"},"gallery":{"file":"Barcelona-Catalunya-Centre-Logistico-845x684.png","width":845,"height":684,"filesize":738741,"mime_type":"image\/png","source_url":"https:\/\/clusterlogistic.org\/wp-content\/uploads\/2025\/02\/Barcelona-Catalunya-Centre-Logistico-845x684.png"},"magazine":{"file":"Barcelona-Catalunya-Centre-Logistico-710x375.png","width":710,"height":375,"filesize":425863,"mime_type":"image\/png","source_url":"https:\/\/clusterlogistic.org\/wp-content\/uploads\/2025\/02\/Barcelona-Catalunya-Centre-Logistico-710x375.png"},"masonry":{"file":"Barcelona-Catalunya-Centre-Logistico-705x275.png","width":705,"height":275,"filesize":343810,"mime_type":"image\/png","source_url":"https:\/\/clusterlogistic.org\/wp-content\/uploads\/2025\/02\/Barcelona-Catalunya-Centre-Logistico-705x275.png"},"entry_with_sidebar":{"file":"Barcelona-Catalunya-Centre-Logistico-845x321.png","width":845,"height":321,"filesize":464430,"mime_type":"image\/png","source_url":"https:\/\/clusterlogistic.org\/wp-content\/uploads\/2025\/02\/Barcelona-Catalunya-Centre-Logistico-845x321.png"},"entry_without_sidebar":{"file":"Barcelona-Catalunya-Centre-Logistico-1210x423.png","width":1210,"height":423,"filesize":798725,"mime_type":"image\/png","source_url":"https:\/\/clusterlogistic.org\/wp-content\/uploads\/2025\/02\/Barcelona-Catalunya-Centre-Logistico-1210x423.png"},"cmplz_banner_image":{"file":"Barcelona-Catalunya-Centre-Logistico-350x100.png","width":350,"height":100,"filesize":72090,"mime_type":"image\/png","source_url":"https:\/\/clusterlogistic.org\/wp-content\/uploads\/2025\/02\/Barcelona-Catalunya-Centre-Logistico-350x100.png"},"full":{"file":"Barcelona-Catalunya-Centre-Logistico.png","width":1871,"height":731,"mime_type":"image\/png","source_url":"https:\/\/clusterlogistic.org\/wp-content\/uploads\/2025\/02\/Barcelona-Catalunya-Centre-Logistico.png"}},"image_meta":{"aperture":"0","credit":"","camera":"","caption":"","created_timestamp":"0","copyright":"","focal_length":"0","iso":"0","shutter_speed":"0","title":"","orientation":"0","keywords":[]}},"post":null,"source_url":"https:\/\/clusterlogistic.org\/wp-content\/uploads\/2025\/02\/Barcelona-Catalunya-Centre-Logistico.png","_links":{"self":[{"href":"https:\/\/clusterlogistic.org\/en\/wp-json\/wp\/v2\/media\/8952","targetHints":{"allow":["GET"]}}],"collection":[{"href":"https:\/\/clusterlogistic.org\/en\/wp-json\/wp\/v2\/media"}],"about":[{"href":"https:\/\/clusterlogistic.org\/en\/wp-json\/wp\/v2\/types\/attachment"}],"author":[{"embeddable":true,"href":"https:\/\/clusterlogistic.org\/en\/wp-json\/wp\/v2\/users\/3"}],"replies":[{"embeddable":true,"href":"https:\/\/clusterlogistic.org\/en\/wp-json\/wp\/v2\/comments?post=8952"}]}}