{"id":4654,"date":"2021-07-02T13:29:01","date_gmt":"2021-07-02T11:29:01","guid":{"rendered":"https:\/\/clusterlogistic.org\/wp-content\/uploads\/2021\/07\/Se-construira-un-centro-de-gestion-ferroportuario-en-puerto-de-Tarragona.jpg"},"modified":"2021-07-02T13:29:08","modified_gmt":"2021-07-02T11:29:08","slug":"se-construira-un-centro-de-gestion-ferroportuario-en-puerto-de-tarragona","status":"inherit","type":"attachment","link":"https:\/\/clusterlogistic.org\/es\/se-construira-un-centro-de-gestion-ferroportuario-en-puerto-de-tarragona\/se-construira-un-centro-de-gestion-ferroportuario-en-puerto-de-tarragona\/","title":{"rendered":"Se construir\u00e1 un centro de gesti\u00f3n ferroportuario en puerto de Tarragona"},"author":3,"featured_media":0,"comment_status":"closed","ping_status":"closed","template":"","meta":[],"class_list":["post-4654","attachment","type-attachment","status-inherit","hentry"],"yoast_head":"<!-- This site is optimized with the Yoast SEO plugin v27.4 - https:\/\/yoast.com\/product\/yoast-seo-wordpress\/ -->\n<title>Se construir\u00e1 un centro de gesti\u00f3n ferroportuario en puerto de Tarragona - Cl\u00faster Log\u00edstic de Catalunya<\/title>\n<meta name=\"robots\" content=\"index, follow, max-snippet:-1, max-image-preview:large, max-video-preview:-1\" \/>\n<link rel=\"canonical\" href=\"https:\/\/clusterlogistic.org\/wp-content\/uploads\/2021\/07\/Se-construira-un-centro-de-gestion-ferroportuario-en-puerto-de-Tarragona.jpg\" \/>\n<meta property=\"og:locale\" content=\"es_ES\" \/>\n<meta property=\"og:type\" content=\"article\" \/>\n<meta property=\"og:title\" content=\"Se construir\u00e1 un centro de gesti\u00f3n ferroportuario en puerto de Tarragona - Cl\u00faster Log\u00edstic de Catalunya\" \/>\n<meta property=\"og:url\" content=\"https:\/\/clusterlogistic.org\/wp-content\/uploads\/2021\/07\/Se-construira-un-centro-de-gestion-ferroportuario-en-puerto-de-Tarragona.jpg\" \/>\n<meta property=\"og:site_name\" content=\"Cl\u00faster Log\u00edstic de Catalunya\" \/>\n<meta property=\"article:modified_time\" content=\"2021-07-02T11:29:08+00:00\" \/>\n<meta property=\"og:image\" content=\"https:\/\/clusterlogistic.org\/wp-content\/uploads\/2021\/07\/Se-construira-un-centro-de-gestion-ferroportuario-en-puerto-de-Tarragona.jpg\" \/>\n\t<meta property=\"og:image:width\" content=\"1024\" \/>\n\t<meta property=\"og:image:height\" content=\"682\" \/>\n\t<meta property=\"og:image:type\" content=\"image\/jpeg\" \/>\n<meta name=\"twitter:card\" content=\"summary_large_image\" \/>\n<script type=\"application\/ld+json\" class=\"yoast-schema-graph\">{\"@context\":\"https:\\\/\\\/schema.org\",\"@graph\":[{\"@type\":\"WebPage\",\"@id\":\"https:\\\/\\\/clusterlogistic.org\\\/wp-content\\\/uploads\\\/2021\\\/07\\\/Se-construira-un-centro-de-gestion-ferroportuario-en-puerto-de-Tarragona.jpg\",\"url\":\"https:\\\/\\\/clusterlogistic.org\\\/wp-content\\\/uploads\\\/2021\\\/07\\\/Se-construira-un-centro-de-gestion-ferroportuario-en-puerto-de-Tarragona.jpg\",\"name\":\"Se construir\u00e1 un centro de gesti\u00f3n ferroportuario en puerto de Tarragona - Cl\u00faster Log\u00edstic de Catalunya\",\"isPartOf\":{\"@id\":\"https:\\\/\\\/clusterlogistic.org\\\/es\\\/#website\"},\"datePublished\":\"2021-07-02T11:29:01+00:00\",\"dateModified\":\"2021-07-02T11:29:08+00:00\",\"breadcrumb\":{\"@id\":\"https:\\\/\\\/clusterlogistic.org\\\/wp-content\\\/uploads\\\/2021\\\/07\\\/Se-construira-un-centro-de-gestion-ferroportuario-en-puerto-de-Tarragona.jpg#breadcrumb\"},\"inLanguage\":\"es\",\"potentialAction\":[{\"@type\":\"ReadAction\",\"target\":[\"https:\\\/\\\/clusterlogistic.org\\\/wp-content\\\/uploads\\\/2021\\\/07\\\/Se-construira-un-centro-de-gestion-ferroportuario-en-puerto-de-Tarragona.jpg\"]}]},{\"@type\":\"BreadcrumbList\",\"@id\":\"https:\\\/\\\/clusterlogistic.org\\\/wp-content\\\/uploads\\\/2021\\\/07\\\/Se-construira-un-centro-de-gestion-ferroportuario-en-puerto-de-Tarragona.jpg#breadcrumb\",\"itemListElement\":[{\"@type\":\"ListItem\",\"position\":1,\"name\":\"Portada\",\"item\":\"https:\\\/\\\/clusterlogistic.org\\\/es\\\/\"},{\"@type\":\"ListItem\",\"position\":2,\"name\":\"Se construir\u00e1 un centro de gesti\u00f3n ferroportuario en puerto de Tarragona\",\"item\":\"https:\\\/\\\/clusterlogistic.org\\\/es\\\/se-construira-un-centro-de-gestion-ferroportuario-en-puerto-de-tarragona\\\/\"},{\"@type\":\"ListItem\",\"position\":3,\"name\":\"Se construir\u00e1 un centro de gesti\u00f3n ferroportuario en puerto de Tarragona\"}]},{\"@type\":\"WebSite\",\"@id\":\"https:\\\/\\\/clusterlogistic.org\\\/es\\\/#website\",\"url\":\"https:\\\/\\\/clusterlogistic.org\\\/es\\\/\",\"name\":\"Cl\u00faster Log\u00edstic de Catalunya\",\"description\":\"associaci\u00f3 sense \u00e0nim de lucre\",\"publisher\":{\"@id\":\"https:\\\/\\\/clusterlogistic.org\\\/es\\\/#organization\"},\"potentialAction\":[{\"@type\":\"SearchAction\",\"target\":{\"@type\":\"EntryPoint\",\"urlTemplate\":\"https:\\\/\\\/clusterlogistic.org\\\/es\\\/?s={search_term_string}\"},\"query-input\":{\"@type\":\"PropertyValueSpecification\",\"valueRequired\":true,\"valueName\":\"search_term_string\"}}],\"inLanguage\":\"es\"},{\"@type\":\"Organization\",\"@id\":\"https:\\\/\\\/clusterlogistic.org\\\/es\\\/#organization\",\"name\":\"Cl\u00faster Log\u00edstic de Catalunya\",\"url\":\"https:\\\/\\\/clusterlogistic.org\\\/es\\\/\",\"logo\":{\"@type\":\"ImageObject\",\"inLanguage\":\"es\",\"@id\":\"https:\\\/\\\/clusterlogistic.org\\\/es\\\/#\\\/schema\\\/logo\\\/image\\\/\",\"url\":\"https:\\\/\\\/clusterlogistic.org\\\/wp-content\\\/uploads\\\/2017\\\/07\\\/cropped-Logo-CL-llegenda-gran.jpg\",\"contentUrl\":\"https:\\\/\\\/clusterlogistic.org\\\/wp-content\\\/uploads\\\/2017\\\/07\\\/cropped-Logo-CL-llegenda-gran.jpg\",\"width\":512,\"height\":512,\"caption\":\"Cl\u00faster Log\u00edstic de Catalunya\"},\"image\":{\"@id\":\"https:\\\/\\\/clusterlogistic.org\\\/es\\\/#\\\/schema\\\/logo\\\/image\\\/\"}}]}<\/script>\n<!-- \/ Yoast SEO plugin. -->","yoast_head_json":{"title":"Se construir\u00e1 un centro de gesti\u00f3n ferroportuario en puerto de Tarragona - Cl\u00faster Log\u00edstic de Catalunya","robots":{"index":"index","follow":"follow","max-snippet":"max-snippet:-1","max-image-preview":"max-image-preview:large","max-video-preview":"max-video-preview:-1"},"canonical":"https:\/\/clusterlogistic.org\/wp-content\/uploads\/2021\/07\/Se-construira-un-centro-de-gestion-ferroportuario-en-puerto-de-Tarragona.jpg","og_locale":"es_ES","og_type":"article","og_title":"Se construir\u00e1 un centro de gesti\u00f3n ferroportuario en puerto de Tarragona - Cl\u00faster Log\u00edstic de Catalunya","og_url":"https:\/\/clusterlogistic.org\/wp-content\/uploads\/2021\/07\/Se-construira-un-centro-de-gestion-ferroportuario-en-puerto-de-Tarragona.jpg","og_site_name":"Cl\u00faster Log\u00edstic de Catalunya","article_modified_time":"2021-07-02T11:29:08+00:00","og_image":[{"width":1024,"height":682,"url":"https:\/\/clusterlogistic.org\/wp-content\/uploads\/2021\/07\/Se-construira-un-centro-de-gestion-ferroportuario-en-puerto-de-Tarragona.jpg","type":"image\/jpeg"}],"twitter_card":"summary_large_image","schema":{"@context":"https:\/\/schema.org","@graph":[{"@type":"WebPage","@id":"https:\/\/clusterlogistic.org\/wp-content\/uploads\/2021\/07\/Se-construira-un-centro-de-gestion-ferroportuario-en-puerto-de-Tarragona.jpg","url":"https:\/\/clusterlogistic.org\/wp-content\/uploads\/2021\/07\/Se-construira-un-centro-de-gestion-ferroportuario-en-puerto-de-Tarragona.jpg","name":"Se construir\u00e1 un centro de gesti\u00f3n ferroportuario en puerto de Tarragona - Cl\u00faster Log\u00edstic de Catalunya","isPartOf":{"@id":"https:\/\/clusterlogistic.org\/es\/#website"},"datePublished":"2021-07-02T11:29:01+00:00","dateModified":"2021-07-02T11:29:08+00:00","breadcrumb":{"@id":"https:\/\/clusterlogistic.org\/wp-content\/uploads\/2021\/07\/Se-construira-un-centro-de-gestion-ferroportuario-en-puerto-de-Tarragona.jpg#breadcrumb"},"inLanguage":"es","potentialAction":[{"@type":"ReadAction","target":["https:\/\/clusterlogistic.org\/wp-content\/uploads\/2021\/07\/Se-construira-un-centro-de-gestion-ferroportuario-en-puerto-de-Tarragona.jpg"]}]},{"@type":"BreadcrumbList","@id":"https:\/\/clusterlogistic.org\/wp-content\/uploads\/2021\/07\/Se-construira-un-centro-de-gestion-ferroportuario-en-puerto-de-Tarragona.jpg#breadcrumb","itemListElement":[{"@type":"ListItem","position":1,"name":"Portada","item":"https:\/\/clusterlogistic.org\/es\/"},{"@type":"ListItem","position":2,"name":"Se construir\u00e1 un centro de gesti\u00f3n ferroportuario en puerto de Tarragona","item":"https:\/\/clusterlogistic.org\/es\/se-construira-un-centro-de-gestion-ferroportuario-en-puerto-de-tarragona\/"},{"@type":"ListItem","position":3,"name":"Se construir\u00e1 un centro de gesti\u00f3n ferroportuario en puerto de Tarragona"}]},{"@type":"WebSite","@id":"https:\/\/clusterlogistic.org\/es\/#website","url":"https:\/\/clusterlogistic.org\/es\/","name":"Cl\u00faster Log\u00edstic de Catalunya","description":"associaci\u00f3 sense \u00e0nim de lucre","publisher":{"@id":"https:\/\/clusterlogistic.org\/es\/#organization"},"potentialAction":[{"@type":"SearchAction","target":{"@type":"EntryPoint","urlTemplate":"https:\/\/clusterlogistic.org\/es\/?s={search_term_string}"},"query-input":{"@type":"PropertyValueSpecification","valueRequired":true,"valueName":"search_term_string"}}],"inLanguage":"es"},{"@type":"Organization","@id":"https:\/\/clusterlogistic.org\/es\/#organization","name":"Cl\u00faster Log\u00edstic de Catalunya","url":"https:\/\/clusterlogistic.org\/es\/","logo":{"@type":"ImageObject","inLanguage":"es","@id":"https:\/\/clusterlogistic.org\/es\/#\/schema\/logo\/image\/","url":"https:\/\/clusterlogistic.org\/wp-content\/uploads\/2017\/07\/cropped-Logo-CL-llegenda-gran.jpg","contentUrl":"https:\/\/clusterlogistic.org\/wp-content\/uploads\/2017\/07\/cropped-Logo-CL-llegenda-gran.jpg","width":512,"height":512,"caption":"Cl\u00faster Log\u00edstic de Catalunya"},"image":{"@id":"https:\/\/clusterlogistic.org\/es\/#\/schema\/logo\/image\/"}}]}},"description":{"rendered":"<p class=\"attachment\"><a href='https:\/\/clusterlogistic.org\/wp-content\/uploads\/2021\/07\/Se-construira-un-centro-de-gestion-ferroportuario-en-puerto-de-Tarragona.jpg'><img loading=\"lazy\" decoding=\"async\" width=\"300\" height=\"200\" src=\"https:\/\/clusterlogistic.org\/wp-content\/uploads\/2021\/07\/Se-construira-un-centro-de-gestion-ferroportuario-en-puerto-de-Tarragona-300x200.jpg\" class=\"attachment-medium size-medium\" alt=\"Se construir\u00e1 un centro de gesti\u00f3n ferroportuario en puerto de Tarragona\" srcset=\"https:\/\/clusterlogistic.org\/wp-content\/uploads\/2021\/07\/Se-construira-un-centro-de-gestion-ferroportuario-en-puerto-de-Tarragona-300x200.jpg 300w, https:\/\/clusterlogistic.org\/wp-content\/uploads\/2021\/07\/Se-construira-un-centro-de-gestion-ferroportuario-en-puerto-de-Tarragona-768x512.jpg 768w, https:\/\/clusterlogistic.org\/wp-content\/uploads\/2021\/07\/Se-construira-un-centro-de-gestion-ferroportuario-en-puerto-de-Tarragona-705x470.jpg 705w, https:\/\/clusterlogistic.org\/wp-content\/uploads\/2021\/07\/Se-construira-un-centro-de-gestion-ferroportuario-en-puerto-de-Tarragona.jpg 1024w\" sizes=\"auto, (max-width: 300px) 100vw, 300px\" \/><\/a><\/p>\n"},"caption":{"rendered":""},"alt_text":"Se construir\u00e1 un centro de gesti\u00f3n ferroportuario en puerto de Tarragona","media_type":"image","mime_type":"image\/jpeg","media_details":{"width":1024,"height":682,"file":"2021\/07\/Se-construira-un-centro-de-gestion-ferroportuario-en-puerto-de-Tarragona.jpg","sizes":{"medium":{"file":"Se-construira-un-centro-de-gestion-ferroportuario-en-puerto-de-Tarragona-300x200.jpg","width":300,"height":200,"mime_type":"image\/jpeg","source_url":"https:\/\/clusterlogistic.org\/wp-content\/uploads\/2021\/07\/Se-construira-un-centro-de-gestion-ferroportuario-en-puerto-de-Tarragona-300x200.jpg"},"thumbnail":{"file":"Se-construira-un-centro-de-gestion-ferroportuario-en-puerto-de-Tarragona-80x80.jpg","width":80,"height":80,"mime_type":"image\/jpeg","source_url":"https:\/\/clusterlogistic.org\/wp-content\/uploads\/2021\/07\/Se-construira-un-centro-de-gestion-ferroportuario-en-puerto-de-Tarragona-80x80.jpg"},"medium_large":{"file":"Se-construira-un-centro-de-gestion-ferroportuario-en-puerto-de-Tarragona-768x512.jpg","width":768,"height":512,"mime_type":"image\/jpeg","source_url":"https:\/\/clusterlogistic.org\/wp-content\/uploads\/2021\/07\/Se-construira-un-centro-de-gestion-ferroportuario-en-puerto-de-Tarragona-768x512.jpg"},"widget":{"file":"Se-construira-un-centro-de-gestion-ferroportuario-en-puerto-de-Tarragona-36x36.jpg","width":36,"height":36,"mime_type":"image\/jpeg","source_url":"https:\/\/clusterlogistic.org\/wp-content\/uploads\/2021\/07\/Se-construira-un-centro-de-gestion-ferroportuario-en-puerto-de-Tarragona-36x36.jpg"},"square":{"file":"Se-construira-un-centro-de-gestion-ferroportuario-en-puerto-de-Tarragona-180x180.jpg","width":180,"height":180,"mime_type":"image\/jpeg","source_url":"https:\/\/clusterlogistic.org\/wp-content\/uploads\/2021\/07\/Se-construira-un-centro-de-gestion-ferroportuario-en-puerto-de-Tarragona-180x180.jpg"},"featured":{"file":"Se-construira-un-centro-de-gestion-ferroportuario-en-puerto-de-Tarragona-1024x430.jpg","width":1024,"height":430,"mime_type":"image\/jpeg","source_url":"https:\/\/clusterlogistic.org\/wp-content\/uploads\/2021\/07\/Se-construira-un-centro-de-gestion-ferroportuario-en-puerto-de-Tarragona-1024x430.jpg"},"featured_large":{"file":"Se-construira-un-centro-de-gestion-ferroportuario-en-puerto-de-Tarragona-1024x630.jpg","width":1024,"height":630,"mime_type":"image\/jpeg","source_url":"https:\/\/clusterlogistic.org\/wp-content\/uploads\/2021\/07\/Se-construira-un-centro-de-gestion-ferroportuario-en-puerto-de-Tarragona-1024x630.jpg"},"portfolio":{"file":"Se-construira-un-centro-de-gestion-ferroportuario-en-puerto-de-Tarragona-495x400.jpg","width":495,"height":400,"mime_type":"image\/jpeg","source_url":"https:\/\/clusterlogistic.org\/wp-content\/uploads\/2021\/07\/Se-construira-un-centro-de-gestion-ferroportuario-en-puerto-de-Tarragona-495x400.jpg"},"portfolio_small":{"file":"Se-construira-un-centro-de-gestion-ferroportuario-en-puerto-de-Tarragona-260x185.jpg","width":260,"height":185,"mime_type":"image\/jpeg","source_url":"https:\/\/clusterlogistic.org\/wp-content\/uploads\/2021\/07\/Se-construira-un-centro-de-gestion-ferroportuario-en-puerto-de-Tarragona-260x185.jpg"},"gallery":{"file":"Se-construira-un-centro-de-gestion-ferroportuario-en-puerto-de-Tarragona-845x682.jpg","width":845,"height":682,"mime_type":"image\/jpeg","source_url":"https:\/\/clusterlogistic.org\/wp-content\/uploads\/2021\/07\/Se-construira-un-centro-de-gestion-ferroportuario-en-puerto-de-Tarragona-845x682.jpg"},"magazine":{"file":"Se-construira-un-centro-de-gestion-ferroportuario-en-puerto-de-Tarragona-710x375.jpg","width":710,"height":375,"mime_type":"image\/jpeg","source_url":"https:\/\/clusterlogistic.org\/wp-content\/uploads\/2021\/07\/Se-construira-un-centro-de-gestion-ferroportuario-en-puerto-de-Tarragona-710x375.jpg"},"masonry":{"file":"Se-construira-un-centro-de-gestion-ferroportuario-en-puerto-de-Tarragona-705x470.jpg","width":705,"height":470,"mime_type":"image\/jpeg","source_url":"https:\/\/clusterlogistic.org\/wp-content\/uploads\/2021\/07\/Se-construira-un-centro-de-gestion-ferroportuario-en-puerto-de-Tarragona-705x470.jpg"},"entry_with_sidebar":{"file":"Se-construira-un-centro-de-gestion-ferroportuario-en-puerto-de-Tarragona-845x321.jpg","width":845,"height":321,"mime_type":"image\/jpeg","source_url":"https:\/\/clusterlogistic.org\/wp-content\/uploads\/2021\/07\/Se-construira-un-centro-de-gestion-ferroportuario-en-puerto-de-Tarragona-845x321.jpg"},"entry_without_sidebar":{"file":"Se-construira-un-centro-de-gestion-ferroportuario-en-puerto-de-Tarragona-1024x423.jpg","width":1024,"height":423,"mime_type":"image\/jpeg","source_url":"https:\/\/clusterlogistic.org\/wp-content\/uploads\/2021\/07\/Se-construira-un-centro-de-gestion-ferroportuario-en-puerto-de-Tarragona-1024x423.jpg"},"full":{"file":"Se-construira-un-centro-de-gestion-ferroportuario-en-puerto-de-Tarragona.jpg","width":1024,"height":682,"mime_type":"image\/jpeg","source_url":"https:\/\/clusterlogistic.org\/wp-content\/uploads\/2021\/07\/Se-construira-un-centro-de-gestion-ferroportuario-en-puerto-de-Tarragona.jpg"}},"image_meta":{"aperture":"0","credit":"","camera":"","caption":"","created_timestamp":"0","copyright":"","focal_length":"0","iso":"0","shutter_speed":"0","title":"","orientation":"0","keywords":[]}},"post":4653,"source_url":"https:\/\/clusterlogistic.org\/wp-content\/uploads\/2021\/07\/Se-construira-un-centro-de-gestion-ferroportuario-en-puerto-de-Tarragona.jpg","_links":{"self":[{"href":"https:\/\/clusterlogistic.org\/es\/wp-json\/wp\/v2\/media\/4654","targetHints":{"allow":["GET"]}}],"collection":[{"href":"https:\/\/clusterlogistic.org\/es\/wp-json\/wp\/v2\/media"}],"about":[{"href":"https:\/\/clusterlogistic.org\/es\/wp-json\/wp\/v2\/types\/attachment"}],"author":[{"embeddable":true,"href":"https:\/\/clusterlogistic.org\/es\/wp-json\/wp\/v2\/users\/3"}],"replies":[{"embeddable":true,"href":"https:\/\/clusterlogistic.org\/es\/wp-json\/wp\/v2\/comments?post=4654"}],"wp:attached-to":[{"embeddable":true,"post_type":"post","id":4653,"href":"https:\/\/clusterlogistic.org\/es\/wp-json\/wp\/v2\/posts\/4653"}],"curies":[{"name":"wp","href":"https:\/\/api.w.org\/{rel}","templated":true}]}}