{"id":5049,"date":"2021-11-08T20:06:33","date_gmt":"2021-11-08T18:06:33","guid":{"rendered":"https:\/\/clusterlogistic.org\/wp-content\/uploads\/2021\/11\/Estacion-logistica-de-Amazon-creara-33_-mas-empleos-en-Tarragona.png"},"modified":"2021-11-08T20:06:33","modified_gmt":"2021-11-08T18:06:33","slug":"estacion-logistica-de-amazon-creara-33_-mas-empleos-en-tarragona","status":"inherit","type":"attachment","link":"https:\/\/clusterlogistic.org\/es\/estacion-logistica-de-amazon-creara-33-mas-empleos-en-tarragona\/estacion-logistica-de-amazon-creara-33_-mas-empleos-en-tarragona\/","title":{"rendered":"Estaci\u00f3n log\u00edstica de Amazon crear\u00e1 33_ m\u00e1s empleos en Tarragona"},"author":3,"featured_media":0,"comment_status":"closed","ping_status":"closed","template":"","meta":[],"class_list":["post-5049","attachment","type-attachment","status-inherit","hentry"],"yoast_head":"<!-- This site is optimized with the Yoast SEO plugin v27.4 - https:\/\/yoast.com\/product\/yoast-seo-wordpress\/ -->\n<title>Estaci\u00f3n log\u00edstica de Amazon crear\u00e1 33_ m\u00e1s empleos en Tarragona - Cl\u00faster Log\u00edstic de Catalunya<\/title>\n<meta name=\"robots\" content=\"index, follow, max-snippet:-1, max-image-preview:large, max-video-preview:-1\" \/>\n<link rel=\"canonical\" href=\"https:\/\/clusterlogistic.org\/wp-content\/uploads\/2021\/11\/Estacion-logistica-de-Amazon-creara-33_-mas-empleos-en-Tarragona.png\" \/>\n<meta property=\"og:locale\" content=\"es_ES\" \/>\n<meta property=\"og:type\" content=\"article\" \/>\n<meta property=\"og:title\" content=\"Estaci\u00f3n log\u00edstica de Amazon crear\u00e1 33_ m\u00e1s empleos en Tarragona - Cl\u00faster Log\u00edstic de Catalunya\" \/>\n<meta property=\"og:url\" content=\"https:\/\/clusterlogistic.org\/wp-content\/uploads\/2021\/11\/Estacion-logistica-de-Amazon-creara-33_-mas-empleos-en-Tarragona.png\" \/>\n<meta property=\"og:site_name\" content=\"Cl\u00faster Log\u00edstic de Catalunya\" \/>\n<meta property=\"og:image\" content=\"https:\/\/clusterlogistic.org\/wp-content\/uploads\/2021\/11\/Estacion-logistica-de-Amazon-creara-33_-mas-empleos-en-Tarragona.png\" \/>\n\t<meta property=\"og:image:width\" content=\"923\" \/>\n\t<meta property=\"og:image:height\" content=\"604\" \/>\n\t<meta property=\"og:image:type\" content=\"image\/png\" \/>\n<meta name=\"twitter:card\" content=\"summary_large_image\" \/>\n<script type=\"application\/ld+json\" class=\"yoast-schema-graph\">{\"@context\":\"https:\\\/\\\/schema.org\",\"@graph\":[{\"@type\":\"WebPage\",\"@id\":\"https:\\\/\\\/clusterlogistic.org\\\/wp-content\\\/uploads\\\/2021\\\/11\\\/Estacion-logistica-de-Amazon-creara-33_-mas-empleos-en-Tarragona.png\",\"url\":\"https:\\\/\\\/clusterlogistic.org\\\/wp-content\\\/uploads\\\/2021\\\/11\\\/Estacion-logistica-de-Amazon-creara-33_-mas-empleos-en-Tarragona.png\",\"name\":\"Estaci\u00f3n log\u00edstica de Amazon crear\u00e1 33_ m\u00e1s empleos en Tarragona - Cl\u00faster Log\u00edstic de Catalunya\",\"isPartOf\":{\"@id\":\"https:\\\/\\\/clusterlogistic.org\\\/es\\\/#website\"},\"datePublished\":\"2021-11-08T18:06:33+00:00\",\"breadcrumb\":{\"@id\":\"https:\\\/\\\/clusterlogistic.org\\\/wp-content\\\/uploads\\\/2021\\\/11\\\/Estacion-logistica-de-Amazon-creara-33_-mas-empleos-en-Tarragona.png#breadcrumb\"},\"inLanguage\":\"es\",\"potentialAction\":[{\"@type\":\"ReadAction\",\"target\":[\"https:\\\/\\\/clusterlogistic.org\\\/wp-content\\\/uploads\\\/2021\\\/11\\\/Estacion-logistica-de-Amazon-creara-33_-mas-empleos-en-Tarragona.png\"]}]},{\"@type\":\"BreadcrumbList\",\"@id\":\"https:\\\/\\\/clusterlogistic.org\\\/wp-content\\\/uploads\\\/2021\\\/11\\\/Estacion-logistica-de-Amazon-creara-33_-mas-empleos-en-Tarragona.png#breadcrumb\",\"itemListElement\":[{\"@type\":\"ListItem\",\"position\":1,\"name\":\"Portada\",\"item\":\"https:\\\/\\\/clusterlogistic.org\\\/es\\\/\"},{\"@type\":\"ListItem\",\"position\":2,\"name\":\"Estaci\u00f3n log\u00edstica de Amazon crear\u00e1 33% m\u00e1s empleos en Tarragona\",\"item\":\"https:\\\/\\\/clusterlogistic.org\\\/es\\\/estacion-logistica-de-amazon-creara-33-mas-empleos-en-tarragona\\\/\"},{\"@type\":\"ListItem\",\"position\":3,\"name\":\"Estaci\u00f3n log\u00edstica de Amazon crear\u00e1 33_ m\u00e1s empleos en Tarragona\"}]},{\"@type\":\"WebSite\",\"@id\":\"https:\\\/\\\/clusterlogistic.org\\\/es\\\/#website\",\"url\":\"https:\\\/\\\/clusterlogistic.org\\\/es\\\/\",\"name\":\"Cl\u00faster Log\u00edstic de Catalunya\",\"description\":\"associaci\u00f3 sense \u00e0nim de lucre\",\"publisher\":{\"@id\":\"https:\\\/\\\/clusterlogistic.org\\\/es\\\/#organization\"},\"potentialAction\":[{\"@type\":\"SearchAction\",\"target\":{\"@type\":\"EntryPoint\",\"urlTemplate\":\"https:\\\/\\\/clusterlogistic.org\\\/es\\\/?s={search_term_string}\"},\"query-input\":{\"@type\":\"PropertyValueSpecification\",\"valueRequired\":true,\"valueName\":\"search_term_string\"}}],\"inLanguage\":\"es\"},{\"@type\":\"Organization\",\"@id\":\"https:\\\/\\\/clusterlogistic.org\\\/es\\\/#organization\",\"name\":\"Cl\u00faster Log\u00edstic de Catalunya\",\"url\":\"https:\\\/\\\/clusterlogistic.org\\\/es\\\/\",\"logo\":{\"@type\":\"ImageObject\",\"inLanguage\":\"es\",\"@id\":\"https:\\\/\\\/clusterlogistic.org\\\/es\\\/#\\\/schema\\\/logo\\\/image\\\/\",\"url\":\"https:\\\/\\\/clusterlogistic.org\\\/wp-content\\\/uploads\\\/2017\\\/07\\\/cropped-Logo-CL-llegenda-gran.jpg\",\"contentUrl\":\"https:\\\/\\\/clusterlogistic.org\\\/wp-content\\\/uploads\\\/2017\\\/07\\\/cropped-Logo-CL-llegenda-gran.jpg\",\"width\":512,\"height\":512,\"caption\":\"Cl\u00faster Log\u00edstic de Catalunya\"},\"image\":{\"@id\":\"https:\\\/\\\/clusterlogistic.org\\\/es\\\/#\\\/schema\\\/logo\\\/image\\\/\"}}]}<\/script>\n<!-- \/ Yoast SEO plugin. -->","yoast_head_json":{"title":"Estaci\u00f3n log\u00edstica de Amazon crear\u00e1 33_ m\u00e1s empleos en Tarragona - Cl\u00faster Log\u00edstic de Catalunya","robots":{"index":"index","follow":"follow","max-snippet":"max-snippet:-1","max-image-preview":"max-image-preview:large","max-video-preview":"max-video-preview:-1"},"canonical":"https:\/\/clusterlogistic.org\/wp-content\/uploads\/2021\/11\/Estacion-logistica-de-Amazon-creara-33_-mas-empleos-en-Tarragona.png","og_locale":"es_ES","og_type":"article","og_title":"Estaci\u00f3n log\u00edstica de Amazon crear\u00e1 33_ m\u00e1s empleos en Tarragona - Cl\u00faster Log\u00edstic de Catalunya","og_url":"https:\/\/clusterlogistic.org\/wp-content\/uploads\/2021\/11\/Estacion-logistica-de-Amazon-creara-33_-mas-empleos-en-Tarragona.png","og_site_name":"Cl\u00faster Log\u00edstic de Catalunya","og_image":[{"width":923,"height":604,"url":"https:\/\/clusterlogistic.org\/wp-content\/uploads\/2021\/11\/Estacion-logistica-de-Amazon-creara-33_-mas-empleos-en-Tarragona.png","type":"image\/png"}],"twitter_card":"summary_large_image","schema":{"@context":"https:\/\/schema.org","@graph":[{"@type":"WebPage","@id":"https:\/\/clusterlogistic.org\/wp-content\/uploads\/2021\/11\/Estacion-logistica-de-Amazon-creara-33_-mas-empleos-en-Tarragona.png","url":"https:\/\/clusterlogistic.org\/wp-content\/uploads\/2021\/11\/Estacion-logistica-de-Amazon-creara-33_-mas-empleos-en-Tarragona.png","name":"Estaci\u00f3n log\u00edstica de Amazon crear\u00e1 33_ m\u00e1s empleos en Tarragona - Cl\u00faster Log\u00edstic de Catalunya","isPartOf":{"@id":"https:\/\/clusterlogistic.org\/es\/#website"},"datePublished":"2021-11-08T18:06:33+00:00","breadcrumb":{"@id":"https:\/\/clusterlogistic.org\/wp-content\/uploads\/2021\/11\/Estacion-logistica-de-Amazon-creara-33_-mas-empleos-en-Tarragona.png#breadcrumb"},"inLanguage":"es","potentialAction":[{"@type":"ReadAction","target":["https:\/\/clusterlogistic.org\/wp-content\/uploads\/2021\/11\/Estacion-logistica-de-Amazon-creara-33_-mas-empleos-en-Tarragona.png"]}]},{"@type":"BreadcrumbList","@id":"https:\/\/clusterlogistic.org\/wp-content\/uploads\/2021\/11\/Estacion-logistica-de-Amazon-creara-33_-mas-empleos-en-Tarragona.png#breadcrumb","itemListElement":[{"@type":"ListItem","position":1,"name":"Portada","item":"https:\/\/clusterlogistic.org\/es\/"},{"@type":"ListItem","position":2,"name":"Estaci\u00f3n log\u00edstica de Amazon crear\u00e1 33% m\u00e1s empleos en Tarragona","item":"https:\/\/clusterlogistic.org\/es\/estacion-logistica-de-amazon-creara-33-mas-empleos-en-tarragona\/"},{"@type":"ListItem","position":3,"name":"Estaci\u00f3n log\u00edstica de Amazon crear\u00e1 33_ m\u00e1s empleos en Tarragona"}]},{"@type":"WebSite","@id":"https:\/\/clusterlogistic.org\/es\/#website","url":"https:\/\/clusterlogistic.org\/es\/","name":"Cl\u00faster Log\u00edstic de Catalunya","description":"associaci\u00f3 sense \u00e0nim de lucre","publisher":{"@id":"https:\/\/clusterlogistic.org\/es\/#organization"},"potentialAction":[{"@type":"SearchAction","target":{"@type":"EntryPoint","urlTemplate":"https:\/\/clusterlogistic.org\/es\/?s={search_term_string}"},"query-input":{"@type":"PropertyValueSpecification","valueRequired":true,"valueName":"search_term_string"}}],"inLanguage":"es"},{"@type":"Organization","@id":"https:\/\/clusterlogistic.org\/es\/#organization","name":"Cl\u00faster Log\u00edstic de Catalunya","url":"https:\/\/clusterlogistic.org\/es\/","logo":{"@type":"ImageObject","inLanguage":"es","@id":"https:\/\/clusterlogistic.org\/es\/#\/schema\/logo\/image\/","url":"https:\/\/clusterlogistic.org\/wp-content\/uploads\/2017\/07\/cropped-Logo-CL-llegenda-gran.jpg","contentUrl":"https:\/\/clusterlogistic.org\/wp-content\/uploads\/2017\/07\/cropped-Logo-CL-llegenda-gran.jpg","width":512,"height":512,"caption":"Cl\u00faster Log\u00edstic de Catalunya"},"image":{"@id":"https:\/\/clusterlogistic.org\/es\/#\/schema\/logo\/image\/"}}]}},"description":{"rendered":"<p class=\"attachment\"><a href='https:\/\/clusterlogistic.org\/wp-content\/uploads\/2021\/11\/Estacion-logistica-de-Amazon-creara-33_-mas-empleos-en-Tarragona.png'><img loading=\"lazy\" decoding=\"async\" width=\"300\" height=\"196\" src=\"https:\/\/clusterlogistic.org\/wp-content\/uploads\/2021\/11\/Estacion-logistica-de-Amazon-creara-33_-mas-empleos-en-Tarragona-300x196.png\" class=\"attachment-medium size-medium\" alt=\"\" srcset=\"https:\/\/clusterlogistic.org\/wp-content\/uploads\/2021\/11\/Estacion-logistica-de-Amazon-creara-33_-mas-empleos-en-Tarragona-300x196.png 300w, https:\/\/clusterlogistic.org\/wp-content\/uploads\/2021\/11\/Estacion-logistica-de-Amazon-creara-33_-mas-empleos-en-Tarragona-768x503.png 768w, https:\/\/clusterlogistic.org\/wp-content\/uploads\/2021\/11\/Estacion-logistica-de-Amazon-creara-33_-mas-empleos-en-Tarragona-705x461.png 705w, https:\/\/clusterlogistic.org\/wp-content\/uploads\/2021\/11\/Estacion-logistica-de-Amazon-creara-33_-mas-empleos-en-Tarragona.png 923w\" sizes=\"auto, (max-width: 300px) 100vw, 300px\" \/><\/a><\/p>\n"},"caption":{"rendered":""},"alt_text":"","media_type":"image","mime_type":"image\/png","media_details":{"width":923,"height":604,"file":"2021\/11\/Estacion-logistica-de-Amazon-creara-33_-mas-empleos-en-Tarragona.png","sizes":{"medium":{"file":"Estacion-logistica-de-Amazon-creara-33_-mas-empleos-en-Tarragona-300x196.png","width":300,"height":196,"mime_type":"image\/png","source_url":"https:\/\/clusterlogistic.org\/wp-content\/uploads\/2021\/11\/Estacion-logistica-de-Amazon-creara-33_-mas-empleos-en-Tarragona-300x196.png"},"thumbnail":{"file":"Estacion-logistica-de-Amazon-creara-33_-mas-empleos-en-Tarragona-80x80.png","width":80,"height":80,"mime_type":"image\/png","source_url":"https:\/\/clusterlogistic.org\/wp-content\/uploads\/2021\/11\/Estacion-logistica-de-Amazon-creara-33_-mas-empleos-en-Tarragona-80x80.png"},"medium_large":{"file":"Estacion-logistica-de-Amazon-creara-33_-mas-empleos-en-Tarragona-768x503.png","width":768,"height":503,"mime_type":"image\/png","source_url":"https:\/\/clusterlogistic.org\/wp-content\/uploads\/2021\/11\/Estacion-logistica-de-Amazon-creara-33_-mas-empleos-en-Tarragona-768x503.png"},"widget":{"file":"Estacion-logistica-de-Amazon-creara-33_-mas-empleos-en-Tarragona-36x36.png","width":36,"height":36,"mime_type":"image\/png","source_url":"https:\/\/clusterlogistic.org\/wp-content\/uploads\/2021\/11\/Estacion-logistica-de-Amazon-creara-33_-mas-empleos-en-Tarragona-36x36.png"},"square":{"file":"Estacion-logistica-de-Amazon-creara-33_-mas-empleos-en-Tarragona-180x180.png","width":180,"height":180,"mime_type":"image\/png","source_url":"https:\/\/clusterlogistic.org\/wp-content\/uploads\/2021\/11\/Estacion-logistica-de-Amazon-creara-33_-mas-empleos-en-Tarragona-180x180.png"},"featured":{"file":"Estacion-logistica-de-Amazon-creara-33_-mas-empleos-en-Tarragona-923x430.png","width":923,"height":430,"mime_type":"image\/png","source_url":"https:\/\/clusterlogistic.org\/wp-content\/uploads\/2021\/11\/Estacion-logistica-de-Amazon-creara-33_-mas-empleos-en-Tarragona-923x430.png"},"portfolio":{"file":"Estacion-logistica-de-Amazon-creara-33_-mas-empleos-en-Tarragona-495x400.png","width":495,"height":400,"mime_type":"image\/png","source_url":"https:\/\/clusterlogistic.org\/wp-content\/uploads\/2021\/11\/Estacion-logistica-de-Amazon-creara-33_-mas-empleos-en-Tarragona-495x400.png"},"portfolio_small":{"file":"Estacion-logistica-de-Amazon-creara-33_-mas-empleos-en-Tarragona-260x185.png","width":260,"height":185,"mime_type":"image\/png","source_url":"https:\/\/clusterlogistic.org\/wp-content\/uploads\/2021\/11\/Estacion-logistica-de-Amazon-creara-33_-mas-empleos-en-Tarragona-260x185.png"},"gallery":{"file":"Estacion-logistica-de-Amazon-creara-33_-mas-empleos-en-Tarragona-845x604.png","width":845,"height":604,"mime_type":"image\/png","source_url":"https:\/\/clusterlogistic.org\/wp-content\/uploads\/2021\/11\/Estacion-logistica-de-Amazon-creara-33_-mas-empleos-en-Tarragona-845x604.png"},"magazine":{"file":"Estacion-logistica-de-Amazon-creara-33_-mas-empleos-en-Tarragona-710x375.png","width":710,"height":375,"mime_type":"image\/png","source_url":"https:\/\/clusterlogistic.org\/wp-content\/uploads\/2021\/11\/Estacion-logistica-de-Amazon-creara-33_-mas-empleos-en-Tarragona-710x375.png"},"masonry":{"file":"Estacion-logistica-de-Amazon-creara-33_-mas-empleos-en-Tarragona-705x461.png","width":705,"height":461,"mime_type":"image\/png","source_url":"https:\/\/clusterlogistic.org\/wp-content\/uploads\/2021\/11\/Estacion-logistica-de-Amazon-creara-33_-mas-empleos-en-Tarragona-705x461.png"},"entry_with_sidebar":{"file":"Estacion-logistica-de-Amazon-creara-33_-mas-empleos-en-Tarragona-845x321.png","width":845,"height":321,"mime_type":"image\/png","source_url":"https:\/\/clusterlogistic.org\/wp-content\/uploads\/2021\/11\/Estacion-logistica-de-Amazon-creara-33_-mas-empleos-en-Tarragona-845x321.png"},"entry_without_sidebar":{"file":"Estacion-logistica-de-Amazon-creara-33_-mas-empleos-en-Tarragona-923x423.png","width":923,"height":423,"mime_type":"image\/png","source_url":"https:\/\/clusterlogistic.org\/wp-content\/uploads\/2021\/11\/Estacion-logistica-de-Amazon-creara-33_-mas-empleos-en-Tarragona-923x423.png"},"full":{"file":"Estacion-logistica-de-Amazon-creara-33_-mas-empleos-en-Tarragona.png","width":923,"height":604,"mime_type":"image\/png","source_url":"https:\/\/clusterlogistic.org\/wp-content\/uploads\/2021\/11\/Estacion-logistica-de-Amazon-creara-33_-mas-empleos-en-Tarragona.png"}},"image_meta":{"aperture":"0","credit":"","camera":"","caption":"","created_timestamp":"0","copyright":"","focal_length":"0","iso":"0","shutter_speed":"0","title":"","orientation":"0","keywords":[]}},"post":5048,"source_url":"https:\/\/clusterlogistic.org\/wp-content\/uploads\/2021\/11\/Estacion-logistica-de-Amazon-creara-33_-mas-empleos-en-Tarragona.png","_links":{"self":[{"href":"https:\/\/clusterlogistic.org\/es\/wp-json\/wp\/v2\/media\/5049","targetHints":{"allow":["GET"]}}],"collection":[{"href":"https:\/\/clusterlogistic.org\/es\/wp-json\/wp\/v2\/media"}],"about":[{"href":"https:\/\/clusterlogistic.org\/es\/wp-json\/wp\/v2\/types\/attachment"}],"author":[{"embeddable":true,"href":"https:\/\/clusterlogistic.org\/es\/wp-json\/wp\/v2\/users\/3"}],"replies":[{"embeddable":true,"href":"https:\/\/clusterlogistic.org\/es\/wp-json\/wp\/v2\/comments?post=5049"}],"wp:attached-to":[{"embeddable":true,"post_type":"post","id":5048,"href":"https:\/\/clusterlogistic.org\/es\/wp-json\/wp\/v2\/posts\/5048"}],"curies":[{"name":"wp","href":"https:\/\/api.w.org\/{rel}","templated":true}]}}