{"id":7323,"date":"2023-10-25T11:43:19","date_gmt":"2023-10-25T09:43:19","guid":{"rendered":"https:\/\/clusterlogistic.org\/wp-content\/uploads\/2023\/10\/El-Port-licita-construccion-de-subestacion-electrica-para-impulsar-la-descarbonizacion.jpg"},"modified":"2023-10-25T11:43:25","modified_gmt":"2023-10-25T09:43:25","slug":"el-port-licita-construccion-de-subestacion-electrica-para-impulsar-la-descarbonizacion","status":"inherit","type":"attachment","link":"https:\/\/clusterlogistic.org\/es\/el-port-licita-construccion-de-subestacion-electrica-para-impulsar-la-descarbonizacion\/el-port-licita-construccion-de-subestacion-electrica-para-impulsar-la-descarbonizacion\/","title":{"rendered":"El Port licita construcci\u00f3n de subestaci\u00f3n el\u00e9ctrica para impulsar la descarbonizaci\u00f3n"},"author":3,"featured_media":0,"comment_status":"closed","ping_status":"closed","template":"","meta":[],"class_list":["post-7323","attachment","type-attachment","status-inherit","hentry"],"yoast_head":"<!-- This site is optimized with the Yoast SEO plugin v27.4 - https:\/\/yoast.com\/product\/yoast-seo-wordpress\/ -->\n<title>El Port licita construcci\u00f3n de subestaci\u00f3n el\u00e9ctrica para impulsar la descarbonizaci\u00f3n - Cl\u00faster Log\u00edstic de Catalunya<\/title>\n<meta name=\"robots\" content=\"index, follow, max-snippet:-1, max-image-preview:large, max-video-preview:-1\" \/>\n<link rel=\"canonical\" href=\"https:\/\/clusterlogistic.org\/wp-content\/uploads\/2023\/10\/El-Port-licita-construccion-de-subestacion-electrica-para-impulsar-la-descarbonizacion.jpg\" \/>\n<meta property=\"og:locale\" content=\"es_ES\" \/>\n<meta property=\"og:type\" content=\"article\" \/>\n<meta property=\"og:title\" content=\"El Port licita construcci\u00f3n de subestaci\u00f3n el\u00e9ctrica para impulsar la descarbonizaci\u00f3n - Cl\u00faster Log\u00edstic de Catalunya\" \/>\n<meta property=\"og:url\" content=\"https:\/\/clusterlogistic.org\/wp-content\/uploads\/2023\/10\/El-Port-licita-construccion-de-subestacion-electrica-para-impulsar-la-descarbonizacion.jpg\" \/>\n<meta property=\"og:site_name\" content=\"Cl\u00faster Log\u00edstic de Catalunya\" \/>\n<meta property=\"article:modified_time\" content=\"2023-10-25T09:43:25+00:00\" \/>\n<meta property=\"og:image\" content=\"https:\/\/clusterlogistic.org\/wp-content\/uploads\/2023\/10\/El-Port-licita-construccion-de-subestacion-electrica-para-impulsar-la-descarbonizacion.jpg\" \/>\n\t<meta property=\"og:image:width\" content=\"1500\" \/>\n\t<meta property=\"og:image:height\" content=\"1000\" \/>\n\t<meta property=\"og:image:type\" content=\"image\/jpeg\" \/>\n<meta name=\"twitter:card\" content=\"summary_large_image\" \/>\n<script type=\"application\/ld+json\" class=\"yoast-schema-graph\">{\"@context\":\"https:\\\/\\\/schema.org\",\"@graph\":[{\"@type\":\"WebPage\",\"@id\":\"https:\\\/\\\/clusterlogistic.org\\\/wp-content\\\/uploads\\\/2023\\\/10\\\/El-Port-licita-construccion-de-subestacion-electrica-para-impulsar-la-descarbonizacion.jpg\",\"url\":\"https:\\\/\\\/clusterlogistic.org\\\/wp-content\\\/uploads\\\/2023\\\/10\\\/El-Port-licita-construccion-de-subestacion-electrica-para-impulsar-la-descarbonizacion.jpg\",\"name\":\"El Port licita construcci\u00f3n de subestaci\u00f3n el\u00e9ctrica para impulsar la descarbonizaci\u00f3n - Cl\u00faster Log\u00edstic de Catalunya\",\"isPartOf\":{\"@id\":\"https:\\\/\\\/clusterlogistic.org\\\/es\\\/#website\"},\"datePublished\":\"2023-10-25T09:43:19+00:00\",\"dateModified\":\"2023-10-25T09:43:25+00:00\",\"breadcrumb\":{\"@id\":\"https:\\\/\\\/clusterlogistic.org\\\/wp-content\\\/uploads\\\/2023\\\/10\\\/El-Port-licita-construccion-de-subestacion-electrica-para-impulsar-la-descarbonizacion.jpg#breadcrumb\"},\"inLanguage\":\"es\",\"potentialAction\":[{\"@type\":\"ReadAction\",\"target\":[\"https:\\\/\\\/clusterlogistic.org\\\/wp-content\\\/uploads\\\/2023\\\/10\\\/El-Port-licita-construccion-de-subestacion-electrica-para-impulsar-la-descarbonizacion.jpg\"]}]},{\"@type\":\"BreadcrumbList\",\"@id\":\"https:\\\/\\\/clusterlogistic.org\\\/wp-content\\\/uploads\\\/2023\\\/10\\\/El-Port-licita-construccion-de-subestacion-electrica-para-impulsar-la-descarbonizacion.jpg#breadcrumb\",\"itemListElement\":[{\"@type\":\"ListItem\",\"position\":1,\"name\":\"Portada\",\"item\":\"https:\\\/\\\/clusterlogistic.org\\\/es\\\/\"},{\"@type\":\"ListItem\",\"position\":2,\"name\":\"El Port licita construcci\u00f3n de subestaci\u00f3n el\u00e9ctrica para impulsar la descarbonizaci\u00f3n\",\"item\":\"https:\\\/\\\/clusterlogistic.org\\\/el-port-licita-construccio-de-subestacio-electrica-per-impulsar-la-descarbonitzacio\\\/\"},{\"@type\":\"ListItem\",\"position\":3,\"name\":\"El Port licita construcci\u00f3n de subestaci\u00f3n el\u00e9ctrica para impulsar la descarbonizaci\u00f3n\"}]},{\"@type\":\"WebSite\",\"@id\":\"https:\\\/\\\/clusterlogistic.org\\\/es\\\/#website\",\"url\":\"https:\\\/\\\/clusterlogistic.org\\\/es\\\/\",\"name\":\"Cl\u00faster Log\u00edstic de Catalunya\",\"description\":\"associaci\u00f3 sense \u00e0nim de lucre\",\"publisher\":{\"@id\":\"https:\\\/\\\/clusterlogistic.org\\\/es\\\/#organization\"},\"potentialAction\":[{\"@type\":\"SearchAction\",\"target\":{\"@type\":\"EntryPoint\",\"urlTemplate\":\"https:\\\/\\\/clusterlogistic.org\\\/es\\\/?s={search_term_string}\"},\"query-input\":{\"@type\":\"PropertyValueSpecification\",\"valueRequired\":true,\"valueName\":\"search_term_string\"}}],\"inLanguage\":\"es\"},{\"@type\":\"Organization\",\"@id\":\"https:\\\/\\\/clusterlogistic.org\\\/es\\\/#organization\",\"name\":\"Cl\u00faster Log\u00edstic de Catalunya\",\"url\":\"https:\\\/\\\/clusterlogistic.org\\\/es\\\/\",\"logo\":{\"@type\":\"ImageObject\",\"inLanguage\":\"es\",\"@id\":\"https:\\\/\\\/clusterlogistic.org\\\/es\\\/#\\\/schema\\\/logo\\\/image\\\/\",\"url\":\"https:\\\/\\\/clusterlogistic.org\\\/wp-content\\\/uploads\\\/2017\\\/07\\\/cropped-Logo-CL-llegenda-gran.jpg\",\"contentUrl\":\"https:\\\/\\\/clusterlogistic.org\\\/wp-content\\\/uploads\\\/2017\\\/07\\\/cropped-Logo-CL-llegenda-gran.jpg\",\"width\":512,\"height\":512,\"caption\":\"Cl\u00faster Log\u00edstic de Catalunya\"},\"image\":{\"@id\":\"https:\\\/\\\/clusterlogistic.org\\\/es\\\/#\\\/schema\\\/logo\\\/image\\\/\"}}]}<\/script>\n<!-- \/ Yoast SEO plugin. -->","yoast_head_json":{"title":"El Port licita construcci\u00f3n de subestaci\u00f3n el\u00e9ctrica para impulsar la descarbonizaci\u00f3n - Cl\u00faster Log\u00edstic de Catalunya","robots":{"index":"index","follow":"follow","max-snippet":"max-snippet:-1","max-image-preview":"max-image-preview:large","max-video-preview":"max-video-preview:-1"},"canonical":"https:\/\/clusterlogistic.org\/wp-content\/uploads\/2023\/10\/El-Port-licita-construccion-de-subestacion-electrica-para-impulsar-la-descarbonizacion.jpg","og_locale":"es_ES","og_type":"article","og_title":"El Port licita construcci\u00f3n de subestaci\u00f3n el\u00e9ctrica para impulsar la descarbonizaci\u00f3n - Cl\u00faster Log\u00edstic de Catalunya","og_url":"https:\/\/clusterlogistic.org\/wp-content\/uploads\/2023\/10\/El-Port-licita-construccion-de-subestacion-electrica-para-impulsar-la-descarbonizacion.jpg","og_site_name":"Cl\u00faster Log\u00edstic de Catalunya","article_modified_time":"2023-10-25T09:43:25+00:00","og_image":[{"width":1500,"height":1000,"url":"https:\/\/clusterlogistic.org\/wp-content\/uploads\/2023\/10\/El-Port-licita-construccion-de-subestacion-electrica-para-impulsar-la-descarbonizacion.jpg","type":"image\/jpeg"}],"twitter_card":"summary_large_image","schema":{"@context":"https:\/\/schema.org","@graph":[{"@type":"WebPage","@id":"https:\/\/clusterlogistic.org\/wp-content\/uploads\/2023\/10\/El-Port-licita-construccion-de-subestacion-electrica-para-impulsar-la-descarbonizacion.jpg","url":"https:\/\/clusterlogistic.org\/wp-content\/uploads\/2023\/10\/El-Port-licita-construccion-de-subestacion-electrica-para-impulsar-la-descarbonizacion.jpg","name":"El Port licita construcci\u00f3n de subestaci\u00f3n el\u00e9ctrica para impulsar la descarbonizaci\u00f3n - Cl\u00faster Log\u00edstic de Catalunya","isPartOf":{"@id":"https:\/\/clusterlogistic.org\/es\/#website"},"datePublished":"2023-10-25T09:43:19+00:00","dateModified":"2023-10-25T09:43:25+00:00","breadcrumb":{"@id":"https:\/\/clusterlogistic.org\/wp-content\/uploads\/2023\/10\/El-Port-licita-construccion-de-subestacion-electrica-para-impulsar-la-descarbonizacion.jpg#breadcrumb"},"inLanguage":"es","potentialAction":[{"@type":"ReadAction","target":["https:\/\/clusterlogistic.org\/wp-content\/uploads\/2023\/10\/El-Port-licita-construccion-de-subestacion-electrica-para-impulsar-la-descarbonizacion.jpg"]}]},{"@type":"BreadcrumbList","@id":"https:\/\/clusterlogistic.org\/wp-content\/uploads\/2023\/10\/El-Port-licita-construccion-de-subestacion-electrica-para-impulsar-la-descarbonizacion.jpg#breadcrumb","itemListElement":[{"@type":"ListItem","position":1,"name":"Portada","item":"https:\/\/clusterlogistic.org\/es\/"},{"@type":"ListItem","position":2,"name":"El Port licita construcci\u00f3n de subestaci\u00f3n el\u00e9ctrica para impulsar la descarbonizaci\u00f3n","item":"https:\/\/clusterlogistic.org\/el-port-licita-construccio-de-subestacio-electrica-per-impulsar-la-descarbonitzacio\/"},{"@type":"ListItem","position":3,"name":"El Port licita construcci\u00f3n de subestaci\u00f3n el\u00e9ctrica para impulsar la descarbonizaci\u00f3n"}]},{"@type":"WebSite","@id":"https:\/\/clusterlogistic.org\/es\/#website","url":"https:\/\/clusterlogistic.org\/es\/","name":"Cl\u00faster Log\u00edstic de Catalunya","description":"associaci\u00f3 sense \u00e0nim de lucre","publisher":{"@id":"https:\/\/clusterlogistic.org\/es\/#organization"},"potentialAction":[{"@type":"SearchAction","target":{"@type":"EntryPoint","urlTemplate":"https:\/\/clusterlogistic.org\/es\/?s={search_term_string}"},"query-input":{"@type":"PropertyValueSpecification","valueRequired":true,"valueName":"search_term_string"}}],"inLanguage":"es"},{"@type":"Organization","@id":"https:\/\/clusterlogistic.org\/es\/#organization","name":"Cl\u00faster Log\u00edstic de Catalunya","url":"https:\/\/clusterlogistic.org\/es\/","logo":{"@type":"ImageObject","inLanguage":"es","@id":"https:\/\/clusterlogistic.org\/es\/#\/schema\/logo\/image\/","url":"https:\/\/clusterlogistic.org\/wp-content\/uploads\/2017\/07\/cropped-Logo-CL-llegenda-gran.jpg","contentUrl":"https:\/\/clusterlogistic.org\/wp-content\/uploads\/2017\/07\/cropped-Logo-CL-llegenda-gran.jpg","width":512,"height":512,"caption":"Cl\u00faster Log\u00edstic de Catalunya"},"image":{"@id":"https:\/\/clusterlogistic.org\/es\/#\/schema\/logo\/image\/"}}]}},"description":{"rendered":"<p class=\"attachment\"><a href='https:\/\/clusterlogistic.org\/wp-content\/uploads\/2023\/10\/El-Port-licita-construccion-de-subestacion-electrica-para-impulsar-la-descarbonizacion.jpg'><img loading=\"lazy\" decoding=\"async\" width=\"300\" height=\"200\" src=\"https:\/\/clusterlogistic.org\/wp-content\/uploads\/2023\/10\/El-Port-licita-construccion-de-subestacion-electrica-para-impulsar-la-descarbonizacion-300x200.jpg\" class=\"attachment-medium size-medium\" alt=\"El Port licita construcci\u00f3n de subestaci\u00f3n el\u00e9ctrica para impulsar la descarbonizaci\u00f3n\" srcset=\"https:\/\/clusterlogistic.org\/wp-content\/uploads\/2023\/10\/El-Port-licita-construccion-de-subestacion-electrica-para-impulsar-la-descarbonizacion-300x200.jpg 300w, https:\/\/clusterlogistic.org\/wp-content\/uploads\/2023\/10\/El-Port-licita-construccion-de-subestacion-electrica-para-impulsar-la-descarbonizacion-1030x687.jpg 1030w, https:\/\/clusterlogistic.org\/wp-content\/uploads\/2023\/10\/El-Port-licita-construccion-de-subestacion-electrica-para-impulsar-la-descarbonizacion-768x512.jpg 768w, https:\/\/clusterlogistic.org\/wp-content\/uploads\/2023\/10\/El-Port-licita-construccion-de-subestacion-electrica-para-impulsar-la-descarbonizacion-705x470.jpg 705w, https:\/\/clusterlogistic.org\/wp-content\/uploads\/2023\/10\/El-Port-licita-construccion-de-subestacion-electrica-para-impulsar-la-descarbonizacion.jpg 1500w\" sizes=\"auto, (max-width: 300px) 100vw, 300px\" \/><\/a><\/p>\n"},"caption":{"rendered":""},"alt_text":"El Port licita construcci\u00f3n de subestaci\u00f3n el\u00e9ctrica para impulsar la descarbonizaci\u00f3n","media_type":"image","mime_type":"image\/jpeg","media_details":{"width":1500,"height":1000,"file":"2023\/10\/El-Port-licita-construccion-de-subestacion-electrica-para-impulsar-la-descarbonizacion.jpg","filesize":477775,"sizes":{"medium":{"file":"El-Port-licita-construccion-de-subestacion-electrica-para-impulsar-la-descarbonizacion-300x200.jpg","width":300,"height":200,"filesize":133186,"mime_type":"image\/jpeg","source_url":"https:\/\/clusterlogistic.org\/wp-content\/uploads\/2023\/10\/El-Port-licita-construccion-de-subestacion-electrica-para-impulsar-la-descarbonizacion-300x200.jpg"},"large":{"file":"El-Port-licita-construccion-de-subestacion-electrica-para-impulsar-la-descarbonizacion-1030x687.jpg","width":1030,"height":687,"filesize":1112810,"mime_type":"image\/jpeg","source_url":"https:\/\/clusterlogistic.org\/wp-content\/uploads\/2023\/10\/El-Port-licita-construccion-de-subestacion-electrica-para-impulsar-la-descarbonizacion-1030x687.jpg"},"thumbnail":{"file":"El-Port-licita-construccion-de-subestacion-electrica-para-impulsar-la-descarbonizacion-80x80.jpg","width":80,"height":80,"filesize":16062,"mime_type":"image\/jpeg","source_url":"https:\/\/clusterlogistic.org\/wp-content\/uploads\/2023\/10\/El-Port-licita-construccion-de-subestacion-electrica-para-impulsar-la-descarbonizacion-80x80.jpg"},"medium_large":{"file":"El-Port-licita-construccion-de-subestacion-electrica-para-impulsar-la-descarbonizacion-768x512.jpg","width":768,"height":512,"filesize":692724,"mime_type":"image\/jpeg","source_url":"https:\/\/clusterlogistic.org\/wp-content\/uploads\/2023\/10\/El-Port-licita-construccion-de-subestacion-electrica-para-impulsar-la-descarbonizacion-768x512.jpg"},"widget":{"file":"El-Port-licita-construccion-de-subestacion-electrica-para-impulsar-la-descarbonizacion-36x36.jpg","width":36,"height":36,"filesize":4518,"mime_type":"image\/jpeg","source_url":"https:\/\/clusterlogistic.org\/wp-content\/uploads\/2023\/10\/El-Port-licita-construccion-de-subestacion-electrica-para-impulsar-la-descarbonizacion-36x36.jpg"},"square":{"file":"El-Port-licita-construccion-de-subestacion-electrica-para-impulsar-la-descarbonizacion-180x180.jpg","width":180,"height":180,"filesize":73994,"mime_type":"image\/jpeg","source_url":"https:\/\/clusterlogistic.org\/wp-content\/uploads\/2023\/10\/El-Port-licita-construccion-de-subestacion-electrica-para-impulsar-la-descarbonizacion-180x180.jpg"},"featured":{"file":"El-Port-licita-construccion-de-subestacion-electrica-para-impulsar-la-descarbonizacion-1500x430.jpg","width":1500,"height":430,"filesize":831073,"mime_type":"image\/jpeg","source_url":"https:\/\/clusterlogistic.org\/wp-content\/uploads\/2023\/10\/El-Port-licita-construccion-de-subestacion-electrica-para-impulsar-la-descarbonizacion-1500x430.jpg"},"featured_large":{"file":"El-Port-licita-construccion-de-subestacion-electrica-para-impulsar-la-descarbonizacion-1500x630.jpg","width":1500,"height":630,"filesize":1207088,"mime_type":"image\/jpeg","source_url":"https:\/\/clusterlogistic.org\/wp-content\/uploads\/2023\/10\/El-Port-licita-construccion-de-subestacion-electrica-para-impulsar-la-descarbonizacion-1500x630.jpg"},"portfolio":{"file":"El-Port-licita-construccion-de-subestacion-electrica-para-impulsar-la-descarbonizacion-495x400.jpg","width":495,"height":400,"filesize":373292,"mime_type":"image\/jpeg","source_url":"https:\/\/clusterlogistic.org\/wp-content\/uploads\/2023\/10\/El-Port-licita-construccion-de-subestacion-electrica-para-impulsar-la-descarbonizacion-495x400.jpg"},"portfolio_small":{"file":"El-Port-licita-construccion-de-subestacion-electrica-para-impulsar-la-descarbonizacion-260x185.jpg","width":260,"height":185,"filesize":109418,"mime_type":"image\/jpeg","source_url":"https:\/\/clusterlogistic.org\/wp-content\/uploads\/2023\/10\/El-Port-licita-construccion-de-subestacion-electrica-para-impulsar-la-descarbonizacion-260x185.jpg"},"gallery":{"file":"El-Port-licita-construccion-de-subestacion-electrica-para-impulsar-la-descarbonizacion-845x684.jpg","width":845,"height":684,"filesize":897301,"mime_type":"image\/jpeg","source_url":"https:\/\/clusterlogistic.org\/wp-content\/uploads\/2023\/10\/El-Port-licita-construccion-de-subestacion-electrica-para-impulsar-la-descarbonizacion-845x684.jpg"},"magazine":{"file":"El-Port-licita-construccion-de-subestacion-electrica-para-impulsar-la-descarbonizacion-710x375.jpg","width":710,"height":375,"filesize":503084,"mime_type":"image\/jpeg","source_url":"https:\/\/clusterlogistic.org\/wp-content\/uploads\/2023\/10\/El-Port-licita-construccion-de-subestacion-electrica-para-impulsar-la-descarbonizacion-710x375.jpg"},"masonry":{"file":"El-Port-licita-construccion-de-subestacion-electrica-para-impulsar-la-descarbonizacion-705x470.jpg","width":705,"height":470,"filesize":606236,"mime_type":"image\/jpeg","source_url":"https:\/\/clusterlogistic.org\/wp-content\/uploads\/2023\/10\/El-Port-licita-construccion-de-subestacion-electrica-para-impulsar-la-descarbonizacion-705x470.jpg"},"entry_with_sidebar":{"file":"El-Port-licita-construccion-de-subestacion-electrica-para-impulsar-la-descarbonizacion-845x321.jpg","width":845,"height":321,"filesize":485352,"mime_type":"image\/jpeg","source_url":"https:\/\/clusterlogistic.org\/wp-content\/uploads\/2023\/10\/El-Port-licita-construccion-de-subestacion-electrica-para-impulsar-la-descarbonizacion-845x321.jpg"},"entry_without_sidebar":{"file":"El-Port-licita-construccion-de-subestacion-electrica-para-impulsar-la-descarbonizacion-1210x423.jpg","width":1210,"height":423,"filesize":778043,"mime_type":"image\/jpeg","source_url":"https:\/\/clusterlogistic.org\/wp-content\/uploads\/2023\/10\/El-Port-licita-construccion-de-subestacion-electrica-para-impulsar-la-descarbonizacion-1210x423.jpg"},"cmplz_banner_image":{"file":"El-Port-licita-construccion-de-subestacion-electrica-para-impulsar-la-descarbonizacion-350x100.jpg","width":350,"height":100,"filesize":81975,"mime_type":"image\/jpeg","source_url":"https:\/\/clusterlogistic.org\/wp-content\/uploads\/2023\/10\/El-Port-licita-construccion-de-subestacion-electrica-para-impulsar-la-descarbonizacion-350x100.jpg"},"full":{"file":"El-Port-licita-construccion-de-subestacion-electrica-para-impulsar-la-descarbonizacion.jpg","width":1500,"height":1000,"mime_type":"image\/jpeg","source_url":"https:\/\/clusterlogistic.org\/wp-content\/uploads\/2023\/10\/El-Port-licita-construccion-de-subestacion-electrica-para-impulsar-la-descarbonizacion.jpg"}},"image_meta":{"aperture":"0","credit":"","camera":"","caption":"","created_timestamp":"0","copyright":"","focal_length":"0","iso":"0","shutter_speed":"0","title":"","orientation":"0","keywords":[]}},"post":7322,"source_url":"https:\/\/clusterlogistic.org\/wp-content\/uploads\/2023\/10\/El-Port-licita-construccion-de-subestacion-electrica-para-impulsar-la-descarbonizacion.jpg","_links":{"self":[{"href":"https:\/\/clusterlogistic.org\/es\/wp-json\/wp\/v2\/media\/7323","targetHints":{"allow":["GET"]}}],"collection":[{"href":"https:\/\/clusterlogistic.org\/es\/wp-json\/wp\/v2\/media"}],"about":[{"href":"https:\/\/clusterlogistic.org\/es\/wp-json\/wp\/v2\/types\/attachment"}],"author":[{"embeddable":true,"href":"https:\/\/clusterlogistic.org\/es\/wp-json\/wp\/v2\/users\/3"}],"replies":[{"embeddable":true,"href":"https:\/\/clusterlogistic.org\/es\/wp-json\/wp\/v2\/comments?post=7323"}],"wp:attached-to":[{"embeddable":true,"post_type":"post","id":7322,"href":"https:\/\/clusterlogistic.org\/es\/wp-json\/wp\/v2\/posts\/7322"}],"curies":[{"name":"wp","href":"https:\/\/api.w.org\/{rel}","templated":true}]}}