{"id":8419,"date":"2024-06-28T18:01:22","date_gmt":"2024-06-28T16:01:22","guid":{"rendered":"https:\/\/clusterlogistic.org\/wp-content\/uploads\/2024\/06\/Digitalizacion-del-transporte.jpg"},"modified":"2024-06-28T18:01:25","modified_gmt":"2024-06-28T16:01:25","slug":"digitalizacion-del-transporte","status":"inherit","type":"attachment","link":"https:\/\/clusterlogistic.org\/es\/digitalizacion-del-transporte-en-catalunya-un-proceso-lento-pero-inevitable\/digitalizacion-del-transporte\/","title":{"rendered":"Digitalizaci\u00f3n del transporte"},"author":3,"featured_media":0,"comment_status":"closed","ping_status":"closed","template":"","meta":[],"class_list":["post-8419","attachment","type-attachment","status-inherit","hentry"],"yoast_head":"<!-- This site is optimized with the Yoast SEO plugin v27.4 - https:\/\/yoast.com\/product\/yoast-seo-wordpress\/ -->\n<title>Digitalizaci\u00f3n del transporte - Cl\u00faster Log\u00edstic de Catalunya<\/title>\n<meta name=\"robots\" content=\"index, follow, max-snippet:-1, max-image-preview:large, max-video-preview:-1\" \/>\n<link rel=\"canonical\" href=\"https:\/\/clusterlogistic.org\/wp-content\/uploads\/2024\/06\/Digitalizacion-del-transporte.jpg\" \/>\n<meta property=\"og:locale\" content=\"es_ES\" \/>\n<meta property=\"og:type\" content=\"article\" \/>\n<meta property=\"og:title\" content=\"Digitalizaci\u00f3n del transporte - Cl\u00faster Log\u00edstic de Catalunya\" \/>\n<meta property=\"og:url\" content=\"https:\/\/clusterlogistic.org\/wp-content\/uploads\/2024\/06\/Digitalizacion-del-transporte.jpg\" \/>\n<meta property=\"og:site_name\" content=\"Cl\u00faster Log\u00edstic de Catalunya\" \/>\n<meta property=\"article:modified_time\" content=\"2024-06-28T16:01:25+00:00\" \/>\n<meta property=\"og:image\" content=\"https:\/\/clusterlogistic.org\/wp-content\/uploads\/2024\/06\/Digitalizacion-del-transporte.jpg\" \/>\n\t<meta property=\"og:image:width\" content=\"960\" \/>\n\t<meta property=\"og:image:height\" content=\"540\" \/>\n\t<meta property=\"og:image:type\" content=\"image\/jpeg\" \/>\n<meta name=\"twitter:card\" content=\"summary_large_image\" \/>\n<script type=\"application\/ld+json\" class=\"yoast-schema-graph\">{\"@context\":\"https:\\\/\\\/schema.org\",\"@graph\":[{\"@type\":\"WebPage\",\"@id\":\"https:\\\/\\\/clusterlogistic.org\\\/wp-content\\\/uploads\\\/2024\\\/06\\\/Digitalizacion-del-transporte.jpg\",\"url\":\"https:\\\/\\\/clusterlogistic.org\\\/wp-content\\\/uploads\\\/2024\\\/06\\\/Digitalizacion-del-transporte.jpg\",\"name\":\"Digitalizaci\u00f3n del transporte - Cl\u00faster Log\u00edstic de Catalunya\",\"isPartOf\":{\"@id\":\"https:\\\/\\\/clusterlogistic.org\\\/es\\\/#website\"},\"datePublished\":\"2024-06-28T16:01:22+00:00\",\"dateModified\":\"2024-06-28T16:01:25+00:00\",\"breadcrumb\":{\"@id\":\"https:\\\/\\\/clusterlogistic.org\\\/wp-content\\\/uploads\\\/2024\\\/06\\\/Digitalizacion-del-transporte.jpg#breadcrumb\"},\"inLanguage\":\"es\",\"potentialAction\":[{\"@type\":\"ReadAction\",\"target\":[\"https:\\\/\\\/clusterlogistic.org\\\/wp-content\\\/uploads\\\/2024\\\/06\\\/Digitalizacion-del-transporte.jpg\"]}]},{\"@type\":\"BreadcrumbList\",\"@id\":\"https:\\\/\\\/clusterlogistic.org\\\/wp-content\\\/uploads\\\/2024\\\/06\\\/Digitalizacion-del-transporte.jpg#breadcrumb\",\"itemListElement\":[{\"@type\":\"ListItem\",\"position\":1,\"name\":\"Portada\",\"item\":\"https:\\\/\\\/clusterlogistic.org\\\/es\\\/\"},{\"@type\":\"ListItem\",\"position\":2,\"name\":\"Digitalizaci\u00f3n del transporte en Catalunya: un proceso lento pero inevitable\",\"item\":\"https:\\\/\\\/clusterlogistic.org\\\/es\\\/digitalizacion-del-transporte-en-catalunya-un-proceso-lento-pero-inevitable\\\/\"},{\"@type\":\"ListItem\",\"position\":3,\"name\":\"Digitalizaci\u00f3n del transporte\"}]},{\"@type\":\"WebSite\",\"@id\":\"https:\\\/\\\/clusterlogistic.org\\\/es\\\/#website\",\"url\":\"https:\\\/\\\/clusterlogistic.org\\\/es\\\/\",\"name\":\"Cl\u00faster Log\u00edstic de Catalunya\",\"description\":\"associaci\u00f3 sense \u00e0nim de lucre\",\"publisher\":{\"@id\":\"https:\\\/\\\/clusterlogistic.org\\\/es\\\/#organization\"},\"potentialAction\":[{\"@type\":\"SearchAction\",\"target\":{\"@type\":\"EntryPoint\",\"urlTemplate\":\"https:\\\/\\\/clusterlogistic.org\\\/es\\\/?s={search_term_string}\"},\"query-input\":{\"@type\":\"PropertyValueSpecification\",\"valueRequired\":true,\"valueName\":\"search_term_string\"}}],\"inLanguage\":\"es\"},{\"@type\":\"Organization\",\"@id\":\"https:\\\/\\\/clusterlogistic.org\\\/es\\\/#organization\",\"name\":\"Cl\u00faster Log\u00edstic de Catalunya\",\"url\":\"https:\\\/\\\/clusterlogistic.org\\\/es\\\/\",\"logo\":{\"@type\":\"ImageObject\",\"inLanguage\":\"es\",\"@id\":\"https:\\\/\\\/clusterlogistic.org\\\/es\\\/#\\\/schema\\\/logo\\\/image\\\/\",\"url\":\"https:\\\/\\\/clusterlogistic.org\\\/wp-content\\\/uploads\\\/2017\\\/07\\\/cropped-Logo-CL-llegenda-gran.jpg\",\"contentUrl\":\"https:\\\/\\\/clusterlogistic.org\\\/wp-content\\\/uploads\\\/2017\\\/07\\\/cropped-Logo-CL-llegenda-gran.jpg\",\"width\":512,\"height\":512,\"caption\":\"Cl\u00faster Log\u00edstic de Catalunya\"},\"image\":{\"@id\":\"https:\\\/\\\/clusterlogistic.org\\\/es\\\/#\\\/schema\\\/logo\\\/image\\\/\"}}]}<\/script>\n<!-- \/ Yoast SEO plugin. -->","yoast_head_json":{"title":"Digitalizaci\u00f3n del transporte - Cl\u00faster Log\u00edstic de Catalunya","robots":{"index":"index","follow":"follow","max-snippet":"max-snippet:-1","max-image-preview":"max-image-preview:large","max-video-preview":"max-video-preview:-1"},"canonical":"https:\/\/clusterlogistic.org\/wp-content\/uploads\/2024\/06\/Digitalizacion-del-transporte.jpg","og_locale":"es_ES","og_type":"article","og_title":"Digitalizaci\u00f3n del transporte - Cl\u00faster Log\u00edstic de Catalunya","og_url":"https:\/\/clusterlogistic.org\/wp-content\/uploads\/2024\/06\/Digitalizacion-del-transporte.jpg","og_site_name":"Cl\u00faster Log\u00edstic de Catalunya","article_modified_time":"2024-06-28T16:01:25+00:00","og_image":[{"width":960,"height":540,"url":"https:\/\/clusterlogistic.org\/wp-content\/uploads\/2024\/06\/Digitalizacion-del-transporte.jpg","type":"image\/jpeg"}],"twitter_card":"summary_large_image","schema":{"@context":"https:\/\/schema.org","@graph":[{"@type":"WebPage","@id":"https:\/\/clusterlogistic.org\/wp-content\/uploads\/2024\/06\/Digitalizacion-del-transporte.jpg","url":"https:\/\/clusterlogistic.org\/wp-content\/uploads\/2024\/06\/Digitalizacion-del-transporte.jpg","name":"Digitalizaci\u00f3n del transporte - Cl\u00faster Log\u00edstic de Catalunya","isPartOf":{"@id":"https:\/\/clusterlogistic.org\/es\/#website"},"datePublished":"2024-06-28T16:01:22+00:00","dateModified":"2024-06-28T16:01:25+00:00","breadcrumb":{"@id":"https:\/\/clusterlogistic.org\/wp-content\/uploads\/2024\/06\/Digitalizacion-del-transporte.jpg#breadcrumb"},"inLanguage":"es","potentialAction":[{"@type":"ReadAction","target":["https:\/\/clusterlogistic.org\/wp-content\/uploads\/2024\/06\/Digitalizacion-del-transporte.jpg"]}]},{"@type":"BreadcrumbList","@id":"https:\/\/clusterlogistic.org\/wp-content\/uploads\/2024\/06\/Digitalizacion-del-transporte.jpg#breadcrumb","itemListElement":[{"@type":"ListItem","position":1,"name":"Portada","item":"https:\/\/clusterlogistic.org\/es\/"},{"@type":"ListItem","position":2,"name":"Digitalizaci\u00f3n del transporte en Catalunya: un proceso lento pero inevitable","item":"https:\/\/clusterlogistic.org\/es\/digitalizacion-del-transporte-en-catalunya-un-proceso-lento-pero-inevitable\/"},{"@type":"ListItem","position":3,"name":"Digitalizaci\u00f3n del transporte"}]},{"@type":"WebSite","@id":"https:\/\/clusterlogistic.org\/es\/#website","url":"https:\/\/clusterlogistic.org\/es\/","name":"Cl\u00faster Log\u00edstic de Catalunya","description":"associaci\u00f3 sense \u00e0nim de lucre","publisher":{"@id":"https:\/\/clusterlogistic.org\/es\/#organization"},"potentialAction":[{"@type":"SearchAction","target":{"@type":"EntryPoint","urlTemplate":"https:\/\/clusterlogistic.org\/es\/?s={search_term_string}"},"query-input":{"@type":"PropertyValueSpecification","valueRequired":true,"valueName":"search_term_string"}}],"inLanguage":"es"},{"@type":"Organization","@id":"https:\/\/clusterlogistic.org\/es\/#organization","name":"Cl\u00faster Log\u00edstic de Catalunya","url":"https:\/\/clusterlogistic.org\/es\/","logo":{"@type":"ImageObject","inLanguage":"es","@id":"https:\/\/clusterlogistic.org\/es\/#\/schema\/logo\/image\/","url":"https:\/\/clusterlogistic.org\/wp-content\/uploads\/2017\/07\/cropped-Logo-CL-llegenda-gran.jpg","contentUrl":"https:\/\/clusterlogistic.org\/wp-content\/uploads\/2017\/07\/cropped-Logo-CL-llegenda-gran.jpg","width":512,"height":512,"caption":"Cl\u00faster Log\u00edstic de Catalunya"},"image":{"@id":"https:\/\/clusterlogistic.org\/es\/#\/schema\/logo\/image\/"}}]}},"description":{"rendered":"<p class=\"attachment\"><a href='https:\/\/clusterlogistic.org\/wp-content\/uploads\/2024\/06\/Digitalizacion-del-transporte.jpg'><img loading=\"lazy\" decoding=\"async\" width=\"300\" height=\"169\" src=\"https:\/\/clusterlogistic.org\/wp-content\/uploads\/2024\/06\/Digitalizacion-del-transporte-300x169.jpg\" class=\"attachment-medium size-medium\" alt=\"Digitalizaci\u00f3n del transporte\" srcset=\"https:\/\/clusterlogistic.org\/wp-content\/uploads\/2024\/06\/Digitalizacion-del-transporte-300x169.jpg 300w, https:\/\/clusterlogistic.org\/wp-content\/uploads\/2024\/06\/Digitalizacion-del-transporte-768x432.jpg 768w, https:\/\/clusterlogistic.org\/wp-content\/uploads\/2024\/06\/Digitalizacion-del-transporte-705x397.jpg 705w, https:\/\/clusterlogistic.org\/wp-content\/uploads\/2024\/06\/Digitalizacion-del-transporte.jpg 960w\" sizes=\"auto, (max-width: 300px) 100vw, 300px\" \/><\/a><\/p>\n"},"caption":{"rendered":""},"alt_text":"Digitalizaci\u00f3n del transporte","media_type":"image","mime_type":"image\/jpeg","media_details":{"width":960,"height":540,"file":"2024\/06\/Digitalizacion-del-transporte.jpg","filesize":155699,"sizes":{"medium":{"file":"Digitalizacion-del-transporte-300x169.jpg","width":300,"height":169,"filesize":102377,"mime_type":"image\/jpeg","source_url":"https:\/\/clusterlogistic.org\/wp-content\/uploads\/2024\/06\/Digitalizacion-del-transporte-300x169.jpg"},"thumbnail":{"file":"Digitalizacion-del-transporte-80x80.jpg","width":80,"height":80,"filesize":15086,"mime_type":"image\/jpeg","source_url":"https:\/\/clusterlogistic.org\/wp-content\/uploads\/2024\/06\/Digitalizacion-del-transporte-80x80.jpg"},"medium_large":{"file":"Digitalizacion-del-transporte-768x432.jpg","width":768,"height":432,"filesize":487630,"mime_type":"image\/jpeg","source_url":"https:\/\/clusterlogistic.org\/wp-content\/uploads\/2024\/06\/Digitalizacion-del-transporte-768x432.jpg"},"widget":{"file":"Digitalizacion-del-transporte-36x36.jpg","width":36,"height":36,"filesize":4454,"mime_type":"image\/jpeg","source_url":"https:\/\/clusterlogistic.org\/wp-content\/uploads\/2024\/06\/Digitalizacion-del-transporte-36x36.jpg"},"square":{"file":"Digitalizacion-del-transporte-180x180.jpg","width":180,"height":180,"filesize":65803,"mime_type":"image\/jpeg","source_url":"https:\/\/clusterlogistic.org\/wp-content\/uploads\/2024\/06\/Digitalizacion-del-transporte-180x180.jpg"},"featured":{"file":"Digitalizacion-del-transporte-960x430.jpg","width":960,"height":430,"filesize":608127,"mime_type":"image\/jpeg","source_url":"https:\/\/clusterlogistic.org\/wp-content\/uploads\/2024\/06\/Digitalizacion-del-transporte-960x430.jpg"},"portfolio":{"file":"Digitalizacion-del-transporte-495x400.jpg","width":495,"height":400,"filesize":306910,"mime_type":"image\/jpeg","source_url":"https:\/\/clusterlogistic.org\/wp-content\/uploads\/2024\/06\/Digitalizacion-del-transporte-495x400.jpg"},"portfolio_small":{"file":"Digitalizacion-del-transporte-260x185.jpg","width":260,"height":185,"filesize":95037,"mime_type":"image\/jpeg","source_url":"https:\/\/clusterlogistic.org\/wp-content\/uploads\/2024\/06\/Digitalizacion-del-transporte-260x185.jpg"},"gallery":{"file":"Digitalizacion-del-transporte-845x540.jpg","width":845,"height":540,"filesize":672297,"mime_type":"image\/jpeg","source_url":"https:\/\/clusterlogistic.org\/wp-content\/uploads\/2024\/06\/Digitalizacion-del-transporte-845x540.jpg"},"magazine":{"file":"Digitalizacion-del-transporte-710x375.jpg","width":710,"height":375,"filesize":410027,"mime_type":"image\/jpeg","source_url":"https:\/\/clusterlogistic.org\/wp-content\/uploads\/2024\/06\/Digitalizacion-del-transporte-710x375.jpg"},"masonry":{"file":"Digitalizacion-del-transporte-705x397.jpg","width":705,"height":397,"filesize":431775,"mime_type":"image\/jpeg","source_url":"https:\/\/clusterlogistic.org\/wp-content\/uploads\/2024\/06\/Digitalizacion-del-transporte-705x397.jpg"},"entry_with_sidebar":{"file":"Digitalizacion-del-transporte-845x321.jpg","width":845,"height":321,"filesize":399837,"mime_type":"image\/jpeg","source_url":"https:\/\/clusterlogistic.org\/wp-content\/uploads\/2024\/06\/Digitalizacion-del-transporte-845x321.jpg"},"entry_without_sidebar":{"file":"Digitalizacion-del-transporte-960x423.jpg","width":960,"height":423,"filesize":605731,"mime_type":"image\/jpeg","source_url":"https:\/\/clusterlogistic.org\/wp-content\/uploads\/2024\/06\/Digitalizacion-del-transporte-960x423.jpg"},"cmplz_banner_image":{"file":"Digitalizacion-del-transporte-350x100.jpg","width":350,"height":100,"filesize":69462,"mime_type":"image\/jpeg","source_url":"https:\/\/clusterlogistic.org\/wp-content\/uploads\/2024\/06\/Digitalizacion-del-transporte-350x100.jpg"},"full":{"file":"Digitalizacion-del-transporte.jpg","width":960,"height":540,"mime_type":"image\/jpeg","source_url":"https:\/\/clusterlogistic.org\/wp-content\/uploads\/2024\/06\/Digitalizacion-del-transporte.jpg"}},"image_meta":{"aperture":"0","credit":"","camera":"","caption":"","created_timestamp":"0","copyright":"","focal_length":"0","iso":"0","shutter_speed":"0","title":"","orientation":"1","keywords":[]}},"post":8418,"source_url":"https:\/\/clusterlogistic.org\/wp-content\/uploads\/2024\/06\/Digitalizacion-del-transporte.jpg","_links":{"self":[{"href":"https:\/\/clusterlogistic.org\/es\/wp-json\/wp\/v2\/media\/8419","targetHints":{"allow":["GET"]}}],"collection":[{"href":"https:\/\/clusterlogistic.org\/es\/wp-json\/wp\/v2\/media"}],"about":[{"href":"https:\/\/clusterlogistic.org\/es\/wp-json\/wp\/v2\/types\/attachment"}],"author":[{"embeddable":true,"href":"https:\/\/clusterlogistic.org\/es\/wp-json\/wp\/v2\/users\/3"}],"replies":[{"embeddable":true,"href":"https:\/\/clusterlogistic.org\/es\/wp-json\/wp\/v2\/comments?post=8419"}],"wp:attached-to":[{"embeddable":true,"post_type":"post","id":8418,"href":"https:\/\/clusterlogistic.org\/es\/wp-json\/wp\/v2\/posts\/8418"}],"curies":[{"name":"wp","href":"https:\/\/api.w.org\/{rel}","templated":true}]}}