{"id":8781,"date":"2024-11-18T21:17:44","date_gmt":"2024-11-18T19:17:44","guid":{"rendered":"https:\/\/clusterlogistic.org\/wp-content\/uploads\/2024\/11\/aereopuertos-aena.jpg"},"modified":"2024-11-18T21:17:49","modified_gmt":"2024-11-18T19:17:49","slug":"aereopuertos-aena","status":"inherit","type":"attachment","link":"https:\/\/clusterlogistic.org\/es\/record-de-pasajeros-y-mercancias-en-los-aeropuertos-de-aena-en-octubre\/aereopuertos-aena\/","title":{"rendered":"aereopuertos aena"},"author":3,"featured_media":0,"comment_status":"closed","ping_status":"closed","template":"","meta":[],"class_list":["post-8781","attachment","type-attachment","status-inherit","hentry"],"yoast_head":"<!-- This site is optimized with the Yoast SEO plugin v27.4 - https:\/\/yoast.com\/product\/yoast-seo-wordpress\/ -->\n<title>aereopuertos aena - Cl\u00faster Log\u00edstic de Catalunya<\/title>\n<meta name=\"robots\" content=\"index, follow, max-snippet:-1, max-image-preview:large, max-video-preview:-1\" \/>\n<link rel=\"canonical\" href=\"https:\/\/clusterlogistic.org\/wp-content\/uploads\/2024\/11\/aereopuertos-aena.jpg\" \/>\n<meta property=\"og:locale\" content=\"es_ES\" \/>\n<meta property=\"og:type\" content=\"article\" \/>\n<meta property=\"og:title\" content=\"aereopuertos aena - Cl\u00faster Log\u00edstic de Catalunya\" \/>\n<meta property=\"og:url\" content=\"https:\/\/clusterlogistic.org\/wp-content\/uploads\/2024\/11\/aereopuertos-aena.jpg\" \/>\n<meta property=\"og:site_name\" content=\"Cl\u00faster Log\u00edstic de Catalunya\" \/>\n<meta property=\"article:modified_time\" content=\"2024-11-18T19:17:49+00:00\" \/>\n<meta property=\"og:image\" content=\"https:\/\/clusterlogistic.org\/wp-content\/uploads\/2024\/11\/aereopuertos-aena.jpg\" \/>\n\t<meta property=\"og:image:width\" content=\"1000\" \/>\n\t<meta property=\"og:image:height\" content=\"750\" \/>\n\t<meta property=\"og:image:type\" content=\"image\/jpeg\" \/>\n<meta name=\"twitter:card\" content=\"summary_large_image\" \/>\n<script type=\"application\/ld+json\" class=\"yoast-schema-graph\">{\"@context\":\"https:\\\/\\\/schema.org\",\"@graph\":[{\"@type\":\"WebPage\",\"@id\":\"https:\\\/\\\/clusterlogistic.org\\\/wp-content\\\/uploads\\\/2024\\\/11\\\/aereopuertos-aena.jpg\",\"url\":\"https:\\\/\\\/clusterlogistic.org\\\/wp-content\\\/uploads\\\/2024\\\/11\\\/aereopuertos-aena.jpg\",\"name\":\"aereopuertos aena - Cl\u00faster Log\u00edstic de Catalunya\",\"isPartOf\":{\"@id\":\"https:\\\/\\\/clusterlogistic.org\\\/es\\\/#website\"},\"datePublished\":\"2024-11-18T19:17:44+00:00\",\"dateModified\":\"2024-11-18T19:17:49+00:00\",\"breadcrumb\":{\"@id\":\"https:\\\/\\\/clusterlogistic.org\\\/wp-content\\\/uploads\\\/2024\\\/11\\\/aereopuertos-aena.jpg#breadcrumb\"},\"inLanguage\":\"es\",\"potentialAction\":[{\"@type\":\"ReadAction\",\"target\":[\"https:\\\/\\\/clusterlogistic.org\\\/wp-content\\\/uploads\\\/2024\\\/11\\\/aereopuertos-aena.jpg\"]}]},{\"@type\":\"BreadcrumbList\",\"@id\":\"https:\\\/\\\/clusterlogistic.org\\\/wp-content\\\/uploads\\\/2024\\\/11\\\/aereopuertos-aena.jpg#breadcrumb\",\"itemListElement\":[{\"@type\":\"ListItem\",\"position\":1,\"name\":\"Portada\",\"item\":\"https:\\\/\\\/clusterlogistic.org\\\/es\\\/\"},{\"@type\":\"ListItem\",\"position\":2,\"name\":\"R\u00e9cord de pasajeros y mercanc\u00edas en los aeropuertos de Aena en octubre\",\"item\":\"https:\\\/\\\/clusterlogistic.org\\\/es\\\/record-de-pasajeros-y-mercancias-en-los-aeropuertos-de-aena-en-octubre\\\/\"},{\"@type\":\"ListItem\",\"position\":3,\"name\":\"aereopuertos aena\"}]},{\"@type\":\"WebSite\",\"@id\":\"https:\\\/\\\/clusterlogistic.org\\\/es\\\/#website\",\"url\":\"https:\\\/\\\/clusterlogistic.org\\\/es\\\/\",\"name\":\"Cl\u00faster Log\u00edstic de Catalunya\",\"description\":\"associaci\u00f3 sense \u00e0nim de lucre\",\"publisher\":{\"@id\":\"https:\\\/\\\/clusterlogistic.org\\\/es\\\/#organization\"},\"potentialAction\":[{\"@type\":\"SearchAction\",\"target\":{\"@type\":\"EntryPoint\",\"urlTemplate\":\"https:\\\/\\\/clusterlogistic.org\\\/es\\\/?s={search_term_string}\"},\"query-input\":{\"@type\":\"PropertyValueSpecification\",\"valueRequired\":true,\"valueName\":\"search_term_string\"}}],\"inLanguage\":\"es\"},{\"@type\":\"Organization\",\"@id\":\"https:\\\/\\\/clusterlogistic.org\\\/es\\\/#organization\",\"name\":\"Cl\u00faster Log\u00edstic de Catalunya\",\"url\":\"https:\\\/\\\/clusterlogistic.org\\\/es\\\/\",\"logo\":{\"@type\":\"ImageObject\",\"inLanguage\":\"es\",\"@id\":\"https:\\\/\\\/clusterlogistic.org\\\/es\\\/#\\\/schema\\\/logo\\\/image\\\/\",\"url\":\"https:\\\/\\\/clusterlogistic.org\\\/wp-content\\\/uploads\\\/2017\\\/07\\\/cropped-Logo-CL-llegenda-gran.jpg\",\"contentUrl\":\"https:\\\/\\\/clusterlogistic.org\\\/wp-content\\\/uploads\\\/2017\\\/07\\\/cropped-Logo-CL-llegenda-gran.jpg\",\"width\":512,\"height\":512,\"caption\":\"Cl\u00faster Log\u00edstic de Catalunya\"},\"image\":{\"@id\":\"https:\\\/\\\/clusterlogistic.org\\\/es\\\/#\\\/schema\\\/logo\\\/image\\\/\"}}]}<\/script>\n<!-- \/ Yoast SEO plugin. -->","yoast_head_json":{"title":"aereopuertos aena - Cl\u00faster Log\u00edstic de Catalunya","robots":{"index":"index","follow":"follow","max-snippet":"max-snippet:-1","max-image-preview":"max-image-preview:large","max-video-preview":"max-video-preview:-1"},"canonical":"https:\/\/clusterlogistic.org\/wp-content\/uploads\/2024\/11\/aereopuertos-aena.jpg","og_locale":"es_ES","og_type":"article","og_title":"aereopuertos aena - Cl\u00faster Log\u00edstic de Catalunya","og_url":"https:\/\/clusterlogistic.org\/wp-content\/uploads\/2024\/11\/aereopuertos-aena.jpg","og_site_name":"Cl\u00faster Log\u00edstic de Catalunya","article_modified_time":"2024-11-18T19:17:49+00:00","og_image":[{"width":1000,"height":750,"url":"https:\/\/clusterlogistic.org\/wp-content\/uploads\/2024\/11\/aereopuertos-aena.jpg","type":"image\/jpeg"}],"twitter_card":"summary_large_image","schema":{"@context":"https:\/\/schema.org","@graph":[{"@type":"WebPage","@id":"https:\/\/clusterlogistic.org\/wp-content\/uploads\/2024\/11\/aereopuertos-aena.jpg","url":"https:\/\/clusterlogistic.org\/wp-content\/uploads\/2024\/11\/aereopuertos-aena.jpg","name":"aereopuertos aena - Cl\u00faster Log\u00edstic de Catalunya","isPartOf":{"@id":"https:\/\/clusterlogistic.org\/es\/#website"},"datePublished":"2024-11-18T19:17:44+00:00","dateModified":"2024-11-18T19:17:49+00:00","breadcrumb":{"@id":"https:\/\/clusterlogistic.org\/wp-content\/uploads\/2024\/11\/aereopuertos-aena.jpg#breadcrumb"},"inLanguage":"es","potentialAction":[{"@type":"ReadAction","target":["https:\/\/clusterlogistic.org\/wp-content\/uploads\/2024\/11\/aereopuertos-aena.jpg"]}]},{"@type":"BreadcrumbList","@id":"https:\/\/clusterlogistic.org\/wp-content\/uploads\/2024\/11\/aereopuertos-aena.jpg#breadcrumb","itemListElement":[{"@type":"ListItem","position":1,"name":"Portada","item":"https:\/\/clusterlogistic.org\/es\/"},{"@type":"ListItem","position":2,"name":"R\u00e9cord de pasajeros y mercanc\u00edas en los aeropuertos de Aena en octubre","item":"https:\/\/clusterlogistic.org\/es\/record-de-pasajeros-y-mercancias-en-los-aeropuertos-de-aena-en-octubre\/"},{"@type":"ListItem","position":3,"name":"aereopuertos aena"}]},{"@type":"WebSite","@id":"https:\/\/clusterlogistic.org\/es\/#website","url":"https:\/\/clusterlogistic.org\/es\/","name":"Cl\u00faster Log\u00edstic de Catalunya","description":"associaci\u00f3 sense \u00e0nim de lucre","publisher":{"@id":"https:\/\/clusterlogistic.org\/es\/#organization"},"potentialAction":[{"@type":"SearchAction","target":{"@type":"EntryPoint","urlTemplate":"https:\/\/clusterlogistic.org\/es\/?s={search_term_string}"},"query-input":{"@type":"PropertyValueSpecification","valueRequired":true,"valueName":"search_term_string"}}],"inLanguage":"es"},{"@type":"Organization","@id":"https:\/\/clusterlogistic.org\/es\/#organization","name":"Cl\u00faster Log\u00edstic de Catalunya","url":"https:\/\/clusterlogistic.org\/es\/","logo":{"@type":"ImageObject","inLanguage":"es","@id":"https:\/\/clusterlogistic.org\/es\/#\/schema\/logo\/image\/","url":"https:\/\/clusterlogistic.org\/wp-content\/uploads\/2017\/07\/cropped-Logo-CL-llegenda-gran.jpg","contentUrl":"https:\/\/clusterlogistic.org\/wp-content\/uploads\/2017\/07\/cropped-Logo-CL-llegenda-gran.jpg","width":512,"height":512,"caption":"Cl\u00faster Log\u00edstic de Catalunya"},"image":{"@id":"https:\/\/clusterlogistic.org\/es\/#\/schema\/logo\/image\/"}}]}},"description":{"rendered":"<p class=\"attachment\"><a href='https:\/\/clusterlogistic.org\/wp-content\/uploads\/2024\/11\/aereopuertos-aena.jpg'><img loading=\"lazy\" decoding=\"async\" width=\"300\" height=\"225\" src=\"https:\/\/clusterlogistic.org\/wp-content\/uploads\/2024\/11\/aereopuertos-aena-300x225.jpg\" class=\"attachment-medium size-medium\" alt=\"aereopuertos aena\" srcset=\"https:\/\/clusterlogistic.org\/wp-content\/uploads\/2024\/11\/aereopuertos-aena-300x225.jpg 300w, https:\/\/clusterlogistic.org\/wp-content\/uploads\/2024\/11\/aereopuertos-aena-768x576.jpg 768w, https:\/\/clusterlogistic.org\/wp-content\/uploads\/2024\/11\/aereopuertos-aena-705x529.jpg 705w, https:\/\/clusterlogistic.org\/wp-content\/uploads\/2024\/11\/aereopuertos-aena.jpg 1000w\" sizes=\"auto, (max-width: 300px) 100vw, 300px\" \/><\/a><\/p>\n"},"caption":{"rendered":""},"alt_text":"aereopuertos aena","media_type":"image","mime_type":"image\/jpeg","media_details":{"width":1000,"height":750,"file":"2024\/11\/aereopuertos-aena.jpg","filesize":752134,"sizes":{"medium":{"file":"aereopuertos-aena-300x225.jpg","width":300,"height":225,"filesize":96662,"mime_type":"image\/jpeg","source_url":"https:\/\/clusterlogistic.org\/wp-content\/uploads\/2024\/11\/aereopuertos-aena-300x225.jpg"},"thumbnail":{"file":"aereopuertos-aena-80x80.jpg","width":80,"height":80,"filesize":10558,"mime_type":"image\/jpeg","source_url":"https:\/\/clusterlogistic.org\/wp-content\/uploads\/2024\/11\/aereopuertos-aena-80x80.jpg"},"medium_large":{"file":"aereopuertos-aena-768x576.jpg","width":768,"height":576,"filesize":573213,"mime_type":"image\/jpeg","source_url":"https:\/\/clusterlogistic.org\/wp-content\/uploads\/2024\/11\/aereopuertos-aena-768x576.jpg"},"widget":{"file":"aereopuertos-aena-36x36.jpg","width":36,"height":36,"filesize":3376,"mime_type":"image\/jpeg","source_url":"https:\/\/clusterlogistic.org\/wp-content\/uploads\/2024\/11\/aereopuertos-aena-36x36.jpg"},"square":{"file":"aereopuertos-aena-180x180.jpg","width":180,"height":180,"filesize":46811,"mime_type":"image\/jpeg","source_url":"https:\/\/clusterlogistic.org\/wp-content\/uploads\/2024\/11\/aereopuertos-aena-180x180.jpg"},"featured":{"file":"aereopuertos-aena-1000x430.jpg","width":1000,"height":430,"filesize":598068,"mime_type":"image\/jpeg","source_url":"https:\/\/clusterlogistic.org\/wp-content\/uploads\/2024\/11\/aereopuertos-aena-1000x430.jpg"},"featured_large":{"file":"aereopuertos-aena-1000x630.jpg","width":1000,"height":630,"filesize":867674,"mime_type":"image\/jpeg","source_url":"https:\/\/clusterlogistic.org\/wp-content\/uploads\/2024\/11\/aereopuertos-aena-1000x630.jpg"},"portfolio":{"file":"aereopuertos-aena-495x400.jpg","width":495,"height":400,"filesize":266727,"mime_type":"image\/jpeg","source_url":"https:\/\/clusterlogistic.org\/wp-content\/uploads\/2024\/11\/aereopuertos-aena-495x400.jpg"},"portfolio_small":{"file":"aereopuertos-aena-260x185.jpg","width":260,"height":185,"filesize":70325,"mime_type":"image\/jpeg","source_url":"https:\/\/clusterlogistic.org\/wp-content\/uploads\/2024\/11\/aereopuertos-aena-260x185.jpg"},"gallery":{"file":"aereopuertos-aena-845x684.jpg","width":845,"height":684,"filesize":722615,"mime_type":"image\/jpeg","source_url":"https:\/\/clusterlogistic.org\/wp-content\/uploads\/2024\/11\/aereopuertos-aena-845x684.jpg"},"magazine":{"file":"aereopuertos-aena-710x375.jpg","width":710,"height":375,"filesize":363448,"mime_type":"image\/jpeg","source_url":"https:\/\/clusterlogistic.org\/wp-content\/uploads\/2024\/11\/aereopuertos-aena-710x375.jpg"},"masonry":{"file":"aereopuertos-aena-705x529.jpg","width":705,"height":529,"filesize":493123,"mime_type":"image\/jpeg","source_url":"https:\/\/clusterlogistic.org\/wp-content\/uploads\/2024\/11\/aereopuertos-aena-705x529.jpg"},"entry_with_sidebar":{"file":"aereopuertos-aena-845x321.jpg","width":845,"height":321,"filesize":372904,"mime_type":"image\/jpeg","source_url":"https:\/\/clusterlogistic.org\/wp-content\/uploads\/2024\/11\/aereopuertos-aena-845x321.jpg"},"entry_without_sidebar":{"file":"aereopuertos-aena-1000x423.jpg","width":1000,"height":423,"filesize":604851,"mime_type":"image\/jpeg","source_url":"https:\/\/clusterlogistic.org\/wp-content\/uploads\/2024\/11\/aereopuertos-aena-1000x423.jpg"},"cmplz_banner_image":{"file":"aereopuertos-aena-350x100.jpg","width":350,"height":100,"filesize":61262,"mime_type":"image\/jpeg","source_url":"https:\/\/clusterlogistic.org\/wp-content\/uploads\/2024\/11\/aereopuertos-aena-350x100.jpg"},"full":{"file":"aereopuertos-aena.jpg","width":1000,"height":750,"mime_type":"image\/jpeg","source_url":"https:\/\/clusterlogistic.org\/wp-content\/uploads\/2024\/11\/aereopuertos-aena.jpg"}},"image_meta":{"aperture":"0","credit":"","camera":"","caption":"","created_timestamp":"0","copyright":"","focal_length":"0","iso":"0","shutter_speed":"0","title":"","orientation":"0","keywords":[]}},"post":8780,"source_url":"https:\/\/clusterlogistic.org\/wp-content\/uploads\/2024\/11\/aereopuertos-aena.jpg","_links":{"self":[{"href":"https:\/\/clusterlogistic.org\/es\/wp-json\/wp\/v2\/media\/8781","targetHints":{"allow":["GET"]}}],"collection":[{"href":"https:\/\/clusterlogistic.org\/es\/wp-json\/wp\/v2\/media"}],"about":[{"href":"https:\/\/clusterlogistic.org\/es\/wp-json\/wp\/v2\/types\/attachment"}],"author":[{"embeddable":true,"href":"https:\/\/clusterlogistic.org\/es\/wp-json\/wp\/v2\/users\/3"}],"replies":[{"embeddable":true,"href":"https:\/\/clusterlogistic.org\/es\/wp-json\/wp\/v2\/comments?post=8781"}],"wp:attached-to":[{"embeddable":true,"post_type":"post","id":8780,"href":"https:\/\/clusterlogistic.org\/es\/wp-json\/wp\/v2\/posts\/8780"}],"curies":[{"name":"wp","href":"https:\/\/api.w.org\/{rel}","templated":true}]}}