{"id":566,"date":"2017-05-24T16:09:28","date_gmt":"2017-05-24T16:09:28","guid":{"rendered":"https:\/\/clusterlogistic.org\/actualitat\/"},"modified":"2020-03-30T16:09:13","modified_gmt":"2020-03-30T14:09:13","slug":"actualitat","status":"publish","type":"page","link":"https:\/\/clusterlogistic.org\/es\/actualitat\/","title":{"rendered":"Actualitat"},"content":{"rendered":"\n<style type=\"text\/css\" data-created_by=\"avia_inline_auto\" id=\"style-css-av-k6b35rn7-6ed56ccfddf63f593927fae518c4bc77\">\n.avia-section.av-k6b35rn7-6ed56ccfddf63f593927fae518c4bc77{\nbackground-repeat:no-repeat;\nbackground-image:url(https:\/\/clusterlogistic.org\/wp-content\/uploads\/2020\/02\/cluster-logistic-catalunya-a.jpg);\nbackground-position:0% 0%;\nbackground-attachment:scroll;\n}\n.avia-section.av-k6b35rn7-6ed56ccfddf63f593927fae518c4bc77 .av-section-color-overlay{\nopacity:0.5;\nbackground-color:#0a0a0a;\n}\n<\/style>\n<div id='av_section_1'  class='avia-section av-k6b35rn7-6ed56ccfddf63f593927fae518c4bc77 main_color avia-section-default avia-no-border-styling  avia-builder-el-0  el_before_av_section  avia-builder-el-first  avia-bg-style-scroll av-section-color-overlay-active container_wrap fullsize'  data-section-bg-repeat='no-repeat'><div class=\"av-section-color-overlay-wrap\"><div class=\"av-section-color-overlay\"><\/div><div class='container av-section-cont-open' ><main  role=\"main\" itemprop=\"mainContentOfPage\"  class='template-page content  av-content-full alpha units'><div class='post-entry post-entry-type-page post-entry-566'><div class='entry-content-wrapper clearfix'>\n\n<style type=\"text\/css\" data-created_by=\"avia_inline_auto\" id=\"style-css-av-k6b3682g-c5b272c9445ba38b47b1c4b035d4df66\">\n#top .av-special-heading.av-k6b3682g-c5b272c9445ba38b47b1c4b035d4df66{\npadding-bottom:10px;\n}\nbody .av-special-heading.av-k6b3682g-c5b272c9445ba38b47b1c4b035d4df66 .av-special-heading-tag .heading-char{\nfont-size:25px;\n}\n.av-special-heading.av-k6b3682g-c5b272c9445ba38b47b1c4b035d4df66 .av-subheading{\nfont-size:15px;\n}\n<\/style>\n<div  class='av-special-heading av-k6b3682g-c5b272c9445ba38b47b1c4b035d4df66 av-special-heading-h1 blockquote modern-quote modern-centered  avia-builder-el-1  avia-builder-el-no-sibling '><h1 class='av-special-heading-tag '  itemprop=\"headline\"  >BLOG<\/h1><div class=\"special-heading-border\"><div class=\"special-heading-inner-border\"><\/div><\/div><\/div>\n\n<\/div><\/div><\/main><!-- close content main element --><\/div><\/div><\/div><div id='av_section_2'  class='avia-section av-ll3h6-7ad738f785356150d65ed9f05e752b9b main_color avia-section-default avia-no-border-styling  avia-builder-el-2  el_after_av_section  avia-builder-el-last  avia-bg-style-scroll container_wrap fullsize'  ><div class='container av-section-cont-open' ><div class='template-page content  av-content-full alpha units'><div class='post-entry post-entry-type-page post-entry-566'><div class='entry-content-wrapper clearfix'>\n\n<style type=\"text\/css\" data-created_by=\"avia_inline_auto\" id=\"style-css-av-1m5j6-c3fab764ff975f6053ec1757ba8c8232\">\n.flex_column.av-1m5j6-c3fab764ff975f6053ec1757ba8c8232{\nborder-radius:0px 0px 0px 0px;\npadding:0px 0px 0px 0px;\n}\n<\/style>\n<div  class='flex_column av-1m5j6-c3fab764ff975f6053ec1757ba8c8232 av_three_fourth  avia-builder-el-3  el_before_av_one_fourth  avia-builder-el-first  first flex_column_div av-zero-column-padding  '     ><div id='av-masonry-1' class='av-masonry av-k6b37ld2-d0c0c0bfc6387bfc94ff4e949bf9dfa5 noHover av-fixed-size av-large-gap av-hover-overlay-active av-masonry-animation-active av-masonry-col-3 av-caption-always av-caption-style-overlay av-masonry-entries ' data-post_id=\"566\"><div class=\"av-masonry-container isotope av-js-disabled\"><div class='av-masonry-entry isotope-item av-masonry-item-no-image all_sort actualidad_sort '><\/div><a href=\"https:\/\/clusterlogistic.org\/es\/ayer-visitamos-seur-castellbisbal-para-conocer-de-cerca-la-logistica-que-esta-marcando-el-presente-del-sector\/\"  id='av-masonry-1-item-10156' data-av-masonry-item='10156' class='av-masonry-entry isotope-item post-10156 post type-post status-publish format-standard has-post-thumbnail hentry category-actualidad all_sort actualidad_sort  av-masonry-item-with-image' title=\"visita cluster plataforma SEUR 6\"   itemscope=\"itemscope\" itemtype=\"https:\/\/schema.org\/CreativeWork\" ><div class='av-inner-masonry-sizer'><\/div><figure class='av-inner-masonry main_color'><div class=\"av-masonry-outerimage-container\"><div class='av-masonry-image-container' style=\"background-image: url(https:\/\/clusterlogistic.org\/wp-content\/uploads\/2026\/04\/visita-cluster-plataforma-SEUR-6-705x529.jpeg);\"  title=\"visita cluster plataforma SEUR 6\" ><\/div><\/div><figcaption class='av-inner-masonry-content site-background'><div class='av-inner-masonry-content-pos'><div class='av-inner-masonry-content-pos-content'><div class='avia-arrow'><\/div><h3 class='av-masonry-entry-title entry-title '  itemprop=\"headline\" >Ayer visitamos SEUR Castellbisbal para conocer de cerca la log\u00edstica que est\u00e1 marcando el presente del sector<\/h3><span class='av-masonry-date meta-color updated'>10 abril, 2026<\/span><span class=\"av-masonry-text-sep text-sep-author\">\/<\/span><span class='av-masonry-author meta-color author'><span class='fn'>por Cl\u00faster Log\u00edstic de Catalunya<\/span><\/span><\/div><\/div><\/figcaption><\/figure><\/a><!--end av-masonry entry--><a href=\"https:\/\/clusterlogistic.org\/es\/el-caos-temporal-del-tunel-del-garraf-entre-obras-frustraciones-y-alternativas\/\"  id='av-masonry-1-item-10084' data-av-masonry-item='10084' class='av-masonry-entry isotope-item post-10084 post type-post status-publish format-standard has-post-thumbnail hentry category-actualidad all_sort actualidad_sort  av-masonry-item-with-image' title=\"tunel del garraf\"   itemscope=\"itemscope\" itemtype=\"https:\/\/schema.org\/CreativeWork\" ><div class='av-inner-masonry-sizer'><\/div><figure class='av-inner-masonry main_color'><div class=\"av-masonry-outerimage-container\"><div class='av-masonry-image-container' style=\"background-image: url(https:\/\/clusterlogistic.org\/wp-content\/uploads\/2026\/03\/tunel-del-garraf-705x470.jpg);\"  title=\"tunel del garraf\" ><\/div><\/div><figcaption class='av-inner-masonry-content site-background'><div class='av-inner-masonry-content-pos'><div class='av-inner-masonry-content-pos-content'><div class='avia-arrow'><\/div><h3 class='av-masonry-entry-title entry-title '  itemprop=\"headline\" >El caos temporal del t\u00fanel del Garraf: entre obras, frustraciones y alternativas<\/h3><span class='av-masonry-date meta-color updated'>20 marzo, 2026<\/span><span class=\"av-masonry-text-sep text-sep-author\">\/<\/span><span class='av-masonry-author meta-color author'><span class='fn'>por Cl\u00faster Log\u00edstic de Catalunya<\/span><\/span><\/div><\/div><\/figcaption><\/figure><\/a><!--end av-masonry entry--><a href=\"https:\/\/clusterlogistic.org\/es\/transformacion-en-logistica-el-papel-de-la-logistics-4-0-incubator\/\"  id='av-masonry-1-item-10090' data-av-masonry-item='10090' class='av-masonry-entry isotope-item post-10090 post type-post status-publish format-standard has-post-thumbnail hentry category-actualidad all_sort actualidad_sort  av-masonry-item-with-image' title=\"startup\"   itemscope=\"itemscope\" itemtype=\"https:\/\/schema.org\/CreativeWork\" ><div class='av-inner-masonry-sizer'><\/div><figure class='av-inner-masonry main_color'><div class=\"av-masonry-outerimage-container\"><div class='av-masonry-image-container' style=\"background-image: url(https:\/\/clusterlogistic.org\/wp-content\/uploads\/2026\/03\/startup-705x545.jpg);\"  title=\"startup\" ><\/div><\/div><figcaption class='av-inner-masonry-content site-background'><div class='av-inner-masonry-content-pos'><div class='av-inner-masonry-content-pos-content'><div class='avia-arrow'><\/div><h3 class='av-masonry-entry-title entry-title '  itemprop=\"headline\" >Transformaci\u00f3n en log\u00edstica: el papel de la Logistics 4.0 Incubator<\/h3><span class='av-masonry-date meta-color updated'>6 marzo, 2026<\/span><span class=\"av-masonry-text-sep text-sep-author\">\/<\/span><span class='av-masonry-author meta-color author'><span class='fn'>por Cl\u00faster Log\u00edstic de Catalunya<\/span><\/span><\/div><\/div><\/figcaption><\/figure><\/a><!--end av-masonry entry--><a href=\"https:\/\/clusterlogistic.org\/es\/innovacion-y-tecnologia-en-el-corazon-de-el-prat-amazon-y-su-nuevo-banco-de-pruebas\/\"  id='av-masonry-1-item-10095' data-av-masonry-item='10095' class='av-masonry-entry isotope-item post-10095 post type-post status-publish format-standard has-post-thumbnail hentry category-actualidad all_sort actualidad_sort  av-masonry-item-with-image' title=\"amazon escoge\"   itemscope=\"itemscope\" itemtype=\"https:\/\/schema.org\/CreativeWork\" ><div class='av-inner-masonry-sizer'><\/div><figure class='av-inner-masonry main_color'><div class=\"av-masonry-outerimage-container\"><div class='av-masonry-image-container' style=\"background-image: url(https:\/\/clusterlogistic.org\/wp-content\/uploads\/2026\/03\/amazon-escoge-705x470.jpg);\"  title=\"amazon escoge\" ><\/div><\/div><figcaption class='av-inner-masonry-content site-background'><div class='av-inner-masonry-content-pos'><div class='av-inner-masonry-content-pos-content'><div class='avia-arrow'><\/div><h3 class='av-masonry-entry-title entry-title '  itemprop=\"headline\" >Innovaci\u00f3n y tecnolog\u00eda en el coraz\u00f3n de El Prat: Amazon y su nuevo banco de pruebas<\/h3><span class='av-masonry-date meta-color updated'>27 febrero, 2026<\/span><span class=\"av-masonry-text-sep text-sep-author\">\/<\/span><span class='av-masonry-author meta-color author'><span class='fn'>por Cl\u00faster Log\u00edstic de Catalunya<\/span><\/span><\/div><\/div><\/figcaption><\/figure><\/a><!--end av-masonry entry--><a href=\"https:\/\/clusterlogistic.org\/es\/cercanias-2026-2030-la-revolucion-del-transporte-publico-en-cataluna\/\"  id='av-masonry-1-item-10077' data-av-masonry-item='10077' class='av-masonry-entry isotope-item post-10077 post type-post status-publish format-standard has-post-thumbnail hentry category-actualidad all_sort actualidad_sort  av-masonry-item-with-image' title=\"rodalies\"   itemscope=\"itemscope\" itemtype=\"https:\/\/schema.org\/CreativeWork\" ><div class='av-inner-masonry-sizer'><\/div><figure class='av-inner-masonry main_color'><div class=\"av-masonry-outerimage-container\"><div class='av-masonry-image-container' style=\"background-image: url(https:\/\/clusterlogistic.org\/wp-content\/uploads\/2026\/03\/rodalies-705x470.jpg);\"  title=\"rodalies\" ><\/div><\/div><figcaption class='av-inner-masonry-content site-background'><div class='av-inner-masonry-content-pos'><div class='av-inner-masonry-content-pos-content'><div class='avia-arrow'><\/div><h3 class='av-masonry-entry-title entry-title '  itemprop=\"headline\" >Cercan\u00edas 2026-2030: la revoluci\u00f3n del transporte p\u00fablico en Catalu\u00f1a<\/h3><span class='av-masonry-date meta-color updated'>20 febrero, 2026<\/span><span class=\"av-masonry-text-sep text-sep-author\">\/<\/span><span class='av-masonry-author meta-color author'><span class='fn'>por Cl\u00faster Log\u00edstic de Catalunya<\/span><\/span><\/div><\/div><\/figcaption><\/figure><\/a><!--end av-masonry entry--><a href=\"https:\/\/clusterlogistic.org\/es\/la-estrategia-de-suelo-industrial-en-catalunya-un-impulso-necesario\/\"  id='av-masonry-1-item-10044' data-av-masonry-item='10044' class='av-masonry-entry isotope-item post-10044 post type-post status-publish format-standard has-post-thumbnail hentry category-actualidad all_sort actualidad_sort  av-masonry-item-with-image' title=\"logistica barcelona\"   itemscope=\"itemscope\" itemtype=\"https:\/\/schema.org\/CreativeWork\" ><div class='av-inner-masonry-sizer'><\/div><figure class='av-inner-masonry main_color'><div class=\"av-masonry-outerimage-container\"><div class='av-masonry-image-container' style=\"background-image: url(https:\/\/clusterlogistic.org\/wp-content\/uploads\/2026\/02\/logistica-barcelona-705x382.jpg);\"  title=\"logistica barcelona\" ><\/div><\/div><figcaption class='av-inner-masonry-content site-background'><div class='av-inner-masonry-content-pos'><div class='av-inner-masonry-content-pos-content'><div class='avia-arrow'><\/div><h3 class='av-masonry-entry-title entry-title '  itemprop=\"headline\" >La estrategia de suelo industrial en Catalunya: un impulso necesario<\/h3><span class='av-masonry-date meta-color updated'>13 febrero, 2026<\/span><span class=\"av-masonry-text-sep text-sep-author\">\/<\/span><span class='av-masonry-author meta-color author'><span class='fn'>por Cl\u00faster Log\u00edstic de Catalunya<\/span><\/span><\/div><\/div><\/figcaption><\/figure><\/a><!--end av-masonry entry--><a href=\"https:\/\/clusterlogistic.org\/es\/barcelona-toma-medidas-para-enfrentar-el-caos-en-cercanias\/\"  id='av-masonry-1-item-10033' data-av-masonry-item='10033' class='av-masonry-entry isotope-item post-10033 post type-post status-publish format-standard has-post-thumbnail hentry category-actualidad all_sort actualidad_sort  av-masonry-item-with-image' title=\"dispositivo de informadores en las estaciones de Cercan\u00edas\"   itemscope=\"itemscope\" itemtype=\"https:\/\/schema.org\/CreativeWork\" ><div class='av-inner-masonry-sizer'><\/div><figure class='av-inner-masonry main_color'><div class=\"av-masonry-outerimage-container\"><div class='av-masonry-image-container' style=\"background-image: url(https:\/\/clusterlogistic.org\/wp-content\/uploads\/2026\/02\/dispositivo-de-informadores-en-las-estaciones-de-Cercanias-705x392.jpg);\"  title=\"dispositivo de informadores en las estaciones de Cercan\u00edas\" ><\/div><\/div><figcaption class='av-inner-masonry-content site-background'><div class='av-inner-masonry-content-pos'><div class='av-inner-masonry-content-pos-content'><div class='avia-arrow'><\/div><h3 class='av-masonry-entry-title entry-title '  itemprop=\"headline\" >Barcelona toma medidas para enfrentar el caos en Cercan\u00edas: suspendida temporalmente la ZBE<\/h3><span class='av-masonry-date meta-color updated'>6 febrero, 2026<\/span><span class=\"av-masonry-text-sep text-sep-author\">\/<\/span><span class='av-masonry-author meta-color author'><span class='fn'>por Cl\u00faster Log\u00edstic de Catalunya<\/span><\/span><\/div><\/div><\/figcaption><\/figure><\/a><!--end av-masonry entry--><a href=\"https:\/\/clusterlogistic.org\/es\/innovacion-y-digitalizacion-la-clave-del-sil-2026\/\"  id='av-masonry-1-item-10055' data-av-masonry-item='10055' class='av-masonry-entry isotope-item post-10055 post type-post status-publish format-standard has-post-thumbnail hentry category-actualidad all_sort actualidad_sort  av-masonry-item-with-image' title=\"sil 2026\"   itemscope=\"itemscope\" itemtype=\"https:\/\/schema.org\/CreativeWork\" ><div class='av-inner-masonry-sizer'><\/div><figure class='av-inner-masonry main_color'><div class=\"av-masonry-outerimage-container\"><div class='av-masonry-image-container' style=\"background-image: url(https:\/\/clusterlogistic.org\/wp-content\/uploads\/2026\/02\/sil-2026-705x469.jpg);\"  title=\"sil 2026\" ><\/div><\/div><figcaption class='av-inner-masonry-content site-background'><div class='av-inner-masonry-content-pos'><div class='av-inner-masonry-content-pos-content'><div class='avia-arrow'><\/div><h3 class='av-masonry-entry-title entry-title '  itemprop=\"headline\" >Innovaci\u00f3n y digitalizaci\u00f3n: la clave del SIL 2026<\/h3><span class='av-masonry-date meta-color updated'>30 enero, 2026<\/span><span class=\"av-masonry-text-sep text-sep-author\">\/<\/span><span class='av-masonry-author meta-color author'><span class='fn'>por Cl\u00faster Log\u00edstic de Catalunya<\/span><\/span><\/div><\/div><\/figcaption><\/figure><\/a><!--end av-masonry entry--><a href=\"https:\/\/clusterlogistic.org\/es\/la-nueva-inversion-para-el-cambiador-de-ancho-en-vila-seca-un-paso-clave-para-el-corredor-mediterraneo\/\"  id='av-masonry-1-item-10025' data-av-masonry-item='10025' class='av-masonry-entry isotope-item post-10025 post type-post status-publish format-standard has-post-thumbnail hentry category-actualidad all_sort actualidad_sort  av-masonry-item-with-image' title=\"nuevo cambiador de ancho de Vila-seca\"   itemscope=\"itemscope\" itemtype=\"https:\/\/schema.org\/CreativeWork\" ><div class='av-inner-masonry-sizer'><\/div><figure class='av-inner-masonry main_color'><div class=\"av-masonry-outerimage-container\"><div class='av-masonry-image-container' style=\"background-image: url(https:\/\/clusterlogistic.org\/wp-content\/uploads\/2026\/02\/nuevo-cambiador-de-ancho-de-Vila-seca-705x396.webp);\"  title=\"nuevo cambiador de ancho de Vila-seca\" ><\/div><\/div><figcaption class='av-inner-masonry-content site-background'><div class='av-inner-masonry-content-pos'><div class='av-inner-masonry-content-pos-content'><div class='avia-arrow'><\/div><h3 class='av-masonry-entry-title entry-title '  itemprop=\"headline\" >La nueva inversi\u00f3n para el cambiador de ancho en Vila-seca: Un paso clave para el Corredor Mediterr\u00e1neo<\/h3><span class='av-masonry-date meta-color updated'>16 enero, 2026<\/span><span class=\"av-masonry-text-sep text-sep-author\">\/<\/span><span class='av-masonry-author meta-color author'><span class='fn'>por Cl\u00faster Log\u00edstic de Catalunya<\/span><\/span><\/div><\/div><\/figcaption><\/figure><\/a><!--end av-masonry entry--><a href=\"https:\/\/clusterlogistic.org\/es\/el-auge-imparable-del-mercado-logistico-en-cataluna\/\"  id='av-masonry-1-item-10062' data-av-masonry-item='10062' class='av-masonry-entry isotope-item post-10062 post type-post status-publish format-standard has-post-thumbnail hentry category-actualidad all_sort actualidad_sort  av-masonry-item-with-image' title=\"inmologistica catalunya\"   itemscope=\"itemscope\" itemtype=\"https:\/\/schema.org\/CreativeWork\" ><div class='av-inner-masonry-sizer'><\/div><figure class='av-inner-masonry main_color'><div class=\"av-masonry-outerimage-container\"><div class='av-masonry-image-container' style=\"background-image: url(https:\/\/clusterlogistic.org\/wp-content\/uploads\/2026\/01\/inmologistica-catalunya-705x353.jpg);\"  title=\"inmologistica catalunya\" ><\/div><\/div><figcaption class='av-inner-masonry-content site-background'><div class='av-inner-masonry-content-pos'><div class='av-inner-masonry-content-pos-content'><div class='avia-arrow'><\/div><h3 class='av-masonry-entry-title entry-title '  itemprop=\"headline\" >El auge imparable del mercado log\u00edstico en Catalu\u00f1a<\/h3><span class='av-masonry-date meta-color updated'>9 enero, 2026<\/span><span class=\"av-masonry-text-sep text-sep-author\">\/<\/span><span class='av-masonry-author meta-color author'><span class='fn'>por Cl\u00faster Log\u00edstic de Catalunya<\/span><\/span><\/div><\/div><\/figcaption><\/figure><\/a><!--end av-masonry entry--><a href=\"https:\/\/clusterlogistic.org\/es\/el-tren-que-revolucionara-el-transporte-en-barcelona\/\"  id='av-masonry-1-item-9995' data-av-masonry-item='9995' class='av-masonry-entry isotope-item post-9995 post type-post status-publish format-standard has-post-thumbnail hentry category-actualidad all_sort actualidad_sort  av-masonry-item-with-image' title=\"aereopuerto barcelona 1\"   itemscope=\"itemscope\" itemtype=\"https:\/\/schema.org\/CreativeWork\" ><div class='av-inner-masonry-sizer'><\/div><figure class='av-inner-masonry main_color'><div class=\"av-masonry-outerimage-container\"><div class='av-masonry-image-container' style=\"background-image: url(https:\/\/clusterlogistic.org\/wp-content\/uploads\/2025\/12\/aereopuerto-barcelona-1-705x404.jpg);\"  title=\"aereopuerto barcelona 1\" ><\/div><\/div><figcaption class='av-inner-masonry-content site-background'><div class='av-inner-masonry-content-pos'><div class='av-inner-masonry-content-pos-content'><div class='avia-arrow'><\/div><h3 class='av-masonry-entry-title entry-title '  itemprop=\"headline\" >El tren que conectar\u00e1 el centro de Barcelona con el aeropuerto para finales de 2026<\/h3><span class='av-masonry-date meta-color updated'>2 enero, 2026<\/span><span class=\"av-masonry-text-sep text-sep-author\">\/<\/span><span class='av-masonry-author meta-color author'><span class='fn'>por Cl\u00faster Log\u00edstic de Catalunya<\/span><\/span><\/div><\/div><\/figcaption><\/figure><\/a><!--end av-masonry entry--><a href=\"https:\/\/clusterlogistic.org\/es\/catalunya-avanza-en-la-carrera-digital-superando-a-europa\/\"  id='av-masonry-1-item-9984' data-av-masonry-item='9984' class='av-masonry-entry isotope-item post-9984 post type-post status-publish format-standard has-post-thumbnail hentry category-actualidad all_sort actualidad_sort  av-masonry-item-with-image' title=\"grado de digitalizaci\u00f3n\"   itemscope=\"itemscope\" itemtype=\"https:\/\/schema.org\/CreativeWork\" ><div class='av-inner-masonry-sizer'><\/div><figure class='av-inner-masonry main_color'><div class=\"av-masonry-outerimage-container\"><div class='av-masonry-image-container' style=\"background-image: url(https:\/\/clusterlogistic.org\/wp-content\/uploads\/2025\/12\/grado-de-digitalizacion-705x470.jpg);\"  title=\"grado de digitalizaci\u00f3n\" ><\/div><\/div><figcaption class='av-inner-masonry-content site-background'><div class='av-inner-masonry-content-pos'><div class='av-inner-masonry-content-pos-content'><div class='avia-arrow'><\/div><h3 class='av-masonry-entry-title entry-title '  itemprop=\"headline\" >Catalunya avanza en la carrera digital superando a Europa<\/h3><span class='av-masonry-date meta-color updated'>26 diciembre, 2025<\/span><span class=\"av-masonry-text-sep text-sep-author\">\/<\/span><span class='av-masonry-author meta-color author'><span class='fn'>por Cl\u00faster Log\u00edstic de Catalunya<\/span><\/span><\/div><\/div><\/figcaption><\/figure><\/a><!--end av-masonry entry--><a href=\"https:\/\/clusterlogistic.org\/es\/el-auge-de-los-complejos-logisticos-y-el-impacto-en-catalunya\/\"  id='av-masonry-1-item-9979' data-av-masonry-item='9979' class='av-masonry-entry isotope-item post-9979 post type-post status-publish format-standard has-post-thumbnail hentry category-actualidad all_sort actualidad_sort  av-masonry-item-with-image' title=\"inversion almacen catalunya\"   itemscope=\"itemscope\" itemtype=\"https:\/\/schema.org\/CreativeWork\" ><div class='av-inner-masonry-sizer'><\/div><figure class='av-inner-masonry main_color'><div class=\"av-masonry-outerimage-container\"><div class='av-masonry-image-container' style=\"background-image: url(https:\/\/clusterlogistic.org\/wp-content\/uploads\/2025\/12\/inversion-almacen-catalunya-705x470.jpg);\"  title=\"inversion almacen catalunya\" ><\/div><\/div><figcaption class='av-inner-masonry-content site-background'><div class='av-inner-masonry-content-pos'><div class='av-inner-masonry-content-pos-content'><div class='avia-arrow'><\/div><h3 class='av-masonry-entry-title entry-title '  itemprop=\"headline\" >El auge de los complejos log\u00edsticos y el impacto en Catalunya<\/h3><span class='av-masonry-date meta-color updated'>19 diciembre, 2025<\/span><span class=\"av-masonry-text-sep text-sep-author\">\/<\/span><span class='av-masonry-author meta-color author'><span class='fn'>por Cl\u00faster Log\u00edstic de Catalunya<\/span><\/span><\/div><\/div><\/figcaption><\/figure><\/a><!--end av-masonry entry--><a href=\"https:\/\/clusterlogistic.org\/es\/el-impacto-del-aumento-de-precios-en-catalunya-que-esperar-en-2026\/\"  id='av-masonry-1-item-9989' data-av-masonry-item='9989' class='av-masonry-entry isotope-item post-9989 post type-post status-publish format-standard has-post-thumbnail hentry category-actualidad all_sort actualidad_sort  av-masonry-item-with-image' title=\"ahorro transporte\"   itemscope=\"itemscope\" itemtype=\"https:\/\/schema.org\/CreativeWork\" ><div class='av-inner-masonry-sizer'><\/div><figure class='av-inner-masonry main_color'><div class=\"av-masonry-outerimage-container\"><div class='av-masonry-image-container' style=\"background-image: url(https:\/\/clusterlogistic.org\/wp-content\/uploads\/2025\/12\/ahorro-transporte-705x470.jpg);\"  title=\"ahorro transporte\" ><\/div><\/div><figcaption class='av-inner-masonry-content site-background'><div class='av-inner-masonry-content-pos'><div class='av-inner-masonry-content-pos-content'><div class='avia-arrow'><\/div><h3 class='av-masonry-entry-title entry-title '  itemprop=\"headline\" >El impacto del aumento de precios en Catalunya: \u00bfQu\u00e9 esperar en 2026?<\/h3><span class='av-masonry-date meta-color updated'>12 diciembre, 2025<\/span><span class=\"av-masonry-text-sep text-sep-author\">\/<\/span><span class='av-masonry-author meta-color author'><span class='fn'>por Cl\u00faster Log\u00edstic de Catalunya<\/span><\/span><\/div><\/div><\/figcaption><\/figure><\/a><!--end av-masonry entry--><a href=\"https:\/\/clusterlogistic.org\/es\/el-crecimiento-imparable-del-aeropuerto-de-barcelona-el-prat\/\"  id='av-masonry-1-item-9937' data-av-masonry-item='9937' class='av-masonry-entry isotope-item post-9937 post type-post status-publish format-standard has-post-thumbnail hentry category-actualidad all_sort actualidad_sort  av-masonry-item-with-image' title=\"aereopuerto barcelona\"   itemscope=\"itemscope\" itemtype=\"https:\/\/schema.org\/CreativeWork\" ><div class='av-inner-masonry-sizer'><\/div><figure class='av-inner-masonry main_color'><div class=\"av-masonry-outerimage-container\"><div class='av-masonry-image-container' style=\"background-image: url(https:\/\/clusterlogistic.org\/wp-content\/uploads\/2025\/12\/aereopuerto-barcelona-705x436.jpg);\"  title=\"aereopuerto barcelona\" ><\/div><\/div><figcaption class='av-inner-masonry-content site-background'><div class='av-inner-masonry-content-pos'><div class='av-inner-masonry-content-pos-content'><div class='avia-arrow'><\/div><h3 class='av-masonry-entry-title entry-title '  itemprop=\"headline\" >El crecimiento imparable del aeropuerto de Barcelona-El Prat<\/h3><span class='av-masonry-date meta-color updated'>5 diciembre, 2025<\/span><span class=\"av-masonry-text-sep text-sep-author\">\/<\/span><span class='av-masonry-author meta-color author'><span class='fn'>por Cl\u00faster Log\u00edstic de Catalunya<\/span><\/span><\/div><\/div><\/figcaption><\/figure><\/a><!--end av-masonry entry--><a href=\"https:\/\/clusterlogistic.org\/es\/nodo-ferroviario-del-port-de-barcelona-impulsando-el-futuro-logistico\/\"  id='av-masonry-1-item-9927' data-av-masonry-item='9927' class='av-masonry-entry isotope-item post-9927 post type-post status-publish format-standard has-post-thumbnail hentry category-actualidad all_sort actualidad_sort  av-masonry-item-with-image' title=\"puerto de barcelona\"   itemscope=\"itemscope\" itemtype=\"https:\/\/schema.org\/CreativeWork\" ><div class='av-inner-masonry-sizer'><\/div><figure class='av-inner-masonry main_color'><div class=\"av-masonry-outerimage-container\"><div class='av-masonry-image-container' style=\"background-image: url(https:\/\/clusterlogistic.org\/wp-content\/uploads\/2025\/11\/puerto-de-barcelona-705x529.jpg);\"  title=\"puerto de barcelona\" ><\/div><\/div><figcaption class='av-inner-masonry-content site-background'><div class='av-inner-masonry-content-pos'><div class='av-inner-masonry-content-pos-content'><div class='avia-arrow'><\/div><h3 class='av-masonry-entry-title entry-title '  itemprop=\"headline\" >Nodo ferroviario del Port de Barcelona: impulsando el futuro log\u00edstico<\/h3><span class='av-masonry-date meta-color updated'>28 noviembre, 2025<\/span><span class=\"av-masonry-text-sep text-sep-author\">\/<\/span><span class='av-masonry-author meta-color author'><span class='fn'>por Cl\u00faster Log\u00edstic de Catalunya<\/span><\/span><\/div><\/div><\/figcaption><\/figure><\/a><!--end av-masonry entry--><a href=\"https:\/\/clusterlogistic.org\/es\/cataluna-dibuja-el-tren-del-futuro-con-una-estrategia-que-transformara-la-movilidad-hasta-2050\/\"  id='av-masonry-1-item-9861' data-av-masonry-item='9861' class='av-masonry-entry isotope-item post-9861 post type-post status-publish format-standard has-post-thumbnail hentry category-actualidad all_sort actualidad_sort  av-masonry-item-with-image' title=\"trenes catalunya 2050\"   itemscope=\"itemscope\" itemtype=\"https:\/\/schema.org\/CreativeWork\" ><div class='av-inner-masonry-sizer'><\/div><figure class='av-inner-masonry main_color'><div class=\"av-masonry-outerimage-container\"><div class='av-masonry-image-container' style=\"background-image: url(https:\/\/clusterlogistic.org\/wp-content\/uploads\/2025\/11\/trenes-catalunya-2050-705x470.jpg);\"  title=\"trenes catalunya 2050\" ><\/div><\/div><figcaption class='av-inner-masonry-content site-background'><div class='av-inner-masonry-content-pos'><div class='av-inner-masonry-content-pos-content'><div class='avia-arrow'><\/div><h3 class='av-masonry-entry-title entry-title '  itemprop=\"headline\" >Catalu\u00f1a dibuja el tren del futuro con una estrategia que transformar\u00e1 la movilidad hasta 2050<\/h3><span class='av-masonry-date meta-color updated'>21 noviembre, 2025<\/span><span class=\"av-masonry-text-sep text-sep-author\">\/<\/span><span class='av-masonry-author meta-color author'><span class='fn'>por admin<\/span><\/span><\/div><\/div><\/figcaption><\/figure><\/a><!--end av-masonry entry--><a href=\"https:\/\/clusterlogistic.org\/es\/puertos-que-se-unen-para-transformar-la-logistica-catalana\/\"  id='av-masonry-1-item-9828' data-av-masonry-item='9828' class='av-masonry-entry isotope-item post-9828 post type-post status-publish format-standard has-post-thumbnail hentry category-actualidad all_sort actualidad_sort  av-masonry-item-with-image' title=\"port tarragona\"   itemscope=\"itemscope\" itemtype=\"https:\/\/schema.org\/CreativeWork\" ><div class='av-inner-masonry-sizer'><\/div><figure class='av-inner-masonry main_color'><div class=\"av-masonry-outerimage-container\"><div class='av-masonry-image-container' style=\"background-image: url(https:\/\/clusterlogistic.org\/wp-content\/uploads\/2025\/11\/port-tarragona-705x391.jpg);\"  title=\"port tarragona\" ><\/div><\/div><figcaption class='av-inner-masonry-content site-background'><div class='av-inner-masonry-content-pos'><div class='av-inner-masonry-content-pos-content'><div class='avia-arrow'><\/div><h3 class='av-masonry-entry-title entry-title '  itemprop=\"headline\" >Puertos que se unen para transformar la log\u00edstica catalana<\/h3><span class='av-masonry-date meta-color updated'>14 noviembre, 2025<\/span><span class=\"av-masonry-text-sep text-sep-author\">\/<\/span><span class='av-masonry-author meta-color author'><span class='fn'>por admin<\/span><\/span><\/div><\/div><\/figcaption><\/figure><\/a><!--end av-masonry entry--><a href=\"https:\/\/clusterlogistic.org\/es\/el-puerto-de-barcelona-consolida-su-recuperacion-con-mas-automoviles-mas-contenedores-y-un-repunte-solido-de-los-graneles-liquidos\/\"  id='av-masonry-1-item-9872' data-av-masonry-item='9872' class='av-masonry-entry isotope-item post-9872 post type-post status-publish format-standard has-post-thumbnail hentry category-actualidad all_sort actualidad_sort  av-masonry-item-with-image' title=\"port de barcelona\"   itemscope=\"itemscope\" itemtype=\"https:\/\/schema.org\/CreativeWork\" ><div class='av-inner-masonry-sizer'><\/div><figure class='av-inner-masonry main_color'><div class=\"av-masonry-outerimage-container\"><div class='av-masonry-image-container' style=\"background-image: url(https:\/\/clusterlogistic.org\/wp-content\/uploads\/2025\/11\/port-de-barcelona-705x470.jpg);\"  title=\"port de barcelona\" ><\/div><\/div><figcaption class='av-inner-masonry-content site-background'><div class='av-inner-masonry-content-pos'><div class='av-inner-masonry-content-pos-content'><div class='avia-arrow'><\/div><h3 class='av-masonry-entry-title entry-title '  itemprop=\"headline\" >El Puerto de Barcelona consolida su recuperaci\u00f3n con m\u00e1s autom\u00f3viles, m\u00e1s contenedores y un repunte s\u00f3lido de los graneles l\u00edquidos<\/h3><span class='av-masonry-date meta-color updated'>7 noviembre, 2025<\/span><span class=\"av-masonry-text-sep text-sep-author\">\/<\/span><span class='av-masonry-author meta-color author'><span class='fn'>por admin<\/span><\/span><\/div><\/div><\/figcaption><\/figure><\/a><!--end av-masonry entry--><a href=\"https:\/\/clusterlogistic.org\/es\/dos-autopistas-catalanas-estrenan-gratuidad-parcial-para-conductores-habituales\/\"  id='av-masonry-1-item-9894' data-av-masonry-item='9894' class='av-masonry-entry isotope-item post-9894 post type-post status-publish format-standard has-post-thumbnail hentry category-actualidad all_sort actualidad_sort  av-masonry-item-with-image' title=\"autopista AP7\"   itemscope=\"itemscope\" itemtype=\"https:\/\/schema.org\/CreativeWork\" ><div class='av-inner-masonry-sizer'><\/div><figure class='av-inner-masonry main_color'><div class=\"av-masonry-outerimage-container\"><div class='av-masonry-image-container' style=\"background-image: url(https:\/\/clusterlogistic.org\/wp-content\/uploads\/2025\/11\/autopista-AP7-705x470.jpg);\"  title=\"autopista AP7\" ><\/div><\/div><figcaption class='av-inner-masonry-content site-background'><div class='av-inner-masonry-content-pos'><div class='av-inner-masonry-content-pos-content'><div class='avia-arrow'><\/div><h3 class='av-masonry-entry-title entry-title '  itemprop=\"headline\" >Dos autopistas catalanas estrenan gratuidad parcial para conductores habituales<\/h3><span class='av-masonry-date meta-color updated'>31 octubre, 2025<\/span><span class=\"av-masonry-text-sep text-sep-author\">\/<\/span><span class='av-masonry-author meta-color author'><span class='fn'>por admin<\/span><\/span><\/div><\/div><\/figcaption><\/figure><\/a><!--end av-masonry entry--><a href=\"https:\/\/clusterlogistic.org\/es\/asi-sera-la-nueva-linea-de-fgc-al-aeropuerto-con-trenes-mas-rapidos-comodos-y-accesibles\/\"  id='av-masonry-1-item-9883' data-av-masonry-item='9883' class='av-masonry-entry isotope-item post-9883 post type-post status-publish format-standard has-post-thumbnail hentry category-actualidad all_sort actualidad_sort  av-masonry-item-with-image' title=\"Nuevos trenes de FGC para conectar Barcelona con el aeropuerto\"   itemscope=\"itemscope\" itemtype=\"https:\/\/schema.org\/CreativeWork\" ><div class='av-inner-masonry-sizer'><\/div><figure class='av-inner-masonry main_color'><div class=\"av-masonry-outerimage-container\"><div class='av-masonry-image-container' style=\"background-image: url(https:\/\/clusterlogistic.org\/wp-content\/uploads\/2025\/11\/Nuevos-trenes-de-FGC-para-conectar-Barcelona-con-el-aeropuerto-705x470.jpg);\"  title=\"Nuevos trenes de FGC para conectar Barcelona con el aeropuerto\" ><\/div><\/div><figcaption class='av-inner-masonry-content site-background'><div class='av-inner-masonry-content-pos'><div class='av-inner-masonry-content-pos-content'><div class='avia-arrow'><\/div><h3 class='av-masonry-entry-title entry-title '  itemprop=\"headline\" >As\u00ed ser\u00e1 la nueva l\u00ednea de FGC al aeropuerto, con trenes m\u00e1s r\u00e1pidos, c\u00f3modos y accesibles<\/h3><span class='av-masonry-date meta-color updated'>24 octubre, 2025<\/span><span class=\"av-masonry-text-sep text-sep-author\">\/<\/span><span class='av-masonry-author meta-color author'><span class='fn'>por admin<\/span><\/span><\/div><\/div><\/figcaption><\/figure><\/a><!--end av-masonry entry--><a href=\"https:\/\/clusterlogistic.org\/es\/cataluna-mantiene-el-pulso-logistico-en-un-trimestre-marcado-por-la-normalizacion\/\"  id='av-masonry-1-item-9838' data-av-masonry-item='9838' class='av-masonry-entry isotope-item post-9838 post type-post status-publish format-standard has-post-thumbnail hentry category-actualidad all_sort actualidad_sort  av-masonry-item-with-image' title=\"inmologistica\"   itemscope=\"itemscope\" itemtype=\"https:\/\/schema.org\/CreativeWork\" ><div class='av-inner-masonry-sizer'><\/div><figure class='av-inner-masonry main_color'><div class=\"av-masonry-outerimage-container\"><div class='av-masonry-image-container' style=\"background-image: url(https:\/\/clusterlogistic.org\/wp-content\/uploads\/2025\/11\/inmologistica-705x471.jpg);\"  title=\"inmologistica\" ><\/div><\/div><figcaption class='av-inner-masonry-content site-background'><div class='av-inner-masonry-content-pos'><div class='av-inner-masonry-content-pos-content'><div class='avia-arrow'><\/div><h3 class='av-masonry-entry-title entry-title '  itemprop=\"headline\" >Catalu\u00f1a mantiene el pulso log\u00edstico en un trimestre marcado por la normalizaci\u00f3n<\/h3><span class='av-masonry-date meta-color updated'>17 octubre, 2025<\/span><span class=\"av-masonry-text-sep text-sep-author\">\/<\/span><span class='av-masonry-author meta-color author'><span class='fn'>por admin<\/span><\/span><\/div><\/div><\/figcaption><\/figure><\/a><!--end av-masonry entry--><a href=\"https:\/\/clusterlogistic.org\/es\/lidl-acelera-su-expansion-en-cataluna-con-una-nueva-plataforma-logistica-que-transformara-el-mapa-del-retail\/\"  id='av-masonry-1-item-9851' data-av-masonry-item='9851' class='av-masonry-entry isotope-item post-9851 post type-post status-publish format-standard has-post-thumbnail hentry category-actualidad all_sort actualidad_sort  av-masonry-item-with-image' title=\"Lidl pone en marcha su nuevo almac\u00e9n en Martorell (\"   itemscope=\"itemscope\" itemtype=\"https:\/\/schema.org\/CreativeWork\" ><div class='av-inner-masonry-sizer'><\/div><figure class='av-inner-masonry main_color'><div class=\"av-masonry-outerimage-container\"><div class='av-masonry-image-container' style=\"background-image: url(https:\/\/clusterlogistic.org\/wp-content\/uploads\/2025\/11\/Lidl-pone-en-marcha-su-nuevo-almacen-en-Martorell--705x529.jpg);\"  title=\"Lidl pone en marcha su nuevo almac\u00e9n en Martorell (\" ><\/div><\/div><figcaption class='av-inner-masonry-content site-background'><div class='av-inner-masonry-content-pos'><div class='av-inner-masonry-content-pos-content'><div class='avia-arrow'><\/div><h3 class='av-masonry-entry-title entry-title '  itemprop=\"headline\" >Lidl acelera su expansi\u00f3n en Catalu\u00f1a con una nueva plataforma log\u00edstica que transformar\u00e1 el mapa del retail<\/h3><span class='av-masonry-date meta-color updated'>10 octubre, 2025<\/span><span class=\"av-masonry-text-sep text-sep-author\">\/<\/span><span class='av-masonry-author meta-color author'><span class='fn'>por admin<\/span><\/span><\/div><\/div><\/figcaption><\/figure><\/a><!--end av-masonry entry--><a href=\"https:\/\/clusterlogistic.org\/es\/lidl-y-su-apuesta-millonaria-por-la-logistica-en-martorell\/\"  id='av-masonry-1-item-9729' data-av-masonry-item='9729' class='av-masonry-entry isotope-item post-9729 post type-post status-publish format-standard has-post-thumbnail hentry category-actualidad all_sort actualidad_sort  av-masonry-item-with-image' title=\"Lidl\"   itemscope=\"itemscope\" itemtype=\"https:\/\/schema.org\/CreativeWork\" ><div class='av-inner-masonry-sizer'><\/div><figure class='av-inner-masonry main_color'><div class=\"av-masonry-outerimage-container\"><div class='av-masonry-image-container' style=\"background-image: url(https:\/\/clusterlogistic.org\/wp-content\/uploads\/2025\/10\/Lidl-705x470.jpg);\"  title=\"Lidl\" ><\/div><\/div><figcaption class='av-inner-masonry-content site-background'><div class='av-inner-masonry-content-pos'><div class='av-inner-masonry-content-pos-content'><div class='avia-arrow'><\/div><h3 class='av-masonry-entry-title entry-title '  itemprop=\"headline\" >Lidl y su apuesta millonaria por la log\u00edstica en Martorell<\/h3><span class='av-masonry-date meta-color updated'>3 octubre, 2025<\/span><span class=\"av-masonry-text-sep text-sep-author\">\/<\/span><span class='av-masonry-author meta-color author'><span class='fn'>por admin<\/span><\/span><\/div><\/div><\/figcaption><\/figure><\/a><!--end av-masonry entry--><a href=\"https:\/\/clusterlogistic.org\/es\/la-futura-autopista-ferroviaria-zaragoza-catalunya-un-nuevo-impulso-para-el-corredor-mediterraneo\/\"  id='av-masonry-1-item-9749' data-av-masonry-item='9749' class='av-masonry-entry isotope-item post-9749 post type-post status-publish format-standard has-post-thumbnail hentry category-actualidad all_sort actualidad_sort  av-masonry-item-with-image' title=\"autopista ferroviaria zaragoza barcelona\"   itemscope=\"itemscope\" itemtype=\"https:\/\/schema.org\/CreativeWork\" ><div class='av-inner-masonry-sizer'><\/div><figure class='av-inner-masonry main_color'><div class=\"av-masonry-outerimage-container\"><div class='av-masonry-image-container' style=\"background-image: url(https:\/\/clusterlogistic.org\/wp-content\/uploads\/2025\/10\/autopista-ferroviaria-zaragoza-barcelona-705x549.png);\"  title=\"autopista ferroviaria zaragoza barcelona\" ><\/div><\/div><figcaption class='av-inner-masonry-content site-background'><div class='av-inner-masonry-content-pos'><div class='av-inner-masonry-content-pos-content'><div class='avia-arrow'><\/div><h3 class='av-masonry-entry-title entry-title '  itemprop=\"headline\" >La futura autopista ferroviaria Zaragoza-Catalunya: \u00bfun nuevo impulso para el Corredor Mediterr\u00e1neo?<\/h3><span class='av-masonry-date meta-color updated'>26 septiembre, 2025<\/span><span class=\"av-masonry-text-sep text-sep-author\">\/<\/span><span class='av-masonry-author meta-color author'><span class='fn'>por admin<\/span><\/span><\/div><\/div><\/figcaption><\/figure><\/a><!--end av-masonry entry--><a href=\"https:\/\/clusterlogistic.org\/es\/dhl-express-inaugura-su-nuevo-hub-en-el-prat-y-refuerza-su-expansion-global\/\"  id='av-masonry-1-item-9735' data-av-masonry-item='9735' class='av-masonry-entry isotope-item post-9735 post type-post status-publish format-standard has-post-thumbnail hentry category-actualidad all_sort actualidad_sort  av-masonry-item-with-image' title=\"DHL Express inaugura su nuevo Hub internacional en el aeropuerto de Barcelona\"   itemscope=\"itemscope\" itemtype=\"https:\/\/schema.org\/CreativeWork\" ><div class='av-inner-masonry-sizer'><\/div><figure class='av-inner-masonry main_color'><div class=\"av-masonry-outerimage-container\"><div class='av-masonry-image-container' style=\"background-image: url(https:\/\/clusterlogistic.org\/wp-content\/uploads\/2025\/10\/DHL-Express-inaugura-su-nuevo-Hub-internacional-en-el-aeropuerto-de-Barcelona-705x396.jpeg);\"  title=\"DHL Express inaugura su nuevo Hub internacional en el aeropuerto de Barcelona\" ><\/div><\/div><figcaption class='av-inner-masonry-content site-background'><div class='av-inner-masonry-content-pos'><div class='av-inner-masonry-content-pos-content'><div class='avia-arrow'><\/div><h3 class='av-masonry-entry-title entry-title '  itemprop=\"headline\" >DHL Express inaugura su nuevo Hub en El Prat y refuerza su expansi\u00f3n global<\/h3><span class='av-masonry-date meta-color updated'>19 septiembre, 2025<\/span><span class=\"av-masonry-text-sep text-sep-author\">\/<\/span><span class='av-masonry-author meta-color author'><span class='fn'>por admin<\/span><\/span><\/div><\/div><\/figcaption><\/figure><\/a><!--end av-masonry entry--><a href=\"https:\/\/clusterlogistic.org\/es\/lleida-alguaire-el-futuro-de-la-aviacion-en-catalunya\/\"  id='av-masonry-1-item-9741' data-av-masonry-item='9741' class='av-masonry-entry isotope-item post-9741 post type-post status-publish format-standard has-post-thumbnail hentry category-actualidad all_sort actualidad_sort  av-masonry-item-with-image' title=\"aereopuerto lleida\"   itemscope=\"itemscope\" itemtype=\"https:\/\/schema.org\/CreativeWork\" ><div class='av-inner-masonry-sizer'><\/div><figure class='av-inner-masonry main_color'><div class=\"av-masonry-outerimage-container\"><div class='av-masonry-image-container' style=\"background-image: url(https:\/\/clusterlogistic.org\/wp-content\/uploads\/2025\/10\/aereopuerto-lleida-705x529.webp);\"  title=\"aereopuerto lleida\" ><\/div><\/div><figcaption class='av-inner-masonry-content site-background'><div class='av-inner-masonry-content-pos'><div class='av-inner-masonry-content-pos-content'><div class='avia-arrow'><\/div><h3 class='av-masonry-entry-title entry-title '  itemprop=\"headline\" >Lleida-Alguaire: el futuro de la aviaci\u00f3n en Catalunya<\/h3><span class='av-masonry-date meta-color updated'>12 septiembre, 2025<\/span><span class=\"av-masonry-text-sep text-sep-author\">\/<\/span><span class='av-masonry-author meta-color author'><span class='fn'>por admin<\/span><\/span><\/div><\/div><\/figcaption><\/figure><\/a><!--end av-masonry entry--><a href=\"https:\/\/clusterlogistic.org\/es\/ajustes-en-los-horarios-de-carga-y-descarga-del-eixample-mejores-para-todos\/\"  id='av-masonry-1-item-9594' data-av-masonry-item='9594' class='av-masonry-entry isotope-item post-9594 post type-post status-publish format-standard has-post-thumbnail hentry category-actualidad all_sort actualidad_sort  av-masonry-item-with-image' title=\"horario de la carga y descarga de los ejes verdes\"   itemscope=\"itemscope\" itemtype=\"https:\/\/schema.org\/CreativeWork\" ><div class='av-inner-masonry-sizer'><\/div><figure class='av-inner-masonry main_color'><div class=\"av-masonry-outerimage-container\"><div class='av-masonry-image-container' style=\"background-image: url(https:\/\/clusterlogistic.org\/wp-content\/uploads\/2025\/09\/horario-de-la-carga-y-descarga-de-los-ejes-verdes-705x392.jpg);\"  title=\"horario de la carga y descarga de los ejes verdes\" ><\/div><\/div><figcaption class='av-inner-masonry-content site-background'><div class='av-inner-masonry-content-pos'><div class='av-inner-masonry-content-pos-content'><div class='avia-arrow'><\/div><h3 class='av-masonry-entry-title entry-title '  itemprop=\"headline\" >Ajustes en los horarios de carga y descarga del Eixample: \u00bfmejores para todos?<\/h3><span class='av-masonry-date meta-color updated'>5 septiembre, 2025<\/span><span class=\"av-masonry-text-sep text-sep-author\">\/<\/span><span class='av-masonry-author meta-color author'><span class='fn'>por admin<\/span><\/span><\/div><\/div><\/figcaption><\/figure><\/a><!--end av-masonry entry--><a href=\"https:\/\/clusterlogistic.org\/es\/por-que-el-puerto-de-barcelona-es-clave-para-el-desembarco-de-coches-chinos-en-europa\/\"  id='av-masonry-1-item-9541' data-av-masonry-item='9541' class='av-masonry-entry isotope-item post-9541 post type-post status-publish format-standard has-post-thumbnail hentry category-actualidad all_sort actualidad_sort  av-masonry-item-with-image' title=\"Un buque transportador de veh\u00edculos atracado en el Puerto de Barcelona\"   itemscope=\"itemscope\" itemtype=\"https:\/\/schema.org\/CreativeWork\" ><div class='av-inner-masonry-sizer'><\/div><figure class='av-inner-masonry main_color'><div class=\"av-masonry-outerimage-container\"><div class='av-masonry-image-container' style=\"background-image: url(https:\/\/clusterlogistic.org\/wp-content\/uploads\/2025\/08\/Un-buque-transportador-de-vehiculos-atracado-en-el-Puerto-de-Barcelona-705x470.jpg);\"  title=\"Un buque transportador de veh\u00edculos atracado en el Puerto de Barcelona\" ><\/div><\/div><figcaption class='av-inner-masonry-content site-background'><div class='av-inner-masonry-content-pos'><div class='av-inner-masonry-content-pos-content'><div class='avia-arrow'><\/div><h3 class='av-masonry-entry-title entry-title '  itemprop=\"headline\" >\u00bfPor qu\u00e9 el puerto de Barcelona es clave para el desembarco de coches chinos en Europa?<\/h3><span class='av-masonry-date meta-color updated'>29 agosto, 2025<\/span><span class=\"av-masonry-text-sep text-sep-author\">\/<\/span><span class='av-masonry-author meta-color author'><span class='fn'>por admin<\/span><\/span><\/div><\/div><\/figcaption><\/figure><\/a><!--end av-masonry entry--><a href=\"https:\/\/clusterlogistic.org\/es\/podran-salvar-las-inversiones-la-ap-7\/\"  id='av-masonry-1-item-9536' data-av-masonry-item='9536' class='av-masonry-entry isotope-item post-9536 post type-post status-publish format-standard has-post-thumbnail hentry category-actualidad all_sort actualidad_sort  av-masonry-item-with-image' title=\"autopista AP7\"   itemscope=\"itemscope\" itemtype=\"https:\/\/schema.org\/CreativeWork\" ><div class='av-inner-masonry-sizer'><\/div><figure class='av-inner-masonry main_color'><div class=\"av-masonry-outerimage-container\"><div class='av-masonry-image-container' style=\"background-image: url(https:\/\/clusterlogistic.org\/wp-content\/uploads\/2025\/08\/autopista-AP7-705x470.jpg);\"  title=\"autopista AP7\" ><\/div><\/div><figcaption class='av-inner-masonry-content site-background'><div class='av-inner-masonry-content-pos'><div class='av-inner-masonry-content-pos-content'><div class='avia-arrow'><\/div><h3 class='av-masonry-entry-title entry-title '  itemprop=\"headline\" >\u00bfPodr\u00e1n salvar las inversiones la AP-7?<\/h3><span class='av-masonry-date meta-color updated'>22 agosto, 2025<\/span><span class=\"av-masonry-text-sep text-sep-author\">\/<\/span><span class='av-masonry-author meta-color author'><span class='fn'>por admin<\/span><\/span><\/div><\/div><\/figcaption><\/figure><\/a><!--end av-masonry entry--><a href=\"https:\/\/clusterlogistic.org\/es\/puertos-de-barcelona-y-shanghai-hacia-un-futuro-maritimo-mas-sostenible\/\"  id='av-masonry-1-item-9530' data-av-masonry-item='9530' class='av-masonry-entry isotope-item post-9530 post type-post status-publish format-standard has-post-thumbnail hentry category-actualidad all_sort actualidad_sort  av-masonry-item-with-image' title=\"Los puertos de Barcelona y Shangh\u00e1i sellan una alianza\"   itemscope=\"itemscope\" itemtype=\"https:\/\/schema.org\/CreativeWork\" ><div class='av-inner-masonry-sizer'><\/div><figure class='av-inner-masonry main_color'><div class=\"av-masonry-outerimage-container\"><div class='av-masonry-image-container' style=\"background-image: url(https:\/\/clusterlogistic.org\/wp-content\/uploads\/2025\/08\/Los-puertos-de-Barcelona-y-Shanghai-sellan-una-alianza-705x409.png);\"  title=\"Los puertos de Barcelona y Shangh\u00e1i sellan una alianza\" ><\/div><\/div><figcaption class='av-inner-masonry-content site-background'><div class='av-inner-masonry-content-pos'><div class='av-inner-masonry-content-pos-content'><div class='avia-arrow'><\/div><h3 class='av-masonry-entry-title entry-title '  itemprop=\"headline\" >Puertos de Barcelona y Shanghai: hacia un futuro mar\u00edtimo m\u00e1s sostenible<\/h3><span class='av-masonry-date meta-color updated'>15 agosto, 2025<\/span><span class=\"av-masonry-text-sep text-sep-author\">\/<\/span><span class='av-masonry-author meta-color author'><span class='fn'>por admin<\/span><\/span><\/div><\/div><\/figcaption><\/figure><\/a><!--end av-masonry entry--><a href=\"https:\/\/clusterlogistic.org\/es\/el-puerto-de-barcelona-innovacion-sostenible-en-combustibles-maritimos\/\"  id='av-masonry-1-item-9524' data-av-masonry-item='9524' class='av-masonry-entry isotope-item post-9524 post type-post status-publish format-standard has-post-thumbnail hentry category-actualidad all_sort actualidad_sort  av-masonry-item-with-image' title=\"cruceros barcelona puerto\"   itemscope=\"itemscope\" itemtype=\"https:\/\/schema.org\/CreativeWork\" ><div class='av-inner-masonry-sizer'><\/div><figure class='av-inner-masonry main_color'><div class=\"av-masonry-outerimage-container\"><div class='av-masonry-image-container' style=\"background-image: url(https:\/\/clusterlogistic.org\/wp-content\/uploads\/2025\/08\/cruceros-barcelona-puerto-705x379.jpg);\"  title=\"cruceros barcelona puerto\" ><\/div><\/div><figcaption class='av-inner-masonry-content site-background'><div class='av-inner-masonry-content-pos'><div class='av-inner-masonry-content-pos-content'><div class='avia-arrow'><\/div><h3 class='av-masonry-entry-title entry-title '  itemprop=\"headline\" >El puerto de Barcelona: innovaci\u00f3n sostenible en combustibles mar\u00edtimos<\/h3><span class='av-masonry-date meta-color updated'>8 agosto, 2025<\/span><span class=\"av-masonry-text-sep text-sep-author\">\/<\/span><span class='av-masonry-author meta-color author'><span class='fn'>por admin<\/span><\/span><\/div><\/div><\/figcaption><\/figure><\/a><!--end av-masonry entry--><a href=\"https:\/\/clusterlogistic.org\/es\/impacto-de-la-nueva-normativa-sobre-el-transporte-de-mercancias-en-espana\/\"  id='av-masonry-1-item-9518' data-av-masonry-item='9518' class='av-masonry-entry isotope-item post-9518 post type-post status-publish format-standard has-post-thumbnail hentry category-actualidad all_sort actualidad_sort  av-masonry-item-with-image' title=\"transporte de mercanc\u00edas por carretera\"   itemscope=\"itemscope\" itemtype=\"https:\/\/schema.org\/CreativeWork\" ><div class='av-inner-masonry-sizer'><\/div><figure class='av-inner-masonry main_color'><div class=\"av-masonry-outerimage-container\"><div class='av-masonry-image-container' style=\"background-image: url(https:\/\/clusterlogistic.org\/wp-content\/uploads\/2025\/08\/transporte-de-mercancias-por-carretera-705x526.jpg);\"  title=\"transporte de mercanc\u00edas por carretera\" ><\/div><\/div><figcaption class='av-inner-masonry-content site-background'><div class='av-inner-masonry-content-pos'><div class='av-inner-masonry-content-pos-content'><div class='avia-arrow'><\/div><h3 class='av-masonry-entry-title entry-title '  itemprop=\"headline\" >Impacto de la nueva normativa sobre el transporte de mercanc\u00edas en Espa\u00f1a<\/h3><span class='av-masonry-date meta-color updated'>1 agosto, 2025<\/span><span class=\"av-masonry-text-sep text-sep-author\">\/<\/span><span class='av-masonry-author meta-color author'><span class='fn'>por admin<\/span><\/span><\/div><\/div><\/figcaption><\/figure><\/a><!--end av-masonry entry--><a href=\"https:\/\/clusterlogistic.org\/es\/prologis-impulsa-zona-franca-4-0-con-una-plataforma-logistica-sostenible-y-de-vanguardia\/\"  id='av-masonry-1-item-9466' data-av-masonry-item='9466' class='av-masonry-entry isotope-item post-9466 post type-post status-publish format-standard has-post-thumbnail hentry category-actualidad all_sort actualidad_sort  av-masonry-item-with-image' title=\"Prologis\"   itemscope=\"itemscope\" itemtype=\"https:\/\/schema.org\/CreativeWork\" ><div class='av-inner-masonry-sizer'><\/div><figure class='av-inner-masonry main_color'><div class=\"av-masonry-outerimage-container\"><div class='av-masonry-image-container' style=\"background-image: url(https:\/\/clusterlogistic.org\/wp-content\/uploads\/2025\/07\/Prologis-705x390.jpg);\"  title=\"Prologis\" ><\/div><\/div><figcaption class='av-inner-masonry-content site-background'><div class='av-inner-masonry-content-pos'><div class='av-inner-masonry-content-pos-content'><div class='avia-arrow'><\/div><h3 class='av-masonry-entry-title entry-title '  itemprop=\"headline\" >Prologis impulsa Zona Franca 4.0 con una plataforma log\u00edstica sostenible y de vanguardia<\/h3><span class='av-masonry-date meta-color updated'>25 julio, 2025<\/span><span class=\"av-masonry-text-sep text-sep-author\">\/<\/span><span class='av-masonry-author meta-color author'><span class='fn'>por admin<\/span><\/span><\/div><\/div><\/figcaption><\/figure><\/a><!--end av-masonry entry--><a href=\"https:\/\/clusterlogistic.org\/es\/otro-macroaeropuerto-pimec-logistica-pide-mirar-hacia-alguaire-y-no-repetir-errores\/\"  id='av-masonry-1-item-9430' data-av-masonry-item='9430' class='av-masonry-entry isotope-item post-9430 post type-post status-publish format-standard has-post-thumbnail hentry category-actualidad all_sort actualidad_sort  av-masonry-item-with-image' title=\"Alguaire aereopuerto\"   itemscope=\"itemscope\" itemtype=\"https:\/\/schema.org\/CreativeWork\" ><div class='av-inner-masonry-sizer'><\/div><figure class='av-inner-masonry main_color'><div class=\"av-masonry-outerimage-container\"><div class='av-masonry-image-container' style=\"background-image: url(https:\/\/clusterlogistic.org\/wp-content\/uploads\/2025\/07\/Alguaire-aereopuerto-705x529.webp);\"  title=\"Alguaire aereopuerto\" ><\/div><\/div><figcaption class='av-inner-masonry-content site-background'><div class='av-inner-masonry-content-pos'><div class='av-inner-masonry-content-pos-content'><div class='avia-arrow'><\/div><h3 class='av-masonry-entry-title entry-title '  itemprop=\"headline\" >\u00bfOtro macroaeropuerto? Hay que mirar hacia Alguaire y no repetir errores<\/h3><span class='av-masonry-date meta-color updated'>18 julio, 2025<\/span><span class=\"av-masonry-text-sep text-sep-author\">\/<\/span><span class='av-masonry-author meta-color author'><span class='fn'>por admin<\/span><\/span><\/div><\/div><\/figcaption><\/figure><\/a><!--end av-masonry entry--><a href=\"https:\/\/clusterlogistic.org\/es\/consum-acelera-su-expansion-logistica-en-catalunya-con-una-inversion-de-220-millones\/\"  id='av-masonry-1-item-9477' data-av-masonry-item='9477' class='av-masonry-entry isotope-item post-9477 post type-post status-publish format-standard has-post-thumbnail hentry category-actualidad all_sort actualidad_sort  av-masonry-item-with-image' title=\"Consum\"   itemscope=\"itemscope\" itemtype=\"https:\/\/schema.org\/CreativeWork\" ><div class='av-inner-masonry-sizer'><\/div><figure class='av-inner-masonry main_color'><div class=\"av-masonry-outerimage-container\"><div class='av-masonry-image-container' style=\"background-image: url(https:\/\/clusterlogistic.org\/wp-content\/uploads\/2025\/07\/Consum-705x705.jpg);\"  title=\"Consum\" ><\/div><\/div><figcaption class='av-inner-masonry-content site-background'><div class='av-inner-masonry-content-pos'><div class='av-inner-masonry-content-pos-content'><div class='avia-arrow'><\/div><h3 class='av-masonry-entry-title entry-title '  itemprop=\"headline\" >Consum acelera su expansi\u00f3n log\u00edstica en Catalunya con una inversi\u00f3n de 220 millones<\/h3><span class='av-masonry-date meta-color updated'>11 julio, 2025<\/span><span class=\"av-masonry-text-sep text-sep-author\">\/<\/span><span class='av-masonry-author meta-color author'><span class='fn'>por admin<\/span><\/span><\/div><\/div><\/figcaption><\/figure><\/a><!--end av-masonry entry--><a href=\"https:\/\/clusterlogistic.org\/es\/belog-apuesta-por-sabadell-con-un-nuevo-megacentro-logistico-de-ultima-milla\/\"  id='av-masonry-1-item-9489' data-av-masonry-item='9489' class='av-masonry-entry isotope-item post-9489 post type-post status-publish format-standard has-post-thumbnail hentry category-actualidad all_sort actualidad_sort  av-masonry-item-with-image' title=\"LOGISTICA ULTIMA MILLA\"   itemscope=\"itemscope\" itemtype=\"https:\/\/schema.org\/CreativeWork\" ><div class='av-inner-masonry-sizer'><\/div><figure class='av-inner-masonry main_color'><div class=\"av-masonry-outerimage-container\"><div class='av-masonry-image-container' style=\"background-image: url(https:\/\/clusterlogistic.org\/wp-content\/uploads\/2025\/07\/LOGISTICA-ULTIMA-MILLA-705x470.jpg);\"  title=\"LOGISTICA ULTIMA MILLA\" ><\/div><\/div><figcaption class='av-inner-masonry-content site-background'><div class='av-inner-masonry-content-pos'><div class='av-inner-masonry-content-pos-content'><div class='avia-arrow'><\/div><h3 class='av-masonry-entry-title entry-title '  itemprop=\"headline\" >BeLog apuesta por Sabadell con un nuevo megacentro log\u00edstico de \u00faltima milla<\/h3><span class='av-masonry-date meta-color updated'>4 julio, 2025<\/span><span class=\"av-masonry-text-sep text-sep-author\">\/<\/span><span class='av-masonry-author meta-color author'><span class='fn'>por admin<\/span><\/span><\/div><\/div><\/figcaption><\/figure><\/a><!--end av-masonry entry--><a href=\"https:\/\/clusterlogistic.org\/es\/exportaciones-al-alza-y-senales-mixtas-en-el-puerto-de-barcelona\/\"  id='av-masonry-1-item-9498' data-av-masonry-item='9498' class='av-masonry-entry isotope-item post-9498 post type-post status-publish format-standard has-post-thumbnail hentry category-actualidad all_sort actualidad_sort  av-masonry-item-with-image' title=\"puerto de barcelona\"   itemscope=\"itemscope\" itemtype=\"https:\/\/schema.org\/CreativeWork\" ><div class='av-inner-masonry-sizer'><\/div><figure class='av-inner-masonry main_color'><div class=\"av-masonry-outerimage-container\"><div class='av-masonry-image-container' style=\"background-image: url(https:\/\/clusterlogistic.org\/wp-content\/uploads\/2025\/07\/puerto-de-barcelona-705x470.jpg);\"  title=\"puerto de barcelona\" ><\/div><\/div><figcaption class='av-inner-masonry-content site-background'><div class='av-inner-masonry-content-pos'><div class='av-inner-masonry-content-pos-content'><div class='avia-arrow'><\/div><h3 class='av-masonry-entry-title entry-title '  itemprop=\"headline\" >Exportaciones al alza y se\u00f1ales mixtas en el Puerto de Barcelona<\/h3><span class='av-masonry-date meta-color updated'>27 junio, 2025<\/span><span class=\"av-masonry-text-sep text-sep-author\">\/<\/span><span class='av-masonry-author meta-color author'><span class='fn'>por admin<\/span><\/span><\/div><\/div><\/figcaption><\/figure><\/a><!--end av-masonry entry--><a href=\"https:\/\/clusterlogistic.org\/es\/sil-2025-brilla-entre-la-incertidumbre-con-ia-contactos-de-calidad-y-vision-global\/\"  id='av-masonry-1-item-9455' data-av-masonry-item='9455' class='av-masonry-entry isotope-item post-9455 post type-post status-publish format-standard has-post-thumbnail hentry category-actualidad all_sort actualidad_sort  av-masonry-item-with-image' title=\"sil 2025\"   itemscope=\"itemscope\" itemtype=\"https:\/\/schema.org\/CreativeWork\" ><div class='av-inner-masonry-sizer'><\/div><figure class='av-inner-masonry main_color'><div class=\"av-masonry-outerimage-container\"><div class='av-masonry-image-container' style=\"background-image: url(https:\/\/clusterlogistic.org\/wp-content\/uploads\/2025\/07\/sil-2025-705x441.png);\"  title=\"sil 2025\" ><\/div><\/div><figcaption class='av-inner-masonry-content site-background'><div class='av-inner-masonry-content-pos'><div class='av-inner-masonry-content-pos-content'><div class='avia-arrow'><\/div><h3 class='av-masonry-entry-title entry-title '  itemprop=\"headline\" >SIL 2025 brilla entre la incertidumbre con IA, contactos de calidad y visi\u00f3n global<\/h3><span class='av-masonry-date meta-color updated'>20 junio, 2025<\/span><span class=\"av-masonry-text-sep text-sep-author\">\/<\/span><span class='av-masonry-author meta-color author'><span class='fn'>por admin<\/span><\/span><\/div><\/div><\/figcaption><\/figure><\/a><!--end av-masonry entry--><a href=\"https:\/\/clusterlogistic.org\/es\/cataluna-acelera-en-logistica-sube-la-contratacion-y-supera-los-160-000-m%c2%b2\/\"  id='av-masonry-1-item-9444' data-av-masonry-item='9444' class='av-masonry-entry isotope-item post-9444 post type-post status-publish format-standard has-post-thumbnail hentry category-actualidad all_sort actualidad_sort  av-masonry-item-with-image' title=\"cntrataci\u00f3n logistica\"   itemscope=\"itemscope\" itemtype=\"https:\/\/schema.org\/CreativeWork\" ><div class='av-inner-masonry-sizer'><\/div><figure class='av-inner-masonry main_color'><div class=\"av-masonry-outerimage-container\"><div class='av-masonry-image-container' style=\"background-image: url(https:\/\/clusterlogistic.org\/wp-content\/uploads\/2025\/06\/cntratacion-logistica-705x470.jpg);\"  title=\"cntrataci\u00f3n logistica\" ><\/div><\/div><figcaption class='av-inner-masonry-content site-background'><div class='av-inner-masonry-content-pos'><div class='av-inner-masonry-content-pos-content'><div class='avia-arrow'><\/div><h3 class='av-masonry-entry-title entry-title '  itemprop=\"headline\" >Catalu\u00f1a acelera en log\u00edstica: sube la contrataci\u00f3n y supera los 160.000 m\u00b2<\/h3><span class='av-masonry-date meta-color updated'>13 junio, 2025<\/span><span class=\"av-masonry-text-sep text-sep-author\">\/<\/span><span class='av-masonry-author meta-color author'><span class='fn'>por admin<\/span><\/span><\/div><\/div><\/figcaption><\/figure><\/a><!--end av-masonry entry--><a href=\"https:\/\/clusterlogistic.org\/es\/barcelona-una-ciudad-que-apuesta-por-la-sostenibilidad-y-la-salud\/\"  id='av-masonry-1-item-9325' data-av-masonry-item='9325' class='av-masonry-entry isotope-item post-9325 post type-post status-publish format-standard has-post-thumbnail hentry category-actualidad all_sort actualidad_sort  av-masonry-item-with-image' title=\"port de barcelona\"   itemscope=\"itemscope\" itemtype=\"https:\/\/schema.org\/CreativeWork\" ><div class='av-inner-masonry-sizer'><\/div><figure class='av-inner-masonry main_color'><div class=\"av-masonry-outerimage-container\"><div class='av-masonry-image-container' style=\"background-image: url(https:\/\/clusterlogistic.org\/wp-content\/uploads\/2025\/06\/port-de-barcelona-705x468.jpg);\"  title=\"port de barcelona\" ><\/div><\/div><figcaption class='av-inner-masonry-content site-background'><div class='av-inner-masonry-content-pos'><div class='av-inner-masonry-content-pos-content'><div class='avia-arrow'><\/div><h3 class='av-masonry-entry-title entry-title '  itemprop=\"headline\" >Barcelona: una ciudad que apuesta por la sostenibilidad y la salud<\/h3><span class='av-masonry-date meta-color updated'>6 junio, 2025<\/span><span class=\"av-masonry-text-sep text-sep-author\">\/<\/span><span class='av-masonry-author meta-color author'><span class='fn'>por Cl\u00faster Log\u00edstic de Catalunya<\/span><\/span><\/div><\/div><\/figcaption><\/figure><\/a><!--end av-masonry entry--><a href=\"https:\/\/clusterlogistic.org\/es\/barcelona-se-consolida-como-epicentro-logistico-con-el-sil-2025\/\"  id='av-masonry-1-item-9343' data-av-masonry-item='9343' class='av-masonry-entry isotope-item post-9343 post type-post status-publish format-standard has-post-thumbnail hentry category-actualidad all_sort actualidad_sort  av-masonry-item-with-image' title=\"sil barcelona\"   itemscope=\"itemscope\" itemtype=\"https:\/\/schema.org\/CreativeWork\" ><div class='av-inner-masonry-sizer'><\/div><figure class='av-inner-masonry main_color'><div class=\"av-masonry-outerimage-container\"><div class='av-masonry-image-container' style=\"background-image: url(https:\/\/clusterlogistic.org\/wp-content\/uploads\/2025\/06\/sil-barcelona-705x470.jpg);\"  title=\"sil barcelona\" ><\/div><\/div><figcaption class='av-inner-masonry-content site-background'><div class='av-inner-masonry-content-pos'><div class='av-inner-masonry-content-pos-content'><div class='avia-arrow'><\/div><h3 class='av-masonry-entry-title entry-title '  itemprop=\"headline\" >Barcelona se consolida como epicentro log\u00edstico con el SIL 2025<\/h3><span class='av-masonry-date meta-color updated'>30 mayo, 2025<\/span><span class=\"av-masonry-text-sep text-sep-author\">\/<\/span><span class='av-masonry-author meta-color author'><span class='fn'>por Cl\u00faster Log\u00edstic de Catalunya<\/span><\/span><\/div><\/div><\/figcaption><\/figure><\/a><!--end av-masonry entry--><a href=\"https:\/\/clusterlogistic.org\/es\/la-revolucion-de-la-velocidad-inteligencia-artificial-en-autopistas-catalanas\/\"  id='av-masonry-1-item-9365' data-av-masonry-item='9365' class='av-masonry-entry isotope-item post-9365 post type-post status-publish format-standard has-post-thumbnail hentry category-actualidad all_sort actualidad_sort  av-masonry-item-with-image' title=\"control autopistas con IA\"   itemscope=\"itemscope\" itemtype=\"https:\/\/schema.org\/CreativeWork\" ><div class='av-inner-masonry-sizer'><\/div><figure class='av-inner-masonry main_color'><div class=\"av-masonry-outerimage-container\"><div class='av-masonry-image-container' style=\"background-image: url(https:\/\/clusterlogistic.org\/wp-content\/uploads\/2025\/06\/control-autoppistas-con-ia-705x470.jpg);\"  title=\"control autopistas con IA\" ><\/div><\/div><figcaption class='av-inner-masonry-content site-background'><div class='av-inner-masonry-content-pos'><div class='av-inner-masonry-content-pos-content'><div class='avia-arrow'><\/div><h3 class='av-masonry-entry-title entry-title '  itemprop=\"headline\" >La revoluci\u00f3n de la velocidad: inteligencia artificial en autopistas catalanas<\/h3><span class='av-masonry-date meta-color updated'>23 mayo, 2025<\/span><span class=\"av-masonry-text-sep text-sep-author\">\/<\/span><span class='av-masonry-author meta-color author'><span class='fn'>por Cl\u00faster Log\u00edstic de Catalunya<\/span><\/span><\/div><\/div><\/figcaption><\/figure><\/a><!--end av-masonry entry--><a href=\"https:\/\/clusterlogistic.org\/es\/el-futuro-del-prat-alta-velocidad-y-acuerdos-politicos\/\"  id='av-masonry-1-item-9331' data-av-masonry-item='9331' class='av-masonry-entry isotope-item post-9331 post type-post status-publish format-standard has-post-thumbnail hentry category-actualidad all_sort actualidad_sort  av-masonry-item-with-image' title=\"ave al aereopuerto de barcelona\"   itemscope=\"itemscope\" itemtype=\"https:\/\/schema.org\/CreativeWork\" ><div class='av-inner-masonry-sizer'><\/div><figure class='av-inner-masonry main_color'><div class=\"av-masonry-outerimage-container\"><div class='av-masonry-image-container' style=\"background-image: url(https:\/\/clusterlogistic.org\/wp-content\/uploads\/2025\/06\/ave-al-aereopuerto-de-barcelona-705x470.jpg);\"  title=\"ave al aereopuerto de barcelona\" ><\/div><\/div><figcaption class='av-inner-masonry-content site-background'><div class='av-inner-masonry-content-pos'><div class='av-inner-masonry-content-pos-content'><div class='avia-arrow'><\/div><h3 class='av-masonry-entry-title entry-title '  itemprop=\"headline\" >El futuro del Prat: alta velocidad y acuerdos pol\u00edticos<\/h3><span class='av-masonry-date meta-color updated'>16 mayo, 2025<\/span><span class=\"av-masonry-text-sep text-sep-author\">\/<\/span><span class='av-masonry-author meta-color author'><span class='fn'>por Cl\u00faster Log\u00edstic de Catalunya<\/span><\/span><\/div><\/div><\/figcaption><\/figure><\/a><!--end av-masonry entry--><a href=\"https:\/\/clusterlogistic.org\/es\/las-infraestructuras-criticas-que-impulsan-el-desarrollo\/\"  id='av-masonry-1-item-9337' data-av-masonry-item='9337' class='av-masonry-entry isotope-item post-9337 post type-post status-publish format-standard has-post-thumbnail hentry category-actualidad all_sort actualidad_sort  av-masonry-item-with-image' title=\"infraestructuras catalunya\"   itemscope=\"itemscope\" itemtype=\"https:\/\/schema.org\/CreativeWork\" ><div class='av-inner-masonry-sizer'><\/div><figure class='av-inner-masonry main_color'><div class=\"av-masonry-outerimage-container\"><div class='av-masonry-image-container' style=\"background-image: url(https:\/\/clusterlogistic.org\/wp-content\/uploads\/2025\/06\/infraestructuras-catalunya-705x470.jpg);\"  title=\"infraestructuras catalunya\" ><\/div><\/div><figcaption class='av-inner-masonry-content site-background'><div class='av-inner-masonry-content-pos'><div class='av-inner-masonry-content-pos-content'><div class='avia-arrow'><\/div><h3 class='av-masonry-entry-title entry-title '  itemprop=\"headline\" >Las infraestructuras cr\u00edticas que impulsan el desarrollo<\/h3><span class='av-masonry-date meta-color updated'>9 mayo, 2025<\/span><span class=\"av-masonry-text-sep text-sep-author\">\/<\/span><span class='av-masonry-author meta-color author'><span class='fn'>por Cl\u00faster Log\u00edstic de Catalunya<\/span><\/span><\/div><\/div><\/figcaption><\/figure><\/a><!--end av-masonry entry--><a href=\"https:\/\/clusterlogistic.org\/es\/la-ultima-milla-el-futuro-urbano-que-ya-esta-aqui\/\"  id='av-masonry-1-item-9359' data-av-masonry-item='9359' class='av-masonry-entry isotope-item post-9359 post type-post status-publish format-standard has-post-thumbnail hentry category-actualidad all_sort actualidad_sort  av-masonry-item-with-image' title=\"last mile\"   itemscope=\"itemscope\" itemtype=\"https:\/\/schema.org\/CreativeWork\" ><div class='av-inner-masonry-sizer'><\/div><figure class='av-inner-masonry main_color'><div class=\"av-masonry-outerimage-container\"><div class='av-masonry-image-container' style=\"background-image: url(https:\/\/clusterlogistic.org\/wp-content\/uploads\/2025\/06\/last-mile-705x524.jpg);\"  title=\"last mile\" ><\/div><\/div><figcaption class='av-inner-masonry-content site-background'><div class='av-inner-masonry-content-pos'><div class='av-inner-masonry-content-pos-content'><div class='avia-arrow'><\/div><h3 class='av-masonry-entry-title entry-title '  itemprop=\"headline\" >La \u00faltima milla: el futuro urbano que ya est\u00e1 aqu\u00ed<\/h3><span class='av-masonry-date meta-color updated'>2 mayo, 2025<\/span><span class=\"av-masonry-text-sep text-sep-author\">\/<\/span><span class='av-masonry-author meta-color author'><span class='fn'>por Cl\u00faster Log\u00edstic de Catalunya<\/span><\/span><\/div><\/div><\/figcaption><\/figure><\/a><!--end av-masonry entry--><a href=\"https:\/\/clusterlogistic.org\/es\/aeropuerto-de-lleida-alguaire-una-historia-de-reinvencion\/\"  id='av-masonry-1-item-9349' data-av-masonry-item='9349' class='av-masonry-entry isotope-item post-9349 post type-post status-publish format-standard has-post-thumbnail hentry category-actualidad all_sort actualidad_sort  av-masonry-item-with-image' title=\"aereopuerto de lleida\"   itemscope=\"itemscope\" itemtype=\"https:\/\/schema.org\/CreativeWork\" ><div class='av-inner-masonry-sizer'><\/div><figure class='av-inner-masonry main_color'><div class=\"av-masonry-outerimage-container\"><div class='av-masonry-image-container' style=\"background-image: url(https:\/\/clusterlogistic.org\/wp-content\/uploads\/2025\/06\/aereopuerto-de-lleida-705x397.webp);\"  title=\"aereopuerto de lleida\" ><\/div><\/div><figcaption class='av-inner-masonry-content site-background'><div class='av-inner-masonry-content-pos'><div class='av-inner-masonry-content-pos-content'><div class='avia-arrow'><\/div><h3 class='av-masonry-entry-title entry-title '  itemprop=\"headline\" >Aeropuerto de Lleida-Alguaire: una historia de reinvenci\u00f3n<\/h3><span class='av-masonry-date meta-color updated'>25 abril, 2025<\/span><span class=\"av-masonry-text-sep text-sep-author\">\/<\/span><span class='av-masonry-author meta-color author'><span class='fn'>por Cl\u00faster Log\u00edstic de Catalunya<\/span><\/span><\/div><\/div><\/figcaption><\/figure><\/a><!--end av-masonry entry--><a href=\"https:\/\/clusterlogistic.org\/es\/el-boom-economico-por-que-tarragona-atrae-millones-en-inversiones-privadas\/\"  id='av-masonry-1-item-9273' data-av-masonry-item='9273' class='av-masonry-entry isotope-item post-9273 post type-post status-publish format-standard has-post-thumbnail hentry category-actualidad all_sort actualidad_sort  av-masonry-item-with-image' title=\"port de tarragona\"   itemscope=\"itemscope\" itemtype=\"https:\/\/schema.org\/CreativeWork\" ><div class='av-inner-masonry-sizer'><\/div><figure class='av-inner-masonry main_color'><div class=\"av-masonry-outerimage-container\"><div class='av-masonry-image-container' style=\"background-image: url(https:\/\/clusterlogistic.org\/wp-content\/uploads\/2025\/04\/port-de-tarragona-705x470.jpg);\"  title=\"port de tarragona\" ><\/div><\/div><figcaption class='av-inner-masonry-content site-background'><div class='av-inner-masonry-content-pos'><div class='av-inner-masonry-content-pos-content'><div class='avia-arrow'><\/div><h3 class='av-masonry-entry-title entry-title '  itemprop=\"headline\" >El boom econ\u00f3mico: \u00bfPor qu\u00e9 Tarragona atrae millones en inversiones privadas?<\/h3><span class='av-masonry-date meta-color updated'>18 abril, 2025<\/span><span class=\"av-masonry-text-sep text-sep-author\">\/<\/span><span class='av-masonry-author meta-color author'><span class='fn'>por Cl\u00faster Log\u00edstic de Catalunya<\/span><\/span><\/div><\/div><\/figcaption><\/figure><\/a><!--end av-masonry entry--><a href=\"https:\/\/clusterlogistic.org\/es\/en-el-primer-trimestre-de-2025-aumento-considerable-en-la-contratacion-de-espacios-logisticos\/\"  id='av-masonry-1-item-9277' data-av-masonry-item='9277' class='av-masonry-entry isotope-item post-9277 post type-post status-publish format-standard has-post-thumbnail hentry category-actualidad all_sort actualidad_sort  av-masonry-item-with-image' title=\"trabajadores logistica\"   itemscope=\"itemscope\" itemtype=\"https:\/\/schema.org\/CreativeWork\" ><div class='av-inner-masonry-sizer'><\/div><figure class='av-inner-masonry main_color'><div class=\"av-masonry-outerimage-container\"><div class='av-masonry-image-container' style=\"background-image: url(https:\/\/clusterlogistic.org\/wp-content\/uploads\/2025\/04\/trabajadores-logistica-705x436.jpg);\"  title=\"trabajadores logistica\" ><\/div><\/div><figcaption class='av-inner-masonry-content site-background'><div class='av-inner-masonry-content-pos'><div class='av-inner-masonry-content-pos-content'><div class='avia-arrow'><\/div><h3 class='av-masonry-entry-title entry-title '  itemprop=\"headline\" >En el primer trimestre de 2025 aumento considerable en la contrataci\u00f3n de espacios log\u00edsticos<\/h3><span class='av-masonry-date meta-color updated'>11 abril, 2025<\/span><span class=\"av-masonry-text-sep text-sep-author\">\/<\/span><span class='av-masonry-author meta-color author'><span class='fn'>por Cl\u00faster Log\u00edstic de Catalunya<\/span><\/span><\/div><\/div><\/figcaption><\/figure><\/a><!--end av-masonry entry--><a href=\"https:\/\/clusterlogistic.org\/es\/aeropuertos-de-lleida-alguaire-y-andorra-la-seu-impulso-y-crecimiento-en-2024\/\"  id='av-masonry-1-item-9192' data-av-masonry-item='9192' class='av-masonry-entry isotope-item post-9192 post type-post status-publish format-standard has-post-thumbnail hentry category-actualidad all_sort actualidad_sort  av-masonry-item-with-image' title=\"aereopuerto lleida\"   itemscope=\"itemscope\" itemtype=\"https:\/\/schema.org\/CreativeWork\" ><div class='av-inner-masonry-sizer'><\/div><figure class='av-inner-masonry main_color'><div class=\"av-masonry-outerimage-container\"><div class='av-masonry-image-container' style=\"background-image: url(https:\/\/clusterlogistic.org\/wp-content\/uploads\/2025\/03\/aereopuerto-lleida-705x529.jpg);\"  title=\"aereopuerto lleida\" ><\/div><\/div><figcaption class='av-inner-masonry-content site-background'><div class='av-inner-masonry-content-pos'><div class='av-inner-masonry-content-pos-content'><div class='avia-arrow'><\/div><h3 class='av-masonry-entry-title entry-title '  itemprop=\"headline\" >Aeropuertos de Lleida-Alguaire y Andorra-La Seu: Impulso y crecimiento en 2024<\/h3><span class='av-masonry-date meta-color updated'>4 abril, 2025<\/span><span class=\"av-masonry-text-sep text-sep-author\">\/<\/span><span class='av-masonry-author meta-color author'><span class='fn'>por Cl\u00faster Log\u00edstic de Catalunya<\/span><\/span><\/div><\/div><\/figcaption><\/figure><\/a><!--end av-masonry entry--><a href=\"https:\/\/clusterlogistic.org\/es\/barcelona-y-su-apuesta-por-los-combustibles-verdes-que-significa-el-nuevo-impulso\/\"  id='av-masonry-1-item-9188' data-av-masonry-item='9188' class='av-masonry-entry isotope-item post-9188 post type-post status-publish format-standard has-post-thumbnail hentry category-actualidad all_sort actualidad_sort  av-masonry-item-with-image' title=\"port de barcelona\"   itemscope=\"itemscope\" itemtype=\"https:\/\/schema.org\/CreativeWork\" ><div class='av-inner-masonry-sizer'><\/div><figure class='av-inner-masonry main_color'><div class=\"av-masonry-outerimage-container\"><div class='av-masonry-image-container' style=\"background-image: url(https:\/\/clusterlogistic.org\/wp-content\/uploads\/2025\/03\/port-de-barcelona-705x468.jpg);\"  title=\"port de barcelona\" ><\/div><\/div><figcaption class='av-inner-masonry-content site-background'><div class='av-inner-masonry-content-pos'><div class='av-inner-masonry-content-pos-content'><div class='avia-arrow'><\/div><h3 class='av-masonry-entry-title entry-title '  itemprop=\"headline\" >Barcelona y su apuesta por los combustibles verdes: \u00bfqu\u00e9 significa el nuevo impulso?<\/h3><span class='av-masonry-date meta-color updated'>28 marzo, 2025<\/span><span class=\"av-masonry-text-sep text-sep-author\">\/<\/span><span class='av-masonry-author meta-color author'><span class='fn'>por Cl\u00faster Log\u00edstic de Catalunya<\/span><\/span><\/div><\/div><\/figcaption><\/figure><\/a><!--end av-masonry entry--><a href=\"https:\/\/clusterlogistic.org\/es\/la-expansion-del-aeropuerto-de-barcelona-realmente-urgente-y-necesaria\/\"  id='av-masonry-1-item-9184' data-av-masonry-item='9184' class='av-masonry-entry isotope-item post-9184 post type-post status-publish format-standard has-post-thumbnail hentry category-actualidad all_sort actualidad_sort  av-masonry-item-with-image' title=\"ampliacion aereopuerto barcelona\"   itemscope=\"itemscope\" itemtype=\"https:\/\/schema.org\/CreativeWork\" ><div class='av-inner-masonry-sizer'><\/div><figure class='av-inner-masonry main_color'><div class=\"av-masonry-outerimage-container\"><div class='av-masonry-image-container' style=\"background-image: url(https:\/\/clusterlogistic.org\/wp-content\/uploads\/2025\/03\/ampliacion-aereopuerto-barcelona-705x440.jpg);\"  title=\"ampliacion aereopuerto barcelona\" ><\/div><\/div><figcaption class='av-inner-masonry-content site-background'><div class='av-inner-masonry-content-pos'><div class='av-inner-masonry-content-pos-content'><div class='avia-arrow'><\/div><h3 class='av-masonry-entry-title entry-title '  itemprop=\"headline\" >La expansi\u00f3n del aeropuerto de Barcelona: \u00bfrealmente urgente y necesaria?<\/h3><span class='av-masonry-date meta-color updated'>21 marzo, 2025<\/span><span class=\"av-masonry-text-sep text-sep-author\">\/<\/span><span class='av-masonry-author meta-color author'><span class='fn'>por Cl\u00faster Log\u00edstic de Catalunya<\/span><\/span><\/div><\/div><\/figcaption><\/figure><\/a><!--end av-masonry entry--><a href=\"https:\/\/clusterlogistic.org\/es\/el-auge-de-la-contratacion-en-la-logistica-espanola-un-fenomeno-aislado\/\"  id='av-masonry-1-item-9180' data-av-masonry-item='9180' class='av-masonry-entry isotope-item post-9180 post type-post status-publish format-standard has-post-thumbnail hentry category-actualidad all_sort actualidad_sort  av-masonry-item-with-image' title=\"ciontrataci\u00f3n logistica\"   itemscope=\"itemscope\" itemtype=\"https:\/\/schema.org\/CreativeWork\" ><div class='av-inner-masonry-sizer'><\/div><figure class='av-inner-masonry main_color'><div class=\"av-masonry-outerimage-container\"><div class='av-masonry-image-container' style=\"background-image: url(https:\/\/clusterlogistic.org\/wp-content\/uploads\/2025\/03\/contratacipon-logistica-705x403.jpg);\"  title=\"ciontrataci\u00f3n logistica\" ><\/div><\/div><figcaption class='av-inner-masonry-content site-background'><div class='av-inner-masonry-content-pos'><div class='av-inner-masonry-content-pos-content'><div class='avia-arrow'><\/div><h3 class='av-masonry-entry-title entry-title '  itemprop=\"headline\" >El auge de la contrataci\u00f3n en la log\u00edstica espa\u00f1ola: \u00bfun fen\u00f3meno aislado?<\/h3><span class='av-masonry-date meta-color updated'>14 marzo, 2025<\/span><span class=\"av-masonry-text-sep text-sep-author\">\/<\/span><span class='av-masonry-author meta-color author'><span class='fn'>por Cl\u00faster Log\u00edstic de Catalunya<\/span><\/span><\/div><\/div><\/figcaption><\/figure><\/a><!--end av-masonry entry--><a href=\"https:\/\/clusterlogistic.org\/es\/profesionales-esenciales-en-logistica-y-transporte-quienes-seran-los-mejor-pagados-en-2025\/\"  id='av-masonry-1-item-9176' data-av-masonry-item='9176' class='av-masonry-entry isotope-item post-9176 post type-post status-publish format-standard has-post-thumbnail hentry category-actualidad all_sort actualidad_sort  av-masonry-item-with-image' title=\"contratacion logistica\"   itemscope=\"itemscope\" itemtype=\"https:\/\/schema.org\/CreativeWork\" ><div class='av-inner-masonry-sizer'><\/div><figure class='av-inner-masonry main_color'><div class=\"av-masonry-outerimage-container\"><div class='av-masonry-image-container' style=\"background-image: url(https:\/\/clusterlogistic.org\/wp-content\/uploads\/2025\/03\/contratacion-logistica-705x470.jpg);\"  title=\"contratacion logistica\" ><\/div><\/div><figcaption class='av-inner-masonry-content site-background'><div class='av-inner-masonry-content-pos'><div class='av-inner-masonry-content-pos-content'><div class='avia-arrow'><\/div><h3 class='av-masonry-entry-title entry-title '  itemprop=\"headline\" >Profesionales esenciales en log\u00edstica y transporte: \u00bfQui\u00e9nes ser\u00e1n los mejor pagados en 2025?<\/h3><span class='av-masonry-date meta-color updated'>7 marzo, 2025<\/span><span class=\"av-masonry-text-sep text-sep-author\">\/<\/span><span class='av-masonry-author meta-color author'><span class='fn'>por Cl\u00faster Log\u00edstic de Catalunya<\/span><\/span><\/div><\/div><\/figcaption><\/figure><\/a><!--end av-masonry entry--><a href=\"https:\/\/clusterlogistic.org\/es\/como-el-transporte-por-carretera-influye-en-un-pacto-industrial-mas-limpio\/\"  id='av-masonry-1-item-9074' data-av-masonry-item='9074' class='av-masonry-entry isotope-item post-9074 post type-post status-publish format-standard has-post-thumbnail hentry category-actualidad all_sort actualidad_sort  av-masonry-item-with-image' title=\"autopista barcelona\"   itemscope=\"itemscope\" itemtype=\"https:\/\/schema.org\/CreativeWork\" ><div class='av-inner-masonry-sizer'><\/div><figure class='av-inner-masonry main_color'><div class=\"av-masonry-outerimage-container\"><div class='av-masonry-image-container' style=\"background-image: url(https:\/\/clusterlogistic.org\/wp-content\/uploads\/2025\/02\/autopista-barcelona-705x470.jpg);\"  title=\"autopista barcelona\" ><\/div><\/div><figcaption class='av-inner-masonry-content site-background'><div class='av-inner-masonry-content-pos'><div class='av-inner-masonry-content-pos-content'><div class='avia-arrow'><\/div><h3 class='av-masonry-entry-title entry-title '  itemprop=\"headline\" >\u00bfC\u00f3mo el transporte por carretera influye en un pacto industrial m\u00e1s limpio?<\/h3><span class='av-masonry-date meta-color updated'>28 febrero, 2025<\/span><span class=\"av-masonry-text-sep text-sep-author\">\/<\/span><span class='av-masonry-author meta-color author'><span class='fn'>por Cl\u00faster Log\u00edstic de Catalunya<\/span><\/span><\/div><\/div><\/figcaption><\/figure><\/a><!--end av-masonry entry--><a href=\"https:\/\/clusterlogistic.org\/es\/la-ue-y-su-desafio-hacia-un-transporte-mas-ecologico-y-eficiente\/\"  id='av-masonry-1-item-9067' data-av-masonry-item='9067' class='av-masonry-entry isotope-item post-9067 post type-post status-publish format-standard has-post-thumbnail hentry category-actualidad all_sort actualidad_sort  av-masonry-item-with-image' title=\"Spanish highway A3 with road sign indicating way to Madrid, Albacete, Ciudad Real.\"   itemscope=\"itemscope\" itemtype=\"https:\/\/schema.org\/CreativeWork\" ><div class='av-inner-masonry-sizer'><\/div><figure class='av-inner-masonry main_color'><div class=\"av-masonry-outerimage-container\"><div class='av-masonry-image-container' style=\"background-image: url(https:\/\/clusterlogistic.org\/wp-content\/uploads\/2025\/02\/iru-demanda-ue-neutralidad-tecnologica-705x529.jpg);\"  title=\"Spanish highway A3 with road sign indicating way to Madrid, Albacete, Ciudad Real.\" ><\/div><\/div><figcaption class='av-inner-masonry-content site-background'><div class='av-inner-masonry-content-pos'><div class='av-inner-masonry-content-pos-content'><div class='avia-arrow'><\/div><h3 class='av-masonry-entry-title entry-title '  itemprop=\"headline\" >La UE y su desaf\u00edo: hacia un transporte m\u00e1s ecol\u00f3gico y eficiente<\/h3><span class='av-masonry-date meta-color updated'>21 febrero, 2025<\/span><span class=\"av-masonry-text-sep text-sep-author\">\/<\/span><span class='av-masonry-author meta-color author'><span class='fn'>por Cl\u00faster Log\u00edstic de Catalunya<\/span><\/span><\/div><\/div><\/figcaption><\/figure><\/a><!--end av-masonry entry--><a href=\"https:\/\/clusterlogistic.org\/es\/la-recuperacion-del-mercado-logistico-en-cataluna-es-un-nuevo-comienzo\/\"  id='av-masonry-1-item-8987' data-av-masonry-item='8987' class='av-masonry-entry isotope-item post-8987 post type-post status-publish format-standard has-post-thumbnail hentry category-actualidad all_sort actualidad_sort  av-masonry-item-with-image' title=\"almacen\"   itemscope=\"itemscope\" itemtype=\"https:\/\/schema.org\/CreativeWork\" ><div class='av-inner-masonry-sizer'><\/div><figure class='av-inner-masonry main_color'><div class=\"av-masonry-outerimage-container\"><div class='av-masonry-image-container' style=\"background-image: url(https:\/\/clusterlogistic.org\/wp-content\/uploads\/2025\/02\/almacen-705x403.jpg);\"  title=\"almacen\" ><\/div><\/div><figcaption class='av-inner-masonry-content site-background'><div class='av-inner-masonry-content-pos'><div class='av-inner-masonry-content-pos-content'><div class='avia-arrow'><\/div><h3 class='av-masonry-entry-title entry-title '  itemprop=\"headline\" >La recuperaci\u00f3n del mercado log\u00edstico en Catalu\u00f1a: \u00bfes un nuevo comienzo?<\/h3><span class='av-masonry-date meta-color updated'>14 febrero, 2025<\/span><span class=\"av-masonry-text-sep text-sep-author\">\/<\/span><span class='av-masonry-author meta-color author'><span class='fn'>por Cl\u00faster Log\u00edstic de Catalunya<\/span><\/span><\/div><\/div><\/figcaption><\/figure><\/a><!--end av-masonry entry--><a href=\"https:\/\/clusterlogistic.org\/es\/la-revolucion-logistica-de-barcelona-un-centro-neuralgico-para-el-futuro\/\"  id='av-masonry-1-item-8949' data-av-masonry-item='8949' class='av-masonry-entry isotope-item post-8949 post type-post status-publish format-standard has-post-thumbnail hentry category-actualidad all_sort actualidad_sort  av-masonry-item-with-image' title=\"Barcelona-Catalunya Centre Log\u00edstico\"   itemscope=\"itemscope\" itemtype=\"https:\/\/schema.org\/CreativeWork\" ><div class='av-inner-masonry-sizer'><\/div><figure class='av-inner-masonry main_color'><div class=\"av-masonry-outerimage-container\"><div class='av-masonry-image-container' style=\"background-image: url(https:\/\/clusterlogistic.org\/wp-content\/uploads\/2025\/02\/Barcelona-Catalunya-Centre-Logistico-705x275.png);\"  title=\"Barcelona-Catalunya Centre Log\u00edstico\" ><\/div><\/div><figcaption class='av-inner-masonry-content site-background'><div class='av-inner-masonry-content-pos'><div class='av-inner-masonry-content-pos-content'><div class='avia-arrow'><\/div><h3 class='av-masonry-entry-title entry-title '  itemprop=\"headline\" >Se renueva el Comit\u00e9 Ejecutivo de BCL<\/h3><span class='av-masonry-date meta-color updated'>7 febrero, 2025<\/span><span class=\"av-masonry-text-sep text-sep-author\">\/<\/span><span class='av-masonry-author meta-color author'><span class='fn'>por Cl\u00faster Log\u00edstic de Catalunya<\/span><\/span><\/div><\/div><\/figcaption><\/figure><\/a><!--end av-masonry entry--><a href=\"https:\/\/clusterlogistic.org\/es\/la-contratacion-inmologistica-en-cataluna-alcanza-cifras-historicas\/\"  id='av-masonry-1-item-8930' data-av-masonry-item='8930' class='av-masonry-entry isotope-item post-8930 post type-post status-publish format-standard has-post-thumbnail hentry category-actualidad all_sort actualidad_sort  av-masonry-item-with-image' title=\"El sector inmolog\u00edstico catal\u00e1n cierra 2024 con r\u00e9cords\"   itemscope=\"itemscope\" itemtype=\"https:\/\/schema.org\/CreativeWork\" ><div class='av-inner-masonry-sizer'><\/div><figure class='av-inner-masonry main_color'><div class=\"av-masonry-outerimage-container\"><div class='av-masonry-image-container' style=\"background-image: url(https:\/\/clusterlogistic.org\/wp-content\/uploads\/2025\/01\/El-auge-del-sector-logistico-en-Cataluna-en-20234-705x470.jpg);\"  title=\"El sector inmolog\u00edstico catal\u00e1n cierra 2024 con r\u00e9cords\" ><\/div><\/div><figcaption class='av-inner-masonry-content site-background'><div class='av-inner-masonry-content-pos'><div class='av-inner-masonry-content-pos-content'><div class='avia-arrow'><\/div><h3 class='av-masonry-entry-title entry-title '  itemprop=\"headline\" >La contrataci\u00f3n inmolog\u00edstica en Catalu\u00f1a alcanza cifras hist\u00f3ricas<\/h3><span class='av-masonry-date meta-color updated'>24 enero, 2025<\/span><span class=\"av-masonry-text-sep text-sep-author\">\/<\/span><span class='av-masonry-author meta-color author'><span class='fn'>por Cl\u00faster Log\u00edstic de Catalunya<\/span><\/span><\/div><\/div><\/figcaption><\/figure><\/a><!--end av-masonry entry--><a href=\"https:\/\/clusterlogistic.org\/es\/cataluna-avanza-en-la-gestion-propia-de-cercanias\/\"  id='av-masonry-1-item-8909' data-av-masonry-item='8909' class='av-masonry-entry isotope-item post-8909 post type-post status-publish format-standard has-post-thumbnail hentry category-actualidad all_sort actualidad_sort  av-masonry-item-with-image' title=\"rodalies catalunya\"   itemscope=\"itemscope\" itemtype=\"https:\/\/schema.org\/CreativeWork\" ><div class='av-inner-masonry-sizer'><\/div><figure class='av-inner-masonry main_color'><div class=\"av-masonry-outerimage-container\"><div class='av-masonry-image-container' style=\"background-image: url(https:\/\/clusterlogistic.org\/wp-content\/uploads\/2025\/01\/rodalies-catalunya-705x468.jpg);\"  title=\"rodalies catalunya\" ><\/div><\/div><figcaption class='av-inner-masonry-content site-background'><div class='av-inner-masonry-content-pos'><div class='av-inner-masonry-content-pos-content'><div class='avia-arrow'><\/div><h3 class='av-masonry-entry-title entry-title '  itemprop=\"headline\" >Catalu\u00f1a avanza en la gesti\u00f3n propia de Cercan\u00edas<\/h3><span class='av-masonry-date meta-color updated'>17 enero, 2025<\/span><span class=\"av-masonry-text-sep text-sep-author\">\/<\/span><span class='av-masonry-author meta-color author'><span class='fn'>por Cl\u00faster Log\u00edstic de Catalunya<\/span><\/span><\/div><\/div><\/figcaption><\/figure><\/a><!--end av-masonry entry--><a href=\"https:\/\/clusterlogistic.org\/es\/descongestionar-el-prat-con-los-aeropuertos-de-girona-y-reus\/\"  id='av-masonry-1-item-8919' data-av-masonry-item='8919' class='av-masonry-entry isotope-item post-8919 post type-post status-publish format-standard has-post-thumbnail hentry category-actualidad all_sort actualidad_sort  av-masonry-item-with-image' title=\"descongestionar el aereopuerto el prat\"   itemscope=\"itemscope\" itemtype=\"https:\/\/schema.org\/CreativeWork\" ><div class='av-inner-masonry-sizer'><\/div><figure class='av-inner-masonry main_color'><div class=\"av-masonry-outerimage-container\"><div class='av-masonry-image-container' style=\"background-image: url(https:\/\/clusterlogistic.org\/wp-content\/uploads\/2025\/01\/descongestionar-el-aereopuerto-el-prat-705x470.jpg);\"  title=\"descongestionar el aereopuerto el prat\" ><\/div><\/div><figcaption class='av-inner-masonry-content site-background'><div class='av-inner-masonry-content-pos'><div class='av-inner-masonry-content-pos-content'><div class='avia-arrow'><\/div><h3 class='av-masonry-entry-title entry-title '  itemprop=\"headline\" >Descongestionar El Prat con los aeropuertos de Girona y Reus \u00bffactible?<\/h3><span class='av-masonry-date meta-color updated'>10 enero, 2025<\/span><span class=\"av-masonry-text-sep text-sep-author\">\/<\/span><span class='av-masonry-author meta-color author'><span class='fn'>por Cl\u00faster Log\u00edstic de Catalunya<\/span><\/span><\/div><\/div><\/figcaption><\/figure><\/a><!--end av-masonry entry--><a href=\"https:\/\/clusterlogistic.org\/es\/barcelona-y-valencia-entre-los-puertos-europeos-con-mayor-crecimiento-en-2024\/\"  id='av-masonry-1-item-8897' data-av-masonry-item='8897' class='av-masonry-entry isotope-item post-8897 post type-post status-publish format-standard has-post-thumbnail hentry category-actualidad all_sort actualidad_sort  av-masonry-item-with-image' title=\"Barcelona y Valencia entre los puertos europeos con mayor crecimiento en 2024\"   itemscope=\"itemscope\" itemtype=\"https:\/\/schema.org\/CreativeWork\" ><div class='av-inner-masonry-sizer'><\/div><figure class='av-inner-masonry main_color'><div class=\"av-masonry-outerimage-container\"><div class='av-masonry-image-container' style=\"background-image: url(https:\/\/clusterlogistic.org\/wp-content\/uploads\/2024\/12\/Barcelona-y-Valencia-entre-los-puertos-europeos-con-mayor-crecimiento-en-2024-705x470.jpg);\"  title=\"Barcelona y Valencia entre los puertos europeos con mayor crecimiento en 2024\" ><\/div><\/div><figcaption class='av-inner-masonry-content site-background'><div class='av-inner-masonry-content-pos'><div class='av-inner-masonry-content-pos-content'><div class='avia-arrow'><\/div><h3 class='av-masonry-entry-title entry-title '  itemprop=\"headline\" >Barcelona y Valencia entre los puertos europeos con mayor crecimiento en 2024<\/h3><span class='av-masonry-date meta-color updated'>3 enero, 2025<\/span><span class=\"av-masonry-text-sep text-sep-author\">\/<\/span><span class='av-masonry-author meta-color author'><span class='fn'>por Cl\u00faster Log\u00edstic de Catalunya<\/span><\/span><\/div><\/div><\/figcaption><\/figure><\/a><!--end av-masonry entry--><a href=\"https:\/\/clusterlogistic.org\/es\/el-impacto-del-e-commerce-en-la-logistica-espanola-sigue-marcando-tendencia\/\"  id='av-masonry-1-item-8855' data-av-masonry-item='8855' class='av-masonry-entry isotope-item post-8855 post type-post status-publish format-standard has-post-thumbnail hentry category-actualidad all_sort actualidad_sort  av-masonry-item-with-image' title=\"entrega ultima milla\"   itemscope=\"itemscope\" itemtype=\"https:\/\/schema.org\/CreativeWork\" ><div class='av-inner-masonry-sizer'><\/div><figure class='av-inner-masonry main_color'><div class=\"av-masonry-outerimage-container\"><div class='av-masonry-image-container' style=\"background-image: url(https:\/\/clusterlogistic.org\/wp-content\/uploads\/2024\/12\/last-mile-entrega-705x470.jpg);\"  title=\"entrega ultima milla\" ><\/div><\/div><figcaption class='av-inner-masonry-content site-background'><div class='av-inner-masonry-content-pos'><div class='av-inner-masonry-content-pos-content'><div class='avia-arrow'><\/div><h3 class='av-masonry-entry-title entry-title '  itemprop=\"headline\" >El impacto del e-commerce en la log\u00edstica espa\u00f1ola sigue marcando tendencia<\/h3><span class='av-masonry-date meta-color updated'>27 diciembre, 2024<\/span><span class=\"av-masonry-text-sep text-sep-author\">\/<\/span><span class='av-masonry-author meta-color author'><span class='fn'>por Cl\u00faster Log\u00edstic de Catalunya<\/span><\/span><\/div><\/div><\/figcaption><\/figure><\/a><!--end av-masonry entry--><a href=\"https:\/\/clusterlogistic.org\/es\/el-prat-al-borde-de-su-capacidad-con-mas-de-50-millones-de-pasajeros\/\"  id='av-masonry-1-item-8868' data-av-masonry-item='8868' class='av-masonry-entry isotope-item post-8868 post type-post status-publish format-standard has-post-thumbnail hentry category-actualidad all_sort actualidad_sort  av-masonry-item-with-image' title=\"aereopuerto de barcelona\"   itemscope=\"itemscope\" itemtype=\"https:\/\/schema.org\/CreativeWork\" ><div class='av-inner-masonry-sizer'><\/div><figure class='av-inner-masonry main_color'><div class=\"av-masonry-outerimage-container\"><div class='av-masonry-image-container' style=\"background-image: url(https:\/\/clusterlogistic.org\/wp-content\/uploads\/2024\/12\/aereopuerto-de-barcelona-705x529.jpg);\"  title=\"aereopuerto de barcelona\" ><\/div><\/div><figcaption class='av-inner-masonry-content site-background'><div class='av-inner-masonry-content-pos'><div class='av-inner-masonry-content-pos-content'><div class='avia-arrow'><\/div><h3 class='av-masonry-entry-title entry-title '  itemprop=\"headline\" >El Prat, al borde de su capacidad con m\u00e1s de 50 millones de pasajeros<\/h3><span class='av-masonry-date meta-color updated'>20 diciembre, 2024<\/span><span class=\"av-masonry-text-sep text-sep-author\">\/<\/span><span class='av-masonry-author meta-color author'><span class='fn'>por Cl\u00faster Log\u00edstic de Catalunya<\/span><\/span><\/div><\/div><\/figcaption><\/figure><\/a><!--end av-masonry entry--><a href=\"https:\/\/clusterlogistic.org\/es\/tarragona-brilla-como-el-nuevo-epicentro-de-la-logistica-a-gran-escala-en-cataluna\/\"  id='av-masonry-1-item-8848' data-av-masonry-item='8848' class='av-masonry-entry isotope-item post-8848 post type-post status-publish format-standard has-post-thumbnail hentry category-actualidad all_sort actualidad_sort  av-masonry-item-with-image' title=\"big boxes.\"   itemscope=\"itemscope\" itemtype=\"https:\/\/schema.org\/CreativeWork\" ><div class='av-inner-masonry-sizer'><\/div><figure class='av-inner-masonry main_color'><div class=\"av-masonry-outerimage-container\"><div class='av-masonry-image-container' style=\"background-image: url(https:\/\/clusterlogistic.org\/wp-content\/uploads\/2024\/12\/big-boxes-705x397.jpg);\"  title=\"big boxes.\" ><\/div><\/div><figcaption class='av-inner-masonry-content site-background'><div class='av-inner-masonry-content-pos'><div class='av-inner-masonry-content-pos-content'><div class='avia-arrow'><\/div><h3 class='av-masonry-entry-title entry-title '  itemprop=\"headline\" >Tarragona brilla como el nuevo epicentro de la log\u00edstica a gran escala en Catalu\u00f1a<\/h3><span class='av-masonry-date meta-color updated'>13 diciembre, 2024<\/span><span class=\"av-masonry-text-sep text-sep-author\">\/<\/span><span class='av-masonry-author meta-color author'><span class='fn'>por Cl\u00faster Log\u00edstic de Catalunya<\/span><\/span><\/div><\/div><\/figcaption><\/figure><\/a><!--end av-masonry entry--><a href=\"https:\/\/clusterlogistic.org\/es\/glovo-cambia-su-modelo-de-negocio-en-espana-y-contrata-a-sus-repartidores-como-empleados\/\"  id='av-masonry-1-item-8862' data-av-masonry-item='8862' class='av-masonry-entry isotope-item post-8862 post type-post status-publish format-standard has-post-thumbnail hentry category-actualidad all_sort actualidad_sort  av-masonry-item-with-image' title=\"rider glovo\"   itemscope=\"itemscope\" itemtype=\"https:\/\/schema.org\/CreativeWork\" ><div class='av-inner-masonry-sizer'><\/div><figure class='av-inner-masonry main_color'><div class=\"av-masonry-outerimage-container\"><div class='av-masonry-image-container' style=\"background-image: url(https:\/\/clusterlogistic.org\/wp-content\/uploads\/2024\/12\/rider-glovo-705x470.jpg);\"  title=\"rider glovo\" ><\/div><\/div><figcaption class='av-inner-masonry-content site-background'><div class='av-inner-masonry-content-pos'><div class='av-inner-masonry-content-pos-content'><div class='avia-arrow'><\/div><h3 class='av-masonry-entry-title entry-title '  itemprop=\"headline\" >Glovo cambia su modelo de negocio en Espa\u00f1a y contrata a sus repartidores como empleados<\/h3><span class='av-masonry-date meta-color updated'>6 diciembre, 2024<\/span><span class=\"av-masonry-text-sep text-sep-author\">\/<\/span><span class='av-masonry-author meta-color author'><span class='fn'>por Cl\u00faster Log\u00edstic de Catalunya<\/span><\/span><\/div><\/div><\/figcaption><\/figure><\/a><!--end av-masonry entry--><a href=\"https:\/\/clusterlogistic.org\/es\/barcelona-aposta-per-robots-per-a-revolucionar-el-lliurament-sostenible\/\"  id='av-masonry-1-item-8805' data-av-masonry-item='8805' class='av-masonry-entry isotope-item post-8805 post type-post status-publish format-standard has-post-thumbnail hentry category-actualidad all_sort actualidad_sort  av-masonry-item-with-image' title=\"Barcelona pone a prueba robots aut\u00f3nomos para la entrega de paqueter\u00eda sostenible\"   itemscope=\"itemscope\" itemtype=\"https:\/\/schema.org\/CreativeWork\" ><div class='av-inner-masonry-sizer'><\/div><figure class='av-inner-masonry main_color'><div class=\"av-masonry-outerimage-container\"><div class='av-masonry-image-container' style=\"background-image: url(https:\/\/clusterlogistic.org\/wp-content\/uploads\/2024\/11\/Barcelona-pone-a-prueba-robots-autonomos-para-la-entrega-de-paqueteria-sostenible-705x471.jpg);\"  title=\"Barcelona pone a prueba robots aut\u00f3nomos para la entrega de paqueter\u00eda sostenible\" ><\/div><\/div><figcaption class='av-inner-masonry-content site-background'><div class='av-inner-masonry-content-pos'><div class='av-inner-masonry-content-pos-content'><div class='avia-arrow'><\/div><h3 class='av-masonry-entry-title entry-title '  itemprop=\"headline\" >Barcelona aposta per robots per a revolucionar el lliurament sostenible<\/h3><span class='av-masonry-date meta-color updated'>29 noviembre, 2024<\/span><span class=\"av-masonry-text-sep text-sep-author\">\/<\/span><span class='av-masonry-author meta-color author'><span class='fn'>por Cl\u00faster Log\u00edstic de Catalunya<\/span><\/span><\/div><\/div><\/figcaption><\/figure><\/a><!--end av-masonry entry--><a href=\"https:\/\/clusterlogistic.org\/es\/el-reto-del-e-commerce-en-supermercados-catalanes\/\"  id='av-masonry-1-item-8795' data-av-masonry-item='8795' class='av-masonry-entry isotope-item post-8795 post type-post status-publish format-standard has-post-thumbnail hentry category-actualidad all_sort actualidad_sort  av-masonry-item-with-image' title=\"El reto del e-commerce en supermercados catalanes\"   itemscope=\"itemscope\" itemtype=\"https:\/\/schema.org\/CreativeWork\" ><div class='av-inner-masonry-sizer'><\/div><figure class='av-inner-masonry main_color'><div class=\"av-masonry-outerimage-container\"><div class='av-masonry-image-container' style=\"background-image: url(https:\/\/clusterlogistic.org\/wp-content\/uploads\/2024\/11\/El-reto-del-e-commerce-en-supermercados-catalanes-705x470.jpg);\"  title=\"El reto del e-commerce en supermercados catalanes\" ><\/div><\/div><figcaption class='av-inner-masonry-content site-background'><div class='av-inner-masonry-content-pos'><div class='av-inner-masonry-content-pos-content'><div class='avia-arrow'><\/div><h3 class='av-masonry-entry-title entry-title '  itemprop=\"headline\" >El reto del e-commerce en supermercados catalanes<\/h3><span class='av-masonry-date meta-color updated'>22 noviembre, 2024<\/span><span class=\"av-masonry-text-sep text-sep-author\">\/<\/span><span class='av-masonry-author meta-color author'><span class='fn'>por Cl\u00faster Log\u00edstic de Catalunya<\/span><\/span><\/div><\/div><\/figcaption><\/figure><\/a><!--end av-masonry entry--><a href=\"https:\/\/clusterlogistic.org\/es\/record-de-pasajeros-y-mercancias-en-los-aeropuertos-de-aena-en-octubre\/\"  id='av-masonry-1-item-8780' data-av-masonry-item='8780' class='av-masonry-entry isotope-item post-8780 post type-post status-publish format-standard has-post-thumbnail hentry category-actualidad all_sort actualidad_sort  av-masonry-item-with-image' title=\"aereopuertos aena\"   itemscope=\"itemscope\" itemtype=\"https:\/\/schema.org\/CreativeWork\" ><div class='av-inner-masonry-sizer'><\/div><figure class='av-inner-masonry main_color'><div class=\"av-masonry-outerimage-container\"><div class='av-masonry-image-container' style=\"background-image: url(https:\/\/clusterlogistic.org\/wp-content\/uploads\/2024\/11\/aereopuertos-aena-705x529.jpg);\"  title=\"aereopuertos aena\" ><\/div><\/div><figcaption class='av-inner-masonry-content site-background'><div class='av-inner-masonry-content-pos'><div class='av-inner-masonry-content-pos-content'><div class='avia-arrow'><\/div><h3 class='av-masonry-entry-title entry-title '  itemprop=\"headline\" >R\u00e9cord de pasajeros y mercanc\u00edas en los aeropuertos de Aena en octubre<\/h3><span class='av-masonry-date meta-color updated'>15 noviembre, 2024<\/span><span class=\"av-masonry-text-sep text-sep-author\">\/<\/span><span class='av-masonry-author meta-color author'><span class='fn'>por Cl\u00faster Log\u00edstic de Catalunya<\/span><\/span><\/div><\/div><\/figcaption><\/figure><\/a><!--end av-masonry entry--><a href=\"https:\/\/clusterlogistic.org\/es\/cataluna-refuerza-su-infraestructura-hidrica-para-combatir-la-sequia\/\"  id='av-masonry-1-item-8767' data-av-masonry-item='8767' class='av-masonry-entry isotope-item post-8767 post type-post status-publish format-standard has-post-thumbnail hentry category-actualidad all_sort actualidad_sort  av-masonry-item-with-image' title=\"agua\"   itemscope=\"itemscope\" itemtype=\"https:\/\/schema.org\/CreativeWork\" ><div class='av-inner-masonry-sizer'><\/div><figure class='av-inner-masonry main_color'><div class=\"av-masonry-outerimage-container\"><div class='av-masonry-image-container' style=\"background-image: url(https:\/\/clusterlogistic.org\/wp-content\/uploads\/2024\/11\/agua-705x470.jpg);\"  title=\"agua\" ><\/div><\/div><figcaption class='av-inner-masonry-content site-background'><div class='av-inner-masonry-content-pos'><div class='av-inner-masonry-content-pos-content'><div class='avia-arrow'><\/div><h3 class='av-masonry-entry-title entry-title '  itemprop=\"headline\" >Catalu\u00f1a refuerza su infraestructura h\u00eddrica para combatir la sequ\u00eda<\/h3><span class='av-masonry-date meta-color updated'>8 noviembre, 2024<\/span><span class=\"av-masonry-text-sep text-sep-author\">\/<\/span><span class='av-masonry-author meta-color author'><span class='fn'>por Cl\u00faster Log\u00edstic de Catalunya<\/span><\/span><\/div><\/div><\/figcaption><\/figure><\/a><!--end av-masonry entry--><a href=\"https:\/\/clusterlogistic.org\/es\/el-nereus-highway-llega-a-barcelona-marcando-un-hito-en-sostenibilidad\/\"  id='av-masonry-1-item-8751' data-av-masonry-item='8751' class='av-masonry-entry isotope-item post-8751 post type-post status-publish format-standard has-post-thumbnail hentry category-actualidad all_sort actualidad_sort  av-masonry-item-with-image' title=\"K Line lleva a Barcelona su nuevo barco 100%\"   itemscope=\"itemscope\" itemtype=\"https:\/\/schema.org\/CreativeWork\" ><div class='av-inner-masonry-sizer'><\/div><figure class='av-inner-masonry main_color'><div class=\"av-masonry-outerimage-container\"><div class='av-masonry-image-container' style=\"background-image: url(https:\/\/clusterlogistic.org\/wp-content\/uploads\/2024\/11\/K-Line-lleva-a-Barcelona-su-nuevo-barco-100-705x468.jpg);\"  title=\"K Line lleva a Barcelona su nuevo barco 100%\" ><\/div><\/div><figcaption class='av-inner-masonry-content site-background'><div class='av-inner-masonry-content-pos'><div class='av-inner-masonry-content-pos-content'><div class='avia-arrow'><\/div><h3 class='av-masonry-entry-title entry-title '  itemprop=\"headline\" >El Nereus Highway llega a Barcelona marcando un hito en sostenibilidad<\/h3><span class='av-masonry-date meta-color updated'>1 noviembre, 2024<\/span><span class=\"av-masonry-text-sep text-sep-author\">\/<\/span><span class='av-masonry-author meta-color author'><span class='fn'>por Cl\u00faster Log\u00edstic de Catalunya<\/span><\/span><\/div><\/div><\/figcaption><\/figure><\/a><!--end av-masonry entry--><a href=\"https:\/\/clusterlogistic.org\/es\/la-pugna-logistica-entre-valencia-y-barcelona-por-el-mercado-de-aragon\/\"  id='av-masonry-1-item-8739' data-av-masonry-item='8739' class='av-masonry-entry isotope-item post-8739 post type-post status-publish format-standard has-post-thumbnail hentry category-actualidad all_sort actualidad_sort  av-masonry-item-with-image' title=\"port de valencia\"   itemscope=\"itemscope\" itemtype=\"https:\/\/schema.org\/CreativeWork\" ><div class='av-inner-masonry-sizer'><\/div><figure class='av-inner-masonry main_color'><div class=\"av-masonry-outerimage-container\"><div class='av-masonry-image-container' style=\"background-image: url(https:\/\/clusterlogistic.org\/wp-content\/uploads\/2024\/11\/port-de-valencia-705x470.jpg);\"  title=\"port de valencia\" ><\/div><\/div><figcaption class='av-inner-masonry-content site-background'><div class='av-inner-masonry-content-pos'><div class='av-inner-masonry-content-pos-content'><div class='avia-arrow'><\/div><h3 class='av-masonry-entry-title entry-title '  itemprop=\"headline\" >La pugna log\u00edstica entre Val\u00e8ncia y Barcelona por el mercado de Arag\u00f3n<\/h3><span class='av-masonry-date meta-color updated'>25 octubre, 2024<\/span><span class=\"av-masonry-text-sep text-sep-author\">\/<\/span><span class='av-masonry-author meta-color author'><span class='fn'>por Cl\u00faster Log\u00edstic de Catalunya<\/span><\/span><\/div><\/div><\/figcaption><\/figure><\/a><!--end av-masonry entry--><a href=\"https:\/\/clusterlogistic.org\/es\/el-control-de-la-trazabilidad-en-el-puerto-de-tarragona-claves-de-una-jornada-sobre-seguridad-alimentaria\/\"  id='av-masonry-1-item-8656' data-av-masonry-item='8656' class='av-masonry-entry isotope-item post-8656 post type-post status-publish format-standard has-post-thumbnail hentry category-actualidad all_sort actualidad_sort  av-masonry-item-with-image' title=\"port de tarragona\"   itemscope=\"itemscope\" itemtype=\"https:\/\/schema.org\/CreativeWork\" ><div class='av-inner-masonry-sizer'><\/div><figure class='av-inner-masonry main_color'><div class=\"av-masonry-outerimage-container\"><div class='av-masonry-image-container' style=\"background-image: url(https:\/\/clusterlogistic.org\/wp-content\/uploads\/2024\/10\/port-de-tarragona-705x529.jpg);\"  title=\"port de tarragona\" ><\/div><\/div><figcaption class='av-inner-masonry-content site-background'><div class='av-inner-masonry-content-pos'><div class='av-inner-masonry-content-pos-content'><div class='avia-arrow'><\/div><h3 class='av-masonry-entry-title entry-title '  itemprop=\"headline\" >El control de la trazabilidad en el Puerto de Tarragona: claves de una jornada sobre seguridad alimentaria<\/h3><span class='av-masonry-date meta-color updated'>18 octubre, 2024<\/span><span class=\"av-masonry-text-sep text-sep-author\">\/<\/span><span class='av-masonry-author meta-color author'><span class='fn'>por Cl\u00faster Log\u00edstic de Catalunya<\/span><\/span><\/div><\/div><\/figcaption><\/figure><\/a><!--end av-masonry entry--><a href=\"https:\/\/clusterlogistic.org\/es\/lleida-apuesta-por-la-sostenibilidad-con-la-nueva-zona-de-bajas-emisiones\/\"  id='av-masonry-1-item-8671' data-av-masonry-item='8671' class='av-masonry-entry isotope-item post-8671 post type-post status-publish format-standard has-post-thumbnail hentry category-actualidad all_sort actualidad_sort  av-masonry-item-with-image' title=\"zbe lleida\"   itemscope=\"itemscope\" itemtype=\"https:\/\/schema.org\/CreativeWork\" ><div class='av-inner-masonry-sizer'><\/div><figure class='av-inner-masonry main_color'><div class=\"av-masonry-outerimage-container\"><div class='av-masonry-image-container' style=\"background-image: url(https:\/\/clusterlogistic.org\/wp-content\/uploads\/2024\/10\/zbe-lleida-705x397.jpg);\"  title=\"zbe lleida\" ><\/div><\/div><figcaption class='av-inner-masonry-content site-background'><div class='av-inner-masonry-content-pos'><div class='av-inner-masonry-content-pos-content'><div class='avia-arrow'><\/div><h3 class='av-masonry-entry-title entry-title '  itemprop=\"headline\" >Lleida apuesta por la sostenibilidad con la nueva Zona de Bajas Emisiones<\/h3><span class='av-masonry-date meta-color updated'>11 octubre, 2024<\/span><span class=\"av-masonry-text-sep text-sep-author\">\/<\/span><span class='av-masonry-author meta-color author'><span class='fn'>por Cl\u00faster Log\u00edstic de Catalunya<\/span><\/span><\/div><\/div><\/figcaption><\/figure><\/a><!--end av-masonry entry--><a href=\"https:\/\/clusterlogistic.org\/es\/la-c-32-se-prepara-para-un-salto-tecnologico-en-la-seguridad-vial\/\"  id='av-masonry-1-item-8684' data-av-masonry-item='8684' class='av-masonry-entry isotope-item post-8684 post type-post status-publish format-standard has-post-thumbnail hentry category-actualidad all_sort actualidad_sort  av-masonry-item-with-image' title=\"C-32\"   itemscope=\"itemscope\" itemtype=\"https:\/\/schema.org\/CreativeWork\" ><div class='av-inner-masonry-sizer'><\/div><figure class='av-inner-masonry main_color'><div class=\"av-masonry-outerimage-container\"><div class='av-masonry-image-container' style=\"background-image: url(https:\/\/clusterlogistic.org\/wp-content\/uploads\/2024\/10\/C-32-705x516.png);\"  title=\"C-32\" ><\/div><\/div><figcaption class='av-inner-masonry-content site-background'><div class='av-inner-masonry-content-pos'><div class='av-inner-masonry-content-pos-content'><div class='avia-arrow'><\/div><h3 class='av-masonry-entry-title entry-title '  itemprop=\"headline\" >La C-32 se prepara para un salto tecnol\u00f3gico en la seguridad vial<\/h3><span class='av-masonry-date meta-color updated'>4 octubre, 2024<\/span><span class=\"av-masonry-text-sep text-sep-author\">\/<\/span><span class='av-masonry-author meta-color author'><span class='fn'>por Cl\u00faster Log\u00edstic de Catalunya<\/span><\/span><\/div><\/div><\/figcaption><\/figure><\/a><!--end av-masonry entry--><a href=\"https:\/\/clusterlogistic.org\/es\/el-port-de-tarragona-busca-ser-lider-energetico-con-su-propia-red-electrica\/\"  id='av-masonry-1-item-8604' data-av-masonry-item='8604' class='av-masonry-entry isotope-item post-8604 post type-post status-publish format-standard has-post-thumbnail hentry category-actualidad all_sort actualidad_sort  av-masonry-item-with-image' title=\"puerto de tarragona\"   itemscope=\"itemscope\" itemtype=\"https:\/\/schema.org\/CreativeWork\" ><div class='av-inner-masonry-sizer'><\/div><figure class='av-inner-masonry main_color'><div class=\"av-masonry-outerimage-container\"><div class='av-masonry-image-container' style=\"background-image: url(https:\/\/clusterlogistic.org\/wp-content\/uploads\/2024\/09\/puerto-de-tarragona-705x397.jpg);\"  title=\"puerto de tarragona\" ><\/div><\/div><figcaption class='av-inner-masonry-content site-background'><div class='av-inner-masonry-content-pos'><div class='av-inner-masonry-content-pos-content'><div class='avia-arrow'><\/div><h3 class='av-masonry-entry-title entry-title '  itemprop=\"headline\" >El Port de Tarragona busca ser l\u00edder energ\u00e9tico con su propia red el\u00e9ctrica<\/h3><span class='av-masonry-date meta-color updated'>27 septiembre, 2024<\/span><span class=\"av-masonry-text-sep text-sep-author\">\/<\/span><span class='av-masonry-author meta-color author'><span class='fn'>por Cl\u00faster Log\u00edstic de Catalunya<\/span><\/span><\/div><\/div><\/figcaption><\/figure><\/a><!--end av-masonry entry--><a href=\"https:\/\/clusterlogistic.org\/es\/el-aeropuerto-de-barcelona-celebra-su-mejor-verano-con-un-record-historico-de-pasajeros\/\"  id='av-masonry-1-item-8594' data-av-masonry-item='8594' class='av-masonry-entry isotope-item post-8594 post type-post status-publish format-standard has-post-thumbnail hentry category-actualidad all_sort actualidad_sort  av-masonry-item-with-image' title=\"aereopuerto de barcelona\"   itemscope=\"itemscope\" itemtype=\"https:\/\/schema.org\/CreativeWork\" ><div class='av-inner-masonry-sizer'><\/div><figure class='av-inner-masonry main_color'><div class=\"av-masonry-outerimage-container\"><div class='av-masonry-image-container' style=\"background-image: url(https:\/\/clusterlogistic.org\/wp-content\/uploads\/2024\/09\/aereopuerto-de-barcelona-705x397.jpg);\"  title=\"aereopuerto de barcelona\" ><\/div><\/div><figcaption class='av-inner-masonry-content site-background'><div class='av-inner-masonry-content-pos'><div class='av-inner-masonry-content-pos-content'><div class='avia-arrow'><\/div><h3 class='av-masonry-entry-title entry-title '  itemprop=\"headline\" >El aeropuerto de Barcelona celebra su mejor verano con un r\u00e9cord hist\u00f3rico de pasajeros<\/h3><span class='av-masonry-date meta-color updated'>20 septiembre, 2024<\/span><span class=\"av-masonry-text-sep text-sep-author\">\/<\/span><span class='av-masonry-author meta-color author'><span class='fn'>por Cl\u00faster Log\u00edstic de Catalunya<\/span><\/span><\/div><\/div><\/figcaption><\/figure><\/a><!--end av-masonry entry--><a href=\"https:\/\/clusterlogistic.org\/es\/el-record-de-pasajeros-en-el-aeropuerto-de-barcelona-un-verano-para-la-historia\/\"  id='av-masonry-1-item-8569' data-av-masonry-item='8569' class='av-masonry-entry isotope-item post-8569 post type-post status-publish format-standard has-post-thumbnail hentry category-actualidad all_sort actualidad_sort  av-masonry-item-with-image' title=\"aereopuerto barcelona\"   itemscope=\"itemscope\" itemtype=\"https:\/\/schema.org\/CreativeWork\" ><div class='av-inner-masonry-sizer'><\/div><figure class='av-inner-masonry main_color'><div class=\"av-masonry-outerimage-container\"><div class='av-masonry-image-container' style=\"background-image: url(https:\/\/clusterlogistic.org\/wp-content\/uploads\/2024\/09\/aereopuerto-barcelona-705x397.jpg);\"  title=\"aereopuerto barcelona\" ><\/div><\/div><figcaption class='av-inner-masonry-content site-background'><div class='av-inner-masonry-content-pos'><div class='av-inner-masonry-content-pos-content'><div class='avia-arrow'><\/div><h3 class='av-masonry-entry-title entry-title '  itemprop=\"headline\" >El r\u00e9cord de pasajeros en el aeropuerto de Barcelona: un verano para la historia<\/h3><span class='av-masonry-date meta-color updated'>13 septiembre, 2024<\/span><span class=\"av-masonry-text-sep text-sep-author\">\/<\/span><span class='av-masonry-author meta-color author'><span class='fn'>por Cl\u00faster Log\u00edstic de Catalunya<\/span><\/span><\/div><\/div><\/figcaption><\/figure><\/a><!--end av-masonry entry--><a href=\"https:\/\/clusterlogistic.org\/es\/barcelona-se-recupera-un-segundo-trimestre-fuerte-para-la-logistic-2\/\"  id='av-masonry-1-item-8556' data-av-masonry-item='8556' class='av-masonry-entry isotope-item post-8556 post type-post status-publish format-standard has-post-thumbnail hentry category-actualidad all_sort actualidad_sort  av-masonry-item-with-image' title=\"n segon trimestre fort per a la log\u00edstica\"   itemscope=\"itemscope\" itemtype=\"https:\/\/schema.org\/CreativeWork\" ><div class='av-inner-masonry-sizer'><\/div><figure class='av-inner-masonry main_color'><div class=\"av-masonry-outerimage-container\"><div class='av-masonry-image-container' style=\"background-image: url(https:\/\/clusterlogistic.org\/wp-content\/uploads\/2024\/09\/n-segon-trimestre-fort-per-a-la-logistica-705x397.jpg);\"  title=\"n segon trimestre fort per a la log\u00edstica\" ><\/div><\/div><figcaption class='av-inner-masonry-content site-background'><div class='av-inner-masonry-content-pos'><div class='av-inner-masonry-content-pos-content'><div class='avia-arrow'><\/div><h3 class='av-masonry-entry-title entry-title '  itemprop=\"headline\" >Barcelona se recupera: un segundo trimestre fuerte para la log\u00edstica<\/h3><span class='av-masonry-date meta-color updated'>6 septiembre, 2024<\/span><span class=\"av-masonry-text-sep text-sep-author\">\/<\/span><span class='av-masonry-author meta-color author'><span class='fn'>por Cl\u00faster Log\u00edstic de Catalunya<\/span><\/span><\/div><\/div><\/figcaption><\/figure><\/a><!--end av-masonry entry--><a href=\"https:\/\/clusterlogistic.org\/es\/el-aeropuerto-de-el-prat-se-transforma-mejoras-en-la-movilidad-para-conectar-con-barcelona\/\"  id='av-masonry-1-item-8540' data-av-masonry-item='8540' class='av-masonry-entry isotope-item post-8540 post type-post status-publish format-standard has-post-thumbnail hentry category-actualidad all_sort actualidad_sort  av-masonry-item-with-image' title=\"aereopuerto del prat\"   itemscope=\"itemscope\" itemtype=\"https:\/\/schema.org\/CreativeWork\" ><div class='av-inner-masonry-sizer'><\/div><figure class='av-inner-masonry main_color'><div class=\"av-masonry-outerimage-container\"><div class='av-masonry-image-container' style=\"background-image: url(https:\/\/clusterlogistic.org\/wp-content\/uploads\/2024\/08\/aereopuerto-del-prat-705x397.jpg);\"  title=\"aereopuerto del prat\" ><\/div><\/div><figcaption class='av-inner-masonry-content site-background'><div class='av-inner-masonry-content-pos'><div class='av-inner-masonry-content-pos-content'><div class='avia-arrow'><\/div><h3 class='av-masonry-entry-title entry-title '  itemprop=\"headline\" >El aeropuerto de El Prat se transforma: mejoras en la movilidad para conectar con Barcelona<\/h3><span class='av-masonry-date meta-color updated'>30 agosto, 2024<\/span><span class=\"av-masonry-text-sep text-sep-author\">\/<\/span><span class='av-masonry-author meta-color author'><span class='fn'>por Cl\u00faster Log\u00edstic de Catalunya<\/span><\/span><\/div><\/div><\/figcaption><\/figure><\/a><!--end av-masonry entry--><a href=\"https:\/\/clusterlogistic.org\/es\/barcelona-se-viste-de-gala-la-copa-america-de-vela-arranca-en-el-puerto\/\"  id='av-masonry-1-item-8524' data-av-masonry-item='8524' class='av-masonry-entry isotope-item post-8524 post type-post status-publish format-standard has-post-thumbnail hentry category-actualidad all_sort actualidad_sort  av-masonry-item-with-image' title=\"copa america vela barcelona\"   itemscope=\"itemscope\" itemtype=\"https:\/\/schema.org\/CreativeWork\" ><div class='av-inner-masonry-sizer'><\/div><figure class='av-inner-masonry main_color'><div class=\"av-masonry-outerimage-container\"><div class='av-masonry-image-container' style=\"background-image: url(https:\/\/clusterlogistic.org\/wp-content\/uploads\/2024\/08\/copa-america-vela-barcelona-705x382.jpeg);\"  title=\"copa america vela barcelona\" ><\/div><\/div><figcaption class='av-inner-masonry-content site-background'><div class='av-inner-masonry-content-pos'><div class='av-inner-masonry-content-pos-content'><div class='avia-arrow'><\/div><h3 class='av-masonry-entry-title entry-title '  itemprop=\"headline\" >Barcelona se viste de gala: la Copa Am\u00e9rica de vela arranca en el Puerto<\/h3><span class='av-masonry-date meta-color updated'>23 agosto, 2024<\/span><span class=\"av-masonry-text-sep text-sep-author\">\/<\/span><span class='av-masonry-author meta-color author'><span class='fn'>por Cl\u00faster Log\u00edstic de Catalunya<\/span><\/span><\/div><\/div><\/figcaption><\/figure><\/a><!--end av-masonry entry--><a href=\"https:\/\/clusterlogistic.org\/es\/la-polemica-sobre-la-fiscalidad-en-aeropuertos-y-su-impacto-en-el-trafico-aereo\/\"  id='av-masonry-1-item-8499' data-av-masonry-item='8499' class='av-masonry-entry isotope-item post-8499 post type-post status-publish format-standard has-post-thumbnail hentry category-actualidad all_sort actualidad_sort  av-masonry-item-with-image' title=\"Exenci\u00f3n fiscal en aeropuertos y su impacto\"   itemscope=\"itemscope\" itemtype=\"https:\/\/schema.org\/CreativeWork\" ><div class='av-inner-masonry-sizer'><\/div><figure class='av-inner-masonry main_color'><div class=\"av-masonry-outerimage-container\"><div class='av-masonry-image-container' style=\"background-image: url(https:\/\/clusterlogistic.org\/wp-content\/uploads\/2024\/08\/Exencion-fiscal-en-aeropuertos-y-su-impacto-705x397.jpg);\"  title=\"Exenci\u00f3n fiscal en aeropuertos y su impacto\" ><\/div><\/div><figcaption class='av-inner-masonry-content site-background'><div class='av-inner-masonry-content-pos'><div class='av-inner-masonry-content-pos-content'><div class='avia-arrow'><\/div><h3 class='av-masonry-entry-title entry-title '  itemprop=\"headline\" >Fiscalidad en aeropuertos y su impacto en el tr\u00e1fico a\u00e9reo<\/h3><span class='av-masonry-date meta-color updated'>16 agosto, 2024<\/span><span class=\"av-masonry-text-sep text-sep-author\">\/<\/span><span class='av-masonry-author meta-color author'><span class='fn'>por Cl\u00faster Log\u00edstic de Catalunya<\/span><\/span><\/div><\/div><\/figcaption><\/figure><\/a><!--end av-masonry entry--><a href=\"https:\/\/clusterlogistic.org\/es\/innovacion-tecnologica-en-el-puerto-de-tarragona-para-mejorar-la-calidad-del-aire\/\"  id='av-masonry-1-item-8511' data-av-masonry-item='8511' class='av-masonry-entry isotope-item post-8511 post type-post status-publish format-standard has-post-thumbnail hentry category-actualidad all_sort actualidad_sort  av-masonry-item-with-image' title=\"Innovaci\u00f3n ambiental en el Puerto de Tarragona\"   itemscope=\"itemscope\" itemtype=\"https:\/\/schema.org\/CreativeWork\" ><div class='av-inner-masonry-sizer'><\/div><figure class='av-inner-masonry main_color'><div class=\"av-masonry-outerimage-container\"><div class='av-masonry-image-container' style=\"background-image: url(https:\/\/clusterlogistic.org\/wp-content\/uploads\/2024\/08\/Innovacion-ambiental-en-el-Puerto-de-Tarragona-705x397.jpg);\"  title=\"Innovaci\u00f3n ambiental en el Puerto de Tarragona\" ><\/div><\/div><figcaption class='av-inner-masonry-content site-background'><div class='av-inner-masonry-content-pos'><div class='av-inner-masonry-content-pos-content'><div class='avia-arrow'><\/div><h3 class='av-masonry-entry-title entry-title '  itemprop=\"headline\" >Innovaci\u00f3n tecnol\u00f3gica en el Puerto de Tarragona para mejorar la calidad del aire<\/h3><span class='av-masonry-date meta-color updated'>9 agosto, 2024<\/span><span class=\"av-masonry-text-sep text-sep-author\">\/<\/span><span class='av-masonry-author meta-color author'><span class='fn'>por Cl\u00faster Log\u00edstic de Catalunya<\/span><\/span><\/div><\/div><\/figcaption><\/figure><\/a><!--end av-masonry entry--><a href=\"https:\/\/clusterlogistic.org\/es\/resultados-del-puerto-de-tarragona-en-el-primer-semestre-de-2024\/\"  id='av-masonry-1-item-8481' data-av-masonry-item='8481' class='av-masonry-entry isotope-item post-8481 post type-post status-publish format-standard has-post-thumbnail hentry category-actualidad all_sort actualidad_sort  av-masonry-item-with-image' title=\"Puerto de Tarragona\"   itemscope=\"itemscope\" itemtype=\"https:\/\/schema.org\/CreativeWork\" ><div class='av-inner-masonry-sizer'><\/div><figure class='av-inner-masonry main_color'><div class=\"av-masonry-outerimage-container\"><div class='av-masonry-image-container' style=\"background-image: url(https:\/\/clusterlogistic.org\/wp-content\/uploads\/2024\/08\/Puerto-de-Tarragona-1-705x529.jpg);\"  title=\"Puerto de Tarragona\" ><\/div><\/div><figcaption class='av-inner-masonry-content site-background'><div class='av-inner-masonry-content-pos'><div class='av-inner-masonry-content-pos-content'><div class='avia-arrow'><\/div><h3 class='av-masonry-entry-title entry-title '  itemprop=\"headline\" >Resultados del Puerto de Tarragona en el primer semestre de 2024<\/h3><span class='av-masonry-date meta-color updated'>2 agosto, 2024<\/span><span class=\"av-masonry-text-sep text-sep-author\">\/<\/span><span class='av-masonry-author meta-color author'><span class='fn'>por Cl\u00faster Log\u00edstic de Catalunya<\/span><\/span><\/div><\/div><\/figcaption><\/figure><\/a><!--end av-masonry entry--><a href=\"https:\/\/clusterlogistic.org\/es\/el-port-de-barcelona-incrementa-el-trafico-de-contenedores-un-24-por-la-crisis-del-mar-rojo\/\"  id='av-masonry-1-item-8468' data-av-masonry-item='8468' class='av-masonry-entry isotope-item post-8468 post type-post status-publish format-standard has-post-thumbnail hentry category-actualidad all_sort actualidad_sort  av-masonry-item-with-image' title=\"El Port de Barcelona\"   itemscope=\"itemscope\" itemtype=\"https:\/\/schema.org\/CreativeWork\" ><div class='av-inner-masonry-sizer'><\/div><figure class='av-inner-masonry main_color'><div class=\"av-masonry-outerimage-container\"><div class='av-masonry-image-container' style=\"background-image: url(https:\/\/clusterlogistic.org\/wp-content\/uploads\/2024\/07\/El-Port-de-Barcelona-705x397.jpg);\"  title=\"El Port de Barcelona\" ><\/div><\/div><figcaption class='av-inner-masonry-content site-background'><div class='av-inner-masonry-content-pos'><div class='av-inner-masonry-content-pos-content'><div class='avia-arrow'><\/div><h3 class='av-masonry-entry-title entry-title '  itemprop=\"headline\" >El Port de Barcelona incrementa el tr\u00e1fico de contenedores un 24% por la crisis del Mar Rojo<\/h3><span class='av-masonry-date meta-color updated'>26 julio, 2024<\/span><span class=\"av-masonry-text-sep text-sep-author\">\/<\/span><span class='av-masonry-author meta-color author'><span class='fn'>por Cl\u00faster Log\u00edstic de Catalunya<\/span><\/span><\/div><\/div><\/figcaption><\/figure><\/a><!--end av-masonry entry--><a href=\"https:\/\/clusterlogistic.org\/es\/el-aeropuerto-de-lleida-alguaire-bate-su-record-de-operaciones\/\"  id='av-masonry-1-item-8455' data-av-masonry-item='8455' class='av-masonry-entry isotope-item post-8455 post type-post status-publish format-standard has-post-thumbnail hentry category-actualidad all_sort actualidad_sort  av-masonry-item-with-image' title=\"el aeropuerto de Lleida\"   itemscope=\"itemscope\" itemtype=\"https:\/\/schema.org\/CreativeWork\" ><div class='av-inner-masonry-sizer'><\/div><figure class='av-inner-masonry main_color'><div class=\"av-masonry-outerimage-container\"><div class='av-masonry-image-container' style=\"background-image: url(https:\/\/clusterlogistic.org\/wp-content\/uploads\/2024\/07\/el-aeropuerto-de-Lleida-705x397.jpg);\"  title=\"el aeropuerto de Lleida\" ><\/div><\/div><figcaption class='av-inner-masonry-content site-background'><div class='av-inner-masonry-content-pos'><div class='av-inner-masonry-content-pos-content'><div class='avia-arrow'><\/div><h3 class='av-masonry-entry-title entry-title '  itemprop=\"headline\" >El aeropuerto de Lleida-Alguaire bate su r\u00e9cord de operaciones<\/h3><span class='av-masonry-date meta-color updated'>19 julio, 2024<\/span><span class=\"av-masonry-text-sep text-sep-author\">\/<\/span><span class='av-masonry-author meta-color author'><span class='fn'>por Cl\u00faster Log\u00edstic de Catalunya<\/span><\/span><\/div><\/div><\/figcaption><\/figure><\/a><!--end av-masonry entry--><a href=\"https:\/\/clusterlogistic.org\/es\/la-importancia-de-las-infraestructuras-si-queremos-un-pais-de-futuro\/\"  id='av-masonry-1-item-8445' data-av-masonry-item='8445' class='av-masonry-entry isotope-item post-8445 post type-post status-publish format-standard has-post-thumbnail hentry category-actualidad all_sort actualidad_sort  av-masonry-item-with-image' title=\"infraestructuras\"   itemscope=\"itemscope\" itemtype=\"https:\/\/schema.org\/CreativeWork\" ><div class='av-inner-masonry-sizer'><\/div><figure class='av-inner-masonry main_color'><div class=\"av-masonry-outerimage-container\"><div class='av-masonry-image-container' style=\"background-image: url(https:\/\/clusterlogistic.org\/wp-content\/uploads\/2024\/07\/infraestructuras-705x397.jpg);\"  title=\"infraestructuras\" ><\/div><\/div><figcaption class='av-inner-masonry-content site-background'><div class='av-inner-masonry-content-pos'><div class='av-inner-masonry-content-pos-content'><div class='avia-arrow'><\/div><h3 class='av-masonry-entry-title entry-title '  itemprop=\"headline\" >La importancia de las infraestructuras si queremos un pa\u00eds de futuro<\/h3><span class='av-masonry-date meta-color updated'>12 julio, 2024<\/span><span class=\"av-masonry-text-sep text-sep-author\">\/<\/span><span class='av-masonry-author meta-color author'><span class='fn'>por Cl\u00faster Log\u00edstic de Catalunya<\/span><\/span><\/div><\/div><\/figcaption><\/figure><\/a><!--end av-masonry entry--><a href=\"https:\/\/clusterlogistic.org\/es\/catalunya-lidera-en-trabajadores-del-sector-logistico-a-nivel-estatal\/\"  id='av-masonry-1-item-8433' data-av-masonry-item='8433' class='av-masonry-entry isotope-item post-8433 post type-post status-publish format-standard has-post-thumbnail hentry category-actualidad all_sort actualidad_sort  av-masonry-item-with-image' title=\"Catalunya lidera en trabajadores del sector log\u00edstico a nivel estatal\"   itemscope=\"itemscope\" itemtype=\"https:\/\/schema.org\/CreativeWork\" ><div class='av-inner-masonry-sizer'><\/div><figure class='av-inner-masonry main_color'><div class=\"av-masonry-outerimage-container\"><div class='av-masonry-image-container' style=\"background-image: url(https:\/\/clusterlogistic.org\/wp-content\/uploads\/2024\/07\/Catalunya-lidera-en-trabajadores-del-sector-logistico-a-nivel-estatal-705x397.jpg);\"  title=\"Catalunya lidera en trabajadores del sector log\u00edstico a nivel estatal\" ><\/div><\/div><figcaption class='av-inner-masonry-content site-background'><div class='av-inner-masonry-content-pos'><div class='av-inner-masonry-content-pos-content'><div class='avia-arrow'><\/div><h3 class='av-masonry-entry-title entry-title '  itemprop=\"headline\" >Catalunya lidera en trabajadores del sector log\u00edstico a nivel estatal<\/h3><span class='av-masonry-date meta-color updated'>5 julio, 2024<\/span><span class=\"av-masonry-text-sep text-sep-author\">\/<\/span><span class='av-masonry-author meta-color author'><span class='fn'>por Cl\u00faster Log\u00edstic de Catalunya<\/span><\/span><\/div><\/div><\/figcaption><\/figure><\/a><!--end av-masonry entry--><a href=\"https:\/\/clusterlogistic.org\/es\/digitalizacion-del-transporte-en-catalunya-un-proceso-lento-pero-inevitable\/\"  id='av-masonry-1-item-8418' data-av-masonry-item='8418' class='av-masonry-entry isotope-item post-8418 post type-post status-publish format-standard has-post-thumbnail hentry category-actualidad all_sort actualidad_sort  av-masonry-item-with-image' title=\"Digitalizaci\u00f3n del transporte\"   itemscope=\"itemscope\" itemtype=\"https:\/\/schema.org\/CreativeWork\" ><div class='av-inner-masonry-sizer'><\/div><figure class='av-inner-masonry main_color'><div class=\"av-masonry-outerimage-container\"><div class='av-masonry-image-container' style=\"background-image: url(https:\/\/clusterlogistic.org\/wp-content\/uploads\/2024\/06\/Digitalizacion-del-transporte-1-705x397.jpg);\"  title=\"Digitalizaci\u00f3n del transporte\" ><\/div><\/div><figcaption class='av-inner-masonry-content site-background'><div class='av-inner-masonry-content-pos'><div class='av-inner-masonry-content-pos-content'><div class='avia-arrow'><\/div><h3 class='av-masonry-entry-title entry-title '  itemprop=\"headline\" >Digitalizaci\u00f3n del transporte en Catalunya: un proceso lento pero inevitable<\/h3><span class='av-masonry-date meta-color updated'>28 junio, 2024<\/span><span class=\"av-masonry-text-sep text-sep-author\">\/<\/span><span class='av-masonry-author meta-color author'><span class='fn'>por Cl\u00faster Log\u00edstic de Catalunya<\/span><\/span><\/div><\/div><\/figcaption><\/figure><\/a><!--end av-masonry entry--><a href=\"https:\/\/clusterlogistic.org\/es\/la-ue-es-el-mayor-cliente-del-sector-agricola-espanol\/\"  id='av-masonry-1-item-8402' data-av-masonry-item='8402' class='av-masonry-entry isotope-item post-8402 post type-post status-publish format-standard has-post-thumbnail hentry category-actualidad all_sort actualidad_sort  av-masonry-item-with-image' title=\"La UE es el mayor cliente del sector agr\u00edcola espa\u00f1ol\"   itemscope=\"itemscope\" itemtype=\"https:\/\/schema.org\/CreativeWork\" ><div class='av-inner-masonry-sizer'><\/div><figure class='av-inner-masonry main_color'><div class=\"av-masonry-outerimage-container\"><div class='av-masonry-image-container' style=\"background-image: url(https:\/\/clusterlogistic.org\/wp-content\/uploads\/2024\/06\/La-UE-es-el-mayor-cliente-del-sector-agricola-espanol-1-705x470.jpg);\"  title=\"La UE es el mayor cliente del sector agr\u00edcola espa\u00f1ol\" ><\/div><\/div><figcaption class='av-inner-masonry-content site-background'><div class='av-inner-masonry-content-pos'><div class='av-inner-masonry-content-pos-content'><div class='avia-arrow'><\/div><h3 class='av-masonry-entry-title entry-title '  itemprop=\"headline\" >La UE es el mayor cliente del sector agr\u00edcola espa\u00f1ol<\/h3><span class='av-masonry-date meta-color updated'>21 junio, 2024<\/span><span class=\"av-masonry-text-sep text-sep-author\">\/<\/span><span class='av-masonry-author meta-color author'><span class='fn'>por Cl\u00faster Log\u00edstic de Catalunya<\/span><\/span><\/div><\/div><\/figcaption><\/figure><\/a><!--end av-masonry entry--><\/div><\/div><\/div>\n<style type=\"text\/css\" data-created_by=\"avia_inline_auto\" id=\"style-css-av-8j7ky-c04c1cdf15558a85d09771eb2baff315\">\n.flex_column.av-8j7ky-c04c1cdf15558a85d09771eb2baff315{\nborder-radius:0px 0px 0px 0px;\npadding:0px 0px 0px 0px;\n}\n<\/style>\n<div  class='flex_column av-8j7ky-c04c1cdf15558a85d09771eb2baff315 av_one_fourth  avia-builder-el-5  el_after_av_three_fourth  avia-builder-el-last  flex_column_div av-zero-column-padding  '     ><div  class='avia-builder-widget-area clearfix  avia-builder-el-6  avia-builder-el-no-sibling '><div id=\"search-4\" class=\"widget clearfix widget_search\"><h3 class=\"widgettitle\">Buscar<\/h3>\n<search>\n\t<form action=\"https:\/\/clusterlogistic.org\/es\/\" id=\"searchform\" method=\"get\" class=\"av_disable_ajax_search\">\n\t\t<div>\n<span class='av_searchform_search avia-svg-icon avia-font-svg_entypo-fontello' data-av_svg_icon='search' data-av_iconset='svg_entypo-fontello'><svg version=\"1.1\" xmlns=\"http:\/\/www.w3.org\/2000\/svg\" width=\"25\" height=\"32\" viewBox=\"0 0 25 32\" preserveAspectRatio=\"xMidYMid meet\" aria-labelledby='av-svg-title-1' aria-describedby='av-svg-desc-1' role=\"graphics-symbol\" aria-hidden=\"true\">\n<title id='av-svg-title-1'>Search<\/title>\n<desc id='av-svg-desc-1'>Search<\/desc>\n<path d=\"M24.704 24.704q0.96 1.088 0.192 1.984l-1.472 1.472q-1.152 1.024-2.176 0l-6.080-6.080q-2.368 1.344-4.992 1.344-4.096 0-7.136-3.040t-3.040-7.136 2.88-7.008 6.976-2.912 7.168 3.040 3.072 7.136q0 2.816-1.472 5.184zM3.008 13.248q0 2.816 2.176 4.992t4.992 2.176 4.832-2.016 2.016-4.896q0-2.816-2.176-4.96t-4.992-2.144-4.832 2.016-2.016 4.832z\"><\/path>\n<\/svg><\/span>\t\t\t<input type=\"submit\" value=\"\" id=\"searchsubmit\" class=\"button\" title=\"Click to start search\" \/>\n\t\t\t<input type=\"search\" id=\"s\" name=\"s\" value=\"\" aria-label='Buscar' placeholder='Buscar' required \/>\n\t\t<\/div>\n\t<\/form>\n<\/search>\n<\/div><div id=\"custom_html-4\" class=\"widget_text widget clearfix widget_custom_html\"><h3 class=\"widgettitle\">Twitter: @LogisticCluster<\/h3><div class=\"textwidget custom-html-widget\"><a class=\"twitter-timeline\" data-height=\"500\" data-link-color=\"#2B7BB9\" href=\"https:\/\/twitter.com\/LogisticCluster?ref_src=twsrc%5Etfw\">Tweets by LogisticCluster<\/a> <script async src=\"https:\/\/platform.twitter.com\/widgets.js\" charset=\"utf-8\"><\/script><\/div><\/div><div id=\"newsbox-3\" class=\"widget clearfix avia-widget-container newsbox\"><ul class=\"news-wrap image_size_widget\"><li class=\"news-content post-format-standard\"><div class=\"news-link\"><a class='news-thumb ' title=\"Read: Ayer visitamos SEUR Castellbisbal para conocer de cerca la log\u00edstica que est\u00e1 marcando el presente del sector\" href=\"https:\/\/clusterlogistic.org\/es\/ayer-visitamos-seur-castellbisbal-para-conocer-de-cerca-la-logistica-que-esta-marcando-el-presente-del-sector\/\"><img decoding=\"async\" loading=\"lazy\" width=\"36\" height=\"36\" src=\"https:\/\/clusterlogistic.org\/wp-content\/uploads\/2026\/04\/visita-cluster-plataforma-SEUR-6-36x36.jpeg\" class=\"wp-image-10165 avia-img-lazy-loading-10165 attachment-widget size-widget wp-post-image\" alt=\"\" srcset=\"https:\/\/clusterlogistic.org\/wp-content\/uploads\/2026\/04\/visita-cluster-plataforma-SEUR-6-36x36.jpeg 36w, https:\/\/clusterlogistic.org\/wp-content\/uploads\/2026\/04\/visita-cluster-plataforma-SEUR-6-80x80.jpeg 80w, https:\/\/clusterlogistic.org\/wp-content\/uploads\/2026\/04\/visita-cluster-plataforma-SEUR-6-180x180.jpeg 180w\" sizes=\"auto, (max-width: 36px) 100vw, 36px\" \/><\/a><div class=\"news-headline\"><a class='news-title' title=\"Read: Ayer visitamos SEUR Castellbisbal para conocer de cerca la log\u00edstica que est\u00e1 marcando el presente del sector\" href=\"https:\/\/clusterlogistic.org\/es\/ayer-visitamos-seur-castellbisbal-para-conocer-de-cerca-la-logistica-que-esta-marcando-el-presente-del-sector\/\">Ayer visitamos SEUR Castellbisbal para conocer de cerca la log\u00edstica que est\u00e1 marcando el presente del sector<\/a><span class=\"news-time\">10 abril, 2026 - 12:28 pm<\/span><\/div><\/div><\/li><li class=\"news-content post-format-standard\"><div class=\"news-link\"><a class='news-thumb ' title=\"Read: El caos temporal del t\u00fanel del Garraf: entre obras, frustraciones y alternativas\" href=\"https:\/\/clusterlogistic.org\/es\/el-caos-temporal-del-tunel-del-garraf-entre-obras-frustraciones-y-alternativas\/\"><img decoding=\"async\" loading=\"lazy\" width=\"36\" height=\"36\" src=\"https:\/\/clusterlogistic.org\/wp-content\/uploads\/2026\/03\/tunel-del-garraf-36x36.jpg\" class=\"wp-image-10081 avia-img-lazy-loading-10081 attachment-widget size-widget wp-post-image\" alt=\"tunel del garraf\" srcset=\"https:\/\/clusterlogistic.org\/wp-content\/uploads\/2026\/03\/tunel-del-garraf-36x36.jpg 36w, https:\/\/clusterlogistic.org\/wp-content\/uploads\/2026\/03\/tunel-del-garraf-80x80.jpg 80w, https:\/\/clusterlogistic.org\/wp-content\/uploads\/2026\/03\/tunel-del-garraf-180x180.jpg 180w\" sizes=\"auto, (max-width: 36px) 100vw, 36px\" \/><\/a><div class=\"news-headline\"><a class='news-title' title=\"Read: El caos temporal del t\u00fanel del Garraf: entre obras, frustraciones y alternativas\" href=\"https:\/\/clusterlogistic.org\/es\/el-caos-temporal-del-tunel-del-garraf-entre-obras-frustraciones-y-alternativas\/\">El caos temporal del t\u00fanel del Garraf: entre obras, frustraciones y alternativas<\/a><span class=\"news-time\">20 marzo, 2026 - 8:00 am<\/span><\/div><\/div><\/li><li class=\"news-content post-format-standard\"><div class=\"news-link\"><a class='news-thumb ' title=\"Read: Transformaci\u00f3n en log\u00edstica: el papel de la Logistics 4.0 Incubator\" href=\"https:\/\/clusterlogistic.org\/es\/transformacion-en-logistica-el-papel-de-la-logistics-4-0-incubator\/\"><img decoding=\"async\" loading=\"lazy\" width=\"36\" height=\"36\" src=\"https:\/\/clusterlogistic.org\/wp-content\/uploads\/2026\/03\/startup-36x36.jpg\" class=\"wp-image-10087 avia-img-lazy-loading-10087 attachment-widget size-widget wp-post-image\" alt=\"startup\" srcset=\"https:\/\/clusterlogistic.org\/wp-content\/uploads\/2026\/03\/startup-36x36.jpg 36w, https:\/\/clusterlogistic.org\/wp-content\/uploads\/2026\/03\/startup-80x80.jpg 80w, https:\/\/clusterlogistic.org\/wp-content\/uploads\/2026\/03\/startup-180x180.jpg 180w\" sizes=\"auto, (max-width: 36px) 100vw, 36px\" \/><\/a><div class=\"news-headline\"><a class='news-title' title=\"Read: Transformaci\u00f3n en log\u00edstica: el papel de la Logistics 4.0 Incubator\" href=\"https:\/\/clusterlogistic.org\/es\/transformacion-en-logistica-el-papel-de-la-logistics-4-0-incubator\/\">Transformaci\u00f3n en log\u00edstica: el papel de la Logistics 4.0 Incubator<\/a><span class=\"news-time\">6 marzo, 2026 - 8:00 am<\/span><\/div><\/div><\/li><li class=\"news-content post-format-standard\"><div class=\"news-link\"><a class='news-thumb ' title=\"Read: Innovaci\u00f3n y tecnolog\u00eda en el coraz\u00f3n de El Prat: Amazon y su nuevo banco de pruebas\" href=\"https:\/\/clusterlogistic.org\/es\/innovacion-y-tecnologia-en-el-corazon-de-el-prat-amazon-y-su-nuevo-banco-de-pruebas\/\"><img decoding=\"async\" loading=\"lazy\" width=\"36\" height=\"36\" src=\"https:\/\/clusterlogistic.org\/wp-content\/uploads\/2026\/03\/amazon-escoge-36x36.jpg\" class=\"wp-image-10092 avia-img-lazy-loading-10092 attachment-widget size-widget wp-post-image\" alt=\"amazon escoge\" srcset=\"https:\/\/clusterlogistic.org\/wp-content\/uploads\/2026\/03\/amazon-escoge-36x36.jpg 36w, https:\/\/clusterlogistic.org\/wp-content\/uploads\/2026\/03\/amazon-escoge-80x80.jpg 80w, https:\/\/clusterlogistic.org\/wp-content\/uploads\/2026\/03\/amazon-escoge-180x180.jpg 180w\" sizes=\"auto, (max-width: 36px) 100vw, 36px\" \/><\/a><div class=\"news-headline\"><a class='news-title' title=\"Read: Innovaci\u00f3n y tecnolog\u00eda en el coraz\u00f3n de El Prat: Amazon y su nuevo banco de pruebas\" href=\"https:\/\/clusterlogistic.org\/es\/innovacion-y-tecnologia-en-el-corazon-de-el-prat-amazon-y-su-nuevo-banco-de-pruebas\/\">Innovaci\u00f3n y tecnolog\u00eda en el coraz\u00f3n de El Prat: Amazon y su nuevo banco de pruebas<\/a><span class=\"news-time\">27 febrero, 2026 - 9:00 am<\/span><\/div><\/div><\/li><li class=\"news-content post-format-standard\"><div class=\"news-link\"><a class='news-thumb ' title=\"Read: Cercan\u00edas 2026-2030: la revoluci\u00f3n del transporte p\u00fablico en Catalu\u00f1a\" href=\"https:\/\/clusterlogistic.org\/es\/cercanias-2026-2030-la-revolucion-del-transporte-publico-en-cataluna\/\"><img decoding=\"async\" loading=\"lazy\" width=\"36\" height=\"36\" src=\"https:\/\/clusterlogistic.org\/wp-content\/uploads\/2026\/03\/rodalies-36x36.jpg\" class=\"wp-image-10074 avia-img-lazy-loading-10074 attachment-widget size-widget wp-post-image\" alt=\"rodalies\" srcset=\"https:\/\/clusterlogistic.org\/wp-content\/uploads\/2026\/03\/rodalies-36x36.jpg 36w, https:\/\/clusterlogistic.org\/wp-content\/uploads\/2026\/03\/rodalies-80x80.jpg 80w, https:\/\/clusterlogistic.org\/wp-content\/uploads\/2026\/03\/rodalies-180x180.jpg 180w\" sizes=\"auto, (max-width: 36px) 100vw, 36px\" \/><\/a><div class=\"news-headline\"><a class='news-title' title=\"Read: Cercan\u00edas 2026-2030: la revoluci\u00f3n del transporte p\u00fablico en Catalu\u00f1a\" href=\"https:\/\/clusterlogistic.org\/es\/cercanias-2026-2030-la-revolucion-del-transporte-publico-en-cataluna\/\">Cercan\u00edas 2026-2030: la revoluci\u00f3n del transporte p\u00fablico en Catalu\u00f1a<\/a><span class=\"news-time\">20 febrero, 2026 - 8:00 am<\/span><\/div><\/div><\/li><\/ul><\/div><\/div><\/div>\n","protected":false},"excerpt":{"rendered":"","protected":false},"author":4,"featured_media":0,"parent":0,"menu_order":0,"comment_status":"closed","ping_status":"closed","template":"","meta":{"footnotes":""},"class_list":["post-566","page","type-page","status-publish","hentry"],"yoast_head":"<!-- This site is optimized with the Yoast SEO plugin v27.4 - https:\/\/yoast.com\/product\/yoast-seo-wordpress\/ -->\n<title>Actualitat - Cl\u00faster Log\u00edstic. Associaci\u00f3 d&#039;empreses log\u00edstiques<\/title>\n<meta name=\"description\" content=\"El Cl\u00faster Log\u00edstic de Catalunya \u00e9s una associaci\u00f3, que neix amb l\u2019objectiu de optimitzar l\u2019activitat industrial en les pimes del sector log\u00edstic.\" \/>\n<meta name=\"robots\" content=\"index, follow, max-snippet:-1, max-image-preview:large, max-video-preview:-1\" \/>\n<link rel=\"canonical\" href=\"https:\/\/clusterlogistic.org\/actualitat\/\" \/>\n<meta property=\"og:locale\" content=\"es_ES\" \/>\n<meta property=\"og:type\" content=\"article\" \/>\n<meta property=\"og:title\" content=\"Actualitat - Cl\u00faster Log\u00edstic. Associaci\u00f3 d&#039;empreses log\u00edstiques\" \/>\n<meta property=\"og:description\" content=\"El Cl\u00faster Log\u00edstic de Catalunya \u00e9s una associaci\u00f3, que neix amb l\u2019objectiu de optimitzar l\u2019activitat industrial en les pimes del sector log\u00edstic.\" \/>\n<meta property=\"og:url\" content=\"https:\/\/clusterlogistic.org\/actualitat\/\" \/>\n<meta property=\"og:site_name\" content=\"Cl\u00faster Log\u00edstic de Catalunya\" \/>\n<meta property=\"article:modified_time\" content=\"2020-03-30T14:09:13+00:00\" \/>\n<meta name=\"twitter:card\" content=\"summary_large_image\" \/>\n<meta name=\"twitter:label1\" content=\"Tiempo de lectura\" \/>\n\t<meta name=\"twitter:data1\" content=\"3 minutos\" \/>\n<script type=\"application\/ld+json\" class=\"yoast-schema-graph\">{\"@context\":\"https:\\\/\\\/schema.org\",\"@graph\":[{\"@type\":\"WebPage\",\"@id\":\"https:\\\/\\\/clusterlogistic.org\\\/actualitat\\\/\",\"url\":\"https:\\\/\\\/clusterlogistic.org\\\/actualitat\\\/\",\"name\":\"Actualitat - Cl\u00faster Log\u00edstic. Associaci\u00f3 d'empreses log\u00edstiques\",\"isPartOf\":{\"@id\":\"https:\\\/\\\/clusterlogistic.org\\\/es\\\/#website\"},\"datePublished\":\"2017-05-24T16:09:28+00:00\",\"dateModified\":\"2020-03-30T14:09:13+00:00\",\"description\":\"El Cl\u00faster Log\u00edstic de Catalunya \u00e9s una associaci\u00f3, que neix amb l\u2019objectiu de optimitzar l\u2019activitat industrial en les pimes del sector log\u00edstic.\",\"breadcrumb\":{\"@id\":\"https:\\\/\\\/clusterlogistic.org\\\/actualitat\\\/#breadcrumb\"},\"inLanguage\":\"es\",\"potentialAction\":[{\"@type\":\"ReadAction\",\"target\":[\"https:\\\/\\\/clusterlogistic.org\\\/actualitat\\\/\"]}]},{\"@type\":\"BreadcrumbList\",\"@id\":\"https:\\\/\\\/clusterlogistic.org\\\/actualitat\\\/#breadcrumb\",\"itemListElement\":[{\"@type\":\"ListItem\",\"position\":1,\"name\":\"Portada\",\"item\":\"https:\\\/\\\/clusterlogistic.org\\\/es\\\/\"},{\"@type\":\"ListItem\",\"position\":2,\"name\":\"Actualitat\"}]},{\"@type\":\"WebSite\",\"@id\":\"https:\\\/\\\/clusterlogistic.org\\\/es\\\/#website\",\"url\":\"https:\\\/\\\/clusterlogistic.org\\\/es\\\/\",\"name\":\"Cl\u00faster Log\u00edstic de Catalunya\",\"description\":\"associaci\u00f3 sense \u00e0nim de lucre\",\"publisher\":{\"@id\":\"https:\\\/\\\/clusterlogistic.org\\\/es\\\/#organization\"},\"potentialAction\":[{\"@type\":\"SearchAction\",\"target\":{\"@type\":\"EntryPoint\",\"urlTemplate\":\"https:\\\/\\\/clusterlogistic.org\\\/es\\\/?s={search_term_string}\"},\"query-input\":{\"@type\":\"PropertyValueSpecification\",\"valueRequired\":true,\"valueName\":\"search_term_string\"}}],\"inLanguage\":\"es\"},{\"@type\":\"Organization\",\"@id\":\"https:\\\/\\\/clusterlogistic.org\\\/es\\\/#organization\",\"name\":\"Cl\u00faster Log\u00edstic de Catalunya\",\"url\":\"https:\\\/\\\/clusterlogistic.org\\\/es\\\/\",\"logo\":{\"@type\":\"ImageObject\",\"inLanguage\":\"es\",\"@id\":\"https:\\\/\\\/clusterlogistic.org\\\/es\\\/#\\\/schema\\\/logo\\\/image\\\/\",\"url\":\"https:\\\/\\\/clusterlogistic.org\\\/wp-content\\\/uploads\\\/2017\\\/07\\\/cropped-Logo-CL-llegenda-gran.jpg\",\"contentUrl\":\"https:\\\/\\\/clusterlogistic.org\\\/wp-content\\\/uploads\\\/2017\\\/07\\\/cropped-Logo-CL-llegenda-gran.jpg\",\"width\":512,\"height\":512,\"caption\":\"Cl\u00faster Log\u00edstic de Catalunya\"},\"image\":{\"@id\":\"https:\\\/\\\/clusterlogistic.org\\\/es\\\/#\\\/schema\\\/logo\\\/image\\\/\"}}]}<\/script>\n<!-- \/ Yoast SEO plugin. -->","yoast_head_json":{"title":"Actualitat - Cl\u00faster Log\u00edstic. Associaci\u00f3 d'empreses log\u00edstiques","description":"El Cl\u00faster Log\u00edstic de Catalunya \u00e9s una associaci\u00f3, que neix amb l\u2019objectiu de optimitzar l\u2019activitat industrial en les pimes del sector log\u00edstic.","robots":{"index":"index","follow":"follow","max-snippet":"max-snippet:-1","max-image-preview":"max-image-preview:large","max-video-preview":"max-video-preview:-1"},"canonical":"https:\/\/clusterlogistic.org\/actualitat\/","og_locale":"es_ES","og_type":"article","og_title":"Actualitat - Cl\u00faster Log\u00edstic. Associaci\u00f3 d'empreses log\u00edstiques","og_description":"El Cl\u00faster Log\u00edstic de Catalunya \u00e9s una associaci\u00f3, que neix amb l\u2019objectiu de optimitzar l\u2019activitat industrial en les pimes del sector log\u00edstic.","og_url":"https:\/\/clusterlogistic.org\/actualitat\/","og_site_name":"Cl\u00faster Log\u00edstic de Catalunya","article_modified_time":"2020-03-30T14:09:13+00:00","twitter_card":"summary_large_image","twitter_misc":{"Tiempo de lectura":"3 minutos"},"schema":{"@context":"https:\/\/schema.org","@graph":[{"@type":"WebPage","@id":"https:\/\/clusterlogistic.org\/actualitat\/","url":"https:\/\/clusterlogistic.org\/actualitat\/","name":"Actualitat - Cl\u00faster Log\u00edstic. Associaci\u00f3 d'empreses log\u00edstiques","isPartOf":{"@id":"https:\/\/clusterlogistic.org\/es\/#website"},"datePublished":"2017-05-24T16:09:28+00:00","dateModified":"2020-03-30T14:09:13+00:00","description":"El Cl\u00faster Log\u00edstic de Catalunya \u00e9s una associaci\u00f3, que neix amb l\u2019objectiu de optimitzar l\u2019activitat industrial en les pimes del sector log\u00edstic.","breadcrumb":{"@id":"https:\/\/clusterlogistic.org\/actualitat\/#breadcrumb"},"inLanguage":"es","potentialAction":[{"@type":"ReadAction","target":["https:\/\/clusterlogistic.org\/actualitat\/"]}]},{"@type":"BreadcrumbList","@id":"https:\/\/clusterlogistic.org\/actualitat\/#breadcrumb","itemListElement":[{"@type":"ListItem","position":1,"name":"Portada","item":"https:\/\/clusterlogistic.org\/es\/"},{"@type":"ListItem","position":2,"name":"Actualitat"}]},{"@type":"WebSite","@id":"https:\/\/clusterlogistic.org\/es\/#website","url":"https:\/\/clusterlogistic.org\/es\/","name":"Cl\u00faster Log\u00edstic de Catalunya","description":"associaci\u00f3 sense \u00e0nim de lucre","publisher":{"@id":"https:\/\/clusterlogistic.org\/es\/#organization"},"potentialAction":[{"@type":"SearchAction","target":{"@type":"EntryPoint","urlTemplate":"https:\/\/clusterlogistic.org\/es\/?s={search_term_string}"},"query-input":{"@type":"PropertyValueSpecification","valueRequired":true,"valueName":"search_term_string"}}],"inLanguage":"es"},{"@type":"Organization","@id":"https:\/\/clusterlogistic.org\/es\/#organization","name":"Cl\u00faster Log\u00edstic de Catalunya","url":"https:\/\/clusterlogistic.org\/es\/","logo":{"@type":"ImageObject","inLanguage":"es","@id":"https:\/\/clusterlogistic.org\/es\/#\/schema\/logo\/image\/","url":"https:\/\/clusterlogistic.org\/wp-content\/uploads\/2017\/07\/cropped-Logo-CL-llegenda-gran.jpg","contentUrl":"https:\/\/clusterlogistic.org\/wp-content\/uploads\/2017\/07\/cropped-Logo-CL-llegenda-gran.jpg","width":512,"height":512,"caption":"Cl\u00faster Log\u00edstic de Catalunya"},"image":{"@id":"https:\/\/clusterlogistic.org\/es\/#\/schema\/logo\/image\/"}}]}},"_links":{"self":[{"href":"https:\/\/clusterlogistic.org\/es\/wp-json\/wp\/v2\/pages\/566","targetHints":{"allow":["GET"]}}],"collection":[{"href":"https:\/\/clusterlogistic.org\/es\/wp-json\/wp\/v2\/pages"}],"about":[{"href":"https:\/\/clusterlogistic.org\/es\/wp-json\/wp\/v2\/types\/page"}],"author":[{"embeddable":true,"href":"https:\/\/clusterlogistic.org\/es\/wp-json\/wp\/v2\/users\/4"}],"replies":[{"embeddable":true,"href":"https:\/\/clusterlogistic.org\/es\/wp-json\/wp\/v2\/comments?post=566"}],"version-history":[{"count":6,"href":"https:\/\/clusterlogistic.org\/es\/wp-json\/wp\/v2\/pages\/566\/revisions"}],"predecessor-version":[{"id":6852,"href":"https:\/\/clusterlogistic.org\/es\/wp-json\/wp\/v2\/pages\/566\/revisions\/6852"}],"wp:attachment":[{"href":"https:\/\/clusterlogistic.org\/es\/wp-json\/wp\/v2\/media?parent=566"}],"curies":[{"name":"wp","href":"https:\/\/api.w.org\/{rel}","templated":true}]}}