{"id":2596,"date":"2020-03-30T20:14:16","date_gmt":"2020-03-30T18:14:16","guid":{"rendered":"https:\/\/clusterlogistic.org\/?post_type=portfolio&#038;p=2596"},"modified":"2026-03-25T20:49:03","modified_gmt":"2026-03-25T18:49:03","slug":"inprous","status":"publish","type":"portfolio","link":"https:\/\/clusterlogistic.org\/es\/portfolio-item\/inprous\/","title":{"rendered":"INPROUS"},"content":{"rendered":"\n<style type=\"text\/css\" data-created_by=\"avia_inline_auto\" id=\"style-css-av-k6bzi8fp-3673ee9a65012055199ec3d57a800295\">\n.avia-section.av-k6bzi8fp-3673ee9a65012055199ec3d57a800295{\nbackground-repeat:no-repeat;\nbackground-image:url(https:\/\/clusterlogistic.org\/wp-content\/uploads\/2017\/05\/cluster-logistic-catalunya-socis.jpg);\nbackground-position:50% 50%;\nbackground-attachment:fixed;\n}\n.avia-section.av-k6bzi8fp-3673ee9a65012055199ec3d57a800295 .av-section-color-overlay{\nopacity:0.5;\nbackground-color:#0a0a0a;\n}\n<\/style>\n<div id='av_section_1'  class='avia-section av-k6bzi8fp-3673ee9a65012055199ec3d57a800295 main_color avia-section-default avia-no-border-styling  avia-builder-el-0  el_before_av_section  avia-builder-el-first  avia-full-stretch avia-bg-style-fixed av-section-color-overlay-active container_wrap fullsize'  data-section-bg-repeat='stretch'><div class=\"av-section-color-overlay-wrap\"><div class=\"av-section-color-overlay\"><\/div><div class='container av-section-cont-open' ><main  role=\"main\" itemprop=\"mainContentOfPage\"  class='template-page content  av-content-full alpha units'><div class='post-entry post-entry-type-page post-entry-2596'><div class='entry-content-wrapper clearfix'>\n\n<style type=\"text\/css\" data-created_by=\"avia_inline_auto\" id=\"style-css-av-kj0878mi-e6139266f468e833d7d9c464082a42cd\">\n#top .av-special-heading.av-kj0878mi-e6139266f468e833d7d9c464082a42cd{\npadding-bottom:10px;\n}\nbody .av-special-heading.av-kj0878mi-e6139266f468e833d7d9c464082a42cd .av-special-heading-tag .heading-char{\nfont-size:25px;\n}\n.av-special-heading.av-kj0878mi-e6139266f468e833d7d9c464082a42cd .av-subheading{\nfont-size:15px;\n}\n<\/style>\n<div  class='av-special-heading av-kj0878mi-e6139266f468e833d7d9c464082a42cd av-special-heading-h1 blockquote modern-quote modern-centered  avia-builder-el-1  avia-builder-el-no-sibling  av-linked-heading'><h1 class='av-special-heading-tag '  itemprop=\"headline\"  >INPROUS (INDUSTRIAL PROCESSES OUTSOURCING SERVICES, S.L.)<\/h1><div class=\"special-heading-border\"><div class=\"special-heading-inner-border\"><\/div><\/div><\/div>\n\n<\/div><\/div><\/main><!-- close content main element --><\/div><\/div><\/div>\n<style type=\"text\/css\" data-created_by=\"avia_inline_auto\" id=\"style-css-av-7e4szs-219b3e830aa00004bfeaa0c29de50cdc\">\n.avia-section.av-7e4szs-219b3e830aa00004bfeaa0c29de50cdc{\nbackground-color:#fcfcfc;\nbackground-image:unset;\n}\n<\/style>\n<div id='av_section_2'  class='avia-section av-7e4szs-219b3e830aa00004bfeaa0c29de50cdc main_color avia-section-default avia-no-border-styling  avia-builder-el-2  el_after_av_section  avia-builder-el-last  avia-bg-style-scroll container_wrap fullsize'  ><div class='container av-section-cont-open' ><div class='template-page content  av-content-full alpha units'><div class='post-entry post-entry-type-page post-entry-2596'><div class='entry-content-wrapper clearfix'>\n<div class='flex_column_table av-591ll4-867ad0d6cbe80aa57b74ad44f0346507 sc-av_one_half av-equal-height-column-flextable'>\n<style type=\"text\/css\" data-created_by=\"avia_inline_auto\" id=\"style-css-av-591ll4-867ad0d6cbe80aa57b74ad44f0346507\">\n.flex_column.av-591ll4-867ad0d6cbe80aa57b74ad44f0346507{\nborder-width:1px;\nborder-color:#f7f7f7;\nborder-style:solid;\nborder-radius:5px 5px 5px 5px;\npadding:20px 20px 20px 20px;\nbackground-color:#ffffff;\n}\n<\/style>\n<div  class='flex_column av-591ll4-867ad0d6cbe80aa57b74ad44f0346507 av_one_half  avia-builder-el-3  el_before_av_one_half  avia-builder-el-first  first flex_column_table_cell av-equal-height-column av-align-middle  '     ><p>\n<style type=\"text\/css\" data-created_by=\"avia_inline_auto\" id=\"style-css-av-k6bzjbu3-afae8c81d36a17113d24bd3a9c0c7ba9\">\n.avia-image-container.av-k6bzjbu3-afae8c81d36a17113d24bd3a9c0c7ba9 img.avia_image{\nbox-shadow:none;\n}\n.avia-image-container.av-k6bzjbu3-afae8c81d36a17113d24bd3a9c0c7ba9 .av-image-caption-overlay-center{\ncolor:#ffffff;\n}\n<\/style>\n<div  class='avia-image-container av-k6bzjbu3-afae8c81d36a17113d24bd3a9c0c7ba9 av-styling- avia-align-center  avia-builder-el-4  el_before_av_textblock  avia-builder-el-first '   itemprop=\"image\" itemscope=\"itemscope\" itemtype=\"https:\/\/schema.org\/ImageObject\" ><div class=\"avia-image-container-inner\"><div class=\"avia-image-overlay-wrap\"><img decoding=\"async\" fetchpriority=\"high\" class='wp-image-9164 avia-img-lazy-loading-not-9164 avia_image ' src=\"https:\/\/clusterlogistic.org\/wp-content\/uploads\/2020\/02\/inprous.jpg\" alt='' title='inprous'  height=\"150\" width=\"150\"  itemprop=\"thumbnailUrl\" srcset=\"https:\/\/clusterlogistic.org\/wp-content\/uploads\/2020\/02\/inprous.jpg 150w, https:\/\/clusterlogistic.org\/wp-content\/uploads\/2020\/02\/inprous-80x80.jpg 80w, https:\/\/clusterlogistic.org\/wp-content\/uploads\/2020\/02\/inprous-36x36.jpg 36w\" sizes=\"(max-width: 150px) 100vw, 150px\" \/><\/div><\/div><\/div><br \/>\n<section  class='av_textblock_section av-k6bzjpy5-dcc716bc64b6b371457b9813c9c88d07 '   itemscope=\"itemscope\" itemtype=\"https:\/\/schema.org\/CreativeWork\" ><div class='avia_textblock'  itemprop=\"text\" ><h2><span class=\"il\">INPROUS<\/span>\u00a0(INDUSTRIAL PROCESSES OUTSOURCING SERVICES, S.L.)<\/h2>\n<div>\n<div>Gran Via de les Corts Catalanes n\u00ba 630, 4\u00aa planta<\/div>\n<div>08007-Barcelona<\/div>\n<\/div>\n<div>tf +34 935 992 738<\/div>\n<div><a href=\"http:\/\/www.inprous.com\/\" target=\"_blank\" rel=\"noopener\" data-saferedirecturl=\"https:\/\/www.google.com\/url?q=http:\/\/www.inprous.com&amp;source=gmail&amp;ust=1608742195540000&amp;usg=AFQjCNGXRPgQXVOY6oLHMEg4gW40rmER4Q\">www.<span class=\"il\">inprous<\/span>.com<\/a><\/div>\n<div><a href=\"mailto:inprous@inprous.com\" target=\"_blank\" rel=\"noopener\"><span class=\"il\">inprous<\/span>@<span class=\"il\">inprous<\/span>.com<\/a><\/div>\n<\/div><\/section><\/p><\/div><div class='av-flex-placeholder'><\/div>\n<style type=\"text\/css\" data-created_by=\"avia_inline_auto\" id=\"style-css-av-4nkpig-9a37e9c8a00fa4564f278266c6ddd9f7\">\n.flex_column.av-4nkpig-9a37e9c8a00fa4564f278266c6ddd9f7{\nborder-radius:0px 0px 0px 0px;\npadding:0px 0px 0px 0px;\n}\n<\/style>\n<div  class='flex_column av-4nkpig-9a37e9c8a00fa4564f278266c6ddd9f7 av_one_half  avia-builder-el-6  el_after_av_one_half  el_before_av_hr  flex_column_table_cell av-equal-height-column av-align-middle av-zero-column-padding  '     ><p><section  class='av_textblock_section av-m8g5qfvg-b260edd10b062f93a8a44e8d58bd3a07 '   itemscope=\"itemscope\" itemtype=\"https:\/\/schema.org\/CreativeWork\" ><div class='avia_textblock'  itemprop=\"text\" ><p><strong>Oficina Central<\/strong><br \/>\nGran Via de les Corts Catalanes n\u00ba 630, 4\u00aa planta<br \/>\n08007-Barcelona<br \/>\ntf +34 935 992 738<\/p>\n<\/div><\/section><br \/>\n<div  class='av_gmaps_sc_main_wrap av_gmaps_main_wrap '><div id='av_gmap_0' class='avia-google-map-container avia-google-map-sc av_gmaps_show_unconditionally av-no-fallback-img ' data-mapid='av_gmap_0'  style='height: 200px;'><a class=\"av_gmaps_browser_disabled av_text_confirm_link av_text_confirm_link_visible\" href=\"https:\/\/www.google.com\/maps\/search\/?api=1&#038;query=Gran%20Via%20de%20les%20Corts%20Catalanes%20n\u00ba%20630,%204\u00aa%20planta%2008007%20Barcelona%20%20Espa\u00f1a\" target=\"_blank\">Maps were disabled by the visitor on this site. Click to open the map in a new window.<\/a><\/div><\/div><br \/>\n<section  class='av_textblock_section av-m8g5q81m-e8ecfa967c0963b6632fc1c4e6960223 '   itemscope=\"itemscope\" itemtype=\"https:\/\/schema.org\/CreativeWork\" ><div class='avia_textblock'  itemprop=\"text\" ><p><strong>F\u00e1brica-almac\u00e9n<\/strong><br \/>\nCarrer Anselm Clave 17 nau 3<br \/>\n08980 Sant Feliu de Llobregat<br \/>\ntf +34 935 992 738<\/p>\n<\/div><\/section><br \/>\n<div  class='av_gmaps_sc_main_wrap av_gmaps_main_wrap '><div id='av_gmap_1' class='avia-google-map-container avia-google-map-sc av_gmaps_show_unconditionally av-no-fallback-img ' data-mapid='av_gmap_1'  style='height: 200px;'><a class=\"av_gmaps_browser_disabled av_text_confirm_link av_text_confirm_link_visible\" href=\"https:\/\/www.google.com\/maps\/search\/?api=1&#038;query=Carrer%20Anselm%20Clave%2017%20nau%203%20%2008980%20%20Sant%20Feliu%20de%20Llobregat%20%20Espa\u00f1a\" target=\"_blank\">Maps were disabled by the visitor on this site. Click to open the map in a new window.<\/a><\/div><\/div><\/p><\/div><\/div><!--close column table wrapper. Autoclose: 1 --><div  class='hr av-k6bzpzyp-2058f8a8cb9912a27811866dde931d85 hr-short  avia-builder-el-11  el_after_av_one_half  el_before_av_one_full  hr-center'><span class='hr-inner '><span class=\"hr-inner-style\"><\/span><\/span><\/div>\n\n<style type=\"text\/css\" data-created_by=\"avia_inline_auto\" id=\"style-css-av-6emxwo-83c3c43ae8e72591e941427d4389cf52\">\n.flex_column.av-6emxwo-83c3c43ae8e72591e941427d4389cf52{\nborder-radius:0px 0px 0px 0px;\npadding:0px 0px 0px 0px;\n}\n<\/style>\n<div  class='flex_column av-6emxwo-83c3c43ae8e72591e941427d4389cf52 av_one_full  avia-builder-el-12  el_after_av_hr  avia-builder-el-last  first flex_column_div av-zero-column-padding  '     ><section  class='av_textblock_section av-k6bzln1j-7c70c273f52c1ce7d36bca499a4d23e6 '   itemscope=\"itemscope\" itemtype=\"https:\/\/schema.org\/CreativeWork\" ><div class='avia_textblock'  itemprop=\"text\" ><p><strong>Actividad<\/strong>:<br \/>\nOfrecer soluciones de transporte y log\u00edstica de forma personalizada, garantizando la correcta entrega de productos que requieren control de temperatura, sin romper la cadena de fr\u00edo durante el transporte y almacenamiento.<\/p>\n<\/div><\/section><\/div>\n\n","protected":false},"excerpt":{"rendered":"","protected":false},"author":3,"featured_media":9164,"comment_status":"closed","ping_status":"closed","template":"","meta":{"footnotes":""},"tags":[],"portfolio_entries":[70,71,77],"class_list":["post-2596","portfolio","type-portfolio","status-publish","has-post-thumbnail","hentry","portfolio_entries-almacenamiento","portfolio_entries-consultoria-es","portfolio_entries-transporte-internacional"],"yoast_head":"<!-- This site is optimized with the Yoast SEO plugin v27.4 - https:\/\/yoast.com\/product\/yoast-seo-wordpress\/ -->\n<title>INPROUS - Cl\u00faster Log\u00edstic de Catalunya<\/title>\n<meta name=\"robots\" content=\"index, follow, max-snippet:-1, max-image-preview:large, max-video-preview:-1\" \/>\n<link rel=\"canonical\" href=\"https:\/\/clusterlogistic.org\/es\/portfolio-item\/inprous\/\" \/>\n<meta property=\"og:locale\" content=\"es_ES\" \/>\n<meta property=\"og:type\" content=\"article\" \/>\n<meta property=\"og:title\" content=\"INPROUS - Cl\u00faster Log\u00edstic de Catalunya\" \/>\n<meta property=\"og:url\" content=\"https:\/\/clusterlogistic.org\/es\/portfolio-item\/inprous\/\" \/>\n<meta property=\"og:site_name\" content=\"Cl\u00faster Log\u00edstic de Catalunya\" \/>\n<meta property=\"article:modified_time\" content=\"2026-03-25T18:49:03+00:00\" \/>\n<meta property=\"og:image\" content=\"https:\/\/clusterlogistic.org\/wp-content\/uploads\/2020\/02\/inprous.jpg\" \/>\n\t<meta property=\"og:image:width\" content=\"150\" \/>\n\t<meta property=\"og:image:height\" content=\"150\" \/>\n\t<meta property=\"og:image:type\" content=\"image\/jpeg\" \/>\n<meta name=\"twitter:card\" content=\"summary_large_image\" \/>\n<meta name=\"twitter:label1\" content=\"Tiempo de lectura\" \/>\n\t<meta name=\"twitter:data1\" content=\"1 minuto\" \/>\n<script type=\"application\/ld+json\" class=\"yoast-schema-graph\">{\"@context\":\"https:\\\/\\\/schema.org\",\"@graph\":[{\"@type\":\"WebPage\",\"@id\":\"https:\\\/\\\/clusterlogistic.org\\\/es\\\/portfolio-item\\\/inprous\\\/\",\"url\":\"https:\\\/\\\/clusterlogistic.org\\\/es\\\/portfolio-item\\\/inprous\\\/\",\"name\":\"INPROUS - Cl\u00faster Log\u00edstic de Catalunya\",\"isPartOf\":{\"@id\":\"https:\\\/\\\/clusterlogistic.org\\\/es\\\/#website\"},\"primaryImageOfPage\":{\"@id\":\"https:\\\/\\\/clusterlogistic.org\\\/es\\\/portfolio-item\\\/inprous\\\/#primaryimage\"},\"image\":{\"@id\":\"https:\\\/\\\/clusterlogistic.org\\\/es\\\/portfolio-item\\\/inprous\\\/#primaryimage\"},\"thumbnailUrl\":\"https:\\\/\\\/clusterlogistic.org\\\/wp-content\\\/uploads\\\/2020\\\/02\\\/inprous.jpg\",\"datePublished\":\"2020-03-30T18:14:16+00:00\",\"dateModified\":\"2026-03-25T18:49:03+00:00\",\"breadcrumb\":{\"@id\":\"https:\\\/\\\/clusterlogistic.org\\\/es\\\/portfolio-item\\\/inprous\\\/#breadcrumb\"},\"inLanguage\":\"es\",\"potentialAction\":[{\"@type\":\"ReadAction\",\"target\":[\"https:\\\/\\\/clusterlogistic.org\\\/es\\\/portfolio-item\\\/inprous\\\/\"]}]},{\"@type\":\"ImageObject\",\"inLanguage\":\"es\",\"@id\":\"https:\\\/\\\/clusterlogistic.org\\\/es\\\/portfolio-item\\\/inprous\\\/#primaryimage\",\"url\":\"https:\\\/\\\/clusterlogistic.org\\\/wp-content\\\/uploads\\\/2020\\\/02\\\/inprous.jpg\",\"contentUrl\":\"https:\\\/\\\/clusterlogistic.org\\\/wp-content\\\/uploads\\\/2020\\\/02\\\/inprous.jpg\",\"width\":150,\"height\":150},{\"@type\":\"BreadcrumbList\",\"@id\":\"https:\\\/\\\/clusterlogistic.org\\\/es\\\/portfolio-item\\\/inprous\\\/#breadcrumb\",\"itemListElement\":[{\"@type\":\"ListItem\",\"position\":1,\"name\":\"Portada\",\"item\":\"https:\\\/\\\/clusterlogistic.org\\\/es\\\/\"},{\"@type\":\"ListItem\",\"position\":2,\"name\":\"INPROUS\"}]},{\"@type\":\"WebSite\",\"@id\":\"https:\\\/\\\/clusterlogistic.org\\\/es\\\/#website\",\"url\":\"https:\\\/\\\/clusterlogistic.org\\\/es\\\/\",\"name\":\"Cl\u00faster Log\u00edstic de Catalunya\",\"description\":\"associaci\u00f3 sense \u00e0nim de lucre\",\"publisher\":{\"@id\":\"https:\\\/\\\/clusterlogistic.org\\\/es\\\/#organization\"},\"potentialAction\":[{\"@type\":\"SearchAction\",\"target\":{\"@type\":\"EntryPoint\",\"urlTemplate\":\"https:\\\/\\\/clusterlogistic.org\\\/es\\\/?s={search_term_string}\"},\"query-input\":{\"@type\":\"PropertyValueSpecification\",\"valueRequired\":true,\"valueName\":\"search_term_string\"}}],\"inLanguage\":\"es\"},{\"@type\":\"Organization\",\"@id\":\"https:\\\/\\\/clusterlogistic.org\\\/es\\\/#organization\",\"name\":\"Cl\u00faster Log\u00edstic de Catalunya\",\"url\":\"https:\\\/\\\/clusterlogistic.org\\\/es\\\/\",\"logo\":{\"@type\":\"ImageObject\",\"inLanguage\":\"es\",\"@id\":\"https:\\\/\\\/clusterlogistic.org\\\/es\\\/#\\\/schema\\\/logo\\\/image\\\/\",\"url\":\"https:\\\/\\\/clusterlogistic.org\\\/wp-content\\\/uploads\\\/2017\\\/07\\\/cropped-Logo-CL-llegenda-gran.jpg\",\"contentUrl\":\"https:\\\/\\\/clusterlogistic.org\\\/wp-content\\\/uploads\\\/2017\\\/07\\\/cropped-Logo-CL-llegenda-gran.jpg\",\"width\":512,\"height\":512,\"caption\":\"Cl\u00faster Log\u00edstic de Catalunya\"},\"image\":{\"@id\":\"https:\\\/\\\/clusterlogistic.org\\\/es\\\/#\\\/schema\\\/logo\\\/image\\\/\"}}]}<\/script>\n<!-- \/ Yoast SEO plugin. -->","yoast_head_json":{"title":"INPROUS - Cl\u00faster Log\u00edstic de Catalunya","robots":{"index":"index","follow":"follow","max-snippet":"max-snippet:-1","max-image-preview":"max-image-preview:large","max-video-preview":"max-video-preview:-1"},"canonical":"https:\/\/clusterlogistic.org\/es\/portfolio-item\/inprous\/","og_locale":"es_ES","og_type":"article","og_title":"INPROUS - Cl\u00faster Log\u00edstic de Catalunya","og_url":"https:\/\/clusterlogistic.org\/es\/portfolio-item\/inprous\/","og_site_name":"Cl\u00faster Log\u00edstic de Catalunya","article_modified_time":"2026-03-25T18:49:03+00:00","og_image":[{"width":150,"height":150,"url":"https:\/\/clusterlogistic.org\/wp-content\/uploads\/2020\/02\/inprous.jpg","type":"image\/jpeg"}],"twitter_card":"summary_large_image","twitter_misc":{"Tiempo de lectura":"1 minuto"},"schema":{"@context":"https:\/\/schema.org","@graph":[{"@type":"WebPage","@id":"https:\/\/clusterlogistic.org\/es\/portfolio-item\/inprous\/","url":"https:\/\/clusterlogistic.org\/es\/portfolio-item\/inprous\/","name":"INPROUS - Cl\u00faster Log\u00edstic de Catalunya","isPartOf":{"@id":"https:\/\/clusterlogistic.org\/es\/#website"},"primaryImageOfPage":{"@id":"https:\/\/clusterlogistic.org\/es\/portfolio-item\/inprous\/#primaryimage"},"image":{"@id":"https:\/\/clusterlogistic.org\/es\/portfolio-item\/inprous\/#primaryimage"},"thumbnailUrl":"https:\/\/clusterlogistic.org\/wp-content\/uploads\/2020\/02\/inprous.jpg","datePublished":"2020-03-30T18:14:16+00:00","dateModified":"2026-03-25T18:49:03+00:00","breadcrumb":{"@id":"https:\/\/clusterlogistic.org\/es\/portfolio-item\/inprous\/#breadcrumb"},"inLanguage":"es","potentialAction":[{"@type":"ReadAction","target":["https:\/\/clusterlogistic.org\/es\/portfolio-item\/inprous\/"]}]},{"@type":"ImageObject","inLanguage":"es","@id":"https:\/\/clusterlogistic.org\/es\/portfolio-item\/inprous\/#primaryimage","url":"https:\/\/clusterlogistic.org\/wp-content\/uploads\/2020\/02\/inprous.jpg","contentUrl":"https:\/\/clusterlogistic.org\/wp-content\/uploads\/2020\/02\/inprous.jpg","width":150,"height":150},{"@type":"BreadcrumbList","@id":"https:\/\/clusterlogistic.org\/es\/portfolio-item\/inprous\/#breadcrumb","itemListElement":[{"@type":"ListItem","position":1,"name":"Portada","item":"https:\/\/clusterlogistic.org\/es\/"},{"@type":"ListItem","position":2,"name":"INPROUS"}]},{"@type":"WebSite","@id":"https:\/\/clusterlogistic.org\/es\/#website","url":"https:\/\/clusterlogistic.org\/es\/","name":"Cl\u00faster Log\u00edstic de Catalunya","description":"associaci\u00f3 sense \u00e0nim de lucre","publisher":{"@id":"https:\/\/clusterlogistic.org\/es\/#organization"},"potentialAction":[{"@type":"SearchAction","target":{"@type":"EntryPoint","urlTemplate":"https:\/\/clusterlogistic.org\/es\/?s={search_term_string}"},"query-input":{"@type":"PropertyValueSpecification","valueRequired":true,"valueName":"search_term_string"}}],"inLanguage":"es"},{"@type":"Organization","@id":"https:\/\/clusterlogistic.org\/es\/#organization","name":"Cl\u00faster Log\u00edstic de Catalunya","url":"https:\/\/clusterlogistic.org\/es\/","logo":{"@type":"ImageObject","inLanguage":"es","@id":"https:\/\/clusterlogistic.org\/es\/#\/schema\/logo\/image\/","url":"https:\/\/clusterlogistic.org\/wp-content\/uploads\/2017\/07\/cropped-Logo-CL-llegenda-gran.jpg","contentUrl":"https:\/\/clusterlogistic.org\/wp-content\/uploads\/2017\/07\/cropped-Logo-CL-llegenda-gran.jpg","width":512,"height":512,"caption":"Cl\u00faster Log\u00edstic de Catalunya"},"image":{"@id":"https:\/\/clusterlogistic.org\/es\/#\/schema\/logo\/image\/"}}]}},"_links":{"self":[{"href":"https:\/\/clusterlogistic.org\/es\/wp-json\/wp\/v2\/portfolio\/2596","targetHints":{"allow":["GET"]}}],"collection":[{"href":"https:\/\/clusterlogistic.org\/es\/wp-json\/wp\/v2\/portfolio"}],"about":[{"href":"https:\/\/clusterlogistic.org\/es\/wp-json\/wp\/v2\/types\/portfolio"}],"author":[{"embeddable":true,"href":"https:\/\/clusterlogistic.org\/es\/wp-json\/wp\/v2\/users\/3"}],"replies":[{"embeddable":true,"href":"https:\/\/clusterlogistic.org\/es\/wp-json\/wp\/v2\/comments?post=2596"}],"version-history":[{"count":17,"href":"https:\/\/clusterlogistic.org\/es\/wp-json\/wp\/v2\/portfolio\/2596\/revisions"}],"predecessor-version":[{"id":10135,"href":"https:\/\/clusterlogistic.org\/es\/wp-json\/wp\/v2\/portfolio\/2596\/revisions\/10135"}],"wp:featuredmedia":[{"embeddable":true,"href":"https:\/\/clusterlogistic.org\/es\/wp-json\/wp\/v2\/media\/9164"}],"wp:attachment":[{"href":"https:\/\/clusterlogistic.org\/es\/wp-json\/wp\/v2\/media?parent=2596"}],"wp:term":[{"taxonomy":"post_tag","embeddable":true,"href":"https:\/\/clusterlogistic.org\/es\/wp-json\/wp\/v2\/tags?post=2596"},{"taxonomy":"portfolio_entries","embeddable":true,"href":"https:\/\/clusterlogistic.org\/es\/wp-json\/wp\/v2\/portfolio_entries?post=2596"}],"curies":[{"name":"wp","href":"https:\/\/api.w.org\/{rel}","templated":true}]}}