{"id":4182,"date":"2021-04-14T14:25:42","date_gmt":"2021-04-14T12:25:42","guid":{"rendered":"https:\/\/clusterlogistic.org\/?post_type=portfolio&#038;p=4182"},"modified":"2025-02-13T13:52:34","modified_gmt":"2025-02-13T11:52:34","slug":"bags-and-go","status":"publish","type":"portfolio","link":"https:\/\/clusterlogistic.org\/es\/portfolio-item\/bags-and-go\/","title":{"rendered":"Bags&#038;Go"},"content":{"rendered":"\n<style type=\"text\/css\" data-created_by=\"avia_inline_auto\" id=\"style-css-av-k6bzi8fp-3673ee9a65012055199ec3d57a800295\">\n.avia-section.av-k6bzi8fp-3673ee9a65012055199ec3d57a800295{\nbackground-repeat:no-repeat;\nbackground-image:url(https:\/\/clusterlogistic.org\/wp-content\/uploads\/2017\/05\/cluster-logistic-catalunya-socis.jpg);\nbackground-position:50% 50%;\nbackground-attachment:fixed;\n}\n.avia-section.av-k6bzi8fp-3673ee9a65012055199ec3d57a800295 .av-section-color-overlay{\nopacity:0.5;\nbackground-color:#0a0a0a;\n}\n<\/style>\n<div id='av_section_1'  class='avia-section av-k6bzi8fp-3673ee9a65012055199ec3d57a800295 main_color avia-section-default avia-no-border-styling  avia-builder-el-0  el_before_av_section  avia-builder-el-first  avia-full-stretch avia-bg-style-fixed av-section-color-overlay-active container_wrap fullsize'  data-section-bg-repeat='stretch'><div class=\"av-section-color-overlay-wrap\"><div class=\"av-section-color-overlay\"><\/div><div class='container av-section-cont-open' ><main  role=\"main\" itemprop=\"mainContentOfPage\"  class='template-page content  av-content-full alpha units'><div class='post-entry post-entry-type-page post-entry-4182'><div class='entry-content-wrapper clearfix'>\n\n<style type=\"text\/css\" data-created_by=\"avia_inline_auto\" id=\"style-css-av-knhf8a0j-bd2847c138d220cd7bbcdad74e98fd78\">\n#top .av-special-heading.av-knhf8a0j-bd2847c138d220cd7bbcdad74e98fd78{\npadding-bottom:10px;\n}\nbody .av-special-heading.av-knhf8a0j-bd2847c138d220cd7bbcdad74e98fd78 .av-special-heading-tag .heading-char{\nfont-size:25px;\n}\n.av-special-heading.av-knhf8a0j-bd2847c138d220cd7bbcdad74e98fd78 .av-subheading{\nfont-size:15px;\n}\n<\/style>\n<div  class='av-special-heading av-knhf8a0j-bd2847c138d220cd7bbcdad74e98fd78 av-special-heading-h1 blockquote modern-quote modern-centered  avia-builder-el-1  avia-builder-el-no-sibling  av-linked-heading'><h1 class='av-special-heading-tag '  itemprop=\"headline\"  >Bags&amp;Go<\/h1><div class=\"special-heading-border\"><div class=\"special-heading-inner-border\"><\/div><\/div><\/div>\n\n<\/div><\/div><\/main><!-- close content main element --><\/div><\/div><\/div>\n<style type=\"text\/css\" data-created_by=\"avia_inline_auto\" id=\"style-css-av-7e4szs-219b3e830aa00004bfeaa0c29de50cdc\">\n.avia-section.av-7e4szs-219b3e830aa00004bfeaa0c29de50cdc{\nbackground-color:#fcfcfc;\nbackground-image:unset;\n}\n<\/style>\n<div id='av_section_2'  class='avia-section av-7e4szs-219b3e830aa00004bfeaa0c29de50cdc main_color avia-section-default avia-no-border-styling  avia-builder-el-2  el_after_av_section  avia-builder-el-last  avia-bg-style-scroll container_wrap fullsize'  ><div class='container av-section-cont-open' ><div class='template-page content  av-content-full alpha units'><div class='post-entry post-entry-type-page post-entry-4182'><div class='entry-content-wrapper clearfix'>\n<div class='flex_column_table av-591ll4-867ad0d6cbe80aa57b74ad44f0346507 sc-av_one_half av-equal-height-column-flextable'>\n<style type=\"text\/css\" data-created_by=\"avia_inline_auto\" id=\"style-css-av-591ll4-867ad0d6cbe80aa57b74ad44f0346507\">\n.flex_column.av-591ll4-867ad0d6cbe80aa57b74ad44f0346507{\nborder-width:1px;\nborder-color:#f7f7f7;\nborder-style:solid;\nborder-radius:5px 5px 5px 5px;\npadding:20px 20px 20px 20px;\nbackground-color:#ffffff;\n}\n<\/style>\n<div  class='flex_column av-591ll4-867ad0d6cbe80aa57b74ad44f0346507 av_one_half  avia-builder-el-3  el_before_av_one_half  avia-builder-el-first  first flex_column_table_cell av-equal-height-column av-align-middle  '     ><p>\n<style type=\"text\/css\" data-created_by=\"avia_inline_auto\" id=\"style-css-av-k6bzjbu3-b71b218abe62c65be3546449da4b39c0\">\n.avia-image-container.av-k6bzjbu3-b71b218abe62c65be3546449da4b39c0 img.avia_image{\nbox-shadow:none;\n}\n.avia-image-container.av-k6bzjbu3-b71b218abe62c65be3546449da4b39c0 .av-image-caption-overlay-center{\ncolor:#ffffff;\n}\n<\/style>\n<div  class='avia-image-container av-k6bzjbu3-b71b218abe62c65be3546449da4b39c0 av-styling- avia-align-center  avia-builder-el-4  el_before_av_textblock  avia-builder-el-first '   itemprop=\"image\" itemscope=\"itemscope\" itemtype=\"https:\/\/schema.org\/ImageObject\" ><div class=\"avia-image-container-inner\"><div class=\"avia-image-overlay-wrap\"><img decoding=\"async\" fetchpriority=\"high\" class='wp-image-8970 avia-img-lazy-loading-not-8970 avia_image ' src=\"https:\/\/clusterlogistic.org\/wp-content\/uploads\/2021\/04\/Fondo-de-pantalla-movil-acuarela-marmol-iphone-android-frase-1080-x-300-px.png\" alt='' title='Fondo de pantalla movil acuarela marmol iphone android frase (1080 x 300 px)'  height=\"150\" width=\"150\"  itemprop=\"thumbnailUrl\" srcset=\"https:\/\/clusterlogistic.org\/wp-content\/uploads\/2021\/04\/Fondo-de-pantalla-movil-acuarela-marmol-iphone-android-frase-1080-x-300-px.png 150w, https:\/\/clusterlogistic.org\/wp-content\/uploads\/2021\/04\/Fondo-de-pantalla-movil-acuarela-marmol-iphone-android-frase-1080-x-300-px-80x80.png 80w, https:\/\/clusterlogistic.org\/wp-content\/uploads\/2021\/04\/Fondo-de-pantalla-movil-acuarela-marmol-iphone-android-frase-1080-x-300-px-36x36.png 36w\" sizes=\"(max-width: 150px) 100vw, 150px\" \/><\/div><\/div><\/div><br \/>\n<section  class='av_textblock_section av-k6bzjpy5-9a643ee75379cd36e14f0d3cbeff470c '   itemscope=\"itemscope\" itemtype=\"https:\/\/schema.org\/CreativeWork\" ><div class='avia_textblock'  itemprop=\"text\" ><h2><span class=\"il\">Bags<\/span>&amp;<span class=\"il\">Go<\/span><\/h2>\n<p>Direccion: Moll de Sant Bertr\u00e0n, SN (Estaci\u00f3 Mar\u00edtima Trasmediterranea) Port de Barcelona<\/p>\n<p>08039 BARCELONA<\/p>\n<p>Tel\u00e9fono: 934437265<\/p>\n<p>E-mail: <a href=\"mailto:info@bagsandgo.com\" target=\"_blank\" rel=\"noopener\">info@bagsandgo.com<\/a> | <a href=\"http:\/\/bagsandgo.com\">bagsandgo.com<\/a><\/p>\n<\/div><\/section><\/p><\/div><div class='av-flex-placeholder'><\/div>\n<style type=\"text\/css\" data-created_by=\"avia_inline_auto\" id=\"style-css-av-4nkpig-9a37e9c8a00fa4564f278266c6ddd9f7\">\n.flex_column.av-4nkpig-9a37e9c8a00fa4564f278266c6ddd9f7{\nborder-radius:0px 0px 0px 0px;\npadding:0px 0px 0px 0px;\n}\n<\/style>\n<div  class='flex_column av-4nkpig-9a37e9c8a00fa4564f278266c6ddd9f7 av_one_half  avia-builder-el-6  el_after_av_one_half  el_before_av_hr  flex_column_table_cell av-equal-height-column av-align-middle av-zero-column-padding  '     ><div  class='av_gmaps_sc_main_wrap av_gmaps_main_wrap '><div id='av_gmap_0' class='avia-google-map-container avia-google-map-sc av_gmaps_show_unconditionally av-no-fallback-img ' data-mapid='av_gmap_0'  style='height: 400px;'><a class=\"av_gmaps_browser_disabled av_text_confirm_link av_text_confirm_link_visible\" href=\"https:\/\/www.google.com\/maps\/search\/?api=1&#038;query=41.371681,2.1765709\" target=\"_blank\">Maps were disabled by the visitor on this site. Click to open the map in a new window.<\/a><\/div><\/div><\/div><\/div><!--close column table wrapper. Autoclose: 1 --><div  class='hr av-k6bzpzyp-2058f8a8cb9912a27811866dde931d85 hr-short  avia-builder-el-8  el_after_av_one_half  el_before_av_one_full  hr-center'><span class='hr-inner '><span class=\"hr-inner-style\"><\/span><\/span><\/div>\n\n<style type=\"text\/css\" data-created_by=\"avia_inline_auto\" id=\"style-css-av-6emxwo-83c3c43ae8e72591e941427d4389cf52\">\n.flex_column.av-6emxwo-83c3c43ae8e72591e941427d4389cf52{\nborder-radius:0px 0px 0px 0px;\npadding:0px 0px 0px 0px;\n}\n<\/style>\n<div  class='flex_column av-6emxwo-83c3c43ae8e72591e941427d4389cf52 av_one_full  avia-builder-el-9  el_after_av_hr  avia-builder-el-last  first flex_column_div av-zero-column-padding  '     ><section  class='av_textblock_section av-k6bzln1j-7c70c273f52c1ce7d36bca499a4d23e6 '   itemscope=\"itemscope\" itemtype=\"https:\/\/schema.org\/CreativeWork\" ><div class='avia_textblock'  itemprop=\"text\" ><div><strong>Actividad:<\/strong><\/div>\n<div>\n<p data-start=\"102\" data-end=\"255\">En <strong data-start=\"105\" data-end=\"116\">Bags&amp;Go<\/strong>, somos especialistas en la <strong data-start=\"144\" data-end=\"188\">gesti\u00f3n log\u00edstica de equipaje y material<\/strong> para el sector <strong data-start=\"204\" data-end=\"237\">tur\u00edstico, corporativo y MICE<\/strong> en toda Espa\u00f1a.<\/p>\n<p data-start=\"257\" data-end=\"510\">Ofrecemos un servicio integral de <strong data-start=\"291\" data-end=\"313\">Pick Up y Delivery<\/strong>, asegurando la <strong data-start=\"329\" data-end=\"361\">recogida y entrega eficiente<\/strong> de <strong data-start=\"365\" data-end=\"408\">maletas, equipos y material corporativo<\/strong> en <strong data-start=\"412\" data-end=\"473\">aeropuertos, estaciones, hoteles, centros de convenciones<\/strong> y cualquier <strong data-start=\"486\" data-end=\"507\">punto estrat\u00e9gico<\/strong>.<\/p>\n<p data-start=\"512\" data-end=\"814\">Para el <strong data-start=\"520\" data-end=\"543\">turismo de cruceros<\/strong>, contamos con una <strong data-start=\"562\" data-end=\"583\">ventaja exclusiva<\/strong>: somos la <strong data-start=\"594\" data-end=\"622\">\u00fanica empresa autorizada<\/strong> para operar dentro de las <strong data-start=\"649\" data-end=\"688\">terminales de cruceros de Barcelona<\/strong>, facilitando la <strong data-start=\"705\" data-end=\"735\">movilidad de los pasajeros<\/strong> y permiti\u00e9ndoles <strong data-start=\"753\" data-end=\"811\">disfrutar de la ciudad sin preocuparse por su equipaje<\/strong>.<\/p>\n<p data-start=\"816\" data-end=\"1248\">Nuestro alcance es <strong data-start=\"835\" data-end=\"847\">nacional<\/strong>, brindando <strong data-start=\"859\" data-end=\"899\">soluciones log\u00edsticas personalizadas<\/strong> a <strong data-start=\"902\" data-end=\"964\">empresas, agencias de eventos y organizadores de congresos<\/strong> en las <strong data-start=\"972\" data-end=\"1030\">principales ciudades y destinos estrat\u00e9gicos de Espa\u00f1a<\/strong>. Gracias a nuestra <strong data-start=\"1050\" data-end=\"1073\">tecnolog\u00eda avanzada<\/strong> y un <strong data-start=\"1079\" data-end=\"1110\">equipo altamente capacitado<\/strong>, garantizamos una <strong data-start=\"1129\" data-end=\"1152\">operativa eficiente<\/strong> que <strong data-start=\"1157\" data-end=\"1216\">optimiza tiempos, reduce costes y mejora la experiencia<\/strong> de los asistentes y viajeros.<\/p>\n<p data-start=\"1250\" data-end=\"1433\" data-is-last-node=\"\">Si buscas un <strong data-start=\"1263\" data-end=\"1295\">socio log\u00edstico de confianza<\/strong>, con <strong data-start=\"1301\" data-end=\"1340\">capacidad operativa en todo el pa\u00eds<\/strong> y <strong data-start=\"1343\" data-end=\"1367\">servicios exclusivos<\/strong> para el <strong data-start=\"1376\" data-end=\"1400\">turismo en Barcelona<\/strong>, <strong data-start=\"1402\" data-end=\"1432\">Bags&amp;Go es tu mejor opci\u00f3n<\/strong>.<\/p>\n<\/div>\n<\/div><\/section><\/div>\n","protected":false},"excerpt":{"rendered":"","protected":false},"author":3,"featured_media":8970,"comment_status":"closed","ping_status":"closed","template":"","meta":{"footnotes":""},"tags":[],"portfolio_entries":[75,77],"class_list":["post-4182","portfolio","type-portfolio","status-publish","has-post-thumbnail","hentry","portfolio_entries-servicios","portfolio_entries-transporte-internacional"],"yoast_head":"<!-- This site is optimized with the Yoast SEO plugin v27.4 - https:\/\/yoast.com\/product\/yoast-seo-wordpress\/ -->\n<title>Bags&amp;Go - Cl\u00faster Log\u00edstic de Catalunya<\/title>\n<meta name=\"robots\" content=\"index, follow, max-snippet:-1, max-image-preview:large, max-video-preview:-1\" \/>\n<link rel=\"canonical\" href=\"https:\/\/clusterlogistic.org\/es\/portfolio-item\/bags-and-go\/\" \/>\n<meta property=\"og:locale\" content=\"es_ES\" \/>\n<meta property=\"og:type\" content=\"article\" \/>\n<meta property=\"og:title\" content=\"Bags&amp;Go - Cl\u00faster Log\u00edstic de Catalunya\" \/>\n<meta property=\"og:url\" content=\"https:\/\/clusterlogistic.org\/es\/portfolio-item\/bags-and-go\/\" \/>\n<meta property=\"og:site_name\" content=\"Cl\u00faster Log\u00edstic de Catalunya\" \/>\n<meta property=\"article:modified_time\" content=\"2025-02-13T11:52:34+00:00\" \/>\n<meta property=\"og:image\" content=\"https:\/\/clusterlogistic.org\/wp-content\/uploads\/2021\/04\/Fondo-de-pantalla-movil-acuarela-marmol-iphone-android-frase-1080-x-300-px.png\" \/>\n\t<meta property=\"og:image:width\" content=\"150\" \/>\n\t<meta property=\"og:image:height\" content=\"150\" \/>\n\t<meta property=\"og:image:type\" content=\"image\/png\" \/>\n<meta name=\"twitter:card\" content=\"summary_large_image\" \/>\n<meta name=\"twitter:label1\" content=\"Tiempo de lectura\" \/>\n\t<meta name=\"twitter:data1\" content=\"8 minutos\" \/>\n<script type=\"application\/ld+json\" class=\"yoast-schema-graph\">{\"@context\":\"https:\\\/\\\/schema.org\",\"@graph\":[{\"@type\":\"WebPage\",\"@id\":\"https:\\\/\\\/clusterlogistic.org\\\/es\\\/portfolio-item\\\/bags-and-go\\\/\",\"url\":\"https:\\\/\\\/clusterlogistic.org\\\/es\\\/portfolio-item\\\/bags-and-go\\\/\",\"name\":\"Bags&Go - Cl\u00faster Log\u00edstic de Catalunya\",\"isPartOf\":{\"@id\":\"https:\\\/\\\/clusterlogistic.org\\\/es\\\/#website\"},\"primaryImageOfPage\":{\"@id\":\"https:\\\/\\\/clusterlogistic.org\\\/es\\\/portfolio-item\\\/bags-and-go\\\/#primaryimage\"},\"image\":{\"@id\":\"https:\\\/\\\/clusterlogistic.org\\\/es\\\/portfolio-item\\\/bags-and-go\\\/#primaryimage\"},\"thumbnailUrl\":\"https:\\\/\\\/clusterlogistic.org\\\/wp-content\\\/uploads\\\/2021\\\/04\\\/Fondo-de-pantalla-movil-acuarela-marmol-iphone-android-frase-1080-x-300-px.png\",\"datePublished\":\"2021-04-14T12:25:42+00:00\",\"dateModified\":\"2025-02-13T11:52:34+00:00\",\"breadcrumb\":{\"@id\":\"https:\\\/\\\/clusterlogistic.org\\\/es\\\/portfolio-item\\\/bags-and-go\\\/#breadcrumb\"},\"inLanguage\":\"es\",\"potentialAction\":[{\"@type\":\"ReadAction\",\"target\":[\"https:\\\/\\\/clusterlogistic.org\\\/es\\\/portfolio-item\\\/bags-and-go\\\/\"]}]},{\"@type\":\"ImageObject\",\"inLanguage\":\"es\",\"@id\":\"https:\\\/\\\/clusterlogistic.org\\\/es\\\/portfolio-item\\\/bags-and-go\\\/#primaryimage\",\"url\":\"https:\\\/\\\/clusterlogistic.org\\\/wp-content\\\/uploads\\\/2021\\\/04\\\/Fondo-de-pantalla-movil-acuarela-marmol-iphone-android-frase-1080-x-300-px.png\",\"contentUrl\":\"https:\\\/\\\/clusterlogistic.org\\\/wp-content\\\/uploads\\\/2021\\\/04\\\/Fondo-de-pantalla-movil-acuarela-marmol-iphone-android-frase-1080-x-300-px.png\",\"width\":150,\"height\":150},{\"@type\":\"BreadcrumbList\",\"@id\":\"https:\\\/\\\/clusterlogistic.org\\\/es\\\/portfolio-item\\\/bags-and-go\\\/#breadcrumb\",\"itemListElement\":[{\"@type\":\"ListItem\",\"position\":1,\"name\":\"Portada\",\"item\":\"https:\\\/\\\/clusterlogistic.org\\\/es\\\/\"},{\"@type\":\"ListItem\",\"position\":2,\"name\":\"Bags&#038;Go\"}]},{\"@type\":\"WebSite\",\"@id\":\"https:\\\/\\\/clusterlogistic.org\\\/es\\\/#website\",\"url\":\"https:\\\/\\\/clusterlogistic.org\\\/es\\\/\",\"name\":\"Cl\u00faster Log\u00edstic de Catalunya\",\"description\":\"associaci\u00f3 sense \u00e0nim de lucre\",\"publisher\":{\"@id\":\"https:\\\/\\\/clusterlogistic.org\\\/es\\\/#organization\"},\"potentialAction\":[{\"@type\":\"SearchAction\",\"target\":{\"@type\":\"EntryPoint\",\"urlTemplate\":\"https:\\\/\\\/clusterlogistic.org\\\/es\\\/?s={search_term_string}\"},\"query-input\":{\"@type\":\"PropertyValueSpecification\",\"valueRequired\":true,\"valueName\":\"search_term_string\"}}],\"inLanguage\":\"es\"},{\"@type\":\"Organization\",\"@id\":\"https:\\\/\\\/clusterlogistic.org\\\/es\\\/#organization\",\"name\":\"Cl\u00faster Log\u00edstic de Catalunya\",\"url\":\"https:\\\/\\\/clusterlogistic.org\\\/es\\\/\",\"logo\":{\"@type\":\"ImageObject\",\"inLanguage\":\"es\",\"@id\":\"https:\\\/\\\/clusterlogistic.org\\\/es\\\/#\\\/schema\\\/logo\\\/image\\\/\",\"url\":\"https:\\\/\\\/clusterlogistic.org\\\/wp-content\\\/uploads\\\/2017\\\/07\\\/cropped-Logo-CL-llegenda-gran.jpg\",\"contentUrl\":\"https:\\\/\\\/clusterlogistic.org\\\/wp-content\\\/uploads\\\/2017\\\/07\\\/cropped-Logo-CL-llegenda-gran.jpg\",\"width\":512,\"height\":512,\"caption\":\"Cl\u00faster Log\u00edstic de Catalunya\"},\"image\":{\"@id\":\"https:\\\/\\\/clusterlogistic.org\\\/es\\\/#\\\/schema\\\/logo\\\/image\\\/\"}}]}<\/script>\n<!-- \/ Yoast SEO plugin. -->","yoast_head_json":{"title":"Bags&Go - Cl\u00faster Log\u00edstic de Catalunya","robots":{"index":"index","follow":"follow","max-snippet":"max-snippet:-1","max-image-preview":"max-image-preview:large","max-video-preview":"max-video-preview:-1"},"canonical":"https:\/\/clusterlogistic.org\/es\/portfolio-item\/bags-and-go\/","og_locale":"es_ES","og_type":"article","og_title":"Bags&Go - Cl\u00faster Log\u00edstic de Catalunya","og_url":"https:\/\/clusterlogistic.org\/es\/portfolio-item\/bags-and-go\/","og_site_name":"Cl\u00faster Log\u00edstic de Catalunya","article_modified_time":"2025-02-13T11:52:34+00:00","og_image":[{"width":150,"height":150,"url":"https:\/\/clusterlogistic.org\/wp-content\/uploads\/2021\/04\/Fondo-de-pantalla-movil-acuarela-marmol-iphone-android-frase-1080-x-300-px.png","type":"image\/png"}],"twitter_card":"summary_large_image","twitter_misc":{"Tiempo de lectura":"8 minutos"},"schema":{"@context":"https:\/\/schema.org","@graph":[{"@type":"WebPage","@id":"https:\/\/clusterlogistic.org\/es\/portfolio-item\/bags-and-go\/","url":"https:\/\/clusterlogistic.org\/es\/portfolio-item\/bags-and-go\/","name":"Bags&Go - Cl\u00faster Log\u00edstic de Catalunya","isPartOf":{"@id":"https:\/\/clusterlogistic.org\/es\/#website"},"primaryImageOfPage":{"@id":"https:\/\/clusterlogistic.org\/es\/portfolio-item\/bags-and-go\/#primaryimage"},"image":{"@id":"https:\/\/clusterlogistic.org\/es\/portfolio-item\/bags-and-go\/#primaryimage"},"thumbnailUrl":"https:\/\/clusterlogistic.org\/wp-content\/uploads\/2021\/04\/Fondo-de-pantalla-movil-acuarela-marmol-iphone-android-frase-1080-x-300-px.png","datePublished":"2021-04-14T12:25:42+00:00","dateModified":"2025-02-13T11:52:34+00:00","breadcrumb":{"@id":"https:\/\/clusterlogistic.org\/es\/portfolio-item\/bags-and-go\/#breadcrumb"},"inLanguage":"es","potentialAction":[{"@type":"ReadAction","target":["https:\/\/clusterlogistic.org\/es\/portfolio-item\/bags-and-go\/"]}]},{"@type":"ImageObject","inLanguage":"es","@id":"https:\/\/clusterlogistic.org\/es\/portfolio-item\/bags-and-go\/#primaryimage","url":"https:\/\/clusterlogistic.org\/wp-content\/uploads\/2021\/04\/Fondo-de-pantalla-movil-acuarela-marmol-iphone-android-frase-1080-x-300-px.png","contentUrl":"https:\/\/clusterlogistic.org\/wp-content\/uploads\/2021\/04\/Fondo-de-pantalla-movil-acuarela-marmol-iphone-android-frase-1080-x-300-px.png","width":150,"height":150},{"@type":"BreadcrumbList","@id":"https:\/\/clusterlogistic.org\/es\/portfolio-item\/bags-and-go\/#breadcrumb","itemListElement":[{"@type":"ListItem","position":1,"name":"Portada","item":"https:\/\/clusterlogistic.org\/es\/"},{"@type":"ListItem","position":2,"name":"Bags&#038;Go"}]},{"@type":"WebSite","@id":"https:\/\/clusterlogistic.org\/es\/#website","url":"https:\/\/clusterlogistic.org\/es\/","name":"Cl\u00faster Log\u00edstic de Catalunya","description":"associaci\u00f3 sense \u00e0nim de lucre","publisher":{"@id":"https:\/\/clusterlogistic.org\/es\/#organization"},"potentialAction":[{"@type":"SearchAction","target":{"@type":"EntryPoint","urlTemplate":"https:\/\/clusterlogistic.org\/es\/?s={search_term_string}"},"query-input":{"@type":"PropertyValueSpecification","valueRequired":true,"valueName":"search_term_string"}}],"inLanguage":"es"},{"@type":"Organization","@id":"https:\/\/clusterlogistic.org\/es\/#organization","name":"Cl\u00faster Log\u00edstic de Catalunya","url":"https:\/\/clusterlogistic.org\/es\/","logo":{"@type":"ImageObject","inLanguage":"es","@id":"https:\/\/clusterlogistic.org\/es\/#\/schema\/logo\/image\/","url":"https:\/\/clusterlogistic.org\/wp-content\/uploads\/2017\/07\/cropped-Logo-CL-llegenda-gran.jpg","contentUrl":"https:\/\/clusterlogistic.org\/wp-content\/uploads\/2017\/07\/cropped-Logo-CL-llegenda-gran.jpg","width":512,"height":512,"caption":"Cl\u00faster Log\u00edstic de Catalunya"},"image":{"@id":"https:\/\/clusterlogistic.org\/es\/#\/schema\/logo\/image\/"}}]}},"_links":{"self":[{"href":"https:\/\/clusterlogistic.org\/es\/wp-json\/wp\/v2\/portfolio\/4182","targetHints":{"allow":["GET"]}}],"collection":[{"href":"https:\/\/clusterlogistic.org\/es\/wp-json\/wp\/v2\/portfolio"}],"about":[{"href":"https:\/\/clusterlogistic.org\/es\/wp-json\/wp\/v2\/types\/portfolio"}],"author":[{"embeddable":true,"href":"https:\/\/clusterlogistic.org\/es\/wp-json\/wp\/v2\/users\/3"}],"replies":[{"embeddable":true,"href":"https:\/\/clusterlogistic.org\/es\/wp-json\/wp\/v2\/comments?post=4182"}],"version-history":[{"count":9,"href":"https:\/\/clusterlogistic.org\/es\/wp-json\/wp\/v2\/portfolio\/4182\/revisions"}],"predecessor-version":[{"id":6698,"href":"https:\/\/clusterlogistic.org\/es\/wp-json\/wp\/v2\/portfolio\/4182\/revisions\/6698"}],"wp:featuredmedia":[{"embeddable":true,"href":"https:\/\/clusterlogistic.org\/es\/wp-json\/wp\/v2\/media\/8970"}],"wp:attachment":[{"href":"https:\/\/clusterlogistic.org\/es\/wp-json\/wp\/v2\/media?parent=4182"}],"wp:term":[{"taxonomy":"post_tag","embeddable":true,"href":"https:\/\/clusterlogistic.org\/es\/wp-json\/wp\/v2\/tags?post=4182"},{"taxonomy":"portfolio_entries","embeddable":true,"href":"https:\/\/clusterlogistic.org\/es\/wp-json\/wp\/v2\/portfolio_entries?post=4182"}],"curies":[{"name":"wp","href":"https:\/\/api.w.org\/{rel}","templated":true}]}}